{"id":823,"date":"2026-04-02T14:53:11","date_gmt":"2026-04-02T17:53:11","guid":{"rendered":"https:\/\/ufpr.br\/transparencia\/?page_id=823"},"modified":"2026-04-02T14:53:12","modified_gmt":"2026-04-02T17:53:12","slug":"institucional","status":"publish","type":"page","link":"https:\/\/ufpr.br\/transparencia\/institucional\/","title":{"rendered":"Institucional"},"content":{"rendered":"\n<p><strong>ATEN\u00c7\u00c3O!<\/strong><\/p>\n\n\n\n<p>Este setor n\u00e3o se confunde com o Servi\u00e7o de Telefonia e Servi\u00e7o de Atendimento ao Cliente\/Consumidor (SAC)!<\/p>\n\n\n\n<p>D\u00favidas relativas ao ensino, pesquisa, entre outros, favor contatar diretamente a unidade, setor respons\u00e1vel!<\/p>\n\n\n\n<hr class=\"wp-block-separator has-alpha-channel-opacity\" \/>\n\n\n\n<p>Nesta se\u00e7\u00e3o s\u00e3o divulgadas informa\u00e7\u00f5es institucionais e organizacionais da Universidade Federal do Paran\u00e1, compreendendo suas fun\u00e7\u00f5es, compet\u00eancias, estrutura organizacional, rela\u00e7\u00e3o de autoridades (quem \u00e9 quem), agenda de autoridades, hor\u00e1rios de atendimento e legisla\u00e7\u00e3o da Universidade Federal do Paran\u00e1.<\/p>\n\n\n\n<ul class=\"wp-block-list\">\n<li><a href=\"https:\/\/siorg.gov.br\/siorg-cidadao-webapp\/pages\/organograma\/organograma_sem_timbre.jsf?id=390668\" target=\"_blank\" rel=\"noreferrer noopener\">ESTRUTURA ORGANIZACIONAL (organograma)<\/a><\/li>\n\n\n\n<li>Compet\u00eancias<\/li>\n<\/ul>\n\n\n\n<p><a href=\"https:\/\/sic.ufpr.br\/wp-content\/uploads\/2025\/08\/carta_servicos_ufpr.pdf#page=13\" target=\"_blank\" rel=\"noreferrer noopener\">Compet\u00eancias at\u00e9 o 4\u00ba n\u00edvel e hor\u00e1rios de atendimento<\/a><\/p>\n\n\n\n<h5 class=\"wp-block-heading\">Base jur\u00eddica<\/h5>\n\n\n\n<ul class=\"wp-block-list\">\n<li><a href=\"http:\/\/www.soc.ufpr.br\/portal\/wp-content\/uploads\/2022\/08\/ESTATUTO-DA-UFPR-1.pdf\" target=\"_blank\" rel=\"noreferrer noopener\">Estatuto<\/a><\/li>\n\n\n\n<li><a href=\"http:\/\/www.soc.ufpr.br\/portal\/wp-content\/uploads\/2021\/02\/Reg-Geral-da-UFPR-atualizado.pdf\" target=\"_blank\" rel=\"noreferrer noopener\">Regimento Geral da UFPR<\/a><\/li>\n\n\n\n<li><a href=\"http:\/\/www.soc.ufpr.br\/portal\/wp-content\/uploads\/2019\/04\/COUN1119.pdf\" target=\"_blank\" rel=\"noreferrer noopener\">Regimento dos \u00d3rg\u00e3os Normativos, Deliberativos e Consultivos Superiores<\/a><\/li>\n\n\n\n<li><a href=\"http:\/\/www.soc.ufpr.br\/portal\/regimentos-da-reitoria-dos-setores-e-dos-campi\/\" target=\"_blank\" rel=\"noreferrer noopener\">Regimentos da Reitoria e dos Setores<\/a><\/li>\n\n\n\n<li><a href=\"http:\/\/www.soc.ufpr.br\/resolucoes-vigentes\/\" target=\"_blank\" rel=\"noreferrer noopener\">Instru\u00e7\u00f5es Normativas e Resolu\u00e7\u00f5es Vigentes<\/a><\/li>\n\n\n\n<li><a href=\"http:\/\/progepe.ufpr.br\/portal\/bgp\/\" target=\"_blank\" rel=\"noreferrer noopener\">Portarias<\/a><\/li>\n<\/ul>\n\n\n\n<h5 class=\"wp-block-heading\">Quem \u00e9 Quem, contatos at\u00e9 o 5\u00ba n\u00edvel e Agendas de Autoridades \/&nbsp; Curr\u00edculos at\u00e9 o&nbsp;4\u00ba n\u00edvel hier\u00e1rquico<\/h5>\n\n\n\n<ul class=\"wp-block-list\">\n<li><a href=\"https:\/\/eagendas.cgu.gov.br\/\" target=\"_blank\" rel=\"noreferrer noopener\">Agendas de Autoridades<\/a>\n<ul class=\"wp-block-list\">\n<li>Orienta\u00e7\u00e3o: clicar no link \u201cAgendas de Autoridades\u201d;<\/li>\n\n\n\n<li>Digitar UFPR no campo \u201c\u00d3rg\u00e3o ou entidade\u201d;<\/li>\n\n\n\n<li>Selecionar o \u201cCargo\u201d;<\/li>\n\n\n\n<li>Selecionar o \u201cAgente P\u00fablico Obrigado\u201d;<\/li>\n\n\n\n<li>Por fim, clicar em \u201cMostrar agenda\u201d.<\/li>\n<\/ul>\n<\/li>\n\n\n\n<li><a href=\"https:\/\/progepe.ufpr.br\/relatorios\/\" target=\"_blank\" rel=\"noreferrer noopener\">Lista de\u00a0 cargos e respectivos ocupantes at\u00e9 o 5\u00ba n\u00edvel hier\u00e1rquico<\/a>\u00a0(ap\u00f3s clicar o link, ir para\u00a0Relat\u00f3rio de Servidores do Quadro Geral da UFPR ocupantes de Fun\u00e7\u00e3o)<\/li>\n<\/ul>\n\n\n\n<ul class=\"wp-block-list\">\n<li><a href=\"https:\/\/ufpr.br\/conselhos-superiores\/\" target=\"_blank\" rel=\"noreferrer noopener\">Conselhos Superiores<\/a><\/li>\n\n\n\n<li><a href=\"https:\/\/ufpr.br\/gabinete-do-reitor\/\" target=\"_blank\" rel=\"noreferrer noopener\">Gabinete do Reitor<\/a><\/li>\n\n\n\n<li><a href=\"https:\/\/internacional.ufpr.br\/portal\/equipe\/\" target=\"_blank\" rel=\"noreferrer noopener\">Escrit\u00f3rio de Rela\u00e7\u00f5es Internacionais<\/a><\/li>\n\n\n\n<li><a href=\"https:\/\/audin.ufpr.br\/equipe\/\" target=\"_blank\" rel=\"noreferrer noopener\">Auditoria Interna<\/a><\/li>\n\n\n\n<li><a href=\"https:\/\/integra.ufpr.br\/sobre-nos\/\" target=\"_blank\" rel=\"noreferrer noopener\">Diretoria de Desenvolvimento do Interior<\/a><\/li>\n\n\n\n<li><a href=\"http:\/\/www.diretoriadisciplinar.ufpr.br\/portal\/equipe\/\" target=\"_blank\" rel=\"noreferrer noopener\">Diretoria Disciplinar<\/a><\/li>\n\n\n\n<li><a href=\"https:\/\/bibliotecas.ufpr.br\/sobre\/#direcao\" target=\"_blank\" rel=\"noreferrer noopener\">Sistema de Bibliotecas<\/a><\/li>\n\n\n\n<li>Pr\u00f3-Reitorias\n<ul class=\"wp-block-list\">\n<li><a href=\"https:\/\/proad.ufpr.br\/equipe\/\" target=\"_blank\" rel=\"noreferrer noopener\">Or\u00e7amento e Administra\u00e7\u00e3o<\/a><\/li>\n\n\n\n<li><a href=\"https:\/\/p4e.ufpr.br\/equipe-p4e\/\" target=\"_blank\" rel=\"noreferrer noopener\">Pertencimento e Pol\u00edticas de Perman\u00eancia Estudantil<\/a><\/li>\n\n\n\n<li><a href=\"http:\/\/www.proec.ufpr.br\/links\/gabinete.html\" target=\"_blank\" rel=\"noreferrer noopener\">Extens\u00e3o e Cultura<\/a><\/li>\n\n\n\n<li><a href=\"http:\/\/progepe.ufpr.br\/portal\/progepe\/\" target=\"_blank\" rel=\"noreferrer noopener\">Gest\u00e3o de Pessoas<\/a><\/li>\n\n\n\n<li><a href=\"http:\/\/www.prograd.ufpr.br\/portal\/contato\/\" target=\"_blank\" rel=\"noreferrer noopener\">Gradua\u00e7\u00e3o e Educa\u00e7\u00e3o Profissional<\/a><\/li>\n\n\n\n<li><a href=\"https:\/\/www.prppg.ufpr.br\/site\/pb\/propg\/\" target=\"_blank\" rel=\"noreferrer noopener\">P\u00f3s-Gradua\u00e7\u00e3o<\/a><\/li>\n\n\n\n<li><a href=\"https:\/\/proplad.ufpr.br\/equipe\/\" target=\"_blank\" rel=\"noreferrer noopener\">Planejamento e Dados<\/a><\/li>\n\n\n\n<li><a href=\"https:\/\/ufpr.br\/prpi\/contatos\/\" target=\"_blank\" rel=\"noreferrer noopener\">Pesquisa e Inova\u00e7\u00e3o<\/a><\/li>\n\n\n\n<li><a href=\"https:\/\/proafe.ufpr.br\/contato-10\/\" target=\"_blank\" rel=\"noreferrer noopener\">A\u00e7\u00f5es Afirmativas e Equidade<\/a><\/li>\n<\/ul>\n<\/li>\n\n\n\n<li><a href=\"https:\/\/ufpr.br\/comunicacao\/\" target=\"_blank\" rel=\"noreferrer noopener\">Superintend\u00eancia de Comunica\u00e7\u00e3o<\/a><\/li>\n\n\n\n<li><a href=\"http:\/\/www.suinfra.ufpr.br\/portal\/agenda-oficial\/\" target=\"_blank\" rel=\"noreferrer noopener\">Superintend\u00eancia de Infraestrutura<\/a><\/li>\n\n\n\n<li><a href=\"https:\/\/cipead.ufpr.br\/index.php\/equipe\/\" target=\"_blank\" rel=\"noreferrer noopener\">Superintend\u00eancia de Educa\u00e7\u00e3o \u00e0 Dist\u00e2ncia e Inova\u00e7\u00f5es Pedag\u00f3gicas<\/a><\/li>\n\n\n\n<li><a href=\"https:\/\/spin.ufpr.br\/contatos\/\" target=\"_blank\" rel=\"noreferrer noopener\">Superintend\u00eancia de Parcerias e Rela\u00e7\u00f5es Institucionais<\/a><\/li>\n\n\n\n<li>Setores\n<ul class=\"wp-block-list\">\n<li><a href=\"https:\/\/sacod.ufpr.br\/o-setor-2\/\" target=\"_blank\" rel=\"noreferrer noopener\">Setor de Artes, Comunica\u00e7\u00e3o e Design<\/a><\/li>\n\n\n\n<li><a href=\"https:\/\/agrarias.ufpr.br\/administracao\" target=\"_blank\" rel=\"noreferrer noopener\">Setor de Ci\u00eancias Agr\u00e1rias<\/a><\/li>\n\n\n\n<li><a href=\"https:\/\/bio.ufpr.br\/o-setor\/\" target=\"_blank\" rel=\"noreferrer noopener\">Setor de Ci\u00eancias Biol\u00f3gicas<\/a><\/li>\n\n\n\n<li><a href=\"https:\/\/terra.ufpr.br\/contato\/\" target=\"_blank\" rel=\"noreferrer noopener\">Setor de Ci\u00eancias da Terra<\/a><\/li>\n\n\n\n<li><a href=\"https:\/\/saude.ufpr.br\/direcao\/\" target=\"_blank\" rel=\"noreferrer noopener\">Setor de Ci\u00eancias da Sa\u00fade<\/a><\/li>\n\n\n\n<li><a href=\"https:\/\/educacao.ufpr.br\/contatos\/\" target=\"_blank\" rel=\"noreferrer noopener\">Setor de Educa\u00e7\u00e3o<\/a><\/li>\n\n\n\n<li><a href=\"http:\/\/www.sept.ufpr.br\/portal\/unidades-do-setor\" target=\"_blank\" rel=\"noreferrer noopener\">Setor de Educa\u00e7\u00e3o Profissional e Tecnol\u00f3gica<\/a><\/li>\n\n\n\n<li><a href=\"https:\/\/exatas.ufpr.br\/diretoria-2\/\" target=\"_blank\" rel=\"noreferrer noopener\">Setor de Ci\u00eancias Exatas<\/a><\/li>\n\n\n\n<li><a href=\"http:\/\/www.humanas.ufpr.br\/portal\/setor\/estrutura-administrativa\/\" target=\"_blank\" rel=\"noreferrer noopener\">Setor de Ci\u00eancias Humanas<\/a><\/li>\n\n\n\n<li><a href=\"https:\/\/direito.ufpr.br\/?page_id=10513\" target=\"_blank\" rel=\"noreferrer noopener\">Setor de Ci\u00eancias Jur\u00eddicas<\/a><\/li>\n\n\n\n<li><a href=\"https:\/\/sociaisaplicadas.ufpr.br\/estrutura-administrativa\/\" target=\"_blank\" rel=\"noreferrer noopener\">Setor de Ci\u00eancias Sociais Aplicadas<\/a><\/li>\n\n\n\n<li><a href=\"https:\/\/tecnologia.ufpr.br\/fale-com-a-direcao\/\" target=\"_blank\" rel=\"noreferrer noopener\">Setor de Tecnologia<\/a><\/li>\n\n\n\n<li><a href=\"https:\/\/litoral.ufpr.br\/ufpr-litoral\/direcao-setorial\/\" target=\"_blank\" rel=\"noreferrer noopener\">Setor Litoral<\/a><\/li>\n\n\n\n<li><a href=\"https:\/\/palotina.ufpr.br\/setor\/\" target=\"_blank\" rel=\"noreferrer noopener\">Setor Palotina<\/a><\/li>\n\n\n\n<li><a href=\"https:\/\/jandaiadosul.ufpr.br\/contatos\/\" target=\"_blank\" rel=\"noreferrer noopener\">Campus Jandaia do Sul<\/a><\/li>\n\n\n\n<li><a href=\"http:\/\/www.cem.ufpr.br\/portal\/equipes-e-contatos\/\" target=\"_blank\" rel=\"noreferrer noopener\">Campus Pontal do Paran\u00e1 \u2013 Centro de Estudos do Mar<\/a><\/li>\n\n\n\n<li><a href=\"https:\/\/toledo.ufpr.br\/estrutura-administrativa\/\" target=\"_blank\" rel=\"noreferrer noopener\">Campus Toledo<\/a><\/li>\n<\/ul>\n<\/li>\n\n\n\n<li>Ensino\n<ul class=\"wp-block-list\">\n<li>Gradua\u00e7\u00e3o\n<ul class=\"wp-block-list\">\n<li><a href=\"https:\/\/ufpr.br\/cursos-em-curitiba\/\" target=\"_blank\" rel=\"noreferrer noopener\">Cursos em Curitiba<\/a><\/li>\n\n\n\n<li><a href=\"https:\/\/ufpr.br\/cursos-em-jandaia-do-sul\/\" target=\"_blank\" rel=\"noreferrer noopener\">Cursos em Jandaia do Sul<\/a><\/li>\n\n\n\n<li><a href=\"https:\/\/ufpr.br\/cursos-em-matinhos\/\" target=\"_blank\" rel=\"noreferrer noopener\">Cursos em Matinhos<\/a><\/li>\n\n\n\n<li><a href=\"https:\/\/ufpr.br\/cursos-em-palotina\/\" target=\"_blank\" rel=\"noreferrer noopener\">Cursos em Palotina<\/a><\/li>\n\n\n\n<li><a href=\"https:\/\/ufpr.br\/cursos-em-pontal-do-parana\/\" target=\"_blank\" rel=\"noreferrer noopener\">Cursos em Pontal do Paran\u00e1<\/a><\/li>\n\n\n\n<li><a href=\"https:\/\/ufpr.br\/cursos-em-toledo\/\" target=\"_blank\" rel=\"noreferrer noopener\">Cursos em Toledo<\/a><\/li>\n\n\n\n<li><a href=\"https:\/\/ufpr.br\/cursos-de-graduacao-a-distancia\/\" target=\"_blank\" rel=\"noreferrer noopener\">Cursos a dist\u00e2ncia (EaD)<\/a><\/li>\n<\/ul>\n<\/li>\n\n\n\n<li><a href=\"https:\/\/ufpr.br\/especializacao\/\">Especializa\u00e7\u00e3o<\/a><\/li>\n\n\n\n<li><a href=\"https:\/\/ufpr.br\/mestrado-e-doutorado\/\">Mestrado e Doutorado<\/a><\/li>\n\n\n\n<li><a href=\"http:\/\/www.sept.ufpr.br\/portal\/cursos\/\">Educa\u00e7\u00e3o Profissional<\/a><\/li>\n<\/ul>\n<\/li>\n<\/ul>\n\n\n\n<ul class=\"wp-block-list\">\n<li><a href=\"http:\/\/www.ouvidoriageral.ufpr.br\/\" target=\"_blank\" rel=\"noreferrer noopener\">Ouvidoria Geral<\/a><\/li>\n<\/ul>\n","protected":false},"excerpt":{"rendered":"<p>ATEN\u00c7\u00c3O! Este setor n\u00e3o se confunde com o Servi\u00e7o de Telefonia e Servi\u00e7o de Atendimento ao Cliente\/Consumidor (SAC)! D\u00favidas relativas ao ensino, pesquisa, entre outros, favor contatar diretamente a unidade, setor respons\u00e1vel! Nesta se\u00e7\u00e3o s\u00e3o divulgadas informa\u00e7\u00f5es institucionais e organizacionais da Universidade Federal do Paran\u00e1, compreendendo suas fun\u00e7\u00f5es, compet\u00eancias, estrutura organizacional, rela\u00e7\u00e3o de autoridades (quem [&hellip;]<\/p>\n","protected":false},"author":8,"featured_media":0,"parent":0,"menu_order":0,"comment_status":"closed","ping_status":"closed","template":"","meta":{"footnotes":""},"class_list":["post-823","page","type-page","status-publish","hentry"],"_links":{"self":[{"href":"https:\/\/ufpr.br\/transparencia\/wp-json\/wp\/v2\/pages\/823","targetHints":{"allow":["GET"]}}],"collection":[{"href":"https:\/\/ufpr.br\/transparencia\/wp-json\/wp\/v2\/pages"}],"about":[{"href":"https:\/\/ufpr.br\/transparencia\/wp-json\/wp\/v2\/types\/page"}],"author":[{"embeddable":true,"href":"https:\/\/ufpr.br\/transparencia\/wp-json\/wp\/v2\/users\/8"}],"replies":[{"embeddable":true,"href":"https:\/\/ufpr.br\/transparencia\/wp-json\/wp\/v2\/comments?post=823"}],"version-history":[{"count":1,"href":"https:\/\/ufpr.br\/transparencia\/wp-json\/wp\/v2\/pages\/823\/revisions"}],"predecessor-version":[{"id":825,"href":"https:\/\/ufpr.br\/transparencia\/wp-json\/wp\/v2\/pages\/823\/revisions\/825"}],"wp:attachment":[{"href":"https:\/\/ufpr.br\/transparencia\/wp-json\/wp\/v2\/media?parent=823"}],"curies":[{"name":"wp","href":"https:\/\/api.w.org\/{rel}","templated":true}]}}