{"id":808,"date":"2026-04-01T16:45:58","date_gmt":"2026-04-01T19:45:58","guid":{"rendered":"https:\/\/ufpr.br\/transparencia\/?page_id=808"},"modified":"2026-04-01T16:45:58","modified_gmt":"2026-04-01T19:45:58","slug":"servidores","status":"publish","type":"page","link":"https:\/\/ufpr.br\/transparencia\/servidores\/","title":{"rendered":"Servidores"},"content":{"rendered":"\n<h2 class=\"wp-block-heading\">Servidores<\/h2>\n\n\n\n<p>Nesta se\u00e7\u00e3o s\u00e3o divulgadas informa\u00e7\u00f5es sobre concursos p\u00fablicos para provimento de cargos e rela\u00e7\u00e3o dos servidores p\u00fablicos lotados ou em exerc\u00edcio na Universidade Federal do Paran\u00e1.<\/p>\n\n\n\n<ul class=\"wp-block-list\">\n<li><a href=\"http:\/\/www.progepe.ufpr.br\/relatorios\/\" target=\"_blank\" rel=\"noreferrer noopener\">Servidores \u2013 s\u00edtio da UFPR<\/a><\/li>\n<\/ul>\n\n\n\n<ul class=\"wp-block-list\">\n<li><a href=\"https:\/\/portaldatransparencia.gov.br\/url\/247d367a\" target=\"_blank\" rel=\"noreferrer noopener\">Servidores Lotados e em Exerc\u00edcio na UFPR \u2013 Portal da Transpar\u00eancia<\/a><\/li>\n<\/ul>\n\n\n\n<h6 class=\"wp-block-heading\">Ajuda:\u00a0<a href=\"https:\/\/ufpr.br\/transparencia\/wp-content\/uploads\/sites\/24\/2026\/04\/Passo-a-Passo.pdf\" target=\"_blank\" rel=\"noreferrer noopener\">passo a passo<\/a><\/h6>\n\n\n\n<ul class=\"wp-block-list\">\n<li><a href=\"https:\/\/portaldatransparencia.gov.br\/url\/d9d6defb\" target=\"_blank\" rel=\"noreferrer noopener\">Aposentados e Pensionistas \u2013 Portal da Transpar\u00eancia<\/a><\/li>\n\n\n\n<li><\/li>\n\n\n\n<li><a href=\"http:\/\/www.transparencia.gov.br\/url\/458fb297\" target=\"_blank\" rel=\"noreferrer noopener\">Servidores em Exerc\u00edcio na UFPR \u2013 Portal da Transpar\u00eancia<\/a><\/li>\n<\/ul>\n\n\n\n<h6 class=\"wp-block-heading\">Ajuda:\u00a0<a href=\"https:\/\/ufpr.br\/transparencia\/wp-content\/uploads\/sites\/24\/2026\/04\/Passo-a-Passo.pdf\" target=\"_blank\" rel=\"noreferrer noopener\">passo a passo<\/a><\/h6>\n\n\n\n<ul class=\"wp-block-list\">\n<li><a href=\"http:\/\/www.progepe.ufpr.br\/concursos\/\" target=\"_blank\" rel=\"noreferrer noopener\">Concursos P\u00fablicos<\/a><\/li>\n<\/ul>\n\n\n\n<ul class=\"wp-block-list\">\n<li><a href=\"https:\/\/proad.ufpr.br\/delog\/caast\/contratos-terceirizados-vigentes\/\" target=\"_blank\" rel=\"noreferrer noopener\">Rela\u00e7\u00e3o de Empregados Terceirizados<\/a>\u00a0(ao clicar no link, rolar at\u00e9 o final da p\u00e1gina, fazer o download do arquivo\u00a0\u00a0RELAT\u00d3RIOS DE VINCULOS ATIVOS)<\/li>\n<\/ul>\n","protected":false},"excerpt":{"rendered":"<p>Servidores Nesta se\u00e7\u00e3o s\u00e3o divulgadas informa\u00e7\u00f5es sobre concursos p\u00fablicos para provimento de cargos e rela\u00e7\u00e3o dos servidores p\u00fablicos lotados ou em exerc\u00edcio na Universidade Federal do Paran\u00e1. Ajuda:\u00a0passo a passo Ajuda:\u00a0passo a passo<\/p>\n","protected":false},"author":114,"featured_media":0,"parent":0,"menu_order":0,"comment_status":"closed","ping_status":"closed","template":"","meta":{"footnotes":""},"class_list":["post-808","page","type-page","status-publish","hentry"],"_links":{"self":[{"href":"https:\/\/ufpr.br\/transparencia\/wp-json\/wp\/v2\/pages\/808","targetHints":{"allow":["GET"]}}],"collection":[{"href":"https:\/\/ufpr.br\/transparencia\/wp-json\/wp\/v2\/pages"}],"about":[{"href":"https:\/\/ufpr.br\/transparencia\/wp-json\/wp\/v2\/types\/page"}],"author":[{"embeddable":true,"href":"https:\/\/ufpr.br\/transparencia\/wp-json\/wp\/v2\/users\/114"}],"replies":[{"embeddable":true,"href":"https:\/\/ufpr.br\/transparencia\/wp-json\/wp\/v2\/comments?post=808"}],"version-history":[{"count":1,"href":"https:\/\/ufpr.br\/transparencia\/wp-json\/wp\/v2\/pages\/808\/revisions"}],"predecessor-version":[{"id":809,"href":"https:\/\/ufpr.br\/transparencia\/wp-json\/wp\/v2\/pages\/808\/revisions\/809"}],"wp:attachment":[{"href":"https:\/\/ufpr.br\/transparencia\/wp-json\/wp\/v2\/media?parent=808"}],"curies":[{"name":"wp","href":"https:\/\/api.w.org\/{rel}","templated":true}]}}