{"id":251,"date":"2025-11-05T14:14:03","date_gmt":"2025-11-05T17:14:03","guid":{"rendered":"https:\/\/ufpr.br\/transparencia\/?page_id=251"},"modified":"2026-01-26T13:46:57","modified_gmt":"2026-01-26T16:46:57","slug":"stricto-sensu-2","status":"publish","type":"page","link":"https:\/\/ufpr.br\/transparencia\/stricto-sensu-2\/","title":{"rendered":"Stricto Sensu"},"content":{"rendered":"\n\n\n<p>Quantitativo de alunos matriculados, ingressantes, evadidos, concluintes e outras informa\u00e7\u00f5es, por curso.<br><\/p>\n\n\n\n<figure class=\"wp-block-table\"><table class=\"has-fixed-layout\"><tbody><tr><td class=\"has-text-align-center\" data-align=\"center\">Ano<\/td><td class=\"has-text-align-center\" data-align=\"center\">Data da \u00faltima atualiza\u00e7\u00e3o do arquivo<\/td><\/tr><tr><td class=\"has-text-align-center\" data-align=\"center\"><a href=\"https:\/\/ufpr.br\/transparencia\/wp-content\/uploads\/sites\/24\/2026\/01\/posgraduacao_lato_2024.csv\" data-type=\"link\" data-id=\"https:\/\/ufpr.br\/transparencia\/wp-content\/uploads\/sites\/24\/2026\/01\/posgraduacao_lato_2024.csv\">2024<\/a><\/td><td class=\"has-text-align-center\" data-align=\"center\">26\/01\/2026<\/td><\/tr><tr><td class=\"has-text-align-center\" data-align=\"center\"><a href=\"https:\/\/ufpr.br\/transparencia\/wp-content\/uploads\/sites\/24\/2026\/01\/posgraduacao_lato_2023.csv\" data-type=\"link\" data-id=\"https:\/\/ufpr.br\/transparencia\/wp-content\/uploads\/sites\/24\/2026\/01\/posgraduacao_lato_2023.csv\">2023<\/a><\/td><td class=\"has-text-align-center\" data-align=\"center\">26\/01\/2026<\/td><\/tr><tr><td class=\"has-text-align-center\" data-align=\"center\"><a href=\"https:\/\/ufpr.br\/transparencia\/wp-content\/uploads\/sites\/24\/2026\/01\/posgraduacao_lato_2022.csv\" data-type=\"link\" data-id=\"https:\/\/ufpr.br\/transparencia\/wp-content\/uploads\/sites\/24\/2026\/01\/posgraduacao_lato_2022.csv\">2022<\/a><\/td><td class=\"has-text-align-center\" data-align=\"center\">26\/01\/2026<\/td><\/tr><tr><td class=\"has-text-align-center\" data-align=\"center\"><a href=\"https:\/\/ufpr.br\/transparencia\/wp-content\/uploads\/sites\/24\/2026\/01\/posgraduacao_lato_2021.csv\" data-type=\"link\" data-id=\"https:\/\/ufpr.br\/transparencia\/wp-content\/uploads\/sites\/24\/2026\/01\/posgraduacao_lato_2021.csv\">2021<\/a><\/td><td class=\"has-text-align-center\" data-align=\"center\">26\/01\/2026<\/td><\/tr><tr><td class=\"has-text-align-center\" data-align=\"center\"><a href=\"https:\/\/ufpr.br\/transparencia\/wp-content\/uploads\/sites\/24\/2026\/01\/posgraduacao_lato_2020.csv\" data-type=\"link\" data-id=\"https:\/\/ufpr.br\/transparencia\/wp-content\/uploads\/sites\/24\/2026\/01\/posgraduacao_lato_2020.csv\">2020<\/a><\/td><td class=\"has-text-align-center\" data-align=\"center\">26\/01\/2026<\/td><\/tr><tr><td class=\"has-text-align-center\" data-align=\"center\"><a href=\"https:\/\/ufpr.br\/transparencia\/wp-content\/uploads\/sites\/24\/2026\/01\/posgraduacao_lato_2019.csv\" data-type=\"link\" data-id=\"https:\/\/ufpr.br\/transparencia\/wp-content\/uploads\/sites\/24\/2026\/01\/posgraduacao_lato_2019.csv\">2019<\/a><\/td><td class=\"has-text-align-center\" data-align=\"center\">26\/01\/2026<\/td><\/tr><tr><td class=\"has-text-align-center\" data-align=\"center\"><a href=\"https:\/\/ufpr.br\/transparencia\/wp-content\/uploads\/sites\/24\/2026\/01\/posgraduacao_lato_2018.csv\" data-type=\"link\" data-id=\"https:\/\/ufpr.br\/transparencia\/wp-content\/uploads\/sites\/24\/2026\/01\/posgraduacao_lato_2018.csv\">2018<\/a><\/td><td class=\"has-text-align-center\" data-align=\"center\">26\/01\/2026<\/td><\/tr><tr><td class=\"has-text-align-center\" data-align=\"center\"><a href=\"https:\/\/ufpr.br\/transparencia\/wp-content\/uploads\/sites\/24\/2026\/01\/posgraduacao_lato_2017.csv\" data-type=\"link\" data-id=\"https:\/\/ufpr.br\/transparencia\/wp-content\/uploads\/sites\/24\/2026\/01\/posgraduacao_lato_2017.csv\">2017<\/a><\/td><td class=\"has-text-align-center\" data-align=\"center\">26\/01\/2026<\/td><\/tr><tr><td class=\"has-text-align-center\" data-align=\"center\"><a href=\"https:\/\/ufpr.br\/transparencia\/wp-content\/uploads\/sites\/24\/2026\/01\/posgraduacao_lato_2016.csv\" data-type=\"link\" data-id=\"https:\/\/ufpr.br\/transparencia\/wp-content\/uploads\/sites\/24\/2026\/01\/posgraduacao_lato_2016.csv\">2016<\/a><\/td><td class=\"has-text-align-center\" data-align=\"center\">26\/01\/2026<\/td><\/tr><tr><td class=\"has-text-align-center\" data-align=\"center\"><a href=\"https:\/\/ufpr.br\/transparencia\/wp-content\/uploads\/sites\/24\/2026\/01\/posgraduacao_lato_2015.csv\" data-type=\"link\" data-id=\"https:\/\/ufpr.br\/transparencia\/wp-content\/uploads\/sites\/24\/2026\/01\/posgraduacao_lato_2015.csv\">2015<\/a><\/td><td class=\"has-text-align-center\" data-align=\"center\">26\/01\/2026<\/td><\/tr><tr><td class=\"has-text-align-center\" data-align=\"center\"><a href=\"https:\/\/ufpr.br\/transparencia\/wp-content\/uploads\/sites\/24\/2026\/01\/posgraduacao_lato_2014.csv\" data-type=\"link\" data-id=\"https:\/\/ufpr.br\/transparencia\/wp-content\/uploads\/sites\/24\/2026\/01\/posgraduacao_lato_2014.csv\">2014<\/a><\/td><td class=\"has-text-align-center\" data-align=\"center\">26\/01\/2026<\/td><\/tr><tr><td class=\"has-text-align-center\" data-align=\"center\"><a href=\"https:\/\/ufpr.br\/transparencia\/wp-content\/uploads\/sites\/24\/2026\/01\/posgraduacao_lato_2013.csv\" data-type=\"link\" data-id=\"https:\/\/ufpr.br\/transparencia\/wp-content\/uploads\/sites\/24\/2026\/01\/posgraduacao_lato_2013.csv\">2013<\/a><\/td><td class=\"has-text-align-center\" data-align=\"center\">26\/01\/2026<\/td><\/tr><\/tbody><\/table><\/figure>\n\n\n\n<p><a href=\"https:\/\/ufpr.br\/transparencia\/wp-content\/uploads\/sites\/24\/2026\/01\/dic_dados_stricto_sensu.pdf\" data-type=\"link\" data-id=\"https:\/\/ufpr.br\/transparencia\/wp-content\/uploads\/sites\/24\/2026\/01\/dic_dados_stricto_sensu.pdf\">Dicion\u00e1rio de Dados<\/a><\/p>\n\n\n\n<p>Licen\u00e7a: Creative Commons Attribution<br>Formatos:\u00a0CSV;\u00a0PDF;<br>Atualiza\u00e7\u00e3o: Anual<br>Cataloga\u00e7\u00e3o: 03\/10\/2019<br>\u00c1rea t\u00e9cnica respons\u00e1vel: PROPLAD\/CECD<br>E-mail da \u00e1rea t\u00e9cnica: cecd.proplad@ufpr.br<br>Objetivos de Desenvolvimento Sustent\u00e1vel (ODS): N\u00e3o<\/p>\n","protected":false},"excerpt":{"rendered":"<p>Quantitativo de alunos matriculados, ingressantes, evadidos, concluintes e outras informa\u00e7\u00f5es, por curso. Ano Data da \u00faltima atualiza\u00e7\u00e3o do arquivo 2024 26\/01\/2026 2023 26\/01\/2026 2022 26\/01\/2026 2021 26\/01\/2026 2020 26\/01\/2026 2019 26\/01\/2026 2018 26\/01\/2026 2017 26\/01\/2026 2016 26\/01\/2026 2015 26\/01\/2026 2014 26\/01\/2026 2013 26\/01\/2026 Dicion\u00e1rio de Dados Licen\u00e7a: Creative Commons AttributionFormatos:\u00a0CSV;\u00a0PDF;Atualiza\u00e7\u00e3o: AnualCataloga\u00e7\u00e3o: 03\/10\/2019\u00c1rea t\u00e9cnica respons\u00e1vel: PROPLAD\/CECDE-mail [&hellip;]<\/p>\n","protected":false},"author":8,"featured_media":0,"parent":0,"menu_order":0,"comment_status":"closed","ping_status":"closed","template":"","meta":{"footnotes":""},"class_list":["post-251","page","type-page","status-publish","hentry"],"_links":{"self":[{"href":"https:\/\/ufpr.br\/transparencia\/wp-json\/wp\/v2\/pages\/251","targetHints":{"allow":["GET"]}}],"collection":[{"href":"https:\/\/ufpr.br\/transparencia\/wp-json\/wp\/v2\/pages"}],"about":[{"href":"https:\/\/ufpr.br\/transparencia\/wp-json\/wp\/v2\/types\/page"}],"author":[{"embeddable":true,"href":"https:\/\/ufpr.br\/transparencia\/wp-json\/wp\/v2\/users\/8"}],"replies":[{"embeddable":true,"href":"https:\/\/ufpr.br\/transparencia\/wp-json\/wp\/v2\/comments?post=251"}],"version-history":[{"count":18,"href":"https:\/\/ufpr.br\/transparencia\/wp-json\/wp\/v2\/pages\/251\/revisions"}],"predecessor-version":[{"id":619,"href":"https:\/\/ufpr.br\/transparencia\/wp-json\/wp\/v2\/pages\/251\/revisions\/619"}],"wp:attachment":[{"href":"https:\/\/ufpr.br\/transparencia\/wp-json\/wp\/v2\/media?parent=251"}],"curies":[{"name":"wp","href":"https:\/\/api.w.org\/{rel}","templated":true}]}}