{"id":35,"date":"2025-03-07T10:08:49","date_gmt":"2025-03-07T13:08:49","guid":{"rendered":"https:\/\/ufpr.br\/prpi\/todas-as-noticias\/"},"modified":"2026-08-18T14:51:47","modified_gmt":"2026-08-18T17:51:47","slug":"todas-as-noticias","status":"publish","type":"page","link":"https:\/\/ufpr.br\/prpi\/todas-as-noticias\/","title":{"rendered":"Todas as Not\u00edcias"},"content":{"rendered":"\n<div class=\"wp-block-buttons is-content-justification-center is-layout-flex wp-container-core-buttons-is-layout-1 wp-block-buttons-is-layout-flex\">\n<div class=\"wp-block-button has-custom-width wp-block-button__width-100 has-custom-font-size is-style-fill has-large-font-size\"><a class=\"wp-block-button__link has-background has-text-align-center wp-element-button\" href=\"https:\/\/ufpr.br\/prpi\/boletim-destaques-semana\/\" style=\"border-radius:20px;background:linear-gradient(200deg,rgb(224,101,91) 1%,rgb(0,85,143) 100%);padding-top:var(--wp--preset--spacing--40);padding-right:var(--wp--preset--spacing--30);padding-bottom:var(--wp--preset--spacing--40);padding-left:var(--wp--preset--spacing--30)\"><strong>Boletim UFPR\/PRPI \u2013 Destaques da Semana<\/strong><\/a><\/div>\n<\/div>\n\n\n\n<div class=\"wp-block-query is-layout-flow wp-block-query-is-layout-flow\"><ul class=\"columns-3 wp-block-post-template is-layout-grid wp-container-core-post-template-is-layout-1 wp-block-post-template-is-layout-grid\"><li class=\"wp-block-post post-8305 post type-post status-publish format-standard hentry category-sem-categoria\">\n\n<div class=\"wp-block-group\" style=\"padding-top:30px;padding-right:30px;padding-bottom:30px;padding-left:30px\"><div class=\"wp-block-group__inner-container is-layout-flow wp-block-group-is-layout-flow\"><h2 class=\"wp-block-post-title\"><a href=\"https:\/\/ufpr.br\/prpi\/blog\/2026\/08\/28\/ufpr-busca-iniciativas-de-gestao-e-governanca-para-certificacao-selo-ods-educacao-inscricoes-vao-ate-4-de-setembro\/\" target=\"_self\" >UFPR busca iniciativas de gest\u00e3o e governan\u00e7a para certifica\u00e7\u00e3o Selo ODS Educa\u00e7\u00e3o; inscri\u00e7\u00f5es v\u00e3o at\u00e9 4 de setembro<\/a><\/h2>\n\n<div class=\"wp-block-post-excerpt\"><p class=\"wp-block-post-excerpt__excerpt\">A Universidade Federal do Paran\u00e1 (UFPR) avan\u00e7a em mais uma etapa do processo para obten\u00e7\u00e3o do Selo ODS Educa\u00e7\u00e3o \u2013 Institui\u00e7\u00f5es de Ensino Superior 2026, certifica\u00e7\u00e3o promovida pelo Instituto Selo Social que reconhece institui\u00e7\u00f5es comprometidas com a Agenda 2030 e com os Objetivos de Desenvolvimento Sustent\u00e1vel (ODS). Na primeira fase de mobiliza\u00e7\u00e3o da comunidade universit\u00e1ria,&hellip; <\/p><\/div>\n\n<div class=\"wp-block-post-date\"><time datetime=\"2026-08-28T11:18:24-03:00\">28 de agosto de 2026<\/time><\/div><\/div><\/div>\n\n<\/li><li class=\"wp-block-post post-8134 post type-post status-publish format-standard hentry category-sem-categoria\">\n\n<div class=\"wp-block-group\" style=\"padding-top:30px;padding-right:30px;padding-bottom:30px;padding-left:30px\"><div class=\"wp-block-group__inner-container is-layout-flow wp-block-group-is-layout-flow\"><h2 class=\"wp-block-post-title\"><a href=\"https:\/\/ufpr.br\/prpi\/blog\/2026\/08\/14\/ufpr-busca-certificacao-do-selo-ods-educacao-superior-comunidade-academica-pode-cadastrar-iniciativas-socioambientais-ate-19-de-agosto\/\" target=\"_self\" >UFPR busca certifica\u00e7\u00e3o do Selo ODS Educa\u00e7\u00e3o Superior; comunidade acad\u00eamica pode cadastrar iniciativas socioambientais at\u00e9 19 de agosto<\/a><\/h2>\n\n<div class=\"wp-block-post-excerpt\"><p class=\"wp-block-post-excerpt__excerpt\">A Universidade Federal do Paran\u00e1 (UFPR) est\u00e1 em processo de certifica\u00e7\u00e3o pelo Selo ODS Educa\u00e7\u00e3o Superior, promovido pelo Instituto Selo Social. A certifica\u00e7\u00e3o reconhece institui\u00e7\u00f5es de ensino superior que desenvolvem iniciativas alinhadas aos Objetivos de Desenvolvimento Sustent\u00e1vel (ODS), valorizando a\u00e7\u00f5es de ensino, pesquisa e extens\u00e3o que produzem impactos positivos na sociedade e no meio ambiente.&hellip; <\/p><\/div>\n\n<div class=\"wp-block-post-date\"><time datetime=\"2026-08-14T08:00:00-03:00\">14 de agosto de 2026<\/time><\/div><\/div><\/div>\n\n<\/li><li class=\"wp-block-post post-8027 post type-post status-publish format-standard hentry category-sem-categoria\">\n\n<div class=\"wp-block-group\" style=\"padding-top:30px;padding-right:30px;padding-bottom:30px;padding-left:30px\"><div class=\"wp-block-group__inner-container is-layout-flow wp-block-group-is-layout-flow\"><h2 class=\"wp-block-post-title\"><a href=\"https:\/\/ufpr.br\/prpi\/blog\/2026\/08\/06\/ufpr-adere-a-agenda-ambiental-na-administracao-publica-e-inicia-nova-etapa-da-gestao-socioambiental\/\" target=\"_self\" >UFPR adere \u00e0 Agenda Ambiental na Administra\u00e7\u00e3o P\u00fablica e inicia nova etapa da gest\u00e3o socioambiental<\/a><\/h2>\n\n<div class=\"wp-block-post-excerpt\"><p class=\"wp-block-post-excerpt__excerpt\">A Universidade Federal do Paran\u00e1 (UFPR) passa a integrar oficialmente a Agenda Ambiental na Administra\u00e7\u00e3o P\u00fablica (A3P), programa do Minist\u00e9rio do Meio Ambiente e Mudan\u00e7a do Clima (MMA) voltado \u00e0 incorpora\u00e7\u00e3o da sustentabilidade na gest\u00e3o das institui\u00e7\u00f5es p\u00fablicas. O Termo de Ades\u00e3o foi assinado pelo reitor da UFPR, Marcos Sfair Sunye, e pelo diretor do&hellip; <\/p><\/div>\n\n<div class=\"wp-block-post-date\"><time datetime=\"2026-08-06T19:42:55-03:00\">6 de agosto de 2026<\/time><\/div><\/div><\/div>\n\n<\/li><li class=\"wp-block-post post-8002 post type-post status-publish format-standard hentry category-sem-categoria\">\n\n<div class=\"wp-block-group\" style=\"padding-top:30px;padding-right:30px;padding-bottom:30px;padding-left:30px\"><div class=\"wp-block-group__inner-container is-layout-flow wp-block-group-is-layout-flow\"><h2 class=\"wp-block-post-title\"><a href=\"https:\/\/ufpr.br\/prpi\/blog\/2026\/08\/05\/ufpr-seleciona-mentoresas-voluntariosas-para-fortalecer-o-programa-de-incubacao-da-ufpr\/\" target=\"_self\" >UFPR seleciona mentores(as) volunt\u00e1rios(as) para fortalecer o Programa de Incuba\u00e7\u00e3o da UFPR<\/a><\/h2>\n\n<div class=\"wp-block-post-excerpt\"><p class=\"wp-block-post-excerpt__excerpt\">A Universidade Federal do Paran\u00e1, por meio da Unidade Promotora de Ambientes de Inova\u00e7\u00e3o, vinculada ao N\u00facleo de Inova\u00e7\u00e3o Tecnol\u00f3gica da Pr\u00f3-reitoria de Pesquisa e Inova\u00e7\u00e3o, torna p\u00fablica a abertura do Edital n\u00ba 22\/2026, destinado \u00e0 sele\u00e7\u00e3o, em fluxo cont\u00ednuo, de mentores(as) volunt\u00e1rios(as) para atua\u00e7\u00e3o no Programa de Incuba\u00e7\u00e3o da UFPR. A iniciativa tem como&hellip; <\/p><\/div>\n\n<div class=\"wp-block-post-date\"><time datetime=\"2026-08-05T11:03:22-03:00\">5 de agosto de 2026<\/time><\/div><\/div><\/div>\n\n<\/li><li class=\"wp-block-post post-7955 post type-post status-publish format-standard hentry category-sem-categoria\">\n\n<div class=\"wp-block-group\" style=\"padding-top:30px;padding-right:30px;padding-bottom:30px;padding-left:30px\"><div class=\"wp-block-group__inner-container is-layout-flow wp-block-group-is-layout-flow\"><h2 class=\"wp-block-post-title\"><a href=\"https:\/\/ufpr.br\/prpi\/blog\/2026\/07\/31\/ufpr-seleciona-bolsistas-iti-ufpr-para-o-programa-de-iniciacao-ao-empreendedorismo-piemp-ufpr-ciclo-2026-2\/\" target=\"_self\" >UFPR seleciona bolsistas ITI UFPR para o Programa de Inicia\u00e7\u00e3o ao Empreendedorismo (PIEMP-UFPR \/ CICLO 2026.2)<\/a><\/h2>\n\n<div class=\"wp-block-post-excerpt\"><p class=\"wp-block-post-excerpt__excerpt\">A Universidade Federal do Paran\u00e1, por meio da Unidade Promotora de Ambientes de Inova\u00e7\u00e3o, unidade vinculada ao N\u00facleo de Inova\u00e7\u00e3o Tecnol\u00f3gica, pertencente \u00e0 Pr\u00f3-Reitoria de Pesquisa e Inova\u00e7\u00e3o, torna p\u00fablico o Edital 21\/2026 de sele\u00e7\u00e3o de estudantes para 10 (dez) bolsas de Inicia\u00e7\u00e3o Tecnol\u00f3gica e Industrial financiadas pela UFPR (ITI UFPR), destinadas \u00e0s 10 equipes&hellip; <\/p><\/div>\n\n<div class=\"wp-block-post-date\"><time datetime=\"2026-07-31T17:38:07-03:00\">31 de julho de 2026<\/time><\/div><\/div><\/div>\n\n<\/li><li class=\"wp-block-post post-7911 post type-post status-publish format-standard hentry category-sem-categoria\">\n\n<div class=\"wp-block-group\" style=\"padding-top:30px;padding-right:30px;padding-bottom:30px;padding-left:30px\"><div class=\"wp-block-group__inner-container is-layout-flow wp-block-group-is-layout-flow\"><h2 class=\"wp-block-post-title\"><a href=\"https:\/\/ufpr.br\/prpi\/blog\/2026\/07\/29\/edital-no-20-2026-prpi-nit-startup-garage-2026-edicao-curitiba-turma-2026-2\/\" target=\"_self\" >Edital n\u00ba 20\/2026 PRPI\/NIT \u2013 STARTUP GARAGE 2026 \u2013 Edi\u00e7\u00e3o Curitiba \u2013 Turma 2026\/2<\/a><\/h2>\n\n<div class=\"wp-block-post-excerpt\"><p class=\"wp-block-post-excerpt__excerpt\">A Universidade Federal do Paran\u00e1 \u2013 UFPR, por meio da Pr\u00f3-reitoria de Pesquisa e Inova\u00e7\u00e3o (PRPI), sob coordena\u00e7\u00e3o e execu\u00e7\u00e3o da Unidade Promotora de Ambientes de Inova\u00e7\u00e3o (UPAI), vinculada ao N\u00facleo de Inova\u00e7\u00e3o Tecnol\u00f3gica (NIT), torna p\u00fablico, para conhecimento geral, que realizar\u00e1 sele\u00e7\u00e3o de grupos e propostas de base tecnol\u00f3gica com potencial de inova\u00e7\u00e3o para&hellip; <\/p><\/div>\n\n<div class=\"wp-block-post-date\"><time datetime=\"2026-07-29T17:29:39-03:00\">29 de julho de 2026<\/time><\/div><\/div><\/div>\n\n<\/li><li class=\"wp-block-post post-7675 post type-post status-publish format-standard hentry category-noticias-externas\">\n\n<div class=\"wp-block-group\" style=\"padding-top:30px;padding-right:30px;padding-bottom:30px;padding-left:30px\"><div class=\"wp-block-group__inner-container is-layout-flow wp-block-group-is-layout-flow\"><h2 class=\"wp-block-post-title\"><a href=\"https:\/\/ufpr.br\/prpi\/blog\/2026\/07\/14\/ufpr-fortalece-cooperacao-cientifica-com-universidades-chinesas-e-amplia-insercao-internacional-em-ciencia-do-solo\/\" target=\"_self\" >UFPR fortalece coopera\u00e7\u00e3o cient\u00edfica com universidades chinesas e amplia inser\u00e7\u00e3o internacional em Ci\u00eancia do Solo<\/a><\/h2>\n\n<div class=\"wp-block-post-excerpt\"><p class=\"wp-block-post-excerpt__excerpt\">A China se destaca em diversos setores da sociedade, sobretudo pelos r\u00e1pidos avan\u00e7os tecnol\u00f3gicos e cient\u00edficos, e se consolida como parceira estrat\u00e9gica para o desenvolvimento de pesquisas e de produtos. Nesse contexto, os professores do Programa de P\u00f3s-Gradua\u00e7\u00e3o em Ci\u00eancia do Solo (PGCISOLO) da Universidade Federal do Paran\u00e1 (UFPR) participaram de diversas atividades nas cidades&hellip; <\/p><\/div>\n\n<div class=\"wp-block-post-date\"><time datetime=\"2026-07-14T09:47:22-03:00\">14 de julho de 2026<\/time><\/div><\/div><\/div>\n\n<\/li><li class=\"wp-block-post post-7641 post type-post status-publish format-standard hentry category-sem-categoria\">\n\n<div class=\"wp-block-group\" style=\"padding-top:30px;padding-right:30px;padding-bottom:30px;padding-left:30px\"><div class=\"wp-block-group__inner-container is-layout-flow wp-block-group-is-layout-flow\"><h2 class=\"wp-block-post-title\"><a href=\"https:\/\/ufpr.br\/prpi\/blog\/2026\/07\/10\/prpi-unibio-promove-live-sobre-o-sisbio\/\" target=\"_self\" >PRPI\/Unibio promove live sobre o SisBio<\/a><\/h2>\n\n<div class=\"wp-block-post-excerpt\"><p class=\"wp-block-post-excerpt__excerpt\">A Pr\u00f3-Reitoria de Pesquisa e Inova\u00e7\u00e3o (PRPI) da UFPR, por meio da Unidade de Assuntos Relacionados \u00e0 Biodiversidade (Unibio), convida toda a comunidade acad\u00eamica e cient\u00edfica para a live &#8220;Solicita\u00e7\u00f5es de Coleta: aspectos legais, submiss\u00e3o e fluxo de an\u00e1lise.&#8221; O evento contar\u00e1 com a participa\u00e7\u00e3o de Ivan Salzo, analista ambiental do Instituto Chico Mendes de&hellip; <\/p><\/div>\n\n<div class=\"wp-block-post-date\"><time datetime=\"2026-07-10T13:10:05-03:00\">10 de julho de 2026<\/time><\/div><\/div><\/div>\n\n<\/li><li class=\"wp-block-post post-7635 post type-post status-publish format-standard hentry category-sem-categoria\">\n\n<div class=\"wp-block-group\" style=\"padding-top:30px;padding-right:30px;padding-bottom:30px;padding-left:30px\"><div class=\"wp-block-group__inner-container is-layout-flow wp-block-group-is-layout-flow\"><h2 class=\"wp-block-post-title\"><a href=\"https:\/\/ufpr.br\/prpi\/blog\/2026\/07\/09\/prpi-divulga-resultado-preliminar-do-edital-de-apoio-a-atividades-praticas-de-sustentabilidade-resiliencia-climatica-e-bem-estar-institucional\/\" target=\"_self\" >PRPI divulga resultado preliminar do Edital de Apoio a Atividades Pr\u00e1ticas de Sustentabilidade, Resili\u00eancia Clim\u00e1tica e Bem-Estar Institucional<\/a><\/h2>\n\n<div class=\"wp-block-post-excerpt\"><p class=\"wp-block-post-excerpt__excerpt\">A Pr\u00f3-Reitoria de Pesquisa e Inova\u00e7\u00e3o (PRPI) da Universidade Federal do Paran\u00e1 (UFPR), por meio da Coordenadoria de Indicadores de Pesquisa, Inova\u00e7\u00e3o e Sustentabilidade (CIPIS) e do Observat\u00f3rio de Sustentabilidade (OBS), divulgou o resultado preliminar do Edital n\u00ba 10\/2026 \u2013 Apoio a Atividades Pr\u00e1ticas de Sustentabilidade, Resili\u00eancia Clim\u00e1tica e Bem-Estar Institucional. O edital \u00e9 realizado&hellip; <\/p><\/div>\n\n<div class=\"wp-block-post-date\"><time datetime=\"2026-07-09T22:56:02-03:00\">9 de julho de 2026<\/time><\/div><\/div><\/div>\n\n<\/li><\/ul><\/div>\n\n\n\n<div style=\"height:100px\" aria-hidden=\"true\" class=\"wp-block-spacer\"><\/div>\n\n\n\n<div class=\"wp-block-buttons is-content-justification-center is-layout-flex wp-container-core-buttons-is-layout-2 wp-block-buttons-is-layout-flex\">\n<div class=\"wp-block-button\"><a class=\"wp-block-button__link has-text-align-left wp-element-button\" href=\"https:\/\/ufpr.br\/prpi\/noticias-internas\/\">Acessar todas as not\u00edcias<\/a><\/div>\n<\/div>\n","protected":false},"excerpt":{"rendered":"","protected":false},"author":6,"featured_media":0,"parent":0,"menu_order":0,"comment_status":"closed","ping_status":"closed","template":"","meta":{"footnotes":""},"class_list":["post-35","page","type-page","status-publish","hentry"],"_links":{"self":[{"href":"https:\/\/ufpr.br\/prpi\/wp-json\/wp\/v2\/pages\/35","targetHints":{"allow":["GET"]}}],"collection":[{"href":"https:\/\/ufpr.br\/prpi\/wp-json\/wp\/v2\/pages"}],"about":[{"href":"https:\/\/ufpr.br\/prpi\/wp-json\/wp\/v2\/types\/page"}],"author":[{"embeddable":true,"href":"https:\/\/ufpr.br\/prpi\/wp-json\/wp\/v2\/users\/6"}],"replies":[{"embeddable":true,"href":"https:\/\/ufpr.br\/prpi\/wp-json\/wp\/v2\/comments?post=35"}],"version-history":[{"count":13,"href":"https:\/\/ufpr.br\/prpi\/wp-json\/wp\/v2\/pages\/35\/revisions"}],"predecessor-version":[{"id":8232,"href":"https:\/\/ufpr.br\/prpi\/wp-json\/wp\/v2\/pages\/35\/revisions\/8232"}],"wp:attachment":[{"href":"https:\/\/ufpr.br\/prpi\/wp-json\/wp\/v2\/media?parent=35"}],"curies":[{"name":"wp","href":"https:\/\/api.w.org\/{rel}","templated":true}]}}