{"id":9363,"date":"2025-07-24T21:04:39","date_gmt":"2025-07-25T00:04:39","guid":{"rendered":"https:\/\/ufpr.br\/?page=9363"},"modified":"2026-08-24T10:15:34","modified_gmt":"2026-08-24T13:15:34","slug":"perguntas-frequentes","status":"publish","type":"page","link":"https:\/\/ufpr.br\/propg\/siprop\/perguntas-frequentes\/","title":{"rendered":"Perguntas Frequentes"},"content":{"rendered":"\n<h2 class=\"wp-block-heading\">Internacionaliza\u00e7\u00e3o da P\u00f3s-Gradua\u00e7\u00e3o<\/h2>\n\n\n\n<div class=\"wp-block-columns is-layout-flex wp-container-core-columns-is-layout-28f84493 wp-block-columns-is-layout-flex\">\n<div class=\"wp-block-column has-background is-layout-flow wp-block-column-is-layout-flow\" style=\"background-color:#e8ecf5;flex-basis:35%\">\n<div class=\"wp-block-columns is-layout-flex wp-container-core-columns-is-layout-28f84493 wp-block-columns-is-layout-flex\">\n<div class=\"wp-block-column has-background is-layout-flow wp-block-column-is-layout-flow\" style=\"background-color:#e8ecf5;padding-top:var(--wp--preset--spacing--40);padding-right:var(--wp--preset--spacing--40);padding-bottom:var(--wp--preset--spacing--40);padding-left:var(--wp--preset--spacing--40)\">\n<div class=\"wp-block-columns is-not-stacked-on-mobile is-layout-flex wp-container-core-columns-is-layout-28f84493 wp-block-columns-is-layout-flex\">\n<div class=\"wp-block-column has-white-background-color has-text-color has-background has-link-color wp-elements-119bff6c6597daeba4748ae674538571 is-layout-flow wp-container-core-column-is-layout-b16f1017 wp-block-column-is-layout-flow\" style=\"border-top-left-radius:15px;border-top-right-radius:15px;border-bottom-left-radius:15px;border-bottom-right-radius:15px;color:#003c71;padding-top:var(--wp--preset--spacing--40);padding-right:var(--wp--preset--spacing--40);padding-bottom:var(--wp--preset--spacing--40);padding-left:var(--wp--preset--spacing--40)\"><div class=\"wp-block-image\">\n<figure class=\"aligncenter size-full is-resized\"><a href=\"https:\/\/ufpr.br\/propg\/siprop\/perguntas-frequentes\/#gerais\"><img decoding=\"async\" src=\"https:\/\/ufpr.br\/propg\/wp-content\/uploads\/2024\/08\/Icone_PergutasFrequentes_Rosa.png\" alt=\"\" class=\"wp-image-6120\" style=\"object-fit:cover;width:70px;height:70px\" \/><\/a><\/figure>\n<\/div>\n\n\n<p class=\"has-text-align-center has-text-color has-link-color wp-elements-c6cc0841bb2b207d770ff2d52a30ebdd\" style=\"color:#243673;font-size:14px\"><strong><a href=\"#gerais\" data-type=\"internal\" data-id=\"#gerais\">Gerais<\/a><\/strong><\/p>\n<\/div>\n\n\n\n<div class=\"wp-block-column has-white-background-color has-text-color has-background has-link-color wp-elements-ec6b8db5f2cfcd8a10e428d5eec073f0 is-layout-flow wp-container-core-column-is-layout-b16f1017 wp-block-column-is-layout-flow\" style=\"border-top-left-radius:15px;border-top-right-radius:15px;border-bottom-left-radius:15px;border-bottom-right-radius:15px;color:#003c71;padding-top:var(--wp--preset--spacing--40);padding-right:var(--wp--preset--spacing--40);padding-bottom:var(--wp--preset--spacing--40);padding-left:var(--wp--preset--spacing--40)\"><div class=\"wp-block-image\">\n<figure class=\"aligncenter size-medium is-resized\"><a href=\"#global\"><img loading=\"lazy\" decoding=\"async\" width=\"300\" height=\"300\" src=\"https:\/\/ufpr.br\/propg\/wp-content\/uploads\/2025\/07\/Icone_EstudanteInternacional_Rosa-300x300.png\" alt=\"\" class=\"wp-image-9263\" style=\"object-fit:cover;width:70px;height:70px\" srcset=\"https:\/\/ufpr.br\/propg\/wp-content\/uploads\/2025\/07\/Icone_EstudanteInternacional_Rosa-300x300.png 300w, https:\/\/ufpr.br\/propg\/wp-content\/uploads\/2025\/07\/Icone_EstudanteInternacional_Rosa-150x150.png 150w, https:\/\/ufpr.br\/propg\/wp-content\/uploads\/2025\/07\/Icone_EstudanteInternacional_Rosa-98x98.png 98w, https:\/\/ufpr.br\/propg\/wp-content\/uploads\/2025\/07\/Icone_EstudanteInternacional_Rosa-57x57.png 57w, https:\/\/ufpr.br\/propg\/wp-content\/uploads\/2025\/07\/Icone_EstudanteInternacional_Rosa.png 512w\" sizes=\"auto, (max-width: 300px) 100vw, 300px\" \/><\/a><\/figure>\n<\/div>\n\n\n<p class=\"has-text-align-center has-text-color has-link-color wp-elements-ce713ab27bfc3fff7aec9798046eeca6\" style=\"color:#243673;font-size:14px\"><strong><a href=\"#gerais\" data-type=\"internal\" data-id=\"#gerais\">Rede Sul Global 2030<\/a><\/strong><\/p>\n<\/div>\n<\/div>\n\n\n\n<div class=\"wp-block-columns is-layout-flex wp-container-core-columns-is-layout-28f84493 wp-block-columns-is-layout-flex\">\n<div class=\"wp-block-column is-layout-flow wp-block-column-is-layout-flow\" style=\"flex-basis:25%\"><\/div>\n\n\n\n<div class=\"wp-block-column has-white-background-color has-text-color has-background has-link-color wp-elements-c6da44407636869c4f88b74ff5b8a881 is-layout-flow wp-container-core-column-is-layout-b16f1017 wp-block-column-is-layout-flow\" style=\"border-top-left-radius:15px;border-top-right-radius:15px;border-bottom-left-radius:15px;border-bottom-right-radius:15px;color:#003c71;padding-top:var(--wp--preset--spacing--40);padding-right:var(--wp--preset--spacing--40);padding-bottom:var(--wp--preset--spacing--40);padding-left:var(--wp--preset--spacing--40);flex-basis:50%\"><div class=\"wp-block-image is-style-default\">\n<figure class=\"aligncenter size-full is-resized\"><a href=\"#hello\"><img decoding=\"async\" src=\"https:\/\/ufpr.br\/propg\/wp-content\/uploads\/2025\/07\/Icone_MobilidadeInternacional_Rosa.png\" alt=\"\" class=\"wp-image-16497\" style=\"object-fit:cover;width:62px;height:auto\" \/><\/a><\/figure>\n<\/div>\n\n\n<p class=\"has-text-align-center has-text-color has-link-color wp-elements-1c2f28037c380619d682d648a062c135\" style=\"color:#243673;font-size:14px\"><strong><a href=\"#hello\">International Students<\/a><\/strong><\/p>\n<\/div>\n\n\n\n<div class=\"wp-block-column is-layout-flow wp-block-column-is-layout-flow\" style=\"flex-basis:25%\"><\/div>\n<\/div>\n\n\n\n<hr class=\"wp-block-separator has-text-color has-white-color has-alpha-channel-opacity has-white-background-color has-background is-style-wide\" \/>\n<\/div>\n<\/div>\n<\/div>\n\n\n\n<div class=\"wp-block-column is-layout-flow wp-block-column-is-layout-flow\" style=\"flex-basis:2%\"><\/div>\n\n\n\n<div class=\"wp-block-column is-layout-flow wp-block-column-is-layout-flow\" style=\"flex-basis:60%\">\n<div class=\"wp-block-columns is-layout-flex wp-container-core-columns-is-layout-28f84493 wp-block-columns-is-layout-flex\">\n<div class=\"wp-block-column is-layout-flow wp-block-column-is-layout-flow\">\n<div class=\"wp-block-group\"><div class=\"wp-block-group__inner-container is-layout-constrained wp-block-group-is-layout-constrained\">\n<h2 class=\"wp-block-heading has-text-align-left has-background has-medium-font-size\" id=\"gerais\" style=\"background-color:#e8ecf5;padding-top:var(--wp--preset--spacing--30);padding-right:var(--wp--preset--spacing--30);padding-bottom:var(--wp--preset--spacing--30);padding-left:var(--wp--preset--spacing--30)\">GERAIS<\/h2>\n\n\n\n<hr class=\"wp-block-separator has-text-color has-alpha-channel-opacity has-background is-style-wide\" style=\"margin-top:var(--wp--preset--spacing--20);margin-bottom:var(--wp--preset--spacing--20);background-color:#e8ecf5;color:#e8ecf5\" \/>\n<\/div><\/div>\n\n\n\n<details class=\"wp-block-details is-layout-flow wp-block-details-is-layout-flow\"><summary>1. Quais as op\u00e7\u00f5es de mobilidade internacional no exterior para p\u00f3s-graduandos da UFPR?&nbsp;<\/summary>\n<p>A mobilidade internacional no exterior para mestrandos e doutorandos da UFPR pode ocorrer via editais de fomento, nacionais ou internacionais, ou atrav\u00e9s de acordos de coopera\u00e7\u00e3o com financiamento pr\u00f3prio do interessado. &nbsp;<\/p>\n\n\n\n<p>As principais ag\u00eancias de fomento nacionais s\u00e3o a CAPES, o CNPq e a Funda\u00e7\u00e3o Arauc\u00e1ria, que oferecem editais de sele\u00e7\u00e3o variados para per\u00edodos de estudos sandu\u00edche ou pesquisa no exterior. &nbsp;<\/p>\n\n\n\n<p>H\u00e1 a possibilidade de participa\u00e7\u00e3o em editais internacionais de financiamento, como os promovidos pela Fulbright, Erasmus, AUGM, DAAD e ag\u00eancias governamentais.&nbsp;<\/p>\n<\/details>\n\n\n\n<details class=\"wp-block-details is-layout-flow wp-block-details-is-layout-flow\"><summary>2. A UFPR possui acordos de coopera\u00e7\u00e3o para mestrado ou doutorado pleno no exterior?&nbsp;<\/summary>\n<p>N\u00e3o. Mestrados e doutorados plenos necessitam de candidatura em editais regulares das IES de interesse.<\/p>\n<\/details>\n\n\n\n<details class=\"wp-block-details is-layout-flow wp-block-details-is-layout-flow\"><summary>3. Com quais IES no exterior a UFPR tem acordos internacionais vigentes?&nbsp;<\/summary>\n<p>Os acordos de coopera\u00e7\u00e3o internacional vigentes na UFPR podem ser consultados no link: <a href=\"https:\/\/intranet.ufpr.br\/sigea\/public\/acordo!listAllAll.action;jsessionid=iGyhhCybGFO9JClEpUL-YyDG.jboss01\" target=\"_blank\" rel=\"noreferrer noopener\">https:\/\/intranet.ufpr.br\/sigea\/public\/acordo!listAllAll.action;jsessionid=iGyhhCybGFO9JClEpUL-YyDG.jboss01<\/a>&nbsp;<\/p>\n<\/details>\n\n\n\n<details class=\"wp-block-details is-layout-flow wp-block-details-is-layout-flow\"><summary>4. Quais as formas de ingresso para estudantes internacionais na p\u00f3s-gradua\u00e7\u00e3o da UFPR?&nbsp;<\/summary>\n<p>Estudantes internacionais podem ser admitidos nos Programas de P\u00f3s-Gradua\u00e7\u00e3o nas categorias pleno ou mobilidade\/sandu\u00edche. O ingresso pleno, feito por edital de sele\u00e7\u00e3o, d\u00e1 ao estudante os mesmo direitos e deveres dos demais estudantes do PPG, com obten\u00e7\u00e3o de titula\u00e7\u00e3o pela UFPR ap\u00f3s cumpridos os cr\u00e9ditos definidos pelo Programa&nbsp;dentro dos prazos de 24 meses para o mestrado e 48 meses para o doutorado. J\u00e1 o&nbsp;ingresso para mobilidade\/sandu\u00edche, que equivale a um per\u00edodo de perman\u00eancia na UFPR, geralmente de at\u00e9 12 meses, pode ocorrer por editais das ag\u00eancias de fomento, acordos de coopera\u00e7\u00e3o ou a\u00e7\u00f5es de grupos de pesquisa. &nbsp;<\/p>\n\n\n\n<p>Ambos precisam ter o respectivo registro nos sistemas acad\u00eamicos da UFPR.<\/p>\n<\/details>\n\n\n\n<details class=\"wp-block-details is-layout-flow wp-block-details-is-layout-flow\"><summary>5. Como \u00e9 feita a sele\u00e7\u00e3o de estudantes internacionais para mestrado\/doutorado PLENO?&nbsp;<\/summary>\n<p>A sele\u00e7\u00e3o de estudantes internacionais para mestrado e doutorado pleno ocorre no mesmo edital do processo seletivo regular dos Programas de P\u00f3s-Gradua\u00e7\u00e3o. <\/p>\n\n\n\n<p>Os Programas de P\u00f3s-Gradua\u00e7\u00e3o podem tamb\u00e9m abrir editais espec\u00edficos para estrangeiros, como a previs\u00e3o em acordos de coopera\u00e7\u00e3o internacional ou participa\u00e7\u00e3o em programas internacionais de fomento. Em ambos os casos, \u00e9 preciso acessar as p\u00e1ginas dos programas de interesse e verificar a oferta (<a href=\"https:\/\/ufpr.br\/propg\/cpgss\/programas-mestrado-doutorado\/\" target=\"_blank\" rel=\"noreferrer noopener\">https:\/\/ufpr.br\/propg\/cpgss\/programas-mestrado-doutorado\/<\/a>).<\/p>\n<\/details>\n\n\n\n<details class=\"wp-block-details is-layout-flow wp-block-details-is-layout-flow\"><summary>6. Como \u00e9 feita a sele\u00e7\u00e3o de estudantes internacionais para mestrado\/doutorado SANDU\u00cdCHE?<\/summary>\n<p>A sele\u00e7\u00e3o de estudantes internacionais para per\u00edodos de mobilidade\/sandu\u00edche pode ser feita por meio de editais das ag\u00eancias de fomento, acordos de coopera\u00e7\u00e3o internacional e a\u00e7\u00f5es de grupos de pesquisa. O aceite dos estudantes deve ser registrado pelas coordena\u00e7\u00f5es dos PPGs e comunicado \u00e0 SIPROP. &nbsp;<\/p>\n\n\n\n<p>A sele\u00e7\u00e3o pelas ag\u00eancias de fomento, como a CAPES, seguir\u00e1 as normas de cada edital.&nbsp;<\/p>\n\n\n\n<p>Para casos de mobilidade\/sandu\u00edche com financiamento pr\u00f3prio ou da IES do exterior, o candidato deve preencher o formul\u00e1rio de submiss\u00e3o de candidatura, conforme modelo dispon\u00edvel na p\u00e1gina: <a href=\"https:\/\/ufpr.br\/propg\/siprop\/\" target=\"_blank\" rel=\"noreferrer noopener\">https:\/\/ufpr.br\/propg\/siprop\/<\/a>&nbsp;<\/p>\n<\/details>\n\n\n\n<details class=\"wp-block-details is-layout-flow wp-block-details-is-layout-flow\"><summary>7. Como \u00e9 feita a matr\u00edcula de estudantes internacionais no mestrado\/doutorado PLENO?<\/summary>\n<p>A matr\u00edcula de todos os estudantes internacionais deve ser registrada no sistema de gerenciamento acad\u00eamico (SIGA). Para os estudantes aprovados no processo seletivo regular, o candidato seguir\u00e1 as mesmas orienta\u00e7\u00f5es e etapas que os estudantes nacionais.\u00a0<\/p>\n\n\n\n<p>Para o caso das sele\u00e7\u00f5es das ag\u00eancias de fomento, como CAPES e GCUB, dever\u00e1 ser aberto no SIGA um processo seletivo vinculado a este edital, incluindo edital de abertura e de resultado, para que o candidato aprovado possa fazer seu cadastro e a coordena\u00e7\u00e3o consiga realizar as demais etapas de registro e acompanhamento no SIGA. A Res. 05\/26 refor\u00e7a que processos seletivos espec\u00edficos devem ser documentados na plataforma acad\u00eamica.<\/p>\n<\/details>\n\n\n\n<details class=\"wp-block-details is-layout-flow wp-block-details-is-layout-flow\"><summary>8. Como \u00e9 feita a matr\u00edcula de estudantes internacionais no mestrado\/doutorado SANDU\u00cdCHE?<\/summary>\n<p>Estudantes internacionais em per\u00edodo de mobilidade\/sandu\u00edche dever\u00e3o ser registrados no SIGA como \u201cdiscente mobilidade\u201d. Com esse registro o estudante ter\u00e1 acesso as depend\u00eancias da UFPR, uso das bibliotecas e acesso \u00e0 biblioteca virtual, Restaurante\u00a0Universit\u00e1rio e \u00f4nibus Intercampi com as mesmas condi\u00e7\u00f5es dos demais estudantes. O tutorial para este registro est\u00e1 dispon\u00edvel no arquivo\u00a0<a href=\"https:\/\/www.prppg.ufpr.br\/site\/wp-content\/uploads\/2025\/03\/siga-tutorial-discente-mobilidade_032025.pdf\" target=\"_blank\" rel=\"noreferrer noopener\">Tutorial Discente Mobilidade.<\/a><\/p>\n<\/details>\n\n\n\n<details class=\"wp-block-details is-layout-flow wp-block-details-is-layout-flow\"><summary>9. \u00c9 poss\u00edvel receber estudantes internacionais apenas para est\u00e1gios de pesquisa nos laborat\u00f3rios?&nbsp;<\/summary>\n<p>Sim. Para situa\u00e7\u00f5es de mobilidade\/sandu\u00edche \u00e9 poss\u00edvel que o estudante internacional venha realizar apenas est\u00e1gio de pesquisa. O&nbsp;registro no SIGA deve ocorrer da mesma maneira para garantir os acessos \u00e0 UFPR.&nbsp;<\/p>\n<\/details>\n\n\n\n<details class=\"wp-block-details is-layout-flow wp-block-details-is-layout-flow\"><summary>10. Quais os benef\u00edcios da UFPR para estudantes internacionais matriculados?&nbsp;<\/summary>\n<p>Os estudantes internacionais registrados no SIGA ter\u00e3o acesso as depend\u00eancias da UFPR, uso das bibliotecas e acesso \u00e0 biblioteca virtual, Restaurante\u00a0Universit\u00e1rio e \u00f4nibus Intercampi com as mesmas condi\u00e7\u00f5es dos demais estudantes.<\/p>\n<\/details>\n\n\n\n<details class=\"wp-block-details is-layout-flow wp-block-details-is-layout-flow\"><summary>11. Como \u00e9 feito o acolhimento de estudantes internacionais na p\u00f3s-gradua\u00e7\u00e3o?&nbsp;<\/summary>\n<p>Os estudantes internacionais contam, al\u00e9m do contato com o orientador e o PPG, com suporte e orienta\u00e7\u00f5es da SIPROP para a vinda ao Brasil e adequado acolhimento na UFPR. H\u00e1 materiais informativos dispon\u00edveis para consulta, como o <a href=\"https:\/\/ufpr.br\/propg\/siprop\/#guia\" target=\"_blank\" rel=\"noreferrer noopener\">Guia para Estudantes Estrangeiros na UFPR<\/a> e a cada semestre s\u00e3o realizados eventos de integra\u00e7\u00e3o e apresenta\u00e7\u00e3o institucional presenciais, bem como passeios culturais.<\/p>\n<\/details>\n\n\n\n<details class=\"wp-block-details is-layout-flow wp-block-details-is-layout-flow\"><summary>12. Onde se solicita o reconhecimento\u00a0de diplomas estrangeiros de p\u00f3s-gradua\u00e7\u00e3o, nos casos pertinentes?<\/summary>\n<p>As informa\u00e7\u00f5es referentes ao reconhecimento de diplomas estrangeiros na p\u00f3s-gradua\u00e7\u00e3o, para os casos pertinentes, podem ser acessadas na p\u00e1gina: <a href=\"https:\/\/ufpr.br\/propg\/udc\/reconhecimento-de-diplomas-estrangeiros\/\" target=\"_blank\" rel=\"noreferrer noopener\">https:\/\/ufpr.br\/propg\/udc\/reconhecimento-de-diplomas-estrangeiros\/<\/a><\/p>\n<\/details>\n\n\n\n<details class=\"wp-block-details is-layout-flow wp-block-details-is-layout-flow\"><summary>13. Quais disciplinas em l\u00edngua estrangeira est\u00e3o sendo ofertadas na p\u00f3s-gradua\u00e7\u00e3o em 2026?<\/summary>\n<p>As disciplinas ofertadas na UFPR em 2026 em l\u00edngua estrangeira podem ser&nbsp;consultadas&nbsp;no arquivo <a href=\"https:\/\/ufpr.br\/propg\/wp-content\/uploads\/2026\/04\/Disciplinas-em-outros-idiomas_2026.xlsx\" target=\"_blank\" rel=\"noreferrer noopener\">Disciplinas em outros idiomas 2026<\/a>&nbsp;<\/p>\n<\/details>\n\n\n\n<details class=\"wp-block-details is-layout-flow wp-block-details-is-layout-flow\"><summary>14. Como solicitar acordos de cotutela e dupla diploma\u00e7\u00e3o?&nbsp;<\/summary>\n<p>Acordos de cotutela e dupla diploma\u00e7\u00e3o s\u00e3o gerenciados pelo Escrit\u00f3rio de Rela\u00e7\u00f5es Internacionais (ERI) e solicitados apenas por docentes via processo SEI. Ap\u00f3s a valida\u00e7\u00e3o do ERI, a PROPG tamb\u00e9m assina o acordo no \u00e2mbito dos programas de p\u00f3s-gradua\u00e7\u00e3o pelas vias internas. Informa\u00e7\u00f5es sobre o fluxo processual est\u00e3o dispon\u00edveis nas p\u00e1ginas:\u00a0<\/p>\n\n\n\n<p><a href=\"https:\/\/internacional.ufpr.br\/portal\/cotutela\/\" target=\"_blank\" rel=\"noreferrer noopener\">Acordos de Cotutelas<\/a>&nbsp;<\/p>\n\n\n\n<p><a href=\"https:\/\/internacional.ufpr.br\/portal\/duplo-diploma\/\" target=\"_blank\" rel=\"noreferrer noopener\">Dupla Diploma\u00e7\u00e3o<\/a>&nbsp;<\/p>\n\n\n\n<p><a href=\"https:\/\/internacional.ufpr.br\/portal\/acordos\/\" target=\"_blank\" rel=\"noreferrer noopener\">Como propor acordos<\/a>&nbsp;<\/p>\n<\/details>\n\n\n\n<details class=\"wp-block-details is-layout-flow wp-block-details-is-layout-flow\"><summary>15. Como solicitar o envio de diploma ou hist\u00f3rico escolar para uma IES no exterior?<\/summary>\n<p>O (A) estudante de p\u00f3s-gradua\u00e7\u00e3o&nbsp;<em>STRICTO SENSU<\/em>&nbsp;que deseja seu hist\u00f3rico enviado a uma Institui\u00e7\u00e3o de reconhecimento ou Universidade internacional, deve seguir as instru\u00e7\u00f5es descritas abaixo:&nbsp;<\/p>\n\n\n\n<ul class=\"wp-block-list\">\n<li>Solicitar por e-mail o hist\u00f3rico diretamente \u00e0 secretaria do curso de p\u00f3s-gradua\u00e7\u00e3o cursado caso, j\u00e1 n\u00e3o tenha mais acesso ao SIGA. Neste email, anexar uma foto leg\u00edvel do documento de identidade.\u00a0<em>Envios incompletos podem incorrer em atrasos ou n\u00e3o envios.<\/em>\u00a0<\/li>\n<\/ul>\n\n\n\n<ul class=\"wp-block-list\">\n<li>A documenta\u00e7\u00e3o recebida\u00a0pela Coordena\u00e7\u00e3o, com c\u00f3digo de autentica\u00e7\u00e3o, dever\u00e1 ser enviada ao e-mail\u00a0<a href=\"mailto:transcript@ufpr.br\" target=\"_blank\" rel=\"noreferrer noopener\"><strong>transcript@ufpr.br<\/strong><\/a>\u00a0com as instru\u00e7\u00f5es de envio para a institui\u00e7\u00e3o internacional. Outros documentos (tradu\u00e7\u00f5es, declara\u00e7\u00e3o de diplomas e outros formul\u00e1rios) tamb\u00e9m devem ser anexados.<strong>\u00a0<\/strong><em>Documentos cuja autentica\u00e7\u00e3o n\u00e3o possa ser verificada ou que a tradu\u00e7\u00e3o esteja incorreta ser\u00e3o retornados.<\/em>\u00a0<\/li>\n<\/ul>\n\n\n\n<p>Mais informa\u00e7\u00f5es: <a href=\"https:\/\/internacional.ufpr.br\/portal\/2024\/01\/23\/solicitacao-de-historico-envio-internacional\/\" target=\"_blank\" rel=\"noreferrer noopener\">https:\/\/internacional.ufpr.br\/portal\/2024\/01\/23\/solicitacao-de-historico-envio-internacional\/<\/a><\/p>\n<\/details>\n\n\n\n<details class=\"wp-block-details is-layout-flow wp-block-details-is-layout-flow\"><summary>16. A UFPR traduz diplomas e hist\u00f3ricos escolares de discentes e egressos para outros idiomas?&nbsp;<\/summary>\n<p>N\u00e3o. A UFPR n\u00e3o emite hist\u00f3ricos escolares em outros idiomas, caso seja necess\u00e1rio o interessado dever\u00e1 providenciar a tradu\u00e7\u00e3o juramentada dos documentos.&nbsp;<\/p>\n<\/details>\n\n\n\n<p>Legisla\u00e7\u00e3o pertinente: <a href=\"https:\/\/soc.ufpr.br\/wp-content\/uploads\/2026\/04\/Res.-no-05-26-CEPE.pdf\" target=\"_blank\" rel=\"noreferrer noopener\">Resolu\u00e7\u00e3o n\u00b0 05\/2026 \u2013 CEPE<\/a>; <a href=\"https:\/\/internacional.ufpr.br\/portal\/wp-content\/uploads\/2018\/04\/Resolu%C3%A7%C3%A3o-12-17-CEPE.pdf\" target=\"_blank\" rel=\"noreferrer noopener\">Resolu\u00e7\u00e3o n\u00b012\/2017 \u2013 CEPE<\/a><\/p>\n\n\n\n<p class=\"has-text-color has-link-color wp-elements-d54f3e06e46ccb349d694cc34849e759\" style=\"color:#243673\"><strong><a href=\"#topo\" title=\"\">Voltar ao topo<\/a><\/strong><\/p>\n<\/div>\n<\/div>\n\n\n\n<div style=\"height:50px\" aria-hidden=\"true\" class=\"wp-block-spacer\"><\/div>\n\n\n\n<div class=\"wp-block-columns is-layout-flex wp-container-core-columns-is-layout-28f84493 wp-block-columns-is-layout-flex\">\n<div class=\"wp-block-column is-layout-flow wp-block-column-is-layout-flow\">\n<div class=\"wp-block-group\"><div class=\"wp-block-group__inner-container is-layout-constrained wp-block-group-is-layout-constrained\">\n<h2 class=\"wp-block-heading has-text-align-left has-background has-medium-font-size\" id=\"global\" style=\"background-color:#e8ecf5;padding-top:var(--wp--preset--spacing--30);padding-right:var(--wp--preset--spacing--30);padding-bottom:var(--wp--preset--spacing--30);padding-left:var(--wp--preset--spacing--30)\">REDE SUL GLOBAL 2030 \/ CAPES GLOBAL.EDU<\/h2>\n\n\n\n<hr class=\"wp-block-separator has-text-color has-alpha-channel-opacity has-background is-style-wide\" style=\"margin-top:var(--wp--preset--spacing--20);margin-bottom:var(--wp--preset--spacing--20);background-color:#e8ecf5;color:#e8ecf5\" \/>\n<\/div><\/div>\n\n\n\n<details class=\"wp-block-details is-layout-flow wp-block-details-is-layout-flow\"><summary>1. Quais as modalidades de bolsa de internacionaliza\u00e7\u00e3o dispon\u00edveis na Rede Sul Global 2030?&nbsp;<\/summary>\n<p>A Rede Sul Global 2030 tem bolsas de mobilidade internacional IN (para vinda ao Brasil) e OUT (para ida ao exterior). Na mobilidade&nbsp;IN h\u00e1 bolsas de Doutorado Sandu\u00edche para estrangeiros no Brasil (DSB), Jovem talento com experi\u00eancia no exterior (JT), P\u00f3s-doutorado com experi\u00eancia no exterior (P\u00d3S-DOC) e Professor Visitante no Brasil (PVB). Na modalidade OUT&nbsp;h\u00e1 bolsas de Capacita\u00e7\u00e3o (CAP), Doutorado Sandu\u00edche no Exterior (DSE), Professor Visitante no Exterior J\u00fanior (PVEJ) e Professor Visitante no Exterior S\u00eanior (PVEJ).<\/p>\n<\/details>\n\n\n\n<details class=\"wp-block-details is-layout-flow wp-block-details-is-layout-flow\"><summary>2. Quais as etapas de sele\u00e7\u00e3o previstas para as modalidades de bolsa da Rede?<\/summary>\n<p>A sele\u00e7\u00e3o para as modalidades de bolsa da Rede Sul Global 2030 acontecem em tr\u00eas etapas complementares: &nbsp;<\/p>\n\n\n\n<p>1 &#8211; Sele\u00e7\u00e3o Interna no PPG\/Tema (regido por edital publicado pelo PPG para atender o edital institucional e o edital da Rede)&nbsp;<\/p>\n\n\n\n<p>2 &#8211; Habilita\u00e7\u00e3o institucional (regido por edital publicado pela Pr\u00f3-Reitoria de P\u00f3s-Gradua\u00e7\u00e3o para cada modalidade de bolsa ofertada na UFPR)&nbsp;<\/p>\n\n\n\n<p>3 &#8211; Aprova\u00e7\u00e3o na Rede (regido por edital da Rede, com defini\u00e7\u00e3o de quantidade de vagas, dura\u00e7\u00e3o das bolsas e meses de implementa\u00e7\u00e3o)<\/p>\n<\/details>\n\n\n\n<details class=\"wp-block-details is-layout-flow wp-block-details-is-layout-flow\"><summary>3. Como se candidatar \u00e0s bolsas dos editais da Rede?&nbsp;<\/summary>\n<p>A candidatura \u00e0s bolsas vinculadas aos editais da Rede Sul Global 2030 \u00e9 feita pelo candidato exclusivamente na fase de sele\u00e7\u00e3o interna no PPG\/Tema. Nessa etapa ser\u00e1 analisado o m\u00e9rito da candidatura e as coordena\u00e7\u00f5es de PPG\/Tema enviar\u00e3o a lista dos candidatos selecionados para habilita\u00e7\u00e3o institucional. &nbsp;<\/p>\n\n\n\n<p>Na primeira chamada de 2027, a&nbsp;coordena\u00e7\u00e3o do PPG \u00e9 respons\u00e1vel pela sele\u00e7\u00e3o interna nas modalidades Capacita\u00e7\u00e3o (CAP) e Doutorado Sandu\u00edche no Exterior (DSE). A coordena\u00e7\u00e3o do Tema \u00e9 respons\u00e1vel pela sele\u00e7\u00e3o interna nas modalidades Professor Visitante no Exterior J\u00fanior (PVEJ) e Professor Visitante no Exterior S\u00eanior (PVEJ) e Professor Visitante no Brasil (PVB).&nbsp;<\/p>\n\n\n\n<p>No caso de candidaturas de Professor Visitante no Brasil (PVB), o respons\u00e1vel pela submiss\u00e3o da candidatura e acompanhamento da sele\u00e7\u00e3o ser\u00e1 o anfitri\u00e3o na UFPR, salvo determina\u00e7\u00e3o contr\u00e1ria expressa no edital de sele\u00e7\u00e3o interna.&nbsp;<\/p>\n\n\n\n<p>Nas etapas de habilita\u00e7\u00e3o institucional e aprova\u00e7\u00e3o na rede n\u00e3o ser\u00e3o aceitas candidaturas diretas, apenas os indicados pelas respectivas coordena\u00e7\u00f5es em formato pr\u00f3prio definido nos respectivos editais. &nbsp;<\/p>\n\n\n\n<p>A indica\u00e7\u00e3o dos bolsistas para a CAPES ser\u00e1 feita pelo Comit\u00ea Administrativo da Rede.&nbsp;<\/p>\n<\/details>\n\n\n\n<details class=\"wp-block-details is-layout-flow wp-block-details-is-layout-flow\"><summary>4. Qual a participa\u00e7\u00e3o das coordena\u00e7\u00f5es dos PPGs e dos Temas nas sele\u00e7\u00f5es da Rede?<\/summary>\n<p>As coordena\u00e7\u00f5es de PPGs e Temas integrantes da Rede Sul Global 2030 s\u00e3o respons\u00e1veis pela realiza\u00e7\u00e3o da sele\u00e7\u00e3o interna dos candidatos, nas modalidades atribu\u00eddas a cada um. &nbsp;<\/p>\n\n\n\n<p>Caber\u00e1 tamb\u00e9m \u00e0s coordena\u00e7\u00f5es o acompanhamento de toda a sele\u00e7\u00e3o e a comunica\u00e7\u00e3o com os candidatos. Tamb\u00e9m dever\u00e1 monitorar o cumprimento das atividades previstas e presta\u00e7\u00e3o de contas.&nbsp;<\/p>\n<\/details>\n\n\n\n<details class=\"wp-block-details is-layout-flow wp-block-details-is-layout-flow\"><summary>5. Qual a atua\u00e7\u00e3o da Pr\u00f3-Reitoria da UFPR nos editais da Rede? <\/summary>\n<p>Compete a Pr\u00f3-Reitoria de P\u00f3s-Gradua\u00e7\u00e3o a publica\u00e7\u00e3o dos editais institucionais vinculados a Rede Sul Global 2030, a orienta\u00e7\u00e3o a respeito da execu\u00e7\u00e3o das atividades na rede no \u00e2mbito da institui\u00e7\u00e3o, a instru\u00e7\u00e3o para realiza\u00e7\u00e3o de miss\u00f5es de trabalho internacionais e a comunica\u00e7\u00e3o com todo o Comit\u00ea Gestor e Comit\u00ea Administrativo da Rede.<\/p>\n<\/details>\n\n\n\n<details class=\"wp-block-details is-layout-flow wp-block-details-is-layout-flow\"><summary>6. Onde posso encontrar as informa\u00e7\u00f5es dos temas, projetos e IES internacionais parceiras da Rede?<\/summary>\n<p>As informa\u00e7\u00f5es sobre&nbsp;temas, projetos, PPGs integrantes e IES internacionais parceiras&nbsp;est\u00e3o dispon\u00edveis na \u00e1rea \u201cSobre a Rede\u201d no site: <a href=\"https:\/\/ufpr.br\/propg\/siprop\/capes-global-ufpr\/\" target=\"_blank\" rel=\"noreferrer noopener\">https:\/\/ufpr.br\/propg\/siprop\/capes-global-ufpr\/<\/a> &nbsp;<\/p>\n<\/details>\n\n\n\n<details class=\"wp-block-details is-layout-flow wp-block-details-is-layout-flow\"><summary>7. \u00c9 poss\u00edvel incluir novas institui\u00e7\u00f5es estrangeiras na lista de IES parceiras da Rede? Qual o procedimento?&nbsp;<\/summary>\n<p>Sim. A inclus\u00e3o de novas IES internacionais parceiras poder\u00e1 ser solicitada pela coordena\u00e7\u00e3o do PPG, em concord\u00e2ncia com a coordena\u00e7\u00e3o do Projeto da Rede a qual ele est\u00e1 vinculado, com a devida justificativa. &nbsp;<\/p>\n\n\n\n<p>Esta solicita\u00e7\u00e3o dever\u00e1 ser encaminha no mesmo processo SEI de indica\u00e7\u00e3o de candidaturas selecionadas, em despacho pr\u00f3prio. Ap\u00f3s o recebimento da solicita\u00e7\u00e3o, o Comit\u00ea Gestor da Rede analisar\u00e1 o pedido e se manifestar\u00e1 em rela\u00e7\u00e3o a inclus\u00e3o.&nbsp;<\/p>\n<\/details>\n\n\n\n<details class=\"wp-block-details is-layout-flow wp-block-details-is-layout-flow\"><summary>8. Quais os modelos de documentos dispon\u00edveis para os editais da Rede?&nbsp;&nbsp;<\/summary>\n<p>A Pr\u00f3-Reitoria de P\u00f3s-Gradua\u00e7\u00e3o disponibilizou alguns modelos de documentos para submiss\u00e3o de candidaturas no \u00e2mbito dos editais institucionais. S\u00e3o eles:&nbsp;<\/p>\n\n\n\n<ul class=\"wp-block-list\">\n<li><a href=\"https:\/\/ufpr.br\/propg\/wp-content\/uploads\/2026\/06\/Modelo_Carta_de_Aceite_mobilidade_IN_Brasil.docx\" target=\"_blank\" rel=\"noreferrer noopener\">Modelo de Carta de Aceite \u2013 Mobilidade IN<\/a>&nbsp;<\/li>\n<\/ul>\n\n\n\n<ul class=\"wp-block-list\">\n<li><a href=\"https:\/\/ufpr.br\/propg\/wp-content\/uploads\/2026\/06\/DSE_Modelo_Declaracao_da_Fluencia_IES_Brasileira.docx\" target=\"_blank\" rel=\"noreferrer noopener\">Modelo de Declara\u00e7\u00e3o de Flu\u00eancia Lingu\u00edstica DES_Brasil<\/a>&nbsp;<\/li>\n<\/ul>\n\n\n\n<ul class=\"wp-block-list\">\n<li><a href=\"https:\/\/ufpr.br\/propg\/wp-content\/uploads\/2026\/06\/DSE_Template_Language_Proficiency_Declaration_Foreign_Institution.docx\" target=\"_blank\" rel=\"noreferrer noopener\">Modelo de Declara\u00e7\u00e3o de Flu\u00eancia Lingu\u00edstica DES_Exterior<\/a>&nbsp;<\/li>\n<\/ul>\n\n\n\n<ul class=\"wp-block-list\">\n<li><a href=\"https:\/\/ufpr.br\/propg\/wp-content\/uploads\/2026\/06\/CAP_Template_Language_Proficiency_Declaration.docx\" target=\"_blank\" rel=\"noreferrer noopener\">Modelo de Declara\u00e7\u00e3o de Flu\u00eancia Lingu\u00edstica CAP<\/a>&nbsp;<\/li>\n<\/ul>\n\n\n\n<ul class=\"wp-block-list\">\n<li><a href=\"https:\/\/ufpr.br\/propg\/wp-content\/uploads\/2026\/06\/Modelo_Plano_de_Trabalho.docx\" target=\"_blank\" rel=\"noreferrer noopener\">Modelo de Plano de Trabalho<\/a>&nbsp;<\/li>\n<\/ul>\n\n\n\n<p>N\u00e3o h\u00e1 modelo de carta de aceite para mobilidade OUT (Doutorado Sandu\u00edche e Capacita\u00e7\u00e3o), uma vez que este documento deve ser expedido pela institui\u00e7\u00e3o do exterior. Contudo, a carta deve atender minimamente \u00e0s seguintes instru\u00e7\u00f5es: ser emitida em papel timbrado, conter a assinatura do respons\u00e1vel no exterior e o per\u00edodo de perman\u00eancia no exterior. Confira o edital da modalidade de interesse para verificar demandas espec\u00edficas.<\/p>\n<\/details>\n\n\n\n<details class=\"wp-block-details is-layout-flow wp-block-details-is-layout-flow\"><summary>9. Quando n\u00e3o houver modelo, quais os requisitos m\u00ednimos para os documentos emitidos pela IES do exterior? <\/summary>\n<p>Os documentos emitidos pelas IES do exterior devem atender minimamente \u00e0s seguintes instru\u00e7\u00f5es: ser emitidos em papel timbrado, conter a assinatura do respons\u00e1vel e o per\u00edodo de perman\u00eancia do candidato no exterior. Confira o edital da modalidade de interesse para verificar demandas espec\u00edficas.<\/p>\n<\/details>\n\n\n\n<details class=\"wp-block-details is-layout-flow wp-block-details-is-layout-flow\"><summary>10. A declara\u00e7\u00e3o de sufici\u00eancia lingu\u00edstica \u00e9 o \u00fanico documento necess\u00e1rio para comprova\u00e7\u00e3o para os editais da Rede?<\/summary>\n<p>Sim, para a comprova\u00e7\u00e3o de sufici\u00eancia lingu\u00edstica nos editais de sele\u00e7\u00e3o da Rede Sul Global 2030, o \u00fanico documento necess\u00e1rio \u00e9 a declara\u00e7\u00e3o de sufici\u00eancia, conforme modelos disponibilizados. Para a modalidade de Doutorado Sandu\u00edche s\u00e3o duas declara\u00e7\u00f5es: do orientador na UFPR e do orientador no exterior. Para a modalidade de Capacita\u00e7\u00e3o apenas a declara\u00e7\u00e3o do supervisor no exterior.&nbsp;<\/p>\n\n\n\n<p>Nos casos de mobilidade para pa\u00edses de l\u00edngua portuguesa, a declara\u00e7\u00e3o de profici\u00eancia deve ser emitida considerando o ingl\u00eas.&nbsp;<\/p>\n\n\n\n<p>ATEN\u00c7\u00c3O: A IES do exterior ou o consulado do pa\u00eds onde for solicitado o visto podem exigir outros documentos para admiss\u00e3o, como os testes de profici\u00eancia. A declara\u00e7\u00e3o n\u00e3o \u00e9 v\u00e1lida nesses casos. A declara\u00e7\u00e3o n\u00e3o \u00e9 v\u00e1lida nesses casos\u00a0e a realiza\u00e7\u00e3o do teste \u00e9 de responsabilidade do candidato selecionado no certame, em tempo h\u00e1bil para o envio de toda a documenta\u00e7\u00e3o.<\/p>\n<\/details>\n\n\n\n<details class=\"wp-block-details is-layout-flow wp-block-details-is-layout-flow\"><summary>11. PPGs participantes da Rede Sul Global 2030 podem indicar discentes no PDSE?&nbsp;<\/summary>\n<p>N\u00e3o. \u00c9 vedada a participa\u00e7\u00e3o de PPGs integrantes da Rede Sul Global 2030 em outros editais institucionais da CAPES, como o PDSE. A veda\u00e7\u00e3o tamb\u00e9m est\u00e1 expressa, para cotas de 2027, no Edital 22\/2026 &#8211; CAPES, item 3.3: \u201cOs programas de p\u00f3s-gradua\u00e7\u00e3o participantes do Edital n\u00ba 13\/2025 do Programa CAPES Global.edu n\u00e3o poder\u00e3o indicar discentes para este Edital.&#8221;&nbsp;<\/p>\n<\/details>\n\n\n\n<p>Mais informa\u00e7\u00f5es sobre a rede:&nbsp;<a href=\"https:\/\/ufpr.br\/propg\/siprop\/capes-global-ufpr\/\" target=\"_blank\" rel=\"noreferrer noopener\">https:\/\/ufpr.br\/propg\/siprop\/capes-global-ufpr\/<\/a><\/p>\n\n\n\n<p class=\"has-text-color has-link-color wp-elements-35347cca6bfe07bb2bf966001a1b447f\" style=\"color:#243673\"><strong><a href=\"#topo\" title=\"\">Voltar ao topo<\/a><\/strong><\/p>\n\n\n\n<div style=\"height:50px\" aria-hidden=\"true\" class=\"wp-block-spacer\"><\/div>\n<\/div>\n<\/div>\n\n\n\n<div class=\"wp-block-columns is-layout-flex wp-container-core-columns-is-layout-28f84493 wp-block-columns-is-layout-flex\">\n<div class=\"wp-block-column is-layout-flow wp-block-column-is-layout-flow\">\n<div class=\"wp-block-group\"><div class=\"wp-block-group__inner-container is-layout-constrained wp-block-group-is-layout-constrained\">\n<h2 class=\"wp-block-heading has-text-align-left has-background has-medium-font-size\" id=\"hello\" style=\"background-color:#e8ecf5;padding-top:var(--wp--preset--spacing--30);padding-right:var(--wp--preset--spacing--30);padding-bottom:var(--wp--preset--spacing--30);padding-left:var(--wp--preset--spacing--30)\">INTERNATIONAL STUDENTS<\/h2>\n\n\n\n<hr class=\"wp-block-separator has-text-color has-alpha-channel-opacity has-background is-style-wide\" style=\"margin-top:var(--wp--preset--spacing--20);margin-bottom:var(--wp--preset--spacing--20);background-color:#e8ecf5;color:#e8ecf5\" \/>\n<\/div><\/div>\n\n\n\n<details class=\"wp-block-details is-layout-flow wp-block-details-is-layout-flow\"><summary>1. What graduate programs are offered at UFPR?<\/summary>\n<p>UFPR offers stricto sensu graduate programs, including academic and professional master\u2019s and doctoral programs. The complete list of Graduate Programs is available at: <a href=\"https:\/\/ufpr.br\/propg\/study-at-ufpr\/postgraduate-studies\/stricto-sensu\/\" target=\"_blank\" rel=\"noreferrer noopener\">https:\/\/ufpr.br\/propg\/study-at-ufpr\/postgraduate-studies\/stricto-sensu\/<\/a>&nbsp;<\/p>\n\n\n\n<p>The University also offers lato sensu courses, such as specialization courses and health residency programs. For more information, check: <a href=\"https:\/\/ufpr.br\/propg\/study-at-ufpr\/postgraduate-studies\/lato-sensu\/\" target=\"_blank\" rel=\"noreferrer noopener\">https:\/\/ufpr.br\/propg\/study-at-ufpr\/postgraduate-studies\/lato-sensu\/<\/a><\/p>\n<\/details>\n\n\n\n<details class=\"wp-block-details is-layout-flow wp-block-details-is-layout-flow\"><summary>2. How can I apply to a Graduate Program?<\/summary>\n<p>Each Graduate Program has its own admission process, requirements, deadlines, and selection procedures. Applicants should consult the website of the Graduate Program of interest and the relevant call for applications.&nbsp;<\/p>\n\n\n\n<p>&nbsp;Specific calls for applications, such as <a href=\"https:\/\/www.gcub.org.br\/\" target=\"_blank\" rel=\"noreferrer noopener\">GCUB-Mob<\/a>, <a href=\"https:\/\/www.gov.br\/capes\/pt-br\/acesso-a-informacao\/acoes-e-programas\/bolsas\/bolsas-e-auxilios-internacionais\/encontre-aqui\/paises\/multinacional\/programa-de-estudantes-convenio-de-pos-graduacao-pec-pg\" target=\"_blank\" rel=\"noreferrer noopener\">CAPES-PEC-PG<\/a>, and other scholarship or mobility programs, are published by the respective funding agencies. Applicants should therefore also consult the official websites of those agencies for information about eligibility criteria, deadlines, required documents, and application procedures.&nbsp;<\/p>\n<\/details>\n\n\n\n<details class=\"wp-block-details is-layout-flow wp-block-details-is-layout-flow\"><summary>3. How can I apply for a Sandwich Program?&nbsp;<\/summary>\n<p>A Sandwich Program is generally carried out through an institutional agreement, mobility program, scholarship program, or a call for applications issued by a funding agency. <\/p>\n\n\n\n<p>Applicants should first contact their home institution and the UFPR Graduate Program or supervisor involved. Specific requirements and procedures depend on the applicable program or call.<\/p>\n<\/details>\n\n\n\n<details class=\"wp-block-details is-layout-flow wp-block-details-is-layout-flow\"><summary>4. How can I find a potential supervisor?<\/summary>\n<p>Applicants should consult the website of the Graduate Program of interest and review the research areas and faculty profiles. They may also use the UFPR Sources Guide to identify professors and researchers according to their areas of expertise: &nbsp;<a href=\"https:\/\/guiadefontes.ufpr.br\/\" target=\"_blank\" rel=\"noreferrer noopener\">https:\/\/guiadefontes.ufpr.br\/<\/a>&nbsp;<\/p>\n\n\n\n<p>After identifying a potential supervisor, applicants may contact the professor whose research is related to their project. The professor\u2019s agreement does not replace the official admission process or the requirements established in the relevant call for applications.&nbsp;<\/p>\n<\/details>\n\n\n\n<details class=\"wp-block-details is-layout-flow wp-block-details-is-layout-flow\"><summary>5. Is there any tuition fee for master\u2019s and doctoral programs at UFPR?&nbsp;<\/summary>\n<p>UFPR is a public federal university, and its regular stricto sensu graduate programs\u2014master\u2019s and doctoral programs\u2014do not charge tuition fees.&nbsp;<\/p>\n\n\n\n<p>However, students are responsible for their own living expenses, including accommodation, food, transportation, health insurance, visa-related costs, and document legalization or translation fees. Scholarships are not automatically guaranteed and depend on the availability and selection criteria of each Graduate Program or funding agency.<\/p>\n<\/details>\n\n\n\n<details class=\"wp-block-details is-layout-flow wp-block-details-is-layout-flow\"><summary>6. Are there any scholarships or fully funded opportunities available for international students?<\/summary>\n<p>Some UFPR Graduate Programs may offer scholarships to international students. Availability, eligibility criteria, selection procedures, and funding amounts vary according to the program and the funding agency.&nbsp;<\/p>\n\n\n\n<p>&nbsp;Applicants should also look for specific calls for applications, such as&nbsp;<a href=\"https:\/\/www.gcub.org.br\/\" target=\"_blank\" rel=\"noreferrer noopener\">GCUB-Mob<\/a>, <a href=\"https:\/\/www.gov.br\/capes\/pt-br\/acesso-a-informacao\/acoes-e-programas\/bolsas\/bolsas-e-auxilios-internacionais\/encontre-aqui\/paises\/multinacional\/programa-de-estudantes-convenio-de-pos-graduacao-pec-pg\" target=\"_blank\" rel=\"noreferrer noopener\">CAPES-PEC-PG<\/a>,&nbsp;and other scholarship or mobility programs. These calls are published by the respective funding agencies, which are responsible for establishing the eligibility criteria, deadlines, required documents, and application procedures.&nbsp;<\/p>\n<\/details>\n\n\n\n<details class=\"wp-block-details is-layout-flow wp-block-details-is-layout-flow\"><summary>7. Does UFPR offers English-taught graduate programs?<\/summary>\n<p>UFPR\u2019s Graduate Programs are conducted in Portuguese. However, some programs may offer individual courses or academic activities in other languages. In 2026, more than 40 graduate courses are being offered in other languages, particularly English and Spanish. <\/p>\n\n\n\n<p>Applicants should confirm the language requirements directly with the Graduate Program.&nbsp;<\/p>\n<\/details>\n\n\n\n<details class=\"wp-block-details is-layout-flow wp-block-details-is-layout-flow\"><summary>8. Is a Portuguese language certificate (Celpe Bras) required before admission?<\/summary>\n<p>The requirement depends on the specific Graduate Program and its call for applications. <\/p>\n\n\n\n<p>Applicants should consult the relevant notice or contact the program directly to confirm whether a Portuguese proficiency certificate is required before admission.<\/p>\n<\/details>\n\n\n\n<details class=\"wp-block-details is-layout-flow wp-block-details-is-layout-flow\"><summary>9. Does UFPR offer Portuguese language courses for international graduate students?<\/summary>\n<p>Yes. UFPR students can attend free Portuguese language courses offered through the Center for Languages and Interculturalism (CELIN). <\/p>\n\n\n\n<p>The courses are offered several times throughout the year, in both in-person and remote formats, subject to the availability of classes. More information is available at: <a href=\"https:\/\/celin.ufpr.br\/\" target=\"_blank\" rel=\"noreferrer noopener\">https:\/\/www.celin.ufpr.br\/<\/a>  &nbsp;&nbsp;<\/p>\n<\/details>\n\n\n\n<details class=\"wp-block-details is-layout-flow wp-block-details-is-layout-flow\"><summary>10. Does UFPR offer student accommodation or dormitories?&nbsp;<\/summary>\n<p>UFPR does not have a university residence specifically for international students. However, students may find information about accommodation options in Curitiba in the Guide for International Students, available at: <a href=\"https:\/\/ufpr.br\/propg\/siprop\/#guia\" target=\"_blank\" rel=\"noreferrer noopener\">https:\/\/ufpr.br\/propg\/siprop\/#guia<\/a>&nbsp;<\/p>\n<\/details>\n\n\n\n<details class=\"wp-block-details is-layout-flow wp-block-details-is-layout-flow\"><summary>11. Is health insurance required for international students?&nbsp;<\/summary>\n<p>International students should obtain health insurance before traveling to Brazil. The insurance must be contracted in the student\u2019s country of origin and should provide the broadest possible coverage throughout Brazil, including medical, laboratory, and hospital expenses, as well as funeral repatriation.&nbsp;<\/p>\n\n\n\n<p>Some calls for applications, such as GCUB-Mob and CAPES-PEC-PG, expressly require scholarship recipients to present proof of international health insurance with comprehensive coverage and funeral repatriation. Requirements may vary according to the specific call.&nbsp;<\/p>\n\n\n\n<p>Even when health insurance is not expressly required by the applicable admission process, it is strongly recommended for all international students. Students should also check the requirements of the Brazilian consulate responsible for their place of residence, as health insurance may be required for the student visa.<\/p>\n\n\n\n<p>The search and selection of health insurance is the responsibility of each student. UFPR refrains from suggesting any insurance company.<\/p>\n<\/details>\n\n\n\n<details class=\"wp-block-details is-layout-flow wp-block-details-is-layout-flow\"><summary>12. Which visa is required to study in Brazil?&nbsp;<\/summary>\n<p>For regular graduate studies in Brazil, international students generally need a Temporary Visa IV (VITEM IV). The visa is intended for regular courses, study exchanges, research exchanges, and related academic activities.&nbsp;<\/p>\n\n\n\n<p>&nbsp;Students should confirm the specific requirements with the Brazilian consulate responsible for their place of residence.&nbsp;<\/p>\n<\/details>\n\n\n\n<details class=\"wp-block-details is-layout-flow wp-block-details-is-layout-flow\"><summary>13. Where can I find the Guide for International Students?&nbsp; <\/summary>\n<p>The Guide for International Students, prepared by UFPR\u2019s Graduate Studies Office (PROPG), contains information and guidance for international graduate students, including academic procedures, documentation, arrival in Brazil, accommodation, and other relevant topics.&nbsp;<\/p>\n\n\n\n<p>The guide is available at: <a href=\"https:\/\/ufpr.br\/propg\/siprop\/#guia\" target=\"_blank\" rel=\"noreferrer noopener\">https:\/\/ufpr.br\/propg\/siprop\/#guia<\/a><\/p>\n<\/details>\n\n\n\n<div style=\"height:50px\" aria-hidden=\"true\" class=\"wp-block-spacer\"><\/div>\n\n\n\n<p><em>Atualizado em 24\/08\/2026<\/em><\/p>\n\n\n\n<p class=\"has-text-color has-link-color wp-elements-35347cca6bfe07bb2bf966001a1b447f\" style=\"color:#243673\"><strong><a href=\"#topo\" title=\"\">Voltar ao topo<\/a><\/strong><\/p>\n<\/div>\n<\/div>\n<\/div>\n\n\n\n<div class=\"wp-block-column is-layout-flow wp-block-column-is-layout-flow\" style=\"flex-basis:3%\"><\/div>\n<\/div>\n\n\n\n<p><\/p>\n","protected":false},"excerpt":{"rendered":"<p>Internacionaliza\u00e7\u00e3o da P\u00f3s-Gradua\u00e7\u00e3o Gerais Rede Sul Global 2030 International Students GERAIS Legisla\u00e7\u00e3o pertinente: Resolu\u00e7\u00e3o n\u00b0 05\/2026 \u2013 CEPE; Resolu\u00e7\u00e3o n\u00b012\/2017 \u2013 CEPE Voltar ao topo REDE SUL GLOBAL 2030 \/ CAPES GLOBAL.EDU Mais informa\u00e7\u00f5es sobre a rede:&nbsp;https:\/\/ufpr.br\/propg\/siprop\/capes-global-ufpr\/ Voltar ao topo INTERNATIONAL STUDENTS Atualizado em 24\/08\/2026 Voltar ao topo<\/p>\n","protected":false},"author":5,"featured_media":0,"parent":8937,"menu_order":0,"comment_status":"closed","ping_status":"closed","template":"","meta":{"footnotes":""},"class_list":["post-9363","page","type-page","status-publish","hentry"],"_links":{"self":[{"href":"https:\/\/ufpr.br\/propg\/wp-json\/wp\/v2\/pages\/9363","targetHints":{"allow":["GET"]}}],"collection":[{"href":"https:\/\/ufpr.br\/propg\/wp-json\/wp\/v2\/pages"}],"about":[{"href":"https:\/\/ufpr.br\/propg\/wp-json\/wp\/v2\/types\/page"}],"author":[{"embeddable":true,"href":"https:\/\/ufpr.br\/propg\/wp-json\/wp\/v2\/users\/5"}],"replies":[{"embeddable":true,"href":"https:\/\/ufpr.br\/propg\/wp-json\/wp\/v2\/comments?post=9363"}],"version-history":[{"count":5,"href":"https:\/\/ufpr.br\/propg\/wp-json\/wp\/v2\/pages\/9363\/revisions"}],"predecessor-version":[{"id":59192,"href":"https:\/\/ufpr.br\/propg\/wp-json\/wp\/v2\/pages\/9363\/revisions\/59192"}],"up":[{"embeddable":true,"href":"https:\/\/ufpr.br\/propg\/wp-json\/wp\/v2\/pages\/8937"}],"wp:attachment":[{"href":"https:\/\/ufpr.br\/propg\/wp-json\/wp\/v2\/media?parent=9363"}],"curies":[{"name":"wp","href":"https:\/\/api.w.org\/{rel}","templated":true}]}}