{"id":9246,"date":"2025-07-24T13:33:06","date_gmt":"2025-07-24T16:33:06","guid":{"rendered":"https:\/\/ufpr.br\/?page=9246"},"modified":"2026-03-11T08:56:24","modified_gmt":"2026-03-11T11:56:24","slug":"editais-e-oportunidades","status":"publish","type":"page","link":"https:\/\/ufpr.br\/propg\/siprop\/editais-e-oportunidades\/","title":{"rendered":"Editais e Oportunidades"},"content":{"rendered":"\n<div class=\"wp-block-columns is-layout-flex wp-container-core-columns-is-layout-9d6595d7 wp-block-columns-is-layout-flex\">\n<div class=\"wp-block-column is-layout-flow wp-block-column-is-layout-flow\" style=\"flex-basis:98%\">\n<div style=\"height:20px\" aria-hidden=\"true\" class=\"wp-block-spacer\"><\/div>\n\n\n\n<div class=\"wp-block-columns is-layout-flex wp-container-core-columns-is-layout-9d6595d7 wp-block-columns-is-layout-flex\">\n<div class=\"wp-block-column is-layout-flow wp-block-column-is-layout-flow\" style=\"flex-basis:35%\">\n<div class=\"wp-block-columns is-layout-flex wp-container-core-columns-is-layout-9d6595d7 wp-block-columns-is-layout-flex\">\n<div class=\"wp-block-column is-layout-flow wp-block-column-is-layout-flow\">\n<div class=\"wp-block-columns is-layout-flex wp-container-core-columns-is-layout-9d6595d7 wp-block-columns-is-layout-flex\">\n<div class=\"wp-block-column has-background is-layout-flow wp-block-column-is-layout-flow\" style=\"background-color:#e8ecf5\" id=\"topo\">\n<div style=\"height:30px\" aria-hidden=\"true\" class=\"wp-block-spacer\"><\/div>\n\n\n\n<div class=\"wp-block-columns is-not-stacked-on-mobile is-layout-flex wp-container-core-columns-is-layout-9d6595d7 wp-block-columns-is-layout-flex\">\n<div class=\"wp-block-column is-layout-flow wp-block-column-is-layout-flow\" style=\"flex-basis:1px\"><\/div>\n\n\n\n<div class=\"wp-block-column has-white-background-color has-text-color has-background has-link-color wp-elements-7eb9857b9e8589d98e0f77cc9e35455a is-layout-flow wp-block-column-is-layout-flow\" style=\"color:#003c71\">\n<div style=\"height:20px\" aria-hidden=\"true\" class=\"wp-block-spacer\"><\/div>\n\n\n<div class=\"wp-block-image is-style-default\">\n<figure class=\"aligncenter size-full is-resized\" id=\"topo\"><a href=\"#editais\"><img decoding=\"async\" src=\"https:\/\/ufpr.br\/propg\/wp-content\/uploads\/2024\/10\/Icone_DocumentosMao_Rosa.png\" alt=\"\" class=\"wp-image-6130\" style=\"object-fit:cover;width:70px;height:70px\" \/><\/a><\/figure><\/div>\n\n\n<p class=\"has-text-align-center has-text-color has-link-color wp-elements-f729b5bc386bfee7177fe266e4edbc48\" style=\"color:#243673;font-size:14px\"><strong><a href=\"#editais\">Editais<\/a><\/strong><\/p>\n<\/div>\n\n\n\n<div class=\"wp-block-column has-white-background-color has-text-color has-background has-link-color wp-elements-5bc175dabbde7b9d9eb09dbfc6dbb6c2 is-layout-flow wp-block-column-is-layout-flow\" style=\"color:#003c71\">\n<div style=\"height:20px\" aria-hidden=\"true\" class=\"wp-block-spacer\"><\/div>\n\n\n<div class=\"wp-block-image is-style-default\">\n<figure class=\"aligncenter size-full is-resized\" id=\"topo\"><a href=\"#noticias\"><img decoding=\"async\" src=\"https:\/\/ufpr.br\/propg\/wp-content\/uploads\/2025\/07\/Icone_Divulgacao_Rosa.png\" alt=\"\" class=\"wp-image-17098\" style=\"object-fit:cover;width:70px;height:70px\" \/><\/a><\/figure><\/div>\n\n\n<p class=\"has-text-align-center has-text-color has-link-color wp-elements-13d8e9cf1cecb222caeb22ec1a090139\" style=\"color:#243673;font-size:14px\"><strong><a href=\"#noticias\">Not\u00edcias<\/a><\/strong><\/p>\n<\/div>\n\n\n\n<div class=\"wp-block-column is-layout-flow wp-block-column-is-layout-flow\" style=\"flex-basis:1px\"><\/div>\n<\/div>\n\n\n\n<hr class=\"wp-block-separator has-text-color has-white-color has-alpha-channel-opacity has-white-background-color has-background is-style-wide\" \/>\n<\/div>\n<\/div>\n<\/div>\n<\/div>\n<\/div>\n\n\n\n<div class=\"wp-block-column is-layout-flow wp-block-column-is-layout-flow\" style=\"flex-basis:65%\"><\/div>\n<\/div>\n\n\n\n<h2 class=\"wp-block-heading has-text-align-left has-background has-medium-font-size\" id=\"editais\" style=\"background-color:#e8ecf5\">EDITAIS DE INTERNACIONALIZA\u00c7\u00c3O<\/h2>\n\n\n\n<hr class=\"wp-block-separator has-text-color has-alpha-channel-opacity has-background is-style-wide\" style=\"background-color:#e8ecf5;color:#e8ecf5\" \/>\n\n\n\n<div class=\"wp-block-columns is-layout-flex wp-container-core-columns-is-layout-9d6595d7 wp-block-columns-is-layout-flex\">\n<div class=\"wp-block-column is-layout-flow wp-block-column-is-layout-flow\">\n<div class=\"wp-block-columns is-layout-flex wp-container-core-columns-is-layout-9d6595d7 wp-block-columns-is-layout-flex\">\n<div class=\"wp-block-column is-layout-flow wp-block-column-is-layout-flow\" style=\"flex-basis:30%\">\n<h2 class=\"wp-block-heading has-text-align-center\">Editais\/Chamadas <br>Abertos(as)<\/h2>\n\n\n\n<hr class=\"wp-block-separator has-text-color has-alpha-channel-opacity has-background is-style-wide\" style=\"background-color:#e8ecf5;color:#e8ecf5\" \/>\n\n\n\n<details class=\"wp-block-details is-layout-flow wp-block-details-is-layout-flow\"><summary>Programa Brasil-China de L\u00edderes em Inova\u00e7\u00e3o Cient\u00edfica e Tecnol\u00f3gica (Edital n\u00ba 04\/2026 Capes)<\/summary>\n<p><a href=\"https:\/\/ufpr.br\/propg\/programa-brasil-china-de-lideres-em-inovacao-cientifica-e-tecnologica-edital-no-04-2026-capes\/\">P\u00e1gina de acompanhamento dos editais da UFPR\u00a0<\/a><\/p>\n\n\n\n<p><a href=\"https:\/\/www.gov.br\/capes\/pt-br\/acesso-a-informacao\/acoes-e-programas\/bolsas\/bolsas-e-auxilios-internacionais\/encontre-aqui\/paises\/china\/programa-brasil-china-de-lideres-em-inovacao-cientifica-e-tecnologica\">P\u00e1gina de Acesso ao EditalCAPES<\/a><\/p>\n\n\n\n<hr class=\"wp-block-separator has-text-color has-alpha-channel-opacity has-background is-style-wide\" style=\"background-color:#e8ecf5;color:#e8ecf5\" \/>\n\n\n\n<hr class=\"wp-block-separator has-alpha-channel-opacity is-style-dots\" \/>\n<\/details>\n\n\n\n<details class=\"wp-block-details is-layout-flow wp-block-details-is-layout-flow\"><summary>Bolsas Funda\u00e7\u00e3o Carolina 2026-2027<\/summary>\n<p>A Funda\u00e7\u00e3o Carolina oferece bolsas em todas as \u00e1reas de conhecimento, distribu\u00eddas nas seguintes modalidades:<\/p>\n\n\n\n<ul class=\"wp-block-list\">\n<li>p\u00f3s-gradua\u00e7\u00e3o,&nbsp;estudo de doutorado e estadias curtas de p\u00f3s-doutorado;&nbsp;<\/li>\n<\/ul>\n\n\n\n<ul class=\"wp-block-list\">\n<li>renova\u00e7\u00f5es de bolsas de doutorado, bolsas de mobilidade de professores;&nbsp;e&nbsp;<\/li>\n<\/ul>\n\n\n\n<ul class=\"wp-block-list\">\n<li>bolsas de estudos institucionais.<\/li>\n<\/ul>\n\n\n\n<hr class=\"wp-block-separator has-text-color has-alpha-channel-opacity has-background is-style-wide\" style=\"background-color:#e8ecf5;color:#e8ecf5\" \/>\n\n\n\n<p><a href=\"https:\/\/www.fundacioncarolina.es\/convocatoria-de-becas-2026-2027\/\" target=\"_blank\" rel=\"noreferrer noopener\">P\u00e1gina de acesso \u00e0 convocat\u00f3ria 2026-2027<\/a><\/p>\n\n\n\n<hr class=\"wp-block-separator has-text-color has-alpha-channel-opacity has-background is-style-wide\" style=\"background-color:#e8ecf5;color:#e8ecf5\" \/>\n\n\n\n<p><strong>Inscri\u00e7\u00f5es: at\u00e9 09\/04\/2026<\/strong><\/p>\n\n\n\n<hr class=\"wp-block-separator has-alpha-channel-opacity is-style-dots\" \/>\n<\/details>\n\n\n\n<details class=\"wp-block-details is-layout-flow wp-block-details-is-layout-flow\"><summary>Coopera\u00e7\u00e3o CNPq\u2013T\u00fcbitak (Chamada N\u00ba 28\/2025)<\/summary>\n<p>O objetivo da chamada \u00e9 selecionar at\u00e9 10 (dez) projetos conjuntos de pesquisa entre grupos brasileiros e turcos, que visem contribuir para o desenvolvimento cient\u00edfico, tecnol\u00f3gico e a inova\u00e7\u00e3o do pa\u00eds, nas seguintes \u00e1reas: Meio Ambiente; Alimentos e Agricultura; Sa\u00fade; ICT\u00b4S; F\u00edsica.<\/p>\n\n\n\n<hr class=\"wp-block-separator has-text-color has-alpha-channel-opacity has-background is-style-wide\" style=\"background-color:#e8ecf5;color:#e8ecf5\" \/>\n\n\n\n<p><a href=\"http:\/\/memoria2.cnpq.br\/web\/guest\/chamadas-publicas?p_p_id=resultadosportlet_WAR_resultadoscnpqportlet_INSTANCE_0ZaM&amp;filtro=abertas&amp;detalha=chamadaDivulgada&amp;idDivulgacao=13287\" target=\"_blank\" rel=\"noreferrer noopener\">P\u00e1gina de acesso \u00e0 CP no site CNPq<\/a><\/p>\n\n\n\n<hr class=\"wp-block-separator has-text-color has-alpha-channel-opacity has-background is-style-wide\" style=\"background-color:#e8ecf5;color:#e8ecf5\" \/>\n\n\n\n<p><strong>Inscri\u00e7\u00f5es: at\u00e9 04\/05\/2026<\/strong><\/p>\n\n\n\n<hr class=\"wp-block-separator has-alpha-channel-opacity is-style-dots\" \/>\n<\/details>\n\n\n\n<details class=\"wp-block-details is-layout-flow wp-block-details-is-layout-flow\"><summary>Programa Capes\/C\u00e1tedra Rio Branco King&#8217;s College London<\/summary>\n<p><a href=\"https:\/\/www.gov.br\/capes\/pt-br\/acesso-a-informacao\/acoes-e-programas\/bolsas\/bolsas-e-auxilios-internacionais\/encontre-aqui\/paises\/reino-unido\/catedra-rio-branco-kings-college\" target=\"_blank\" rel=\"noreferrer noopener\">P\u00e1gina de acesso ao Edital no site da Capes<\/a><\/p>\n\n\n\n<p>Inscri\u00e7\u00f5es:<\/p>\n\n\n\n<ul class=\"wp-block-list\">\n<li><strong>Chamada 1<\/strong>:&nbsp;<strong>encerrada<\/strong><\/li>\n<\/ul>\n\n\n\n<ul class=\"wp-block-list\">\n<li><strong>Chamada 2<\/strong>:&nbsp;<strong>encerrada<\/strong><\/li>\n<\/ul>\n\n\n\n<ul class=\"wp-block-list\">\n<li><strong>Chamada 3<\/strong>&nbsp;(Rela\u00e7\u00f5es Internacionais Brasileiras; Ci\u00eancia Pol\u00edtica, Sociologia e Antropologia do Brasil; Pol\u00edtica Econ\u00f4mica; Pol\u00edtica sub-nacional, sociedade e participa\u00e7\u00e3o pol\u00edtica no Brasil)&nbsp;<strong>de 02\/03\/2026 a 29\/05\/2026<\/strong><\/li>\n<\/ul>\n\n\n\n<hr class=\"wp-block-separator has-alpha-channel-opacity is-style-dots\" \/>\n<\/details>\n\n\n\n<details class=\"wp-block-details is-layout-flow wp-block-details-is-layout-flow\"><summary>Programa Capes\/C\u00e1tedra Tubingen<\/summary>\n<p><a href=\"https:\/\/www.gov.br\/capes\/pt-br\/acesso-a-informacao\/acoes-e-programas\/bolsas\/bolsas-e-auxilios-internacionais\/encontre-aqui\/paises\/alemanha\/programa-catedra-tubingen\" target=\"_blank\" rel=\"noreferrer noopener\">P\u00e1gina de acesso ao Edital no site da Capes<\/a> <\/p>\n\n\n\n<p>Inscri\u00e7\u00f5es:<\/p>\n\n\n\n<ul class=\"wp-block-list\">\n<li><strong>Chamada 1<\/strong>:&nbsp;<strong>encerrada<\/strong><\/li>\n<\/ul>\n\n\n\n<ul class=\"wp-block-list\">\n<li><strong>Chamada 2<\/strong>:&nbsp;<strong>encerrada<\/strong><\/li>\n<\/ul>\n\n\n\n<ul class=\"wp-block-list\">\n<li><strong>Chamada 3<\/strong>&nbsp;(Hist\u00f3ria Moderna (Migra\u00e7\u00e3o, escravid\u00e3o, rela\u00e7\u00f5es&nbsp;transatl\u00e2nticas). \u00c1rea tem\u00e1tica : (Im-)Mobilities between Brazil and the Atlantic World in the Long&nbsp;Nineteenth Century\u201d (Mobilidade\/Imobilidade entre o Brasil e o Mundo Atl\u00e2ntico no long\u00ednquo s\u00e9culo XIX)):&nbsp;<strong>de&nbsp;10\/08\/2026 a 30\/12\/2026<\/strong><\/li>\n<\/ul>\n\n\n\n<hr class=\"wp-block-separator has-alpha-channel-opacity is-style-dots\" \/>\n<\/details>\n<\/div>\n\n\n\n<div class=\"wp-block-column has-background is-layout-flow wp-block-column-is-layout-flow\" style=\"background-color:#f0f0f0;flex-basis:40%\">\n<div class=\"wp-block-columns is-layout-flex wp-container-core-columns-is-layout-9d6595d7 wp-block-columns-is-layout-flex\">\n<div class=\"wp-block-column is-layout-flow wp-block-column-is-layout-flow\" style=\"flex-basis:1%\"><\/div>\n\n\n\n<div class=\"wp-block-column is-layout-flow wp-block-column-is-layout-flow\" style=\"flex-basis:98%\">\n<h2 class=\"wp-block-heading has-text-align-center\">Editais\/Chamadas <br>em Andamento<\/h2>\n\n\n\n<hr class=\"wp-block-separator has-text-color has-white-color has-alpha-channel-opacity has-white-background-color has-background is-style-wide\" \/>\n\n\n\n<details class=\"wp-block-details is-layout-flow wp-block-details-is-layout-flow\"><summary>PDSE &#8211; Programa de Doutorado Sandu\u00edche (Edital n\u00ba 17\/2025 CAPES)<\/summary>\n<ul class=\"wp-block-list\">\n<li><a href=\"https:\/\/ufpr.br\/propg\/siprop\/editais-e-oportunidades\/programa-de-doutorado-sanduiche-no-exterior-pdse-edital-17-2025-capes\/\" target=\"_blank\" rel=\"noreferrer noopener\">P\u00e1gina de acompanhamento dos Editais da UFPR<\/a><\/li>\n<\/ul>\n\n\n\n<ul class=\"wp-block-list\">\n<li><a href=\"https:\/\/www.gov.br\/capes\/pt-br\/acesso-a-informacao\/acoes-e-programas\/bolsas\/bolsas-e-auxilios-internacionais\/encontre-aqui\/paises\/multinacional\/programa-de-doutorado-sanduiche-no-exterior-pdse\" target=\"_blank\" rel=\"noreferrer noopener\">P\u00e1gina de acompanhamento do Edital 17\/2025 CAPES (PDSE)<\/a><\/li>\n<\/ul>\n\n\n\n<ul class=\"wp-block-list\">\n<li><strong>1\u00aa Chamada:<\/strong> encerrada<\/li>\n<\/ul>\n\n\n\n<ul class=\"wp-block-list\">\n<li><strong>2\u00aa Chamada:<\/strong> homologa\u00e7\u00e3o at\u00e9 02\/04\/2026<\/li>\n<\/ul>\n\n\n\n<hr class=\"wp-block-separator has-alpha-channel-opacity is-style-dots\" \/>\n<\/details>\n\n\n\n<details class=\"wp-block-details is-layout-flow wp-block-details-is-layout-flow\"><summary>Programa CAPES-Global.Edu (Edital n\u00b0 13\/2025 Capes)<\/summary>\n<p>A UFPR est\u00e1 participando da sele\u00e7\u00e3o do&nbsp;<a href=\"https:\/\/www.gov.br\/capes\/pt-br\/centrais-de-conteudo\/editais\/14072025_Edital_2636183_SEI_2634820_Edital_N__13_2025.pdf\">Edital n\u00ba 13\/2025 \u2013 CAPES<\/a>&nbsp;(Programa Redes para Internacionaliza\u00e7\u00e3o Institucional \u2013 CAPES Global.edu) como IES coordenadora da proposta de rede \u201cSul Global 2030 para Coopera\u00e7\u00e3o Cient\u00edfica e Desenvolvimento Sustent\u00e1vel\u201d.&nbsp;<\/p>\n\n\n\n<p>Resultados Preliminares: a partir de 22\/01\/2026.<\/p>\n\n\n\n<p><a href=\"https:\/\/ufpr.br\/propg\/siprop\/capes-global-ufpr\/\" target=\"_blank\" rel=\"noreferrer noopener\">P\u00e1gina de acompanhamento na UFPR<\/a><\/p>\n\n\n\n<p><a href=\"https:\/\/www.gov.br\/capes\/pt-br\/acesso-a-informacao\/acoes-e-programas\/bolsas\/bolsas-e-auxilios-internacionais\/encontre-aqui\/paises\/multinacional\/programa-capes-global.edu\" target=\"_blank\" rel=\"noreferrer noopener\">P\u00e1gina de acesso ao Programa no site da CAPES<\/a><\/p>\n\n\n\n<hr class=\"wp-block-separator has-alpha-channel-opacity is-style-dots\" \/>\n<\/details>\n\n\n\n<details class=\"wp-block-details is-layout-flow wp-block-details-is-layout-flow\"><summary>Programa Capes\/C\u00e1tedra Bonn<\/summary>\n<p><a href=\"https:\/\/www.gov.br\/capes\/pt-br\/acesso-a-informacao\/acoes-e-programas\/bolsas\/bolsas-e-auxilios-internacionais\/encontre-aqui\/paises\/alemanha\/programa-catedra-bonn\" target=\"_blank\" rel=\"noreferrer noopener\">P\u00e1gina de acesso ao Edital no site da Capes<\/a><\/p>\n\n\n\n<p>Inscri\u00e7\u00f5es:<\/p>\n\n\n\n<ul class=\"wp-block-list\">\n<li><strong>Chamada 1<\/strong>: encerradas<\/li>\n<\/ul>\n\n\n\n<ul class=\"wp-block-list\">\n<li><strong>Chamada 2<\/strong>: encerradas<\/li>\n<\/ul>\n\n\n\n<ul class=\"wp-block-list\">\n<li><strong>Chamada 3<\/strong>:&nbsp;resultados at\u00e9 31\/03\/2026<\/li>\n<\/ul>\n\n\n\n<hr class=\"wp-block-separator has-alpha-channel-opacity is-style-dots\" \/>\n<\/details>\n\n\n\n<details class=\"wp-block-details is-layout-flow wp-block-details-is-layout-flow\"><summary>Progama Capes\/C\u00e1tedra Chico Mendes (Universidade de Birmingham) (Edital n\u00ba 28\/2023 Capes)<\/summary>\n<p><a href=\"https:\/\/www.gov.br\/capes\/pt-br\/acesso-a-informacao\/acoes-e-programas\/bolsas\/bolsas-e-auxilios-internacionais\/encontre-aqui\/paises\/reino-unido\/programa-capes-catedra-chico-mendes-universidade-de-birmingham\" target=\"_blank\" rel=\"noreferrer noopener\">P\u00e1gina do programa no site da Capes<\/a><\/p>\n\n\n\n<p>Resultado: At\u00e9 29 de maio de 2026<\/p>\n\n\n\n<hr class=\"wp-block-separator has-alpha-channel-opacity is-style-dots\" \/>\n<\/details>\n<\/div>\n\n\n\n<div class=\"wp-block-column is-layout-flow wp-block-column-is-layout-flow\" style=\"flex-basis:1%\"><\/div>\n<\/div>\n<\/div>\n\n\n\n<div class=\"wp-block-column is-layout-flow wp-block-column-is-layout-flow\" style=\"flex-basis:30%\">\n<h2 class=\"wp-block-heading has-text-align-center\">Editais\/Chamadas <br>Encerrados(as)<\/h2>\n\n\n\n<hr class=\"wp-block-separator has-text-color has-alpha-channel-opacity has-background is-style-wide\" style=\"background-color:#e8ecf5;color:#e8ecf5\" \/>\n\n\n\n<details class=\"wp-block-details is-layout-flow wp-block-details-is-layout-flow\"><summary>Rede BRICS-NU (Edital n\u00ba 08\/2025 Capes)<\/summary>\n<p>Edital para&nbsp;pr\u00e9-qualifica\u00e7\u00e3o de Institui\u00e7\u00f5es de Educa\u00e7\u00e3o Superior (IES) \u00e0 Rede de IES do BRICS \u2013 Rede BRICS-NU<\/p>\n\n\n\n<p><a href=\"https:\/\/ufpr.br\/propg\/siprop\/rede-de-universidades-do-brics\/\">P\u00e1gina de acompanhamento da Rede na UFPR<\/a><\/p>\n\n\n\n<p><a href=\"https:\/\/www.gov.br\/capes\/pt-br\/acesso-a-informacao\/acoes-e-programas\/bolsas\/bolsas-e-auxilios-internacionais\/encontre-aqui\/paises\/multinacional\/internacional-brics\" target=\"_blank\" rel=\"noreferrer noopener\">P\u00e1gina de acesso ao Edital da CAPES<\/a><\/p>\n\n\n\n<hr class=\"wp-block-separator has-alpha-channel-opacity is-style-dots\" \/>\n<\/details>\n\n\n\n<details class=\"wp-block-details is-layout-flow wp-block-details-is-layout-flow\"><summary>Programas CAPES\/MATH\/STIC\/CLIMAT-AMSUD (Edital n\u00b0 05\/2025 Capes)<\/summary>\n<p>O Edital unificado dos Programas CAPES\/MATH-Amsud, CAPES\/STIC-Amsud e CAPES\/CLIMAT-Amsud tem por objeto a sele\u00e7\u00e3o de at\u00e9 15 (quinze) projetos conjuntos de pesquisa, sendo 5 (cinco) para cada programa.<\/p>\n\n\n\n<p><a href=\"https:\/\/www.gov.br\/capes\/pt-br\/acesso-a-informacao\/acoes-e-programas\/bolsas\/bolsas-e-auxilios-internacionais\/encontre-aqui\/paises\/multinacional\/programa-stic-amsud-capes\" target=\"_blank\" rel=\"noreferrer noopener\">P\u00e1gina de acesso ao Edital no site da Capes<\/a><\/p>\n\n\n\n<hr class=\"wp-block-separator has-alpha-channel-opacity is-style-dots\" \/>\n<\/details>\n\n\n\n<details class=\"wp-block-details is-layout-flow wp-block-details-is-layout-flow\"><summary>Programa Capes\/Cofecub (Edital n\u00ba 09\/2025 Capes)<\/summary>\n<p>O&nbsp; Edital tem por objeto a sele\u00e7\u00e3o de at\u00e9 35 projetos conjuntos de pesquisa Brasil-Fran\u00e7a no \u00e2mbito do Programa CAPES\/COFECUB, divididos em 2 chamadas (Pesquisadores juniores e Pesquisadores experientes)<\/p>\n\n\n\n<p><a href=\"https:\/\/www.gov.br\/capes\/pt-br\/acesso-a-informacao\/acoes-e-programas\/bolsas\/bolsas-e-auxilios-internacionais\/encontre-aqui\/paises\/franca\/cofecub\" target=\"_blank\" rel=\"noreferrer noopener\">P\u00e1gina de acesso ao Edital no site da Capes<\/a><\/p>\n\n\n\n<hr class=\"wp-block-separator has-alpha-channel-opacity is-style-dots\" \/>\n<\/details>\n\n\n\n<div style=\"height:50px\" aria-hidden=\"true\" class=\"wp-block-spacer\"><\/div>\n\n\n\n<div class=\"wp-block-columns is-layout-flex wp-container-core-columns-is-layout-9d6595d7 wp-block-columns-is-layout-flex\">\n<div class=\"wp-block-column has-background is-layout-flow wp-block-column-is-layout-flow\" style=\"background-color:#f0f0f0\" id=\"topo\">\n<div style=\"height:30px\" aria-hidden=\"true\" class=\"wp-block-spacer\"><\/div>\n\n\n\n<div class=\"wp-block-columns is-not-stacked-on-mobile is-layout-flex wp-container-core-columns-is-layout-9d6595d7 wp-block-columns-is-layout-flex\">\n<div class=\"wp-block-column is-layout-flow wp-block-column-is-layout-flow\" style=\"flex-basis:1px\"><\/div>\n\n\n\n<div class=\"wp-block-column has-white-background-color has-text-color has-background has-link-color wp-elements-170b26af102858ad7fbb9a4a607134f3 is-layout-flow wp-block-column-is-layout-flow\" style=\"color:#003c71\">\n<div style=\"height:20px\" aria-hidden=\"true\" class=\"wp-block-spacer\"><\/div>\n\n\n<div class=\"wp-block-image is-style-default\">\n<figure class=\"aligncenter size-full is-resized\" id=\"topo\"><a href=\"https:\/\/ufpr.br\/propg\/siprop\/editais-chamadas-encerrados\/\"><img decoding=\"async\" src=\"https:\/\/ufpr.br\/propg\/wp-content\/uploads\/2025\/07\/Icone_DocumentosArquivados_Rosa.png\" alt=\"\" class=\"wp-image-16957\" style=\"object-fit:cover;width:70px;height:70px\" \/><\/a><\/figure><\/div>\n\n\n<p class=\"has-text-align-center has-text-color has-link-color wp-elements-fa643d8270755331cfdf6aad7d3b0a6c\" style=\"color:#243673;font-size:14px\"><a href=\"https:\/\/ufpr.br\/propg\/siprop\/editais-chamadas-encerrados\/\"><strong>Mais Editais\/Chamadas <\/strong><br><strong>Encerrados(as)<\/strong><\/a><\/p>\n<\/div>\n\n\n\n<div class=\"wp-block-column is-layout-flow wp-block-column-is-layout-flow\" style=\"flex-basis:1px\"><\/div>\n<\/div>\n\n\n\n<hr class=\"wp-block-separator has-text-color has-white-color has-alpha-channel-opacity has-white-background-color has-background is-style-wide\" \/>\n<\/div>\n<\/div>\n<\/div>\n<\/div>\n<\/div>\n<\/div>\n\n\n\n<div style=\"height:25px\" aria-hidden=\"true\" class=\"wp-block-spacer\"><\/div>\n\n\n\n<div class=\"wp-block-columns is-layout-flex wp-container-core-columns-is-layout-9d6595d7 wp-block-columns-is-layout-flex\">\n<div class=\"wp-block-column is-layout-flow wp-block-column-is-layout-flow\" style=\"flex-basis:30%\"><div class=\"wp-block-image\">\n<figure class=\"aligncenter size-full is-resized\"><img decoding=\"async\" src=\"https:\/\/ufpr.br\/propg\/wp-content\/uploads\/2025\/07\/Icone_EstudanteInternacional_Rosa.png\" alt=\"\" class=\"wp-image-17186\" style=\"object-fit:cover;width:250px;height:250px\" \/><\/figure><\/div><\/div>\n\n\n\n<div class=\"wp-block-column is-layout-flow wp-block-column-is-layout-flow\" style=\"flex-basis:70%\">\n<div style=\"height:160px\" aria-hidden=\"true\" class=\"wp-block-spacer\"><\/div>\n\n\n\n<h2 class=\"wp-block-heading has-text-align-left has-background has-medium-font-size\" id=\"noticias\" style=\"background-color:#e8ecf5\">NOT\u00cdCIAS<\/h2>\n\n\n\n<hr class=\"wp-block-separator has-text-color has-alpha-channel-opacity has-background is-style-wide\" style=\"background-color:#e8ecf5;color:#e8ecf5\" \/>\n\n\n\n<div class=\"wp-block-columns is-layout-flex wp-container-core-columns-is-layout-9d6595d7 wp-block-columns-is-layout-flex\">\n<div class=\"wp-block-column is-layout-flow wp-block-column-is-layout-flow\" style=\"flex-basis:20%\"><div class=\"wp-block-image is-style-default\">\n<figure class=\"aligncenter size-full is-resized\"><img decoding=\"async\" src=\"https:\/\/ufpr.br\/propg\/wp-content\/uploads\/2025\/07\/Icone_Divulgacao_Rosa.png\" alt=\"\" class=\"wp-image-17098\" style=\"object-fit:cover;width:100px;height:100px\" \/><\/figure><\/div><\/div>\n\n\n\n<div class=\"wp-block-column is-layout-flow wp-block-column-is-layout-flow\" style=\"flex-basis:80%\">\n<div class=\"wp-block-query is-layout-flow wp-block-query-is-layout-flow\"><ul class=\"columns-2 wp-block-post-template is-layout-grid wp-container-core-post-template-is-layout-f6ab3723 wp-block-post-template-is-layout-grid\"><li class=\"wp-block-post post-51899 post type-post status-publish format-standard hentry category-internacionalizacao\">\n<h2 style=\"color:#243673;\" class=\"has-link-color wp-elements-a7bac71bb8bd9e8cc12057bec999e0ed wp-block-post-title has-text-color\"><a href=\"https:\/\/ufpr.br\/propg\/edital-06-2026-propg-siprop-habilitacao-de-pos-graduandos-para-programa-capes-brasil-china\/\" target=\"_self\" >Edital 06\/2026 \u2013 PROPG\/SIPROP \u2013 Habilita\u00e7\u00e3o de P\u00f3s-Graduandos para Programa CAPES Brasil-China<\/a><\/h2>\n\n<div class=\"wp-block-post-date\"><time datetime=\"2026-03-19T13:26:32-03:00\">19 de mar\u00e7o de 2026<\/time><\/div>\n\n\n<hr class=\"wp-block-separator has-text-color has-alpha-channel-opacity has-background is-style-wide\" style=\"background-color:#e8ecf5;color:#e8ecf5\" \/>\n\n\n\n\n<div class=\"wp-block-post-excerpt\"><p class=\"wp-block-post-excerpt__excerpt\">Est\u00e3o abertas as inscri\u00e7\u00f5es do&nbsp;Edital 06\/2026 \u2013 PROPG\/SIPROP&nbsp;para habilita\u00e7\u00e3o de p\u00f3s-graduandos \u00e0&nbsp;composi\u00e7\u00e3o da proposta institucional da UFPR ao Edital 04\/2026 \u2013 CAPES \u2013 Programa Brasil-China&hellip;<\/p><p class=\"wp-block-post-excerpt__more-text\"><a class=\"wp-block-post-excerpt__more-link\" href=\"https:\/\/ufpr.br\/propg\/edital-06-2026-propg-siprop-habilitacao-de-pos-graduandos-para-programa-capes-brasil-china\/\">Leia mais<\/a><\/p><\/div>\n\n\n<hr class=\"wp-block-separator has-text-color has-alpha-channel-opacity has-background is-style-wide\" style=\"background-color:#e8ecf5;color:#e8ecf5\" \/>\n\n<\/li><li class=\"wp-block-post post-51678 post type-post status-publish format-standard hentry category-internacionalizacao\">\n<h2 style=\"color:#243673;\" class=\"has-link-color wp-elements-a7bac71bb8bd9e8cc12057bec999e0ed wp-block-post-title has-text-color\"><a href=\"https:\/\/ufpr.br\/propg\/ufpr-30-de-desconto-no-teste-toefl-itp-2\/\" target=\"_self\" >UFPR &#8211; 30% DE DESCONTO NO TESTE TOEFL ITP<\/a><\/h2>\n\n<div class=\"wp-block-post-date\"><time datetime=\"2026-03-05T13:52:46-03:00\">5 de mar\u00e7o de 2026<\/time><\/div>\n\n\n<hr class=\"wp-block-separator has-text-color has-alpha-channel-opacity has-background is-style-wide\" style=\"background-color:#e8ecf5;color:#e8ecf5\" \/>\n\n\n\n\n<div class=\"wp-block-post-excerpt\"><p class=\"wp-block-post-excerpt__excerpt\">Aproveite essa chance e efetue a compra do teste com um desconto no teste TOEFL ITP de 30% + Curso Preparat\u00f3rio Online Gratuito com certificado&hellip;<\/p><p class=\"wp-block-post-excerpt__more-text\"><a class=\"wp-block-post-excerpt__more-link\" href=\"https:\/\/ufpr.br\/propg\/ufpr-30-de-desconto-no-teste-toefl-itp-2\/\">Leia mais<\/a><\/p><\/div>\n\n\n<hr class=\"wp-block-separator has-text-color has-alpha-channel-opacity has-background is-style-wide\" style=\"background-color:#e8ecf5;color:#e8ecf5\" \/>\n\n<\/li><\/ul>\n\n\n<div class=\"wp-block-buttons is-content-justification-center is-layout-flex wp-container-core-buttons-is-layout-16018d1d wp-block-buttons-is-layout-flex\">\n<div class=\"wp-block-button\"><a class=\"wp-block-button__link has-background has-text-align-center wp-element-button\" href=\"https:\/\/ufpr.br\/propg\/noticias-sobre-internacionalizacao\/\" style=\"border-radius:10px;background-color:#243673\">Todas as Not\u00edcias<\/a><\/div>\n<\/div>\n\n\n\n<hr class=\"wp-block-separator has-text-color has-alpha-channel-opacity has-background is-style-wide\" style=\"background-color:#e8ecf5;color:#e8ecf5\" \/>\n<\/div>\n\n\n\n<p class=\"has-text-color has-link-color wp-elements-35347cca6bfe07bb2bf966001a1b447f\" style=\"color:#243673\"><strong><a href=\"#topo\" title=\"\">Voltar ao topo<\/a><\/strong><\/p>\n<\/div>\n<\/div>\n<\/div>\n<\/div>\n<\/div>\n\n\n\n<div class=\"wp-block-column is-layout-flow wp-block-column-is-layout-flow\" style=\"flex-basis:2%\"><\/div>\n<\/div>\n\n\n\n<p><\/p>\n","protected":false},"excerpt":{"rendered":"<p>Editais Not\u00edcias EDITAIS DE INTERNACIONALIZA\u00c7\u00c3O Editais\/Chamadas Abertos(as) Editais\/Chamadas em Andamento Editais\/Chamadas Encerrados(as) Mais Editais\/Chamadas Encerrados(as) NOT\u00cdCIAS Voltar ao topo<\/p>\n","protected":false},"author":5,"featured_media":0,"parent":8937,"menu_order":0,"comment_status":"closed","ping_status":"closed","template":"","meta":{"footnotes":""},"class_list":["post-9246","page","type-page","status-publish","hentry"],"_links":{"self":[{"href":"https:\/\/ufpr.br\/propg\/wp-json\/wp\/v2\/pages\/9246","targetHints":{"allow":["GET"]}}],"collection":[{"href":"https:\/\/ufpr.br\/propg\/wp-json\/wp\/v2\/pages"}],"about":[{"href":"https:\/\/ufpr.br\/propg\/wp-json\/wp\/v2\/types\/page"}],"author":[{"embeddable":true,"href":"https:\/\/ufpr.br\/propg\/wp-json\/wp\/v2\/users\/5"}],"replies":[{"embeddable":true,"href":"https:\/\/ufpr.br\/propg\/wp-json\/wp\/v2\/comments?post=9246"}],"version-history":[{"count":115,"href":"https:\/\/ufpr.br\/propg\/wp-json\/wp\/v2\/pages\/9246\/revisions"}],"predecessor-version":[{"id":51728,"href":"https:\/\/ufpr.br\/propg\/wp-json\/wp\/v2\/pages\/9246\/revisions\/51728"}],"up":[{"embeddable":true,"href":"https:\/\/ufpr.br\/propg\/wp-json\/wp\/v2\/pages\/8937"}],"wp:attachment":[{"href":"https:\/\/ufpr.br\/propg\/wp-json\/wp\/v2\/media?parent=9246"}],"curies":[{"name":"wp","href":"https:\/\/api.w.org\/{rel}","templated":true}]}}