{"id":7007,"date":"2025-07-09T15:17:41","date_gmt":"2025-07-09T18:17:41","guid":{"rendered":"https:\/\/ufpr.br\/?page=7007"},"modified":"2025-12-23T16:00:42","modified_gmt":"2025-12-23T19:00:42","slug":"bolsas-ufpr-e-fundacao-araucaria","status":"publish","type":"page","link":"https:\/\/ufpr.br\/propg\/uceo\/bolsas-ufpr-e-fundacao-araucaria\/","title":{"rendered":"Bolsas UFPR e Funda\u00e7\u00e3o Arauc\u00e1ria"},"content":{"rendered":"\n<div style=\"height:50px\" aria-hidden=\"true\" class=\"wp-block-spacer\"><\/div>\n\n\n\n<div class=\"wp-block-columns is-layout-flex wp-container-core-columns-is-layout-9d6595d7 wp-block-columns-is-layout-flex\">\n<div class=\"wp-block-column is-layout-flow wp-block-column-is-layout-flow\" style=\"flex-basis:15%\"><div class=\"wp-block-image\">\n<figure class=\"aligncenter size-full is-resized\" id=\"topo\"><img decoding=\"async\" src=\"https:\/\/ufpr.br\/propg\/wp-content\/uploads\/2025\/06\/Icone_BolsasUFPR_Rosa.png\" alt=\"\" class=\"wp-image-9848\" style=\"width:100px\"\/><\/figure><\/div><\/div>\n\n\n\n<div class=\"wp-block-column is-layout-flow wp-block-column-is-layout-flow\" style=\"flex-basis:1%\"><\/div>\n\n\n\n<div class=\"wp-block-column is-layout-flow wp-block-column-is-layout-flow\" style=\"flex-basis:80%\">\n<blockquote class=\"wp-block-quote is-layout-flow wp-block-quote-is-layout-flow\">\n<p>A UCEO\/PROPG operacionaliza o pagamento das bolsas relativas a conv\u00eanios com a Funda\u00e7\u00e3o Arauc\u00e1ria (FA), Programa PIBIC\/PIBITI UFPR e FA, Programa Professor S\u00eanior UFPR, cuja execu\u00e7\u00e3o cabe \u00e0 unidade.<\/p>\n<\/blockquote>\n\n\n\n<div style=\"height:50px\" aria-hidden=\"true\" class=\"wp-block-spacer\"><\/div>\n\n\n\n<h2 class=\"wp-block-heading has-text-align-left has-background has-medium-font-size\" style=\"background-color:#e8ecf5\">PROGRAMA PIBIC\/PIBITI UFPR, FA e CNPq<\/h2>\n\n\n\n<hr class=\"wp-block-separator has-text-color has-alpha-channel-opacity has-background is-style-wide\" style=\"background-color:#e8ecf5;color:#e8ecf5\"\/>\n\n\n\n<p>Para d\u00favidas relacionadas \u00e0s bolsas do Programa PIBIC\/PIBITI UFPR, FA e CNPq, por gentileza, contatar a <a href=\"https:\/\/ufpr.br\/propg\/ict\/\">Coordenadoria de Inicia\u00e7\u00e3o Cient\u00edfica e Tecnol\u00f3gica<\/a> (<a href=\"https:\/\/ufpr.br\/propg\/contatos\/\">contatos PROPG<\/a>).<\/p>\n\n\n\n<div style=\"height:20px\" aria-hidden=\"true\" class=\"wp-block-spacer\"><\/div>\n\n\n\n<hr class=\"wp-block-separator has-alpha-channel-opacity is-style-dots\"\/>\n\n\n\n<div style=\"height:25px\" aria-hidden=\"true\" class=\"wp-block-spacer\"><\/div>\n\n\n\n<h2 class=\"wp-block-heading has-text-align-left has-background has-medium-font-size\" style=\"background-color:#e8ecf5\">PROGRAMA PROFESSOR S\u00caNIOR UFPR<\/h2>\n\n\n\n<hr class=\"wp-block-separator has-text-color has-alpha-channel-opacity has-background is-style-wide\" style=\"background-color:#e8ecf5;color:#e8ecf5\"\/>\n\n\n\n<p>Para d\u00favidas relacionadas \u00e0s bolsas do Programa Professor S\u00eanior UFPR, por gentileza, contatar a Se\u00e7\u00e3o de Bolsas e Aux\u00edlios da PROPG (<a href=\"https:\/\/ufpr.br\/propg\/contatos\/\">contatos PROPG<\/a>). Essa unidade \u00e9 respons\u00e1vel tamb\u00e9m pelas bolsas CAPES.<\/p>\n\n\n\n<div style=\"height:20px\" aria-hidden=\"true\" class=\"wp-block-spacer\"><\/div>\n\n\n\n<hr class=\"wp-block-separator has-alpha-channel-opacity is-style-dots\"\/>\n\n\n\n<div style=\"height:25px\" aria-hidden=\"true\" class=\"wp-block-spacer\"><\/div>\n\n\n\n<h2 class=\"wp-block-heading has-text-align-left has-background has-medium-font-size\" style=\"background-color:#e8ecf5\">BOLSAS FUNDA\u00c7\u00c3O ARAUC\u00c1RIA PROVENIENTES DE CONV\u00caNIOS<strong> <\/strong><br>(Exceto PIBIC\/PIBITI FA)<\/h2>\n\n\n\n<hr class=\"wp-block-separator has-text-color has-alpha-channel-opacity has-background is-style-wide\" style=\"background-color:#e8ecf5;color:#e8ecf5\"\/>\n\n\n\n<p>As indica\u00e7\u00f5es\/substitui\u00e7\u00f5es de bolsistas ou, quando poss\u00edvel, prorroga\u00e7\u00f5es das bolsas dever\u00e3o ser encaminhadas via SEI nos seguintes prazos:<\/p>\n\n\n\n<ul class=\"wp-block-list\">\n<li>In\u00edcio das atividades em fevereiro ou do per\u00edodo adicional em janeiro ou fevereiro: enviar at\u00e9 01\/12;<\/li>\n<\/ul>\n\n\n\n<ul class=\"wp-block-list\">\n<li>In\u00edcio das atividades ou do per\u00edodo adicional entre mar\u00e7o e outubro: no m\u00ednimo 25 dias antes desses in\u00edcios;<\/li>\n<\/ul>\n\n\n\n<ul class=\"wp-block-list\">\n<li>In\u00edcio das atividades ou do per\u00edodo adicional entre novembro e dezembro: enviar at\u00e9 07\/10.<\/li>\n<\/ul>\n\n\n\n<hr class=\"wp-block-separator has-text-color has-alpha-channel-opacity has-background is-style-wide\" style=\"background-color:#e8ecf5;color:#e8ecf5\"\/>\n\n\n\n<p>Os formul\u00e1rios da Funda\u00e7\u00e3o Arauc\u00e1ria est\u00e3o dispon\u00edveis no site&nbsp;<a href=\"https:\/\/www.fappr.pr.gov.br\/Pagina\/Documentos\" target=\"_blank\" rel=\"noreferrer noopener\">www.fappr.pr.gov.br\/Pagina\/Documentos<\/a>&nbsp;(Pacote de documentos de Conv\u00eanios) e nos anexos da respectiva Chamada P\u00fablica (CP) ou Processo de Inexigibilidade de Chamada P\u00fablica (PI).<\/p>\n\n\n\n<hr class=\"wp-block-separator has-text-color has-alpha-channel-opacity has-background is-style-wide\" style=\"background-color:#e8ecf5;color:#e8ecf5\"\/>\n\n\n\n<p>Para implanta\u00e7\u00e3o das bolsas, indica\u00e7\u00e3o ou substitui\u00e7\u00e3o de bolsistas, deve-se anexar ao processo SEI:<\/p>\n\n\n\n<ul class=\"wp-block-list\">\n<li>Formul\u00e1rio FA de indica\u00e7\u00e3o ou substitui\u00e7\u00e3o de bolsista;<\/li>\n<\/ul>\n\n\n\n<ul class=\"wp-block-list\">\n<li>Anexo da CP ou PI em quest\u00e3o, relativo ao Plano de trabalho do bolsista;<\/li>\n<\/ul>\n\n\n\n<ul class=\"wp-block-list\">\n<li>Edital de sele\u00e7\u00e3o do bolsista espec\u00edfico para a CP ou PI em quest\u00e3o;<\/li>\n<\/ul>\n\n\n\n<ul class=\"wp-block-list\">\n<li>Edital de resultado final da sele\u00e7\u00e3o;<\/li>\n<\/ul>\n\n\n\n<ul class=\"wp-block-list\">\n<li>Declara\u00e7\u00e3o de responsabilidade do coordenador ou orientador UFPR;<\/li>\n<\/ul>\n\n\n\n<ul class=\"wp-block-list\">\n<li>Declara\u00e7\u00e3o bolsista UFPR;<\/li>\n<\/ul>\n\n\n\n<ul class=\"wp-block-list\">\n<li>Declara\u00e7\u00e3o de parentesco bolsista UFPR;<\/li>\n<\/ul>\n\n\n\n<ul class=\"wp-block-list\">\n<li>Declara\u00e7\u00e3o de matr\u00edcula;<\/li>\n<\/ul>\n\n\n\n<ul class=\"wp-block-list\">\n<li>Outros documentos, caso necess\u00e1rio.<\/li>\n<\/ul>\n\n\n\n<hr class=\"wp-block-separator has-text-color has-alpha-channel-opacity has-background is-style-wide\" style=\"background-color:#e8ecf5;color:#e8ecf5\"\/>\n\n\n\n<p><strong>Os bolsistas poder\u00e3o iniciar ou dar continuidade nas atividades (prorroga\u00e7\u00e3o) somente ap\u00f3s a aprova\u00e7\u00e3o da Funda\u00e7\u00e3o Arauc\u00e1ria.<\/strong><\/p>\n\n\n\n<hr class=\"wp-block-separator has-text-color has-alpha-channel-opacity has-background is-style-wide\" style=\"background-color:#e8ecf5;color:#e8ecf5\"\/>\n\n\n\n<p>Para cancelamento ou suspens\u00e3o das bolsas, deve-se anexar ao processo SEI:<\/p>\n\n\n\n<ul class=\"wp-block-list\">\n<li>Formul\u00e1rio FA de cancelamento e suspens\u00e3o de bolsistas;<\/li>\n<\/ul>\n\n\n\n<ul class=\"wp-block-list\">\n<li>Outros documentos, caso necess\u00e1rio.<\/li>\n<\/ul>\n\n\n\n<hr class=\"wp-block-separator has-text-color has-alpha-channel-opacity has-background is-style-wide\" style=\"background-color:#e8ecf5;color:#e8ecf5\"\/>\n\n\n\n<p><strong><mark style=\"background-color:rgba(0, 0, 0, 0)\" class=\"has-inline-color has-vivid-red-color\">Importante:<\/mark><\/strong>&nbsp;em face da variedade de modalidades de bolsas FA, conv\u00eanios, Chamadas P\u00fablicas (CP\u2019s), Processos de Inexigibilidade de Chamada P\u00fablica (PI\u2019s) e informa\u00e7\u00f5es, favor contatar a UCEO\/PROPG antecipadamente (<a href=\"mailto:bolsas.propg@ufpr.br\">bolsas.propg@ufpr.br<\/a>) para envio da rela\u00e7\u00e3o de documentos correta, modelos e instru\u00e7\u00f5es, para atendimento \u00e0 alusiva demanda.<\/p>\n\n\n\n<div style=\"height:15px\" aria-hidden=\"true\" class=\"wp-block-spacer\"><\/div>\n\n\n\n<hr class=\"wp-block-separator has-alpha-channel-opacity is-style-dots\"\/>\n\n\n\n<div style=\"height:25px\" aria-hidden=\"true\" class=\"wp-block-spacer\"><\/div>\n\n\n\n<h2 class=\"wp-block-heading has-text-align-left has-background has-medium-font-size\" style=\"background-color:#e8ecf5\">COMPROVANTE DE RENDIMENTOS<\/h2>\n\n\n\n<hr class=\"wp-block-separator has-text-color has-alpha-channel-opacity has-background is-style-wide\" style=\"background-color:#e8ecf5;color:#e8ecf5\"\/>\n\n\n\n<p>A emiss\u00e3o dos Comprovantes de Rendimentos de valores recebidos, para fins de Declara\u00e7\u00e3o do Imposto de Renda Pessoa F\u00edsica, est\u00e1 dispon\u00edvel no link abaixo:<\/p>\n\n\n\n<p><a href=\"https:\/\/intranet.ufpr.br\/financeiro\/public\/pagamentoRetencaoConsulta.jsf\" target=\"_blank\" rel=\"noreferrer noopener\">https:\/\/intranet.ufpr.br\/financeiro\/public\/pagamentoRetencaoConsulta.jsf<\/a><\/p>\n\n\n\n<hr class=\"wp-block-separator has-text-color has-alpha-channel-opacity has-background is-style-wide\" style=\"background-color:#e8ecf5;color:#e8ecf5\"\/>\n\n\n\n<p class=\"has-text-color has-link-color wp-elements-16631d866001ae142cbdd3786f7ccd26\" style=\"color:#243673\"><strong><a title=\"\" href=\"#topo\">Voltar ao topo<\/a><\/strong><\/p>\n<\/div>\n\n\n\n<div class=\"wp-block-column is-layout-flow wp-block-column-is-layout-flow\" style=\"flex-basis:4%\"><\/div>\n<\/div>\n","protected":false},"excerpt":{"rendered":"<p>A UCEO\/PROPG operacionaliza o pagamento das bolsas relativas a conv\u00eanios com a Funda\u00e7\u00e3o Arauc\u00e1ria (FA), Programa PIBIC\/PIBITI UFPR e FA, Programa Professor S\u00eanior UFPR, cuja execu\u00e7\u00e3o cabe \u00e0 unidade. PROGRAMA PIBIC\/PIBITI UFPR, FA e CNPq Para d\u00favidas relacionadas \u00e0s bolsas do Programa PIBIC\/PIBITI UFPR, FA e CNPq, por gentileza, contatar a Coordenadoria de Inicia\u00e7\u00e3o Cient\u00edfica [&hellip;]<\/p>\n","protected":false},"author":5,"featured_media":0,"parent":2700,"menu_order":0,"comment_status":"closed","ping_status":"closed","template":"","meta":{"footnotes":""},"class_list":["post-7007","page","type-page","status-publish","hentry"],"_links":{"self":[{"href":"https:\/\/ufpr.br\/propg\/wp-json\/wp\/v2\/pages\/7007","targetHints":{"allow":["GET"]}}],"collection":[{"href":"https:\/\/ufpr.br\/propg\/wp-json\/wp\/v2\/pages"}],"about":[{"href":"https:\/\/ufpr.br\/propg\/wp-json\/wp\/v2\/types\/page"}],"author":[{"embeddable":true,"href":"https:\/\/ufpr.br\/propg\/wp-json\/wp\/v2\/users\/5"}],"replies":[{"embeddable":true,"href":"https:\/\/ufpr.br\/propg\/wp-json\/wp\/v2\/comments?post=7007"}],"version-history":[{"count":20,"href":"https:\/\/ufpr.br\/propg\/wp-json\/wp\/v2\/pages\/7007\/revisions"}],"predecessor-version":[{"id":46969,"href":"https:\/\/ufpr.br\/propg\/wp-json\/wp\/v2\/pages\/7007\/revisions\/46969"}],"up":[{"embeddable":true,"href":"https:\/\/ufpr.br\/propg\/wp-json\/wp\/v2\/pages\/2700"}],"wp:attachment":[{"href":"https:\/\/ufpr.br\/propg\/wp-json\/wp\/v2\/media?parent=7007"}],"curies":[{"name":"wp","href":"https:\/\/api.w.org\/{rel}","templated":true}]}}