{"id":51714,"date":"2026-03-11T08:54:37","date_gmt":"2026-03-11T11:54:37","guid":{"rendered":"https:\/\/ufpr.br\/propg\/?page_id=51714"},"modified":"2026-04-02T11:00:52","modified_gmt":"2026-04-02T14:00:52","slug":"programa-brasil-china-de-lideres-em-inovacao-cientifica-e-tecnologica-edital-no-04-2026-capes","status":"publish","type":"page","link":"https:\/\/ufpr.br\/propg\/siprop\/editais-e-oportunidades\/programa-brasil-china-de-lideres-em-inovacao-cientifica-e-tecnologica-edital-no-04-2026-capes\/","title":{"rendered":"Programa Brasil-China de L\u00edderes em Inova\u00e7\u00e3o Cient\u00edfica e Tecnol\u00f3gica (Edital n\u00ba 04\/2026 Capes)"},"content":{"rendered":"\n<p>O&nbsp;PROGRAMA BRASIL-CHINA DE L\u00cdDERES EM INOVA\u00c7\u00c3O CIENT\u00cdFICA E TECNOL\u00d3GICA&nbsp;tem como objetivo selecionar propostas institucionais para a indica\u00e7\u00e3o de p\u00f3s-graduandos de Institui\u00e7\u00f5es de Ensino Superior Brasileira (IES) para a realiza\u00e7\u00e3o de mobilidade de curta dura\u00e7\u00e3o na modalidade capacita\u00e7\u00e3o, destinada a mestrandos e doutorandos, al\u00e9m de docentes dessas mesmas institui\u00e7\u00f5es na&nbsp;<strong>Universidade de Beihang<\/strong>&nbsp;\u2013 China.<\/p>\n\n\n\n<div class=\"wp-block-columns is-layout-flex wp-container-core-columns-is-layout-9d6595d7 wp-block-columns-is-layout-flex\">\n<div class=\"wp-block-column is-layout-flow wp-block-column-is-layout-flow\" style=\"flex-basis:35%\">\n<div class=\"wp-block-columns is-layout-flex wp-container-core-columns-is-layout-9d6595d7 wp-block-columns-is-layout-flex\">\n<div class=\"wp-block-column is-layout-flow wp-block-column-is-layout-flow\">\n<div class=\"wp-block-columns is-layout-flex wp-container-core-columns-is-layout-9d6595d7 wp-block-columns-is-layout-flex\">\n<div class=\"wp-block-column has-background is-layout-flow wp-block-column-is-layout-flow\" style=\"background-color:#e8ecf5\" id=\"topo\">\n<div style=\"height:30px\" aria-hidden=\"true\" class=\"wp-block-spacer\"><\/div>\n\n\n\n<div class=\"wp-block-columns is-not-stacked-on-mobile is-layout-flex wp-container-core-columns-is-layout-9d6595d7 wp-block-columns-is-layout-flex\">\n<div class=\"wp-block-column is-layout-flow wp-block-column-is-layout-flow\" style=\"flex-basis:1px\"><\/div>\n\n\n\n<div class=\"wp-block-column has-white-background-color has-text-color has-background has-link-color wp-elements-c5642373430525526fa12e90f0b3509d is-layout-flow wp-block-column-is-layout-flow\" style=\"color:#003c71\">\n<div style=\"height:20px\" aria-hidden=\"true\" class=\"wp-block-spacer\"><\/div>\n\n\n<div class=\"wp-block-image is-style-default\">\n<figure class=\"aligncenter size-full is-resized\" id=\"topo\"><a href=\"#informacoes-2\"><img decoding=\"async\" src=\"https:\/\/ufpr.br\/propg\/wp-content\/uploads\/2025\/06\/Icone_AcessoInformacao_Rosa.png\" alt=\"\" class=\"wp-image-6157\" style=\"object-fit:cover;width:70px;height:70px\" \/><\/a><\/figure><\/div>\n\n\n<p class=\"has-text-align-center has-text-color has-link-color wp-elements-395a27456883fac87e020be3468e633b\" style=\"color:#243673;font-size:14px\"><a href=\"#informacoes-2\">Habilita\u00e7\u00e3o de P\u00f3s-Graduandos<\/a><\/p>\n<\/div>\n\n\n\n<div class=\"wp-block-column has-white-background-color has-text-color has-background has-link-color wp-elements-5d55bf344145a0519a9d6ee5e5ef7e59 is-layout-flow wp-block-column-is-layout-flow\" style=\"color:#003c71\">\n<div style=\"height:20px\" aria-hidden=\"true\" class=\"wp-block-spacer\"><\/div>\n\n\n<div class=\"wp-block-image is-style-default\">\n<figure class=\"aligncenter size-full is-resized\" id=\"topo\"><a href=\"#informacoes-1\"><img decoding=\"async\" src=\"https:\/\/ufpr.br\/propg\/wp-content\/uploads\/2025\/06\/Icone_AcessoInformacao_Rosa.png\" alt=\"\" class=\"wp-image-6157\" style=\"object-fit:cover;width:70px;height:70px\" \/><\/a><\/figure><\/div>\n\n\n<p class=\"has-text-align-center has-text-color has-link-color wp-elements-c5301b63e3836fd0801f2a398c41702c\" style=\"color:#243673;font-size:14px\"><a href=\"#informacoes-1\">Sele\u00e7\u00e3o de Docente<\/a><\/p>\n<\/div>\n\n\n\n<div class=\"wp-block-column is-layout-flow wp-block-column-is-layout-flow\" style=\"flex-basis:1px\"><\/div>\n<\/div>\n\n\n\n<hr class=\"wp-block-separator has-text-color has-white-color has-alpha-channel-opacity has-white-background-color has-background is-style-wide\" \/>\n<\/div>\n<\/div>\n<\/div>\n<\/div>\n<\/div>\n\n\n\n<div class=\"wp-block-column is-layout-flow wp-block-column-is-layout-flow\" style=\"flex-basis:62%\">\n<div class=\"wp-block-columns is-layout-flex wp-container-core-columns-is-layout-9d6595d7 wp-block-columns-is-layout-flex\">\n<div class=\"wp-block-column is-layout-flow wp-block-column-is-layout-flow\">\n<h2 class=\"wp-block-heading has-text-align-left has-background has-medium-font-size\" id=\"informacoes-2\" style=\"background-color:#e8ecf5\">Habilita\u00e7\u00e3o de P\u00f3s-Graduandos<\/h2>\n\n\n\n<hr class=\"wp-block-separator has-text-color has-alpha-channel-opacity has-background is-style-wide\" style=\"background-color:#e8ecf5;color:#e8ecf5\" \/>\n\n\n\n<div class=\"wp-block-group\"><div class=\"wp-block-group__inner-container is-layout-constrained wp-block-group-is-layout-constrained\">\n<div class=\"wp-block-group is-vertical is-layout-flex wp-container-core-group-is-layout-8cf370e7 wp-block-group-is-layout-flex\">\n<div class=\"wp-block-group\"><div class=\"wp-block-group__inner-container is-layout-constrained wp-block-group-is-layout-constrained\">\n<div class=\"wp-block-group\"><div class=\"wp-block-group__inner-container is-layout-constrained wp-block-group-is-layout-constrained\">\n<div class=\"wp-block-group is-vertical is-layout-flex wp-container-core-group-is-layout-8cf370e7 wp-block-group-is-layout-flex\">\n<div class=\"wp-block-group is-vertical is-layout-flex wp-container-core-group-is-layout-8cf370e7 wp-block-group-is-layout-flex\">\n<ul style=\"font-size:16px\" class=\"wp-block-list\">\n<li><a href=\"https:\/\/ufpr.br\/propg\/wp-content\/uploads\/2025\/09\/sei_8082966_edital_04_2025.pdf\" target=\"_blank\" rel=\"noreferrer noopener\"><\/a><a href=\"https:\/\/www.prppg.ufpr.br\/site\/wp-content\/uploads\/2026\/03\/sei_8656225_edital_06_2026.pdf\" target=\"_blank\" rel=\"noreferrer noopener\">Edital 06\/2026 \u2013 PROPG\/SIPROP \u2013&nbsp;<\/a>Habilita\u00e7\u00e3o de P\u00f3s-Graduandos&nbsp;<em>(publicado em 18\/03\/2026 \u00e0s 11h55)<\/em><\/li>\n\n\n\n<li><a href=\"https:\/\/www.prppg.ufpr.br\/site\/wp-content\/uploads\/2026\/03\/sei-23075-008849_2026-09.pdf\">Informa\u00e7\u00e3o 02\/2026\/UFPR\/R\/PROPG\/SIPROP \u2013&nbsp;<\/a>Descri\u00e7\u00e3o do Projeto Aprovado&nbsp;<em>(publicado em 18\/03\/2026 \u00e0s 11h55)<\/em><\/li>\n\n\n\n<li><a href=\"https:\/\/www.prppg.ufpr.br\/site\/wp-content\/uploads\/2026\/03\/modelo_declaracao_coordenacao_ppg.docx\">Modelo de Declara\u00e7\u00e3o do Coordena\u00e7\u00e3o do PPG<\/a><\/li>\n<\/ul>\n\n\n\n<ul style=\"font-size:16px\" class=\"wp-block-list\">\n<li><a href=\"https:\/\/www.prppg.ufpr.br\/site\/wp-content\/uploads\/2026\/03\/sei_8699449_portaria_01_2.pdf\">Portaria 01\/2026 &#8211; PROPG\/SIPROP<\/a> &#8211; Designa\u00e7\u00e3o da Comiss\u00e3o de Sele\u00e7\u00e3o <em>(publicado em 25\/03\/2026 \u00e0s 11h55)<\/em><\/li>\n\n\n\n<li><a href=\"https:\/\/www.prppg.ufpr.br\/site\/wp-content\/uploads\/2026\/03\/sei-23075-008849_2026-09-inscricoes-discentes.pdf\" target=\"_blank\" rel=\"noreferrer noopener\">Informa\u00e7\u00e3o 03<\/a><a href=\"https:\/\/www.prppg.ufpr.br\/site\/wp-content\/uploads\/2026\/03\/sei-23075-008849_2026-09-inscricoes-discentes.pdf\">\/2026\/UFPR\/R\/PROPG\/SIPROP<\/a> &#8211; Lista de Inscri\u00e7\u00f5es Recebidas <em>(publicado em 26\/03\/2026 \u00e0s 14h)<\/em><\/li>\n\n\n\n<li><a href=\"https:\/\/www.prppg.ufpr.br\/site\/wp-content\/uploads\/2026\/03\/sei_8723584_edital_07_2026.pdf\">Edital 07\/2026 &#8211; PROPG\/SIPROP<\/a> &#8211;&nbsp; Resultado Preliminar Habilita\u00e7\u00e3o de P\u00f3s-Graduandos <em>(publicado em 30\/03\/2026 \u00e0s 14h45)<\/em><\/li>\n\n\n\n<li><a href=\"https:\/\/www.prppg.ufpr.br\/site\/wp-content\/uploads\/2026\/04\/sei_8728634_edital_08_2026.pdf\">Edital 08\/2026 &#8211; PROPG\/SIPROP &#8211;\u00a0<\/a> Resultado Final Habilita\u00e7\u00e3o de P\u00f3s-Graduandos <em>(publicado em 02\/04\/2026 \u00e0s 11h)<\/em><\/li>\n<\/ul>\n<\/div>\n<\/div>\n<\/div><\/div>\n<\/div><\/div>\n<\/div>\n<\/div><\/div>\n\n\n\n<p><img decoding=\"async\" src=\"https:\/\/ufpr.br\/propg\/wp-content\/uploads\/2026\/03\/cronograma-2.png\" alt=\"\"><\/p>\n<\/div>\n<\/div>\n\n\n\n<hr class=\"wp-block-separator has-alpha-channel-opacity is-style-dots\" \/>\n\n\n\n<div class=\"wp-block-columns is-layout-flex wp-container-core-columns-is-layout-9d6595d7 wp-block-columns-is-layout-flex\">\n<div class=\"wp-block-column is-layout-flow wp-block-column-is-layout-flow\">\n<h2 class=\"wp-block-heading has-text-align-left has-background has-medium-font-size\" id=\"informacoes-1\" style=\"background-color:#e8ecf5\">Sele\u00e7\u00e3o Docente<\/h2>\n\n\n\n<hr class=\"wp-block-separator has-text-color has-alpha-channel-opacity has-background is-style-wide\" style=\"background-color:#e8ecf5;color:#e8ecf5\" \/>\n\n\n\n<ul class=\"wp-block-list\">\n<li style=\"font-size:16px\"><a href=\"https:\/\/www.prppg.ufpr.br\/site\/wp-content\/uploads\/2026\/02\/edital_03_2026_siprop.pdf\">Edital 03\/2026 \u2013 PROPG\/SIPROP<\/a>&nbsp;\u2013 Sele\u00e7\u00e3o docente&nbsp;<em>(publicado em 27\/02\/2026 \u00e0s 13h)<\/em><\/li>\n\n\n\n<li style=\"font-size:16px\"><a href=\"https:\/\/www.prppg.ufpr.br\/site\/wp-content\/uploads\/2026\/03\/sei_8654120_informacao_1.pdf\">Informa\u00e7\u00e3o 01\/2026\/UFPR\/R\/PROPG\/SIPROP<\/a>&nbsp;\u2013 Lista de Inscri\u00e7\u00f5es&nbsp;<em>(publicado em 09\/03\/2026 \u00e0s 13h48)<\/em><\/li>\n\n\n\n<li style=\"font-size:16px\"><a href=\"https:\/\/www.prppg.ufpr.br\/site\/wp-content\/uploads\/2026\/03\/sei_8656180_edital_04_2026.pdf\">Edital 04\/2026\/UFPR\/R\/PROPG\/SIPROP&nbsp;<\/a>\u2013 Resultado preliminar Sele\u00e7\u00e3o docente&nbsp;<em>(publicado em 11\/03\/2026 \u00e0s 08h34)<\/em><\/li>\n\n\n\n<li style=\"font-size:16px\"><a href=\"https:\/\/ufpr.br\/propg\/wp-content\/uploads\/2026\/03\/resultado-docente.pdf\">Edital 05\/2026\/UFPR\/PROPG\/SIPROP<\/a>&nbsp;\u2013 Resultado final Sele\u00e7\u00e3o docente&nbsp;<em>(publicado em 13\/03\/2026 \u00e0s 11h25)<\/em><\/li>\n\n\n\n<li style=\"font-size:16px\"><a href=\"https:\/\/www.prppg.ufpr.br\/site\/wp-content\/uploads\/2026\/03\/sei-23075-008849_2026-09.pdf\">Informa\u00e7\u00e3o 02\/2026\/UFPR\/R\/PROPG\/SIPROP \u2013&nbsp;<\/a>Descri\u00e7\u00e3o do Projeto Aprovado&nbsp;<em>(publicado em 18\/03\/2026 \u00e0s 11h55)<\/em><\/li>\n<\/ul>\n\n\n<div class=\"wp-block-image\">\n<figure class=\"aligncenter size-full\"><a href=\"https:\/\/ufpr.br\/propg\/wp-content\/uploads\/2026\/03\/cronograma-1.png\" target=\"_blank\" rel=\" noreferrer noopener\"><img loading=\"lazy\" decoding=\"async\" width=\"583\" height=\"291\" src=\"https:\/\/ufpr.br\/propg\/wp-content\/uploads\/2026\/03\/cronograma-1.png\" alt=\"\" class=\"wp-image-51895\" srcset=\"https:\/\/ufpr.br\/propg\/wp-content\/uploads\/2026\/03\/cronograma-1.png 583w, https:\/\/ufpr.br\/propg\/wp-content\/uploads\/2026\/03\/cronograma-1-300x150.png 300w, https:\/\/ufpr.br\/propg\/wp-content\/uploads\/2026\/03\/cronograma-1-175x87.png 175w, https:\/\/ufpr.br\/propg\/wp-content\/uploads\/2026\/03\/cronograma-1-75x37.png 75w\" sizes=\"auto, (max-width: 583px) 100vw, 583px\" \/><\/a><\/figure><\/div><\/div>\n<\/div>\n\n\n\n<hr class=\"wp-block-separator has-alpha-channel-opacity is-style-dots\" \/>\n\n\n\n<div style=\"height:25px\" aria-hidden=\"true\" class=\"wp-block-spacer\"><\/div>\n<\/div>\n\n\n\n<div class=\"wp-block-column is-layout-flow wp-block-column-is-layout-flow\" style=\"flex-basis:3%\"><\/div>\n<\/div>\n","protected":false},"excerpt":{"rendered":"<p>O&nbsp;PROGRAMA BRASIL-CHINA DE L\u00cdDERES EM INOVA\u00c7\u00c3O CIENT\u00cdFICA E TECNOL\u00d3GICA&nbsp;tem como objetivo selecionar propostas institucionais para a indica\u00e7\u00e3o de p\u00f3s-graduandos de Institui\u00e7\u00f5es de Ensino Superior Brasileira (IES) para a realiza\u00e7\u00e3o de mobilidade de curta dura\u00e7\u00e3o na modalidade capacita\u00e7\u00e3o, destinada a mestrandos e doutorandos, al\u00e9m de docentes dessas mesmas institui\u00e7\u00f5es na&nbsp;Universidade de Beihang&nbsp;\u2013 China. Habilita\u00e7\u00e3o de P\u00f3s-Graduandos [&hellip;]<\/p>\n","protected":false},"author":43,"featured_media":0,"parent":9246,"menu_order":0,"comment_status":"closed","ping_status":"closed","template":"","meta":{"footnotes":""},"class_list":["post-51714","page","type-page","status-publish","hentry"],"_links":{"self":[{"href":"https:\/\/ufpr.br\/propg\/wp-json\/wp\/v2\/pages\/51714","targetHints":{"allow":["GET"]}}],"collection":[{"href":"https:\/\/ufpr.br\/propg\/wp-json\/wp\/v2\/pages"}],"about":[{"href":"https:\/\/ufpr.br\/propg\/wp-json\/wp\/v2\/types\/page"}],"author":[{"embeddable":true,"href":"https:\/\/ufpr.br\/propg\/wp-json\/wp\/v2\/users\/43"}],"replies":[{"embeddable":true,"href":"https:\/\/ufpr.br\/propg\/wp-json\/wp\/v2\/comments?post=51714"}],"version-history":[{"count":10,"href":"https:\/\/ufpr.br\/propg\/wp-json\/wp\/v2\/pages\/51714\/revisions"}],"predecessor-version":[{"id":52108,"href":"https:\/\/ufpr.br\/propg\/wp-json\/wp\/v2\/pages\/51714\/revisions\/52108"}],"up":[{"embeddable":true,"href":"https:\/\/ufpr.br\/propg\/wp-json\/wp\/v2\/pages\/9246"}],"wp:attachment":[{"href":"https:\/\/ufpr.br\/propg\/wp-json\/wp\/v2\/media?parent=51714"}],"curies":[{"name":"wp","href":"https:\/\/api.w.org\/{rel}","templated":true}]}}