{"id":50800,"date":"2026-02-05T15:10:09","date_gmt":"2026-02-05T18:10:09","guid":{"rendered":"https:\/\/ufpr.br\/propg\/?page_id=50800"},"modified":"2026-02-25T09:01:59","modified_gmt":"2026-02-25T12:01:59","slug":"inteligencia-artificial-na-producao-e-comunicacao-do-conhecimento-cientifico","status":"publish","type":"page","link":"https:\/\/ufpr.br\/propg\/cpgss\/cafe-com-sucupira\/inteligencia-artificial-na-producao-e-comunicacao-do-conhecimento-cientifico\/","title":{"rendered":"Intelig\u00eancia Artificial na Produ\u00e7\u00e3o e Comunica\u00e7\u00e3o do Conhecimento Cient\u00edfico"},"content":{"rendered":"\n<div style=\"height:50px\" aria-hidden=\"true\" class=\"wp-block-spacer\"><\/div>\n\n\n\n<div class=\"wp-block-columns is-layout-flex wp-container-core-columns-is-layout-9d6595d7 wp-block-columns-is-layout-flex\">\n<div class=\"wp-block-column is-layout-flow wp-block-column-is-layout-flow\" style=\"flex-basis:15%\">\n<div style=\"height:15px\" aria-hidden=\"true\" class=\"wp-block-spacer\"><\/div>\n\n\n<div class=\"wp-block-image\">\n<figure class=\"aligncenter size-full is-resized\" id=\"topo\"><img decoding=\"async\" src=\"https:\/\/ufpr.br\/propg\/wp-content\/uploads\/2025\/11\/cafecomsucupira_cinza.png\" alt=\"\" class=\"wp-image-44957\" style=\"object-fit:cover;width:150px;height:150px\"\/><\/figure><\/div><\/div>\n\n\n\n<div class=\"wp-block-column is-layout-flow wp-block-column-is-layout-flow\" style=\"flex-basis:85%\">\n<h2 class=\"wp-block-heading\">Evento: Intelig\u00eancia Artificial na Produ\u00e7\u00e3o e Comunica\u00e7\u00e3o do Conhecimento Cient\u00edfico<\/h2>\n\n\n\n<div style=\"height:25px\" aria-hidden=\"true\" class=\"wp-block-spacer\"><\/div>\n\n\n\n<blockquote class=\"wp-block-quote is-layout-flow wp-block-quote-is-layout-flow\">\n<p>A Pr\u00f3-Reitoria de P\u00f3s-Gradua\u00e7\u00e3o por meio da CPGSS promove o evento&nbsp;<strong>\u201cCaf\u00e9 com Sucupira | Intelig\u00eancia Artificial na Produ\u00e7\u00e3o e Comunica\u00e7\u00e3o do Conhecimento Cient\u00edfico\u201d<\/strong>, com a presen\u00e7a do&nbsp;<strong>Prof. Dr. Ricardo Limongi<\/strong>, da Universidade Federal de Goi\u00e1s,&nbsp;como parte da&nbsp;<a href=\"https:\/\/ufpr.br\/propg\/cpgss\/cafe-com-sucupira\/\">s\u00e9rie de eventos&nbsp;<strong>Caf\u00e9 com Sucupira<\/strong><\/a>.<\/p>\n<\/blockquote>\n\n\n\n<p>A palestra abordar\u00e1 o papel da Intelig\u00eancia Artificial no desenvolvimento e na comunica\u00e7\u00e3o das pesquisas cient\u00edficas, discutindo seus impactos, implica\u00e7\u00f5es cognitivas e \u00e9ticas, e os desafios do uso respons\u00e1vel dessas tecnologias no ambiente universit\u00e1rio, em di\u00e1logo com o novo ciclo de avalia\u00e7\u00e3o da CAPES.<\/p>\n\n\n\n<p>O evento \u00e9 gratuito, aberto ao p\u00fablico interno e externo mediante inscri\u00e7\u00e3o e voltado especialmente \u00e0s coordena\u00e7\u00f5es de PPGs, docentes, membros de comiss\u00f5es de avalia\u00e7\u00e3o e equipes t\u00e9cnico-administrativas que atuam na p\u00f3s-gradua\u00e7\u00e3o stricto sensu. A atividade integra as a\u00e7\u00f5es estrat\u00e9gicas da PROPG para o fortalecimento da gest\u00e3o acad\u00eamica e institucional dos Programas de P\u00f3s-Gradua\u00e7\u00e3o, alinhada ao planejamento do novo ciclo avaliativo da CAPES.<\/p>\n\n\n\n<div style=\"height:50px\" aria-hidden=\"true\" class=\"wp-block-spacer\"><\/div>\n\n\n\n<h2 class=\"wp-block-heading has-text-align-left has-background has-medium-font-size\" style=\"background-color:#e8ecf5\">INTELIG\u00caNCIA ARTIFICIAL NA PRODU\u00c7\u00c3O E COMUNICA\u00c7\u00c3O DO CONHECIMENTO CIENT\u00cdFICO<\/h2>\n\n\n\n<hr class=\"wp-block-separator has-text-color has-alpha-channel-opacity has-background is-style-wide\" style=\"background-color:#e8ecf5;color:#e8ecf5\"\/>\n\n\n\n<div class=\"wp-block-columns is-layout-flex wp-container-core-columns-is-layout-9d6595d7 wp-block-columns-is-layout-flex\">\n<div class=\"wp-block-column is-layout-flow wp-block-column-is-layout-flow\" style=\"flex-basis:33.33%\">\n<figure class=\"wp-block-image size-full\"><a href=\"https:\/\/forms.office.com\/r\/QuQKRh2SCc\" target=\"_blank\" rel=\" noreferrer noopener\"><img loading=\"lazy\" decoding=\"async\" width=\"1080\" height=\"1350\" src=\"https:\/\/ufpr.br\/propg\/wp-content\/uploads\/2026\/02\/limongi.jpg\" alt=\"\" class=\"wp-image-51501\" srcset=\"https:\/\/ufpr.br\/propg\/wp-content\/uploads\/2026\/02\/limongi.jpg 1080w, https:\/\/ufpr.br\/propg\/wp-content\/uploads\/2026\/02\/limongi-240x300.jpg 240w, https:\/\/ufpr.br\/propg\/wp-content\/uploads\/2026\/02\/limongi-819x1024.jpg 819w, https:\/\/ufpr.br\/propg\/wp-content\/uploads\/2026\/02\/limongi-768x960.jpg 768w, https:\/\/ufpr.br\/propg\/wp-content\/uploads\/2026\/02\/limongi-78x98.jpg 78w, https:\/\/ufpr.br\/propg\/wp-content\/uploads\/2026\/02\/limongi-46x57.jpg 46w\" sizes=\"auto, (max-width: 1080px) 100vw, 1080px\" \/><\/a><\/figure>\n<\/div>\n\n\n\n<div class=\"wp-block-column is-layout-flow wp-block-column-is-layout-flow\" style=\"flex-basis:66.66%\">\n<p><strong>Inscreva-se aqui<\/strong>: <strong><a href=\"https:\/\/forms.office.com\/r\/QuQKRh2SCc\" target=\"_blank\" rel=\"noreferrer noopener\">Clique para preencher o formul\u00e1rio<\/a><\/strong><\/p>\n\n\n\n<hr class=\"wp-block-separator has-text-color has-alpha-channel-opacity has-background is-style-wide\" style=\"background-color:#e8ecf5;color:#e8ecf5\"\/>\n\n\n\n<ul class=\"wp-block-list\">\n<li><strong>Data:<\/strong>\u00a009 de abril de 2026 (quinta-feira)<\/li>\n<\/ul>\n\n\n\n<ul class=\"wp-block-list\">\n<li><strong>Hor\u00e1rio:<\/strong>&nbsp;14h \u00e0s 16h00<\/li>\n<\/ul>\n\n\n\n<ul class=\"wp-block-list\">\n<li><strong>Local:<\/strong>&nbsp;Audit\u00f3rio Professor Ulysses de Campos (Setor de Ci\u00eancias Sociais Aplicadas \u2013 Campus Jardim Bot\u00e2nico \u2013 Curitiba\/PR) e On-line para os PPGs fora de Curitiba<\/li>\n<\/ul>\n<\/div>\n<\/div>\n\n\n\n<div style=\"height:50px\" aria-hidden=\"true\" class=\"wp-block-spacer\"><\/div>\n\n\n\n<h2 class=\"wp-block-heading has-text-align-left has-background has-medium-font-size\" style=\"background-color:#e8ecf5\">SOBRE O PALESTRANTE<\/h2>\n\n\n\n<hr class=\"wp-block-separator has-text-color has-alpha-channel-opacity has-background is-style-wide\" style=\"background-color:#e8ecf5;color:#e8ecf5\"\/>\n\n\n\n<p><strong>Prof. Dr. Ricardo Limongi&nbsp;<\/strong>\u00e9 Professor Associado da Universidade Federal de Goi\u00e1s (UFG), com atua\u00e7\u00e3o tamb\u00e9m na Universidade Federal de Uberl\u00e2ndia, Universidad de Santiago de Chile e University of the West Indies (Mona). Doutor em Administra\u00e7\u00e3o pela FGV-EAESP, com est\u00e1gio doutoral na Cornell University, realizou p\u00f3s-doutorado em Economia Comportamental aplicada ao Marketing (UnB) e em Machine Learning aplicado ao Marketing (UFRGS).<\/p>\n\n\n\n<p>\u00c9 bolsista de Produtividade em Desenvolvimento Tecnol\u00f3gico e Extens\u00e3o Inovadora do CNPq (N\u00edvel 2), editor-chefe da&nbsp;<em>Brazilian Administration Review (BAR)<\/em>&nbsp;e editor associado de peri\u00f3dicos de refer\u00eancia na \u00e1rea de Administra\u00e7\u00e3o. Suas pesquisas concentram-se em ado\u00e7\u00e3o de novas tecnologias, comportamento do consumidor e implica\u00e7\u00f5es cognitivas e \u00e9ticas da Intelig\u00eancia Artificial.<\/p>\n\n\n\n<p><a href=\"http:\/\/lattes.cnpq.br\/9466882455242939\" target=\"_blank\" rel=\"noreferrer noopener\">Curr\u00edculo Lattes<\/a><strong>\u00a0|\u00a0<\/strong><a href=\"https:\/\/orcid.org\/0000-0003-3231-7515\" target=\"_blank\" rel=\"noreferrer noopener\">Orcid iD<\/a> |\u00a0<a href=\"https:\/\/www.youtube.com\/c\/RicardoLimongiPhD\" target=\"_blank\" rel=\"noreferrer noopener\">Canal no Youtube<\/a><\/p>\n\n\n\n<div style=\"height:50px\" aria-hidden=\"true\" class=\"wp-block-spacer\"><\/div>\n\n\n\n<h2 class=\"wp-block-heading has-text-align-left has-background has-medium-font-size\" style=\"background-color:#e8ecf5\">PROGRAMA\u00c7\u00c3O<\/h2>\n\n\n\n<hr class=\"wp-block-separator has-text-color has-alpha-channel-opacity has-background is-style-wide\" style=\"background-color:#e8ecf5;color:#e8ecf5\"\/>\n\n\n\n<p><strong>14h00 \u2013 Abertura Institucional<\/strong><\/p>\n\n\n\n<ul class=\"wp-block-list\">\n<li>Pr\u00f3-Reitoria de P\u00f3s-Gradua\u00e7\u00e3o \u2013 PROPG\/UFPR<br>Coordenadoria de P\u00f3s-Gradua\u00e7\u00e3o Stricto Sensu \u2013 CPGSS<\/li>\n<\/ul>\n\n\n\n<p><strong>14h15 \u2013 Palestra:<\/strong>&nbsp;<em>Intelig\u00eancia Artificial na Produ\u00e7\u00e3o e Comunica\u00e7\u00e3o do Conhecimento Cient\u00edfico<\/em><br><strong>Prof. Dr. Ricardo Limongi&nbsp;<\/strong>&nbsp;\u2013 UFG<\/p>\n\n\n\n<ul class=\"wp-block-list\">\n<li>A palestra abordar\u00e1 o papel da Intelig\u00eancia Artificial no desenvolvimento e na comunica\u00e7\u00e3o das pesquisas cient\u00edficas, discutindo seus impactos, implica\u00e7\u00f5es cognitivas e \u00e9ticas, e os desafios do uso respons\u00e1vel dessas tecnologias no ambiente universit\u00e1rio, em di\u00e1logo com o novo ciclo de avalia\u00e7\u00e3o da CAPES.<\/li>\n<\/ul>\n\n\n\n<p><strong>15h45 \u2013 Debate e intera\u00e7\u00e3o com o p\u00fablico<\/strong><\/p>\n\n\n\n<p><strong>16h00 \u2013 Encerramento<\/strong><\/p>\n\n\n\n<ul class=\"wp-block-list\">\n<li>Hall do Audit\u00f3rio Prof. Ulysses de Campos<\/li>\n<\/ul>\n\n\n\n<div style=\"height:50px\" aria-hidden=\"true\" class=\"wp-block-spacer\"><\/div>\n\n\n\n<h2 class=\"wp-block-heading has-text-align-left has-background has-medium-font-size\" style=\"background-color:#e8ecf5\">CAF\u00c9 COM SUCUPIRA<\/h2>\n\n\n\n<hr class=\"wp-block-separator has-text-color has-alpha-channel-opacity has-background is-style-wide\" style=\"background-color:#e8ecf5;color:#e8ecf5\"\/>\n\n\n\n<div class=\"wp-block-columns is-layout-flex wp-container-core-columns-is-layout-9d6595d7 wp-block-columns-is-layout-flex\">\n<div class=\"wp-block-column is-layout-flow wp-block-column-is-layout-flow\" style=\"flex-basis:20%\"><div class=\"wp-block-image\">\n<figure class=\"aligncenter size-full is-resized\"><img decoding=\"async\" src=\"https:\/\/ufpr.br\/propg\/wp-content\/uploads\/2025\/11\/cafecomsucupira_cinza.png\" alt=\"\" class=\"wp-image-44957\" style=\"object-fit:cover;width:150px;height:150px\"\/><\/figure><\/div><\/div>\n\n\n\n<div class=\"wp-block-column is-layout-flow wp-block-column-is-layout-flow\" style=\"flex-basis:80%\">\n<p>S\u00e9rie de encontros da PROPG\/UFPR para apoiar os Programas de P\u00f3s-Gradua\u00e7\u00e3o na prepara\u00e7\u00e3o para as novas diretrizes de avalia\u00e7\u00e3o da CAPES (2025\u20132028). Um espa\u00e7o de forma\u00e7\u00e3o e debate estrat\u00e9gico para gestores, docentes, representantes discentes e equipes t\u00e9cnico-administrativas.<\/p>\n\n\n\n<p>Acompanhe as novidades em: &nbsp;<a href=\"https:\/\/ufpr.br\/propg\/cpgss\/cafe-com-sucupira\/\">https:\/\/ufpr.br\/propg\/cpgss\/cafe-com-sucupira\/<\/a><\/p>\n<\/div>\n<\/div>\n\n\n\n<hr class=\"wp-block-separator has-text-color has-alpha-channel-opacity has-background is-style-wide\" style=\"background-color:#e8ecf5;color:#e8ecf5\"\/>\n\n\n\n<p class=\"has-text-color has-link-color wp-elements-16631d866001ae142cbdd3786f7ccd26\" style=\"color:#243673\"><strong><a title=\"\" href=\"#topo\">Voltar ao topo<\/a><\/strong><\/p>\n<\/div>\n\n\n\n<div class=\"wp-block-column is-layout-flow wp-block-column-is-layout-flow\" style=\"flex-basis:1%\"><\/div>\n<\/div>\n","protected":false},"excerpt":{"rendered":"<p>Evento: Intelig\u00eancia Artificial na Produ\u00e7\u00e3o e Comunica\u00e7\u00e3o do Conhecimento Cient\u00edfico A Pr\u00f3-Reitoria de P\u00f3s-Gradua\u00e7\u00e3o por meio da CPGSS promove o evento&nbsp;\u201cCaf\u00e9 com Sucupira | Intelig\u00eancia Artificial na Produ\u00e7\u00e3o e Comunica\u00e7\u00e3o do Conhecimento Cient\u00edfico\u201d, com a presen\u00e7a do&nbsp;Prof. Dr. Ricardo Limongi, da Universidade Federal de Goi\u00e1s,&nbsp;como parte da&nbsp;s\u00e9rie de eventos&nbsp;Caf\u00e9 com Sucupira. A palestra abordar\u00e1 o [&hellip;]<\/p>\n","protected":false},"author":5,"featured_media":0,"parent":17252,"menu_order":0,"comment_status":"closed","ping_status":"closed","template":"","meta":{"footnotes":""},"class_list":["post-50800","page","type-page","status-publish","hentry"],"_links":{"self":[{"href":"https:\/\/ufpr.br\/propg\/wp-json\/wp\/v2\/pages\/50800","targetHints":{"allow":["GET"]}}],"collection":[{"href":"https:\/\/ufpr.br\/propg\/wp-json\/wp\/v2\/pages"}],"about":[{"href":"https:\/\/ufpr.br\/propg\/wp-json\/wp\/v2\/types\/page"}],"author":[{"embeddable":true,"href":"https:\/\/ufpr.br\/propg\/wp-json\/wp\/v2\/users\/5"}],"replies":[{"embeddable":true,"href":"https:\/\/ufpr.br\/propg\/wp-json\/wp\/v2\/comments?post=50800"}],"version-history":[{"count":17,"href":"https:\/\/ufpr.br\/propg\/wp-json\/wp\/v2\/pages\/50800\/revisions"}],"predecessor-version":[{"id":51527,"href":"https:\/\/ufpr.br\/propg\/wp-json\/wp\/v2\/pages\/50800\/revisions\/51527"}],"up":[{"embeddable":true,"href":"https:\/\/ufpr.br\/propg\/wp-json\/wp\/v2\/pages\/17252"}],"wp:attachment":[{"href":"https:\/\/ufpr.br\/propg\/wp-json\/wp\/v2\/media?parent=50800"}],"curies":[{"name":"wp","href":"https:\/\/api.w.org\/{rel}","templated":true}]}}