{"id":4608,"date":"2024-12-18T08:06:27","date_gmt":"2024-12-18T11:06:27","guid":{"rendered":"https:\/\/ufpr.br\/?page=4608"},"modified":"2025-10-15T08:45:34","modified_gmt":"2025-10-15T11:45:34","slug":"planejamento-estrategico","status":"publish","type":"page","link":"https:\/\/ufpr.br\/propg\/cpgss\/planejamento-estrategico\/","title":{"rendered":"Planejamento Estrat\u00e9gico"},"content":{"rendered":"\n<hr class=\"wp-block-separator has-text-color has-alpha-channel-opacity has-background is-style-wide\" style=\"background-color:#e8ecf5;color:#e8ecf5\"\/>\n\n\n\n<div style=\"height:10px\" aria-hidden=\"true\" class=\"wp-block-spacer\"><\/div>\n\n\n\n<div class=\"wp-block-columns are-vertically-aligned-center has-background is-layout-flex wp-container-core-columns-is-layout-9d6595d7 wp-block-columns-is-layout-flex\" style=\"background-color:#f0f0f0\">\n<div class=\"wp-block-column is-vertically-aligned-center is-layout-flow wp-block-column-is-layout-flow\" style=\"flex-basis:15%\"><div class=\"wp-block-image is-style-default\">\n<figure class=\"aligncenter size-full is-resized\" id=\"topo\"><img decoding=\"async\" src=\"https:\/\/ufpr.br\/propg\/wp-content\/uploads\/2025\/06\/Icone_PlanejamentoEstrategico_Rosa.png\" alt=\"\" class=\"wp-image-8556\" style=\"object-fit:cover;width:120px;height:120px\"\/><\/figure><\/div><\/div>\n\n\n\n<div class=\"wp-block-column is-vertically-aligned-center is-layout-flow wp-block-column-is-layout-flow\" style=\"flex-basis:50%\">\n<div class=\"wp-block-columns is-layout-flex wp-container-core-columns-is-layout-9d6595d7 wp-block-columns-is-layout-flex\">\n<div class=\"wp-block-column is-layout-flow wp-block-column-is-layout-flow\">\n<h1 class=\"wp-block-heading has-text-color has-link-color has-large-font-size wp-elements-8e0e2e4626864d5855963380d7f2c9fd\" style=\"color:#243673\"><strong>Planejamento Estrat\u00e9gico<\/strong><\/h1>\n\n\n\n<h1 class=\"wp-block-heading has-text-color has-link-color has-large-font-size wp-elements-37c83a4b352f1c90f0e519bf33800225\" style=\"color:#243673\"><strong>Stricto Sensu<\/strong><\/h1>\n\n\n\n<p class=\"has-text-color has-link-color has-large-font-size wp-elements-f8df89b0b2c4c6d4349c897de386de68\" style=\"color:#243673\">2020<\/p>\n<\/div>\n<\/div>\n<\/div>\n\n\n\n<div class=\"wp-block-column is-vertically-aligned-center is-layout-flow wp-block-column-is-layout-flow\" style=\"flex-basis:15%\"><\/div>\n\n\n\n<div class=\"wp-block-column is-vertically-aligned-center is-layout-flow wp-block-column-is-layout-flow\" style=\"flex-basis:25%\">\n<div class=\"wp-block-columns is-layout-flex wp-container-core-columns-is-layout-9d6595d7 wp-block-columns-is-layout-flex\">\n<div class=\"wp-block-column is-layout-flow wp-block-column-is-layout-flow\">\n<div style=\"height:25px\" aria-hidden=\"true\" class=\"wp-block-spacer\"><\/div>\n\n\n\n<div class=\"wp-block-columns is-layout-flex wp-container-core-columns-is-layout-9d6595d7 wp-block-columns-is-layout-flex\">\n<div class=\"wp-block-column is-vertically-aligned-top has-white-background-color has-background is-layout-flow wp-block-column-is-layout-flow\" style=\"flex-basis:100%\">\n<div style=\"height:10px\" aria-hidden=\"true\" class=\"wp-block-spacer\"><\/div>\n\n\n<div class=\"wp-block-image is-style-default\">\n<figure class=\"aligncenter size-full is-resized\"><a href=\"https:\/\/ufpr.br\/propg\/wp-content\/uploads\/2024\/12\/calendrio-2020-2021-atualizado-21-10.pdf\" target=\"_blank\" rel=\"noreferrer noopener\"><img decoding=\"async\" src=\"https:\/\/ufpr.br\/propg\/wp-content\/uploads\/2025\/06\/Icone_Calendario_Rosa.png\" alt=\"\" class=\"wp-image-7934\" style=\"object-fit:cover;width:70px;height:70px\"\/><\/a><\/figure><\/div>\n\n\n<p class=\"has-text-align-center has-text-color has-link-color wp-elements-ba416fc02ac7f2b30d04a6441ee482ce\" style=\"color:#243673;font-size:14px;font-style:normal;font-weight:700\"><a href=\"https:\/\/ufpr.br\/propg\/wp-content\/uploads\/2024\/12\/calendrio-2020-2021-atualizado-21-10.pdf\" target=\"_blank\" rel=\"noopener\" title=\"\">Calend\u00e1rio de atividades<br> (arquivo para impress\u00e3o)<\/a><\/p>\n<\/div>\n<\/div>\n<\/div>\n<\/div>\n<\/div>\n<\/div>\n\n\n\n<hr class=\"wp-block-separator has-text-color has-alpha-channel-opacity has-background is-style-wide\" style=\"background-color:#e8ecf5;color:#e8ecf5\"\/>\n\n\n\n<div class=\"wp-block-columns is-layout-flex wp-container-core-columns-is-layout-9d6595d7 wp-block-columns-is-layout-flex\">\n<div class=\"wp-block-column is-layout-flow wp-block-column-is-layout-flow\" style=\"flex-basis:1%\"><\/div>\n\n\n\n<div class=\"wp-block-column is-layout-flow wp-block-column-is-layout-flow\" style=\"flex-basis:46%\">\n<h2 class=\"wp-block-heading has-text-align-left has-background has-medium-font-size\" id=\"stricto-sensu\" style=\"background-color:#e8ecf5\">EXCEL\u00caNCIA NA P\u00d3S-GRADUA\u00c7\u00c3O<\/h2>\n\n\n\n<hr class=\"wp-block-separator has-text-color has-alpha-channel-opacity has-background is-style-wide\" style=\"background-color:#e8ecf5;color:#e8ecf5\"\/>\n\n\n\n<details class=\"wp-block-details is-layout-flow wp-block-details-is-layout-flow\"><summary>Programa\u00e7\u00e3o de Eventos<\/summary>\n<p>Todas as informa\u00e7\u00f5es (incluindo a programa\u00e7\u00e3o para novos eventos, acervo do que j\u00e1 foi realizado e materiais disponibilizados durante as apresenta\u00e7\u00f5es) podem ser consultadas em:<\/p>\n\n\n\n<p><a href=\"https:\/\/ufpr.br\/propg\/cpgss\/planejamento-estrategico\/programacao-eventos\/\">https:\/\/ufpr.br\/propg\/cpgss\/planejamento-estrategico\/programacao-eventos\/<\/a><\/p>\n\n\n\n<div style=\"height:20px\" aria-hidden=\"true\" class=\"wp-block-spacer\"><\/div>\n\n\n\n<hr class=\"wp-block-separator has-alpha-channel-opacity is-style-dots\"\/>\n<\/details>\n\n\n\n<details class=\"wp-block-details is-layout-flow wp-block-details-is-layout-flow\"><summary>Qualificando a Discuss\u00e3o<\/summary>\n<p>Para subsidiar o amadurecimento das quest\u00f5es propostas nas novas fichas de avalia\u00e7\u00e3o e permitir um melhor aporte de informa\u00e7\u00f5es no m\u00f3dulo Coleta do Sucupira, foram convidados palestrantes de alto n\u00edvel (Membros e ex-Membros do CTC, Coordenadores dos GTs da CAPES, Pr\u00f3-reitores, T\u00e9cnicos da DAV).<\/p>\n\n\n\n<p>Os eventos foram estruturados em temas voltados para melhorar a visibilidade da p\u00f3s-gradua\u00e7\u00e3o, subsidiar o planejamento e adequar os programas \u00e0s exig\u00eancias do novo modelo multidimensional de avalia\u00e7\u00e3o da CAPES.<\/p>\n\n\n\n<p>Todos os eventos ser\u00e3o transmitidos ao vivo e de acordo com o p\u00fablico-alvo de cada tema. Em algumas atividades, as discuss\u00f5es ser\u00e3o destinadas exclusivamente a coordenadores, vice-coordenadores e secret\u00e1rios, enquanto outras devem abranger todos os envolvidos no programa (gestores, docentes e discentes).<\/p>\n\n\n\n<ul class=\"wp-block-list\">\n<li><strong><a href=\"https:\/\/ufpr.br\/propg\/cpgss\/planejamento-estrategico\/programacao-eventos\/\" target=\"_blank\" rel=\"noreferrer noopener\">Acesse a programa\u00e7\u00e3o completa<\/a>&nbsp;<\/strong><\/li>\n<\/ul>\n\n\n\n<div style=\"height:20px\" aria-hidden=\"true\" class=\"wp-block-spacer\"><\/div>\n\n\n\n<hr class=\"wp-block-separator has-alpha-channel-opacity is-style-dots\"\/>\n<\/details>\n\n\n\n<details class=\"wp-block-details is-layout-flow wp-block-details-is-layout-flow\"><summary>Nova Avalia\u00e7\u00e3o da CAPES<\/summary>\n<p>A Avalia\u00e7\u00e3o Quadrienal da Capes est\u00e1 em fase de transi\u00e7\u00e3o, passou a observar crit\u00e9rios multidimensionais, aumentou o peso das an\u00e1lises qualitativas e apresentou uma nova exig\u00eancia para os programas:&nbsp;<strong>apresentar um planejamento estrat\u00e9gico bem estruturado<\/strong>. <\/p>\n\n\n\n<p>Para que os 91 programas de p\u00f3s-gradua\u00e7\u00e3o da UFPR possam desenvolver seus planejamentos individuais, a CPGSS disponibilizar\u00e1 materiais de apoio, oficinas e palestras que subsidiar\u00e3o a adapta\u00e7\u00e3o a esse novo formato de avalia\u00e7\u00e3o. <\/p>\n\n\n\n<p>As a\u00e7\u00f5es acontecer\u00e3o em dois eixos: prepara\u00e7\u00e3o para a avalia\u00e7\u00e3o quadrienal e desenvolvimento do planejamento estrat\u00e9gico de todos os programas de p\u00f3s-gradua\u00e7\u00e3o.&nbsp;<\/p>\n\n\n\n<p>Adicionalmente, foram convidados consultores de avalia\u00e7\u00e3o para qualificar os relat\u00f3rios apresentados pelos programas.<\/p>\n\n\n\n<ul class=\"wp-block-list\">\n<li><a href=\"https:\/\/ufpr.br\/propg\/wp-content\/uploads\/2024\/12\/nova-ficha-de-avaliao-aprovada.pdf\" target=\"_blank\" rel=\"noopener\" title=\"\">Modelo da nova ficha de avalia\u00e7\u00e3o aprovada no 182\u00ba CTC-ES<\/a><\/li>\n<\/ul>\n\n\n\n<div style=\"height:20px\" aria-hidden=\"true\" class=\"wp-block-spacer\"><\/div>\n\n\n\n<hr class=\"wp-block-separator has-alpha-channel-opacity is-style-dots\"\/>\n<\/details>\n\n\n\n<details class=\"wp-block-details is-layout-flow wp-block-details-is-layout-flow\"><summary>Planejamento Estrat\u00e9gico<\/summary>\n<p>Dando continuidade ao processo de acompanhamento e orienta\u00e7\u00e3o dos programas de p\u00f3s-gradua\u00e7\u00e3o na elabora\u00e7\u00e3o de seu planejamento e no preenchimento dos relat\u00f3rios da Plataforma Sucupira, a PRPPG, por meio da&nbsp;<strong>Coordenadoria de Programas de P\u00f3s-Gradua\u00e7\u00e3o Stricto Sensu (CPGSS)<\/strong>, elaborou a proposta de&nbsp;<strong>Planejamento Estrat\u00e9gico Institucional da P\u00f3s-gradua\u00e7\u00e3o Stricto Sensu<\/strong>&nbsp;para o Quadri\u00eanio 2021-2024.<\/p>\n\n\n\n<ul class=\"wp-block-list\">\n<li><a href=\"https:\/\/ufpr.br\/propg\/wp-content\/uploads\/2024\/12\/slides-reunio-1-proposta-institucional-planejamento.pptx\" target=\"_blank\" rel=\"noopener\" title=\"\">Proposta Institucional de Planejamento Estrat\u00e9gico para a P\u00f3s-gradua\u00e7\u00e3o Stricto Sensu<\/a><\/li>\n<\/ul>\n\n\n\n<div style=\"height:20px\" aria-hidden=\"true\" class=\"wp-block-spacer\"><\/div>\n\n\n\n<hr class=\"wp-block-separator has-alpha-channel-opacity is-style-dots\"\/>\n<\/details>\n\n\n\n<details class=\"wp-block-details is-layout-flow wp-block-details-is-layout-flow\"><summary>Consultores em Avalia\u00e7\u00e3o<\/summary>\n<p>Acesse a&nbsp;<strong>p\u00e1gina espec\u00edfica para os Consultores:&nbsp;<\/strong><\/p>\n\n\n\n<p><a href=\"https:\/\/ufpr.br\/propg\/cpgss\/planejamento-estrategico\/consultores\/\" target=\"_blank\" rel=\"noopener\" title=\"\">https:\/\/ufpr.br\/propg\/cpgss\/planejamento-estrategico\/consultores\/<\/a><\/p>\n\n\n\n<p><strong>Consultores em Avalia\u00e7\u00e3o<\/strong>: Qualificando as Informa\u00e7\u00f5es Apresentadas pelos Programas<\/p>\n\n\n\n<p>Trabalhando com o foco em ajustar a forma de apresenta\u00e7\u00e3o dos resultados dos programas para garantir que todo o trabalho realizado durante o quadri\u00eanio seja avaliado adequadamente, ficou evidente que a CPGSS e os PPGs precisariam de ajuda nesta etapa final da avalia\u00e7\u00e3o.<\/p>\n\n\n\n<p>A partir desta necessidade, foram convidados&nbsp;<strong>consultores de avalia\u00e7\u00e3o<\/strong>&nbsp;para qualificar os relat\u00f3rios apresentados pelos programas. Nesta etapa, 6 (seis) consultores com experi\u00eancia reconhecida foram convidados pela CPGSS e 61 foram indicados pelos PPGs.<\/p>\n\n\n\n<p><strong>Em um segundo momento, ser\u00e1 realizada a distribui\u00e7\u00e3o dos trabalhos de an\u00e1lise dos programas entre os&nbsp; consultores \u2013 e a organiza\u00e7\u00e3o em grandes col\u00e9gios de conhecimento de modo que n\u00e3o haja endogenia: o consultor atuar\u00e1 dentro do seu col\u00e9gio de conhecimento mas n\u00e3o dever\u00e1 analisar os trabalhos de seu pr\u00f3prio PPG.<\/strong><\/p>\n\n\n\n<p>Contribui\u00e7\u00e3o solicitada \u00e0 Comiss\u00e3o de Tutores \/ Consultores de Avalia\u00e7\u00e3o:<\/p>\n\n\n\n<ul class=\"wp-block-list\">\n<li>Orientar os programas para que os relat\u00f3rios reflitam sua evolu\u00e7\u00e3o: houve uma melhoria objetiva na qualidade dos PPGs da UFPR e \u00e9 importante mostrar isso tamb\u00e9m na parte qualitativa<\/li>\n<\/ul>\n\n\n\n<ul class=\"wp-block-list\">\n<li>Ler os relat\u00f3rios apresentados pelos PPGs antes da homologa\u00e7\u00e3o da PRPPG<\/li>\n<\/ul>\n\n\n\n<ul class=\"wp-block-list\">\n<li>Dar um feedback aos PPGs sobre o que foi apresentado e sugerir melhorias<\/li>\n<\/ul>\n\n\n\n<p>Para garantir o acompanhamento de elabora\u00e7\u00e3o dos relat\u00f3rios foi elaborado um plano de a\u00e7\u00e3o para alcan\u00e7ar os seguintes objetivos:<\/p>\n\n\n\n<ul class=\"wp-block-list\">\n<li>Instrumentaliza\u00e7\u00e3o para o preenchimento da parte qualitativa do Coleta: organizar os PPGs para deixarem o Sucupira pr\u00e9-preenchido com os dados j\u00e1 existentes (proposta do PPG, infraestrutura, prop\u00f3sito do PPG)<\/li>\n<\/ul>\n\n\n\n<ul class=\"wp-block-list\">\n<li>Realiza\u00e7\u00e3o de reuni\u00f5es sistem\u00e1ticas com os coordenadores (continuidade das reuni\u00f5es anuais iniciadas em 2017) para evidenciar pontos focais da nova avalia\u00e7\u00e3o para os PPGs<\/li>\n<\/ul>\n\n\n\n<ul class=\"wp-block-list\">\n<li>Distribui\u00e7\u00e3o de programas e consultores em grandes col\u00e9gios de conhecimento de modo que n\u00e3o haja endogenia: o consultor n\u00e3o dever\u00e1 analisar os trabalhos de seu pr\u00f3prio PPG.<\/li>\n<\/ul>\n\n\n\n<ul class=\"wp-block-list\">\n<li>Promover treinamentos focados nas exig\u00eancias da nova ficha de avalia\u00e7\u00e3o<\/li>\n<\/ul>\n\n\n\n<div style=\"height:20px\" aria-hidden=\"true\" class=\"wp-block-spacer\"><\/div>\n\n\n\n<hr class=\"wp-block-separator has-alpha-channel-opacity is-style-dots\"\/>\n<\/details>\n<\/div>\n\n\n\n<div class=\"wp-block-column is-layout-flow wp-block-column-is-layout-flow\" style=\"flex-basis:6%\"><\/div>\n\n\n\n<div class=\"wp-block-column is-layout-flow wp-block-column-is-layout-flow\" style=\"flex-basis:46%\">\n<h2 class=\"wp-block-heading has-text-align-left has-background has-medium-font-size\" id=\"lato-sensu\" style=\"background-color:#e8ecf5\">\u00daLTIMOS EVENTOS<\/h2>\n\n\n\n<hr class=\"wp-block-separator has-text-color has-alpha-channel-opacity has-background is-style-wide\" style=\"background-color:#e8ecf5;color:#e8ecf5\"\/>\n\n\n\n<figure class=\"wp-block-image size-large\"><a href=\"https:\/\/ufpr.br\/propg\/wp-content\/uploads\/2025\/01\/workshop-quesito-2-16-10-2020.jpg\"><img decoding=\"async\" src=\"https:\/\/ufpr.br\/propg\/wp-content\/uploads\/2025\/01\/workshop-quesito-2-16-10-2020-1024x340.jpg\" alt=\"\" class=\"wp-image-15753\"\/><\/a><figcaption class=\"wp-element-caption\">[Workshop] Quesito 2 da ficha de avalia\u00e7\u00e3o da CAPES &#8211; 16\/out\/20 &#8211; 9h (sexta-feira)<\/figcaption><\/figure>\n<\/div>\n\n\n\n<div class=\"wp-block-column is-layout-flow wp-block-column-is-layout-flow\" style=\"flex-basis:1%\"><\/div>\n<\/div>\n\n\n\n<div class=\"wp-block-columns is-layout-flex wp-container-core-columns-is-layout-9d6595d7 wp-block-columns-is-layout-flex\">\n<div class=\"wp-block-column is-layout-flow wp-block-column-is-layout-flow\" style=\"flex-basis:1%\"><\/div>\n\n\n\n<div class=\"wp-block-column is-layout-flow wp-block-column-is-layout-flow\" style=\"flex-basis:98%\">\n<div style=\"height:50px\" aria-hidden=\"true\" class=\"wp-block-spacer\"><\/div>\n\n\n\n<div class=\"wp-block-columns has-background is-layout-flex wp-container-core-columns-is-layout-9d6595d7 wp-block-columns-is-layout-flex\" style=\"background-color:#e8ecf5\">\n<div class=\"wp-block-column has-background is-layout-flow wp-block-column-is-layout-flow\" style=\"background-color:#e8ecf5;flex-basis:41%\">\n<div style=\"height:25px\" aria-hidden=\"true\" class=\"wp-block-spacer\"><\/div>\n\n\n\n<div class=\"wp-block-columns is-not-stacked-on-mobile is-layout-flex wp-container-core-columns-is-layout-9d6595d7 wp-block-columns-is-layout-flex\">\n<div class=\"wp-block-column has-white-background-color has-text-color has-background has-link-color wp-elements-d523b93e4952e2fb5e4a2d006b108004 is-layout-flow wp-block-column-is-layout-flow\" style=\"color:#003c71\">\n<div style=\"height:20px\" aria-hidden=\"true\" class=\"wp-block-spacer\"><\/div>\n\n\n<div class=\"wp-block-image is-style-default\">\n<figure class=\"aligncenter size-full is-resized\"><a href=\"https:\/\/ufpr.br\/propg\/cpgss\/planejamento-estrategico\/programacao-eventos\/\"><img decoding=\"async\" src=\"https:\/\/ufpr.br\/propg\/wp-content\/uploads\/2025\/06\/Icone_Calendario_Rosa.png\" alt=\"\" class=\"wp-image-7934\" style=\"object-fit:cover;width:70px;height:70px\"\/><\/a><\/figure><\/div>\n\n\n<p class=\"has-text-align-center has-text-color has-link-color wp-elements-ba472cae9f76c1216eb68e54599eb2c8\" style=\"color:#243673;font-size:14px\"><strong><a href=\"https:\/\/ufpr.br\/propg\/cpgss\/planejamento-estrategico\/programacao-eventos\/\">Programa\u00e7\u00e3o<br>de Eventos<\/a><\/strong><\/p>\n<\/div>\n\n\n\n<div class=\"wp-block-column has-white-background-color has-text-color has-background has-link-color wp-elements-e23139c3b52ede9d9b3a1eecf26ff3ad is-layout-flow wp-block-column-is-layout-flow\" style=\"color:#003c71\">\n<div style=\"height:20px\" aria-hidden=\"true\" class=\"wp-block-spacer\"><\/div>\n\n\n<div class=\"wp-block-image is-style-default\">\n<figure class=\"aligncenter size-full is-resized\"><a href=\"https:\/\/ufpr.br\/propg\/cpgss\/planejamento-estrategico\/\"><img decoding=\"async\" src=\"https:\/\/ufpr.br\/propg\/wp-content\/uploads\/2025\/06\/Icone_PlanejamentoEstrategico_Rosa.png\" alt=\"\" class=\"wp-image-8556\" style=\"object-fit:cover;width:70px;height:70px\"\/><\/a><\/figure><\/div>\n\n\n<p class=\"has-text-align-center has-text-color has-link-color wp-elements-016d3db4339bd7d54ff4a30522de5f11\" style=\"color:#243673;font-size:14px\"><a title=\"\" href=\"https:\/\/ufpr.br\/propg\/cpgss\/planejamento-estrategico\/\"><strong>Planejamento<br>Estrat\u00e9gico<\/strong><\/a><\/p>\n\n\n\n<div style=\"height:15px\" aria-hidden=\"true\" class=\"wp-block-spacer\"><\/div>\n<\/div>\n<\/div>\n<\/div>\n\n\n\n<div class=\"wp-block-column has-background is-layout-flow wp-block-column-is-layout-flow\" style=\"background-color:#e8ecf5;flex-basis:41%\">\n<div style=\"height:25px\" aria-hidden=\"true\" class=\"wp-block-spacer\"><\/div>\n\n\n\n<div class=\"wp-block-columns is-not-stacked-on-mobile is-layout-flex wp-container-core-columns-is-layout-9d6595d7 wp-block-columns-is-layout-flex\">\n<div class=\"wp-block-column has-white-background-color has-text-color has-background has-link-color wp-elements-75d93db11d8ca0d848c72c213b9feb1e is-layout-flow wp-block-column-is-layout-flow\" style=\"color:#003c71\">\n<div style=\"height:20px\" aria-hidden=\"true\" class=\"wp-block-spacer\"><\/div>\n\n\n<div class=\"wp-block-image is-style-default\">\n<figure class=\"aligncenter size-full is-resized\"><a href=\"https:\/\/ufpr.br\/propg\/cpgss\/planejamento-estrategico\/consultores\/\"><img decoding=\"async\" src=\"https:\/\/ufpr.br\/propg\/wp-content\/uploads\/2025\/07\/Icone_Comite_Reuniao_Rosa.png\" alt=\"\" class=\"wp-image-12806\" style=\"object-fit:cover;width:70px;height:70px\"\/><\/a><\/figure><\/div>\n\n\n<p class=\"has-text-align-center has-text-color has-link-color wp-elements-5e79c1137152b1bf3180835905de13b7\" style=\"color:#243673;font-size:14px\"><a title=\"\" href=\"https:\/\/ufpr.br\/propg\/cpgss\/planejamento-estrategico\/consultores\/\"><strong>Consultores<br>em Avalia\u00e7\u00e3o<\/strong><\/a><\/p>\n\n\n\n<div style=\"height:15px\" aria-hidden=\"true\" class=\"wp-block-spacer\"><\/div>\n<\/div>\n\n\n\n<div class=\"wp-block-column has-white-background-color has-text-color has-background has-link-color wp-elements-952c2cf520c32cb4bbe9409b0f9ff790 is-layout-flow wp-block-column-is-layout-flow\" style=\"color:#003c71\">\n<div style=\"height:20px\" aria-hidden=\"true\" class=\"wp-block-spacer\"><\/div>\n\n\n<div class=\"wp-block-image is-style-default\">\n<figure class=\"aligncenter size-full is-resized\"><a href=\"https:\/\/www.youtube.com\/cpgss\" target=\"_blank\" rel=\" noreferrer noopener\"><img decoding=\"async\" src=\"https:\/\/ufpr.br\/propg\/wp-content\/uploads\/2025\/09\/Icone_VideoPlayer_Rosa.png\" alt=\"\" class=\"wp-image-26602\" style=\"object-fit:cover;width:80px;height:80px\"\/><\/a><\/figure><\/div>\n\n\n<p class=\"has-text-align-center has-text-color has-link-color wp-elements-8f50a62e769e68ff0fa2e81a4df67d70\" style=\"color:#243673;font-size:14px\"><a title=\"\" href=\"https:\/\/www.youtube.com\/cpgss\" target=\"_blank\" rel=\"noopener\"><strong>Canal do<br>Youtube<\/strong><\/a><\/p>\n<\/div>\n<\/div>\n<\/div>\n\n\n\n<div class=\"wp-block-column has-background is-layout-flow wp-block-column-is-layout-flow\" style=\"background-color:#e8ecf5;flex-basis:18%\">\n<div style=\"height:25px\" aria-hidden=\"true\" class=\"wp-block-spacer\"><\/div>\n\n\n\n<div class=\"wp-block-columns is-not-stacked-on-mobile is-layout-flex wp-container-core-columns-is-layout-9d6595d7 wp-block-columns-is-layout-flex\">\n<div class=\"wp-block-column has-white-background-color has-text-color has-background has-link-color wp-elements-b2e0a965a37aa93b8e931ec2381acda3 is-layout-flow wp-block-column-is-layout-flow\" style=\"color:#003c71\">\n<div style=\"height:20px\" aria-hidden=\"true\" class=\"wp-block-spacer\"><\/div>\n\n\n<div class=\"wp-block-image is-style-default\">\n<figure class=\"aligncenter size-full is-resized\"><a href=\"https:\/\/web.microsoftstream.com\/channel\/5192faa8-fd95-4d6e-ae71-6e97e6739771\" target=\"_blank\" rel=\" noreferrer noopener\"><img decoding=\"async\" src=\"https:\/\/ufpr.br\/propg\/wp-content\/uploads\/2025\/09\/Icone_VideoTeams_Rosa.png\" alt=\"\" class=\"wp-image-26675\" style=\"object-fit:cover;width:70px;height:70px\"\/><\/a><\/figure><\/div>\n\n\n<p class=\"has-text-align-center has-text-color has-link-color wp-elements-bacf938664972f86df43d931d161a463\" style=\"color:#243673;font-size:14px\"><a title=\"\" href=\"https:\/\/web.microsoftstream.com\/channel\/5192faa8-fd95-4d6e-ae71-6e97e6739771\" target=\"_blank\" rel=\"noopener\"><strong>V\u00eddeos <br>do Teams<\/strong><\/a><\/p>\n\n\n\n<div style=\"height:15px\" aria-hidden=\"true\" class=\"wp-block-spacer\"><\/div>\n<\/div>\n<\/div>\n<\/div>\n<\/div>\n<\/div>\n\n\n\n<div class=\"wp-block-column is-layout-flow wp-block-column-is-layout-flow\" style=\"flex-basis:1%\"><\/div>\n<\/div>\n\n\n\n<div class=\"wp-block-columns is-layout-flex wp-container-core-columns-is-layout-9d6595d7 wp-block-columns-is-layout-flex\">\n<div class=\"wp-block-column is-layout-flow wp-block-column-is-layout-flow\" style=\"flex-basis:1%\"><\/div>\n\n\n\n<div class=\"wp-block-column is-layout-flow wp-block-column-is-layout-flow\" style=\"flex-basis:46%\">\n<h2 class=\"wp-block-heading has-text-align-left has-background has-medium-font-size\" style=\"background-color:#e8ecf5\">MATERIAL DE APOIO<\/h2>\n\n\n\n<hr class=\"wp-block-separator has-text-color has-alpha-channel-opacity has-background is-style-wide\" style=\"background-color:#e8ecf5;color:#e8ecf5\"\/>\n\n\n\n<p>Acesse documentos como mem\u00f3rias de reuni\u00e3o, arquivos compartilhados durante as apresenta\u00e7\u00f5es e demais informa\u00e7\u00f5es das atividades de planejamento e de prepara\u00e7\u00e3o para a avalia\u00e7\u00e3o quadrienal<\/p>\n\n\n\n<details class=\"wp-block-details has-background is-layout-flow wp-block-details-is-layout-flow\" style=\"background-color:#f0f0f0\"><summary>Acesso r\u00e1pido<\/summary>\n<div class=\"wp-block-columns is-layout-flex wp-container-core-columns-is-layout-9d6595d7 wp-block-columns-is-layout-flex\">\n<div class=\"wp-block-column has-white-background-color has-background is-layout-flow wp-block-column-is-layout-flow\" style=\"flex-basis:95%\">\n<div style=\"height:25px\" aria-hidden=\"true\" class=\"wp-block-spacer\"><\/div>\n\n\n\n<p>Documentos e sites de interesse para subsidiar os trabalhos das coordena\u00e7\u00f5es&nbsp;<\/p>\n\n\n\n<h2 class=\"wp-block-heading\">UFPR<\/h2>\n\n\n\n<hr class=\"wp-block-separator has-text-color has-alpha-channel-opacity has-background is-style-wide\" style=\"background-color:#e8ecf5;color:#e8ecf5\"\/>\n\n\n\n<ul class=\"wp-block-list\">\n<li><a href=\"https:\/\/siga.ufpr.br\/indicadores\/#!\/\" target=\"_blank\" rel=\"noreferrer noopener\">Portal de Indicadores da P\u00f3s-gradua\u00e7\u00e3o&nbsp;<\/a><\/li>\n<\/ul>\n\n\n\n<ul class=\"wp-block-list\">\n<li><a href=\"https:\/\/siga.ufpr.br\/indicadores\/#!\/\" target=\"_blank\" rel=\"noreferrer noopener\">Portal de&nbsp;&nbsp;<strong>Acompanhamento de Egressos<\/strong><\/a><\/li>\n<\/ul>\n\n\n\n<ul class=\"wp-block-list\">\n<li><a href=\"https:\/\/ufpr.br\/propg\/cpgss\/normas-e-comunicados\/\">Comunicados CPGSS<\/a> &#8211; link quebrado no site atual<\/li>\n<\/ul>\n\n\n\n<h2 class=\"wp-block-heading\">CAPES<\/h2>\n\n\n\n<hr class=\"wp-block-separator has-text-color has-alpha-channel-opacity has-background is-style-wide\" style=\"background-color:#e8ecf5;color:#e8ecf5\"\/>\n\n\n\n<ul class=\"wp-block-list\">\n<li><a href=\"http:\/\/www.capes.gov.br\/tutorial-sucupira\/PaginaInicial.html\" target=\"_blank\" rel=\"noopener\" title=\"\">Tutorial online Coleta Capes<\/a><\/li>\n<\/ul>\n\n\n\n<ul class=\"wp-block-list\">\n<li><a href=\"https:\/\/ufpr.br\/propg\/wp-content\/uploads\/2025\/01\/anexo-i.pdf\" target=\"_blank\" rel=\"noopener\" title=\"\">Modelo de ficha para coleta de dados<\/a><\/li>\n<\/ul>\n\n\n\n<ul class=\"wp-block-list\">\n<li><a href=\"https:\/\/ufpr.br\/propg\/cpgss\/normas-e-comunicados\/\">Comunicados CAPES<\/a> &#8211; link quebrado no site atual<\/li>\n<\/ul>\n\n\n\n<ul class=\"wp-block-list\">\n<li><a href=\"https:\/\/ufpr.br\/propg\/cpgss\/planejamento-estrategico\/documentos-capes\/\" target=\"_blank\" rel=\"noopener\" title=\"\">Relat\u00f3rios dos Grupos de Trabalho da Capes sobre o novo formato de avalia\u00e7\u00e3o<\/a><\/li>\n<\/ul>\n<\/div>\n\n\n\n<div class=\"wp-block-column is-layout-flow wp-block-column-is-layout-flow\" style=\"flex-basis:5%\"><\/div>\n<\/div>\n\n\n\n<hr class=\"wp-block-separator has-text-color has-alpha-channel-opacity has-background is-style-wide\" style=\"background-color:#e8ecf5;color:#e8ecf5\"\/>\n<\/details>\n\n\n\n<div style=\"height:5px\" aria-hidden=\"true\" class=\"wp-block-spacer\"><\/div>\n\n\n\n<details class=\"wp-block-details has-background is-layout-flow wp-block-details-is-layout-flow\" style=\"background-color:#f0f0f0\"><summary>Textos Padr\u00e3o<\/summary>\n<div class=\"wp-block-columns is-layout-flex wp-container-core-columns-is-layout-9d6595d7 wp-block-columns-is-layout-flex\">\n<div class=\"wp-block-column has-white-background-color has-background is-layout-flow wp-block-column-is-layout-flow\" style=\"flex-basis:95%\">\n<h2 class=\"wp-block-heading\">Textos para subsidiar a elabora\u00e7\u00e3o do Relat\u00f3rio<\/h2>\n\n\n\n<hr class=\"wp-block-separator has-text-color has-alpha-channel-opacity has-background is-style-wide\" style=\"background-color:#e8ecf5;color:#e8ecf5\"\/>\n\n\n\n<p>Acesse aqui os textos com informa\u00e7\u00f5es sobre a p\u00f3s-gradua\u00e7\u00e3o da UFPR para subsidiar a&nbsp; elabora\u00e7\u00e3o dos relat\u00f3rios (<strong>textos edit\u00e1veis .docx<\/strong>):<\/p>\n\n\n\n<ol class=\"wp-block-list\">\n<li><a href=\"https:\/\/ufpr.br\/propg\/wp-content\/uploads\/2025\/01\/of-014-de-2019-texto-padro-portal-de-egressos-jan-20.docx\" target=\"_blank\" rel=\"noopener\" title=\"\">Acompanhamento de Egressos<\/a>&nbsp;(Portal do Aluno Egresso)<\/li>\n<\/ol>\n\n\n\n<ol start=\"2\" class=\"wp-block-list\">\n<li><a href=\"https:\/\/ufpr.br\/propg\/wp-content\/uploads\/2025\/01\/of-014-de-2019-texto-padro-ufpr.docx\" target=\"_blank\" rel=\"noopener\" title=\"\">Apresenta\u00e7\u00e3o da UFPR e da p\u00f3s-gradua\u00e7\u00e3o stricto sensu<\/a><\/li>\n<\/ol>\n\n\n\n<ol start=\"3\" class=\"wp-block-list\">\n<li><a href=\"https:\/\/ufpr.br\/propg\/wp-content\/uploads\/2025\/01\/texto-padrao-autoavaliacao-da-pesquisa-e-pos-graduacao-3.docx\" target=\"_blank\" rel=\"noopener\" title=\"\">Autoavalia\u00e7\u00e3o institucional da pesquisa e p\u00f3s-gradua\u00e7\u00e3o<\/a><\/li>\n<\/ol>\n\n\n\n<ol start=\"4\" class=\"wp-block-list\">\n<li><a href=\"https:\/\/ufpr.br\/propg\/wp-content\/uploads\/2025\/01\/bibliotecas-sibi.docx\" target=\"_blank\" rel=\"noopener\" title=\"\">Sistema de Bibliotecas (SiBi\/UFPR)<\/a><\/li>\n<\/ol>\n\n\n\n<ol start=\"5\" class=\"wp-block-list\">\n<li>&nbsp;<a href=\"https:\/\/ufpr.br\/propg\/wp-content\/uploads\/2025\/01\/capa-centro-de-assessoria-de-publicao-acadmica.docx\" target=\"_blank\" rel=\"noopener\" title=\"\">Centro de Assessoria de Publica\u00e7\u00e3o Acad\u00eamica da UFPR<\/a><\/li>\n<\/ol>\n\n\n\n<ol start=\"6\" class=\"wp-block-list\">\n<li><a href=\"https:\/\/ufpr.br\/propg\/wp-content\/uploads\/2025\/01\/agtic-descricao-de-servicos-que-afetam-professores-e-alunos.docx\" target=\"_blank\" rel=\"noopener\" title=\"\">Infraestrutura de tecnologia da informa\u00e7\u00e3o: AGTIC UFPR<\/a><\/li>\n<\/ol>\n\n\n\n<ol start=\"7\" class=\"wp-block-list\">\n<li><a href=\"https:\/\/ufpr.br\/propg\/wp-content\/uploads\/2025\/01\/texto-padro-agitec.docx\" target=\"_blank\" rel=\"noopener\" title=\"\">Ag\u00eancia de Inova\u00e7\u00e3o UFPR<\/a><\/li>\n<\/ol>\n\n\n\n<ol start=\"8\" class=\"wp-block-list\">\n<li><a href=\"https:\/\/ufpr.br\/propg\/wp-content\/uploads\/2025\/01\/texto-padrao-aui.docx\" target=\"_blank\" rel=\"noopener\" title=\"\">Ag\u00eancia UFPR Internacional (AUI)<\/a><\/li>\n<\/ol>\n\n\n\n<ol start=\"9\" class=\"wp-block-list\">\n<li>&nbsp;<a href=\"https:\/\/ufpr.br\/propg\/wp-content\/uploads\/2025\/01\/of-014-de-2019-texto-padro-transversais.docx\" target=\"_blank\" rel=\"noopener\" title=\"\">Inova\u00e7\u00e3o em atividades de ensino: as Disciplinas Transversais<\/a><\/li>\n<\/ol>\n\n\n\n<ol start=\"10\" class=\"wp-block-list\">\n<li><a href=\"https:\/\/ufpr.br\/propg\/wp-content\/uploads\/2025\/01\/of-014-de-2019-texto-padro-portal-de-indicadores.docx\" target=\"_blank\" rel=\"noopener\" title=\"\">Portal de Indicadores da P\u00f3s-gradua\u00e7\u00e3o<\/a><\/li>\n<\/ol>\n\n\n\n<ol start=\"11\" class=\"wp-block-list\">\n<li><a href=\"https:\/\/ufpr.br\/propg\/wp-content\/uploads\/2025\/01\/temp5.pdf\" target=\"_blank\" rel=\"noopener\" title=\"\">Quantitativos da p\u00f3s-gradua\u00e7\u00e3o stricto sensu<\/a><\/li>\n<\/ol>\n\n\n\n<ol start=\"12\" class=\"wp-block-list\">\n<li><a href=\"https:\/\/ufpr.br\/propg\/wp-content\/uploads\/2025\/01\/of-014-de-2019-texto-padro-siga.docx\" target=\"_blank\" rel=\"noopener\" title=\"\">Sistema Integrado de Gest\u00e3o Acad\u00eamica da P\u00f3s-gradua\u00e7\u00e3o UFPR (SIGA)<\/a><\/li>\n<\/ol>\n<\/div>\n\n\n\n<div class=\"wp-block-column is-layout-flow wp-block-column-is-layout-flow\" style=\"flex-basis:5%\"><\/div>\n<\/div>\n\n\n\n<hr class=\"wp-block-separator has-text-color has-alpha-channel-opacity has-background is-style-wide\" style=\"background-color:#e8ecf5;color:#e8ecf5\"\/>\n<\/details>\n\n\n\n<div style=\"height:5px\" aria-hidden=\"true\" class=\"wp-block-spacer\"><\/div>\n\n\n\n<details class=\"wp-block-details has-background is-layout-flow wp-block-details-is-layout-flow\" style=\"background-color:#f0f0f0\"><summary>Modelo de Planejamento Interno<\/summary>\n<div class=\"wp-block-columns is-layout-flex wp-container-core-columns-is-layout-9d6595d7 wp-block-columns-is-layout-flex\">\n<div class=\"wp-block-column has-white-background-color has-background is-layout-flow wp-block-column-is-layout-flow\" style=\"flex-basis:95%\">\n<p>Documento modelo para planejamento interno dos PPGs<\/p>\n\n\n\n<ul class=\"wp-block-list\">\n<li><strong>Slides:&nbsp;<\/strong><a href=\"https:\/\/ufpr.br\/propg\/wp-content\/uploads\/2024\/12\/slides-reunio-1-proposta-institucional-planejamento.pptx\" target=\"_blank\" rel=\"noopener\" title=\"\">Apresenta\u00e7\u00e3o da&nbsp;Proposta Institucional de Planejamento Estrat\u00e9gico para a P\u00f3s-gradua\u00e7\u00e3o Stricto Sensu<\/a><\/li>\n<\/ul>\n\n\n\n<ul class=\"wp-block-list\">\n<li><strong>Slides<\/strong>:&nbsp;<a href=\"https:\/\/ufpr.br\/propg\/wp-content\/uploads\/2025\/01\/pes-2020-ppgs.pptx\" target=\"_blank\" rel=\"noopener\" title=\"\">Modelo do Planejamento (Matriz SWOT e orienta\u00e7\u00f5es)<\/a>&nbsp;<\/li>\n<\/ul>\n\n\n\n<ul class=\"wp-block-list\">\n<li><strong>Word<\/strong>:&nbsp;<a href=\"https:\/\/ufpr.br\/propg\/wp-content\/uploads\/2025\/01\/planej-estrat-ppgps_ufpr.docx\" target=\"_blank\" rel=\"noopener\" title=\"\">Planejamento Estrat\u00e9gico PPGs (arquivo edit\u00e1vel .doc)<\/a><\/li>\n<\/ul>\n<\/div>\n\n\n\n<div class=\"wp-block-column is-layout-flow wp-block-column-is-layout-flow\" style=\"flex-basis:5%\"><\/div>\n<\/div>\n\n\n\n<hr class=\"wp-block-separator has-text-color has-alpha-channel-opacity has-background is-style-wide\" style=\"background-color:#e8ecf5;color:#e8ecf5\"\/>\n<\/details>\n\n\n\n<div style=\"height:25px\" aria-hidden=\"true\" class=\"wp-block-spacer\"><\/div>\n\n\n\n<hr class=\"wp-block-separator has-alpha-channel-opacity is-style-dots\"\/>\n<\/div>\n\n\n\n<div class=\"wp-block-column is-layout-flow wp-block-column-is-layout-flow\" style=\"flex-basis:6%\"><\/div>\n\n\n\n<div class=\"wp-block-column is-layout-flow wp-block-column-is-layout-flow\" style=\"flex-basis:46%\">\n<h2 class=\"wp-block-heading has-text-align-left has-background has-medium-font-size\" style=\"background-color:#e8ecf5\">ACERVO<\/h2>\n\n\n\n<hr class=\"wp-block-separator has-text-color has-alpha-channel-opacity has-background is-style-wide\" style=\"background-color:#e8ecf5;color:#e8ecf5\"\/>\n\n\n\n<p>Acesse documentos como mem\u00f3rias de reuni\u00e3o, arquivos compartilhados durante as apresenta\u00e7\u00f5es e demais informa\u00e7\u00f5es das atividades de planejamento e de prepara\u00e7\u00e3o para a avalia\u00e7\u00e3o quadrienal<\/p>\n\n\n\n<div style=\"height:5px\" aria-hidden=\"true\" class=\"wp-block-spacer\"><\/div>\n\n\n\n<details class=\"wp-block-details has-background is-layout-flow wp-block-details-is-layout-flow\" style=\"background-color:#f0f0f0\"><summary>Apresenta\u00e7\u00e3o do PES &#8211; 20.07.2020<\/summary>\n<div class=\"wp-block-columns is-layout-flex wp-container-core-columns-is-layout-9d6595d7 wp-block-columns-is-layout-flex\">\n<div class=\"wp-block-column has-white-background-color has-background is-layout-flow wp-block-column-is-layout-flow\" style=\"flex-basis:95%\">\n<h2 class=\"wp-block-heading\">Reuni\u00e3o 1: Apresenta\u00e7\u00e3o da Proposta de Planejamento Estrat\u00e9gico para a Stricto Sensu UFPR<\/h2>\n\n\n\n<p>Data: 20.07.2020<\/p>\n\n\n\n<h2 class=\"wp-block-heading\">Participantes<\/h2>\n\n\n\n<hr class=\"wp-block-separator has-text-color has-alpha-channel-opacity has-background is-style-wide\" style=\"background-color:#e8ecf5;color:#e8ecf5\"\/>\n\n\n\n<ul class=\"wp-block-list\">\n<li>Prof. Andr\u00e9 Rodacki (CPGSS)<\/li>\n<\/ul>\n\n\n\n<ul class=\"wp-block-list\">\n<li>Coordena\u00e7\u00f5es dos PPGs<\/li>\n<\/ul>\n\n\n\n<h2 class=\"wp-block-heading\">V\u00eddeos<\/h2>\n\n\n\n<hr class=\"wp-block-separator has-text-color has-alpha-channel-opacity has-background is-style-wide\" style=\"background-color:#e8ecf5;color:#e8ecf5\"\/>\n\n\n\n<ul class=\"wp-block-list\">\n<li><a href=\"https:\/\/web.microsoftstream.com\/video\/dbfebc91-93c7-4753-8e97-38a2f75416a5\" target=\"_blank\" rel=\"noopener\" title=\"\"><strong>Abertura<\/strong><\/a>: apresenta\u00e7\u00e3o da proposta institucional pelo Prof. Andr\u00e9 Rodacki<\/li>\n<\/ul>\n\n\n\n<ul class=\"wp-block-list\">\n<li><a href=\"https:\/\/web.microsoftstream.com\/video\/bf0257a1-a9ec-4d2d-9460-26a299cd56e2\" target=\"_blank\" rel=\"noopener\" title=\"\"><strong>Curta Ci\u00eancia<\/strong><\/a>: apresenta\u00e7\u00e3o do projeto Curta Ci\u00eancia pela Prof. Valqu\u00edria<\/li>\n<\/ul>\n\n\n\n<ul class=\"wp-block-list\">\n<li><a href=\"https:\/\/web.microsoftstream.com\/video\/57f55597-63c5-4cae-9268-2931e9f43ad4\" target=\"_blank\" rel=\"noopener\" title=\"\"><strong>Reuni\u00e3o 01<\/strong><\/a>: grava\u00e7\u00e3o integral da reuni\u00e3o realizada em 20.07.2020<\/li>\n<\/ul>\n\n\n\n<h2 class=\"wp-block-heading\">Mem\u00f3ria de Reuni\u00e3o e outros arquivos<\/h2>\n\n\n\n<hr class=\"wp-block-separator has-text-color has-alpha-channel-opacity has-background is-style-wide\" style=\"background-color:#e8ecf5;color:#e8ecf5\"\/>\n\n\n\n<ul class=\"wp-block-list\">\n<li><strong>Slides<\/strong>:&nbsp;<a href=\"https:\/\/ufpr.br\/propg\/wp-content\/uploads\/2024\/12\/slides-reunio-1-proposta-institucional-planejamento.pptx\" target=\"_blank\" rel=\"noopener\" title=\"\">Proposta Institucional Planejamento Stricto Sensu<\/a><\/li>\n<\/ul>\n\n\n\n<ul class=\"wp-block-list\">\n<li><strong>Slides<\/strong>:&nbsp;<a href=\"https:\/\/ufpr.br\/propg\/wp-content\/uploads\/2025\/01\/slides-reunio-1-curta-ciencia-20-07-2020.pptx\" target=\"_blank\" rel=\"noopener\" title=\"\">Projeto Curta Ci\u00eancia<\/a><\/li>\n<\/ul>\n\n\n\n<ul class=\"wp-block-list\">\n<li><a href=\"https:\/\/forms.gle\/bDsJk468eRJdQChF7\" target=\"_blank\" rel=\"noopener\" title=\"\">Formul\u00e1rio para indica\u00e7\u00e3o dos consultores<\/a><\/li>\n<\/ul>\n<\/div>\n\n\n\n<div class=\"wp-block-column is-layout-flow wp-block-column-is-layout-flow\" style=\"flex-basis:5%\"><\/div>\n<\/div>\n\n\n\n<hr class=\"wp-block-separator has-text-color has-alpha-channel-opacity has-background is-style-wide\" style=\"background-color:#e8ecf5;color:#e8ecf5\"\/>\n<\/details>\n\n\n\n<div style=\"height:5px\" aria-hidden=\"true\" class=\"wp-block-spacer\"><\/div>\n\n\n\n<details class=\"wp-block-details has-background is-layout-flow wp-block-details-is-layout-flow\" style=\"background-color:#f0f0f0\"><summary>Modelo (template) &#8211; 03.09.2020<\/summary>\n<div class=\"wp-block-columns is-layout-flex wp-container-core-columns-is-layout-9d6595d7 wp-block-columns-is-layout-flex\">\n<div class=\"wp-block-column has-white-background-color has-background is-layout-flow wp-block-column-is-layout-flow\" style=\"flex-basis:95%\">\n<h2 class=\"wp-block-heading\">Reuni\u00e3o 2: Apresenta\u00e7\u00e3o do Modelo de Planejamento Estrat\u00e9gico para a Stricto Sensu UFPR<\/h2>\n\n\n\n<p>Data: 03.09.2020<\/p>\n\n\n\n<h2 class=\"wp-block-heading\">Participantes<\/h2>\n\n\n\n<hr class=\"wp-block-separator has-text-color has-alpha-channel-opacity has-background is-style-wide\" style=\"background-color:#e8ecf5;color:#e8ecf5\"\/>\n\n\n\n<ul class=\"wp-block-list\">\n<li>Prof. Andr\u00e9 Rodacki (e equipe CPGSS)<\/li>\n<\/ul>\n\n\n\n<ul class=\"wp-block-list\">\n<li>Coordena\u00e7\u00f5es dos PPGs<\/li>\n<\/ul>\n\n\n\n<h2 class=\"wp-block-heading\">Mem\u00f3ria de Reuni\u00e3o e outros arquivos<\/h2>\n\n\n\n<hr class=\"wp-block-separator has-text-color has-alpha-channel-opacity has-background is-style-wide\" style=\"background-color:#e8ecf5;color:#e8ecf5\"\/>\n\n\n\n<ul class=\"wp-block-list\">\n<li><strong>V\u00eddeo<\/strong>:&nbsp;<a href=\"https:\/\/web.microsoftstream.com\/video\/2219418c-62db-4a7f-a1da-4aca31e15a09\" target=\"_blank\" rel=\"noopener\" title=\"\">Reuni\u00e3o 03.09.2020<\/a><\/li>\n<\/ul>\n\n\n\n<ul class=\"wp-block-list\">\n<li><strong>Slides<\/strong>:&nbsp;<a href=\"https:\/\/ufpr.br\/propg\/wp-content\/uploads\/2025\/01\/apresentao-modelo-planejamento-reunio-de-03-09-2020.pptx\" target=\"_blank\" rel=\"noopener\" title=\"\">Apresenta\u00e7\u00e3o do Modelo, atualiza\u00e7\u00e3o do cronograma e distribui\u00e7\u00e3o pr\u00e9via dos Consultores por PPG<\/a><\/li>\n<\/ul>\n\n\n\n<ul class=\"wp-block-list\">\n<li><strong>Slides<\/strong>:&nbsp;<a href=\"https:\/\/ufpr.br\/propg\/wp-content\/uploads\/2025\/01\/pes-2020-ppgs.pptx\" target=\"_blank\" rel=\"noopener\" title=\"\">Modelo do Planejamento (Matriz SWOT e orienta\u00e7\u00f5es)<\/a>&nbsp;<\/li>\n<\/ul>\n\n\n\n<ul class=\"wp-block-list\">\n<li><strong>Word<\/strong>:&nbsp;<a href=\"https:\/\/ufpr.br\/propg\/wp-content\/uploads\/2025\/01\/planej-estrat-ppgps_ufpr.docx\" target=\"_blank\" rel=\"noopener\" title=\"\">Planejamento Estrat\u00e9gico PPGs (arquivo edit\u00e1vel .doc)<\/a><\/li>\n<\/ul>\n\n\n\n<ul class=\"wp-block-list\">\n<li><strong>Formul\u00e1rio<\/strong>:&nbsp;<a href=\"https:\/\/forms.gle\/V8mKB6JUNMCcYzWd6\" target=\"_blank\" rel=\"noopener\" title=\"\">aceite do PPG para Consultoria em Avalia\u00e7\u00e3o<\/a><\/li>\n<\/ul>\n\n\n\n<ul class=\"wp-block-list\">\n<li><strong>Tutorial<\/strong>:&nbsp;<a href=\"https:\/\/ufpr.br\/propg\/cpgss\/ajuste-e-reformulacao-curricular-siga\/\" target=\"_blank\" rel=\"noopener\" title=\"\">como preencher ementas e estruturar a grade curricular do PPG<\/a><\/li>\n<\/ul>\n<\/div>\n\n\n\n<div class=\"wp-block-column is-layout-flow wp-block-column-is-layout-flow\" style=\"flex-basis:5%\"><\/div>\n<\/div>\n\n\n\n<hr class=\"wp-block-separator has-text-color has-alpha-channel-opacity has-background is-style-wide\" style=\"background-color:#e8ecf5;color:#e8ecf5\"\/>\n<\/details>\n\n\n\n<div style=\"height:5px\" aria-hidden=\"true\" class=\"wp-block-spacer\"><\/div>\n\n\n\n<details class=\"wp-block-details has-background is-layout-flow wp-block-details-is-layout-flow\" style=\"background-color:#f0f0f0\"><summary>Reuni\u00f5es<\/summary>\n<div class=\"wp-block-columns is-layout-flex wp-container-core-columns-is-layout-9d6595d7 wp-block-columns-is-layout-flex\">\n<div class=\"wp-block-column has-white-background-color has-background is-layout-flow wp-block-column-is-layout-flow\" style=\"flex-basis:95%\">\n<h2 class=\"wp-block-heading\">Reuni\u00f5es, workshops e eventos realizados<\/h2>\n\n\n\n<p>As reuni\u00f5es com gestores e outros atores de planejamento ser\u00e3o realizadas e arquivadas na&nbsp;<a href=\"https:\/\/web.microsoftstream.com\/channel\/5192faa8-fd95-4d6e-ae71-6e97e6739771\" target=\"_blank\" rel=\"noreferrer noopener\">plataforma Teams<\/a>&nbsp;e os eventos abertos \u00e0 comunidade ser\u00e3o transmitidos pelo&nbsp;<a href=\"https:\/\/www.youtube.com\/channel\/UCfK6WpCuSnnW2p-Cq3kkHXQ\/about\" target=\"_blank\" rel=\"noreferrer noopener\">canal da CPGSS no YouTube<\/a>.<\/p>\n\n\n\n<p>Para acessar os v\u00eddeos das reuni\u00f5es no Teams basta inserir seu login e senha da intranet UFPR.<\/p>\n\n\n\n<div style=\"height:25px\" aria-hidden=\"true\" class=\"wp-block-spacer\"><\/div>\n\n\n\n<hr class=\"wp-block-separator has-text-color has-alpha-channel-opacity has-background is-style-wide\" style=\"background-color:#e8ecf5;color:#e8ecf5\"\/>\n\n\n\n<p><strong>Eventos na&nbsp;<a href=\"https:\/\/web.microsoftstream.com\/channel\/5192faa8-fd95-4d6e-ae71-6e97e6739771\" target=\"_blank\" rel=\"noreferrer noopener\">plataforma Teams<\/a>:<\/strong>&nbsp;<\/p>\n\n\n\n<hr class=\"wp-block-separator has-text-color has-alpha-channel-opacity has-background is-style-wide\" style=\"background-color:#e8ecf5;color:#e8ecf5\"\/>\n\n\n\n<ol class=\"wp-block-list\">\n<li><a href=\"https:\/\/web.microsoftstream.com\/video\/dbfebc91-93c7-4753-8e97-38a2f75416a5?channelId=5192faa8-fd95-4d6e-ae71-6e97e6739771\" target=\"_blank\" rel=\"noopener\" title=\"\">Planejamento Stricto Sensu \u2013apresenta\u00e7\u00e3o \u2013 20\/07\/2020<\/a><\/li>\n<\/ol>\n\n\n\n<ol start=\"2\" class=\"wp-block-list\">\n<li><a href=\"https:\/\/web.microsoftstream.com\/video\/bf0257a1-a9ec-4d2d-9460-26a299cd56e2?channelId=5192faa8-fd95-4d6e-ae71-6e97e6739771\" target=\"_blank\" rel=\"noopener\" title=\"\">Apresenta\u00e7\u00e3o do projeto CURTA CI\u00caNCIA-20\/07\/2020<\/a><\/li>\n<\/ol>\n\n\n\n<ol start=\"3\" class=\"wp-block-list\">\n<li><a href=\"https:\/\/web.microsoftstream.com\/video\/51b8fdfb-8b68-4691-90a1-308745c36390?channelId=5192faa8-fd95-4d6e-ae71-6e97e6739771\" target=\"_blank\" rel=\"noopener\" title=\"\">Modelo Planejamento \u2013 Apresenta\u00e7\u00e3o aos Consultores em Avalia\u00e7\u00e3o-31\/08\/2020<\/a><\/li>\n<\/ol>\n\n\n\n<ol start=\"4\" class=\"wp-block-list\">\n<li><a href=\"https:\/\/web.microsoftstream.com\/video\/2219418c-62db-4a7f-a1da-4aca31e15a09?channelId=5192faa8-fd95-4d6e-ae71-6e97e6739771\" target=\"_blank\" rel=\"noopener\" title=\"\">Modelo Planejamento \u2013 Apresenta\u00e7\u00e3o ao F\u00f3rum Coordenadores \u2013 03\/09\/2020<\/a><\/li>\n<\/ol>\n\n\n\n<ol start=\"5\" class=\"wp-block-list\">\n<li><a href=\"https:\/\/web.microsoftstream.com\/video\/2562e21a-c1ca-4f3a-8010-518bd0fdc52d?channelId=5192faa8-fd95-4d6e-ae71-6e97e6739771\" target=\"_blank\" rel=\"noopener\" title=\"\">Oficina Sites PPGs -Profa. Rafaela Mantovani \u2013 SIGA \u2013 17\/08\/2020<\/a><\/li>\n<\/ol>\n\n\n\n<ol start=\"6\" class=\"wp-block-list\">\n<li><a href=\"https:\/\/web.microsoftstream.com\/video\/e4d72f06-751c-415e-bb00-70f3b7384d7f?channelId=5192faa8-fd95-4d6e-ae71-6e97e6739771\" target=\"_blank\" rel=\"noopener\" title=\"\">Workshop Ficha de avalia\u00e7\u00e3o Quesito 1 (itens 1.1; 1.2; 1.4)-14\/09\/2020<\/a><\/li>\n<\/ol>\n\n\n\n<ol start=\"7\" class=\"wp-block-list\">\n<li><a href=\"https:\/\/web.microsoftstream.com\/video\/c1ef578d-8ccd-4c1c-8ae1-83bd9368d86c?channelId=5192faa8-fd95-4d6e-ae71-6e97e6739771\" target=\"_blank\" rel=\"noopener\" title=\"\">Oficina Ferramenta para Detec\u00e7\u00e3o de Pl\u00e1gio \u2013 09\/10\/2020<\/a><\/li>\n<\/ol>\n\n\n\n<ol start=\"8\" class=\"wp-block-list\">\n<li><a href=\"https:\/\/web.microsoftstream.com\/video\/6cc727b2-4640-416f-a374-f8546d233dac?channelId=5192faa8-fd95-4d6e-ae71-6e97e6739771\" target=\"_blank\" rel=\"noopener\" title=\"\">Oficina Indicadores da P\u00f3s-gradua\u00e7\u00e3o \u2013 13\/10\/2020<\/a><\/li>\n<\/ol>\n\n\n\n<ol start=\"9\" class=\"wp-block-list\">\n<li><a href=\"https:\/\/web.microsoftstream.com\/video\/dd262280-76a1-4455-9842-5401af20d782?channelId=5192faa8-fd95-4d6e-ae71-6e97e6739771\" target=\"_blank\" rel=\"noopener\" title=\"\">Workshop Ficha de avalia\u00e7\u00e3o Quesito 2 (itens 2.1 a 2.5) -16\/10\/2020<\/a><\/li>\n<\/ol>\n\n\n\n<ol start=\"10\" class=\"wp-block-list\">\n<li><a href=\"https:\/\/web.microsoftstream.com\/video\/23b40182-eb25-4d2c-bbd5-7bba692ade20\" target=\"_blank\" rel=\"noreferrer noopener\">M\u00f3dulo Destaques \u2013 informativos e d\u00favida \u2013 27\/05\/2021<\/a><\/li>\n<\/ol>\n\n\n\n<div style=\"height:25px\" aria-hidden=\"true\" class=\"wp-block-spacer\"><\/div>\n\n\n\n<hr class=\"wp-block-separator has-alpha-channel-opacity is-style-dots\"\/>\n\n\n\n<div style=\"height:25px\" aria-hidden=\"true\" class=\"wp-block-spacer\"><\/div>\n\n\n\n<hr class=\"wp-block-separator has-text-color has-alpha-channel-opacity has-background is-style-wide\" style=\"background-color:#e8ecf5;color:#e8ecf5\"\/>\n\n\n\n<p><strong>Eventos no&nbsp;<a href=\"https:\/\/www.youtube.com\/channel\/UCfK6WpCuSnnW2p-Cq3kkHXQ\/about\" target=\"_blank\" rel=\"noreferrer noopener\">canal da CPGSS no YouTube:<\/a><\/strong><\/p>\n\n\n\n<hr class=\"wp-block-separator has-text-color has-alpha-channel-opacity has-background is-style-wide\" style=\"background-color:#e8ecf5;color:#e8ecf5\"\/>\n\n\n\n<ul class=\"wp-block-list\">\n<li><a href=\"https:\/\/www.youtube.com\/watch?v=lWLkMGH2QRU\" target=\"_blank\" rel=\"noopener\" title=\"\">Oficina Curta Ci\u00eancia \u2013 profa. Valqu\u00edria Michela John (PPG Comunica\u00e7\u00e3o-UFPR)<\/a><\/li>\n<\/ul>\n\n\n\n<ul class=\"wp-block-list\">\n<li><a href=\"https:\/\/www.youtube.com\/watch?v=zTeT_k-wLqw\" target=\"_blank\" rel=\"noopener\" title=\"\">Novo Qualis \u2013 prof. Paulo Jorge dos Santos -UFPE<\/a><\/li>\n<\/ul>\n\n\n\n<ul class=\"wp-block-list\">\n<li><a href=\"https:\/\/www.youtube.com\/watch?v=wSIrn3-xwCo\" target=\"_blank\" rel=\"noopener\" title=\"\">Press release e relacionamento com a imprensa-Oficina Curta Ci\u00eancia \u2013 profa. Valqu\u00edria Michela John (PPG Comunica\u00e7\u00e3o-UFPR)<\/a><\/li>\n<\/ul>\n\n\n\n<ul class=\"wp-block-list\">\n<li><a href=\"https:\/\/www.youtube.com\/watch?v=L0paXvW4fDk\" target=\"_blank\" rel=\"noopener\" title=\"\">Impacto econ\u00f4mico, social e cultural do programa (Prof. Eduardo Martinelli-UFRN)<\/a><\/li>\n<\/ul>\n\n\n\n<ul class=\"wp-block-list\">\n<li><a href=\"https:\/\/www.youtube.com\/watch?v=b4Rlmqccmt0\" target=\"_blank\" rel=\"noopener\" title=\"\">Inova\u00e7\u00e3o e transfer\u00eancia do conhecimento\u2013prof. Carlos Yamamoto-Ag\u00eancia de Inova\u00e7\u00e3o UFPR<\/a><\/li>\n<\/ul>\n\n\n\n<ul class=\"wp-block-list\">\n<li><a href=\"https:\/\/www.youtube.com\/watch?v=ngJGZzdXth8\" target=\"_blank\" rel=\"noopener\" title=\"\">Caminhos da pesquisa em PPGs de excel\u00eancia (prof. Sylvio Canuto-USP)<\/a><\/li>\n<\/ul>\n\n\n\n<ul class=\"wp-block-list\">\n<li><a href=\"https:\/\/www.youtube.com\/watch?v=te2-B-0y2CY\" target=\"_blank\" rel=\"noopener\" title=\"\">Workhop: Elabora\u00e7\u00e3o do Press release de teses e disserta\u00e7\u00f5es- profa. Valqu\u00edria Michela John (PPG Comunica\u00e7\u00e3o-UFPR)<\/a><\/li>\n<\/ul>\n<\/div>\n\n\n\n<div class=\"wp-block-column is-layout-flow wp-block-column-is-layout-flow\" style=\"flex-basis:5%\"><\/div>\n<\/div>\n\n\n\n<hr class=\"wp-block-separator has-text-color has-alpha-channel-opacity has-background is-style-wide\" style=\"background-color:#e8ecf5;color:#e8ecf5\"\/>\n<\/details>\n\n\n\n<div style=\"height:25px\" aria-hidden=\"true\" class=\"wp-block-spacer\"><\/div>\n\n\n\n<hr class=\"wp-block-separator has-alpha-channel-opacity is-style-dots\"\/>\n<\/div>\n\n\n\n<div class=\"wp-block-column is-layout-flow wp-block-column-is-layout-flow\" style=\"flex-basis:1%\"><\/div>\n<\/div>\n\n\n\n<div class=\"wp-block-columns is-layout-flex wp-container-core-columns-is-layout-9d6595d7 wp-block-columns-is-layout-flex\">\n<div class=\"wp-block-column is-layout-flow wp-block-column-is-layout-flow\" style=\"flex-basis:1%\"><\/div>\n\n\n\n<div class=\"wp-block-column is-layout-flow wp-block-column-is-layout-flow\" style=\"flex-basis:46%\">\n<h2 class=\"wp-block-heading has-text-align-left has-background has-medium-font-size\" style=\"background-color:#e8ecf5\">DOCUMENTOS \u00daTEIS <br>&#8211; CAPES<\/h2>\n\n\n\n<hr class=\"wp-block-separator has-text-color has-alpha-channel-opacity has-background is-style-wide\" style=\"background-color:#e8ecf5;color:#e8ecf5\"\/>\n\n\n\n<h2 class=\"wp-block-heading\">Relat\u00f3rios, Cartilhas e Documentos T\u00e9cnicos<\/h2>\n\n\n\n<p>Clique para expandir e acessar os arquivos relacionados aos temas<\/p>\n\n\n\n<div style=\"height:25px\" aria-hidden=\"true\" class=\"wp-block-spacer\"><\/div>\n\n\n\n<details class=\"wp-block-details is-layout-flow wp-block-details-is-layout-flow\"><summary>RELAT\u00d3RIOS GRUPOS DE TRABALHO CAPES<\/summary>\n<p>Publica\u00e7\u00f5es que divulgam os resultados de estudos e proposi\u00e7\u00f5es decorrentes de Grupos de Trabalho criados pela CAPES, com a finalidade de aprimoramento do processo e de instrumentos relacionados a avalia\u00e7\u00e3o da p\u00f3s-gradua\u00e7\u00e3o.<\/p>\n\n\n\n<ol start=\"1\" class=\"wp-block-list\">\n<li><a href=\"http:\/\/www.capes.gov.br\/images\/novo_portal\/documentos\/DAV\/avaliacao\/10062019_Autoavalia%C3%A7%C3%A3o-de-Programas-de-P%C3%B3s-Gradua%C3%A7%C3%A3o.pdf\" target=\"_blank\" rel=\"noreferrer noopener\">AUTOAVALIA\u00c7\u00c3O DE PROGRAMAS DE P\u00d3S-GRADUA\u00c7\u00c3O (PDF 1,7 MB)<\/a><\/li>\n<\/ol>\n\n\n\n<ol start=\"2\" class=\"wp-block-list\">\n<li><a href=\"http:\/\/www.capes.gov.br\/images\/novo_portal\/documentos\/DAV\/avaliacao\/10062019_FichaAvalia%C3%A7%C3%A3o.pdf\" target=\"_blank\" rel=\"noreferrer noopener\">FICHA DE AVALIA\u00c7\u00c3O&nbsp;(PDF 1,1 MB)<\/a><a href=\"http:\/\/www.capes.gov.br\/images\/stories\/download\/avaliacao\/relatorios-tecnicos-dav\/Cartilha-DAV-pt-br-Avaliacao.pdf\" target=\"_blank\" rel=\"noreferrer noopener\"><\/a><\/li>\n<\/ol>\n\n\n\n<ol start=\"3\" class=\"wp-block-list\">\n<li><a href=\"http:\/\/www.capes.gov.br\/images\/novo_portal\/documentos\/DAV\/avaliacao\/10062019_Produ%C3%A7%C3%A3o-T%C3%A9cnica.pdf\" target=\"_blank\" rel=\"noreferrer noopener\">PRODU\u00c7\u00c3O T\u00c9CNICA (PDF 1,9 MB)<\/a><\/li>\n<\/ol>\n\n\n\n<ol start=\"4\" class=\"wp-block-list\">\n<li><a href=\"http:\/\/www.capes.gov.br\/images\/novo_portal\/documentos\/DAV\/avaliacao\/12062019_Proposta-de-Classifica%C3%A7%C3%A3o-de-Livros_GT-QualisLivro.pdf\" target=\"_blank\" rel=\"noreferrer noopener\">PROPOSTA DE CLASSIFICA\u00c7\u00c3O DE LIVROS \u2013 GT \u2013 QUALIS LIVRO&nbsp;(PDF 2 MB)<\/a><\/li>\n<\/ol>\n\n\n\n<ol start=\"5\" class=\"wp-block-list\">\n<li><a href=\"http:\/\/www.capes.gov.br\/images\/novo_portal\/documentos\/DAV\/avaliacao\/10062019_Qualis-Artistico-Classifica%C3%A7%C3%A3o-de-Eventos.pdf\" target=\"_blank\" rel=\"noreferrer noopener\">QUALIS ART\u00cdSTICO \u2013 CLASSIFICA\u00c7\u00c3O DE EVENTOS&nbsp;(PDF 1,2MB)<\/a><\/li>\n<\/ol>\n\n\n\n<ol start=\"6\" class=\"wp-block-list\">\n<li><a href=\"http:\/\/www.capes.gov.br\/images\/novo_portal\/documentos\/DAV\/APCN\/10102019_Relat%C3%B3rio_GT-ModalidadeEaD_Relatorios_Tecnicos_DAV.pdf\" target=\"_blank\" rel=\"noreferrer noopener\">CRIT\u00c9RIOS AVALIATIVOS PARA PROPOSTAS DE CURSOS NOVOS NA MODALIDADE EAD (PDF 2 MB)<\/a><\/li>\n<\/ol>\n\n\n\n<ol start=\"7\" class=\"wp-block-list\">\n<li><a href=\"http:\/\/www.capes.gov.br\/images\/RELATORIOS_GTS\/2020-01-03_Relat%C3%B3rio_GT-Impacto-e-Relevancia-Economica-e-Social.pdf\" target=\"_blank\" rel=\"noopener\" title=\"\">IMPACTO E RELEV\u00c2NCIA ECON\u00d4MICA E SOCIAL (PDF 3 MB)<\/a><\/li>\n<\/ol>\n\n\n\n<ol start=\"8\" class=\"wp-block-list\">\n<li><a href=\"http:\/\/www.capes.gov.br\/images\/RELATORIOS_GTS\/2020-01-03_Relat%C3%B3rio_GT-Internacionalizacao.pdf\" target=\"_blank\" rel=\"noopener\" title=\"\">INTERNACIONALIZA\u00c7\u00c3O (PDF 1MB)<\/a><\/li>\n<\/ol>\n\n\n\n<ol start=\"9\" class=\"wp-block-list\">\n<li><a href=\"http:\/\/www.capes.gov.br\/images\/RELATORIOS_GTS\/2020-01-03_Relat%C3%B3rio_GT-Inovacao-e-transferencia-de-conhecimento.pdf\" target=\"_blank\" rel=\"noopener\" title=\"\">INOVA\u00c7\u00c3O E TRANSFER\u00caNCIA DE CONHECIMENTO (PDF 2 MB)<\/a><\/li>\n<\/ol>\n\n\n\n<hr class=\"wp-block-separator has-text-color has-alpha-channel-opacity has-background is-style-wide\" style=\"background-color:#e8ecf5;color:#e8ecf5\"\/>\n\n\n\n<hr class=\"wp-block-separator has-alpha-channel-opacity is-style-dots\"\/>\n<\/details>\n\n\n\n<details class=\"wp-block-details is-layout-flow wp-block-details-is-layout-flow\"><summary>NOVO MODELO DA FICHA DE AVALIA\u00c7\u00c3O<\/summary>\n<ul class=\"wp-block-list\">\n<li><a href=\"https:\/\/ufpr.br\/propg\/wp-content\/uploads\/2025\/01\/10062019_fichaavaliao.pdf\" target=\"_blank\" rel=\"noopener\" title=\"\">GT CAPES explica proposta da nova ficha de avalia\u00e7\u00e3o<\/a><\/li>\n<\/ul>\n\n\n\n<ul class=\"wp-block-list\">\n<li><a href=\"https:\/\/ufpr.br\/propg\/wp-content\/uploads\/2024\/12\/nova-ficha-de-avaliao-aprovada.pdf\" target=\"_blank\" rel=\"noopener\" title=\"\">Modelo de ficha aprovada no 182\u00ba CTC-ES<\/a><\/li>\n<\/ul>\n\n\n\n<ul class=\"wp-block-list\">\n<li><a href=\"https:\/\/ufpr.br\/propg\/wp-content\/uploads\/2025\/01\/modelo-nova-ficha-avaliao.xlsx\" target=\"_blank\" rel=\"noopener\" title=\"\">Modelo de ficha edit\u00e1vel (.xls)<\/a><\/li>\n<\/ul>\n\n\n\n<figure class=\"wp-block-image size-full\"><a href=\"https:\/\/ufpr.br\/propg\/wp-content\/uploads\/2024\/12\/nova-ficha-de-avaliao-aprovada.pdf\" target=\"_blank\" rel=\"noreferrer noopener\"><img decoding=\"async\" src=\"https:\/\/ufpr.br\/propg\/wp-content\/uploads\/2025\/01\/nova-ficha-avaliao-capes.jpg\" alt=\"\" class=\"wp-image-15417\"\/><\/a><\/figure>\n\n\n\n<hr class=\"wp-block-separator has-text-color has-alpha-channel-opacity has-background is-style-wide\" style=\"background-color:#e8ecf5;color:#e8ecf5\"\/>\n\n\n\n<hr class=\"wp-block-separator has-alpha-channel-opacity is-style-dots\"\/>\n<\/details>\n\n\n\n<details class=\"wp-block-details is-layout-flow wp-block-details-is-layout-flow\"><summary>APRIMORAMENTO DA AVALIA\u00c7\u00c3O<\/summary>\n<figure class=\"wp-block-image size-full\"><a href=\"https:\/\/ufpr.br\/propg\/wp-content\/uploads\/2025\/01\/novo-formato-de-avaliao.jpg\" target=\"_blank\" rel=\"noreferrer noopener\"><img decoding=\"async\" src=\"https:\/\/ufpr.br\/propg\/wp-content\/uploads\/2025\/01\/novo-formato-de-avaliao.jpg\" alt=\"\" class=\"wp-image-15683\"\/><\/a><\/figure>\n\n\n\n<hr class=\"wp-block-separator has-text-color has-alpha-channel-opacity has-background is-style-wide\" style=\"background-color:#e8ecf5;color:#e8ecf5\"\/>\n\n\n\n<hr class=\"wp-block-separator has-alpha-channel-opacity is-style-dots\"\/>\n<\/details>\n\n\n\n<details class=\"wp-block-details is-layout-flow wp-block-details-is-layout-flow\"><summary>AVALIA\u00c7\u00c3O MULTIDIMENSIONAL <\/summary>\n<p>Relat\u00f3rios mais recentes dos Grupos de Trabalho da CAPES sobre o novo modelo de Avalia\u00e7\u00e3o Multidimensional<\/p>\n\n\n\n<ul class=\"wp-block-list\">\n<li><a href=\"https:\/\/ufpr.br\/propg\/wp-content\/uploads\/2025\/01\/19072019_relatorio-tecnico-dav-avaliacao-multidimensional-ppg.pdf\" target=\"_blank\" rel=\"noopener\" title=\"\">Relatorio-Tecnico-DAV-Avaliacao-Multidimensional-PPG<\/a><\/li>\n<\/ul>\n\n\n\n<ul class=\"wp-block-list\">\n<li><a href=\"https:\/\/ufpr.br\/propg\/wp-content\/uploads\/2025\/01\/2020-01-03_relatrio_gt-impacto-e-relevancia-economica-e-social.pdf\" target=\"_blank\" rel=\"noopener\" title=\"\">Relat\u00f3rio_GT-Impacto-e-Relevancia-Economica-e-Social<\/a><\/li>\n<\/ul>\n\n\n\n<ul class=\"wp-block-list\">\n<li><a href=\"https:\/\/ufpr.br\/propg\/wp-content\/uploads\/2025\/01\/2020-01-03_relatrio_gt-inovacao-e-transferencia-de-conhecimento.pdf\" target=\"_blank\" rel=\"noopener\" title=\"\">Relat\u00f3rio_GT-Inovacao-e-transferencia-de-conhecimento<\/a><\/li>\n<\/ul>\n\n\n\n<ul class=\"wp-block-list\">\n<li><a href=\"https:\/\/ufpr.br\/propg\/wp-content\/uploads\/2025\/01\/2020-01-03_relatrio_gt-internacionalizacao.pdf\" target=\"_blank\" rel=\"noopener\" title=\"\">Relat\u00f3rio_GT-Internacionalizacao<\/a><\/li>\n<\/ul>\n\n\n\n<hr class=\"wp-block-separator has-text-color has-alpha-channel-opacity has-background is-style-wide\" style=\"background-color:#e8ecf5;color:#e8ecf5\"\/>\n\n\n\n<hr class=\"wp-block-separator has-alpha-channel-opacity is-style-dots\"\/>\n<\/details>\n\n\n\n<details class=\"wp-block-details is-layout-flow wp-block-details-is-layout-flow\"><summary>EGRESSOS, AVALIA\u00c7\u00c3O E EDUCA\u00c7\u00c3O DOUTORAL <\/summary>\n<p>Estudos e pesquisas desenvolvidos pela Diretoria de Avalia\u00e7\u00e3o da CAPES<\/p>\n\n\n\n<ul class=\"wp-block-list\">\n<li><a href=\"https:\/\/ufpr.br\/propg\/wp-content\/uploads\/2025\/01\/19122018_cartilha-dav-avaliacao.pdf\" target=\"_blank\" rel=\"noopener\" title=\"\">Avalia\u00e7\u00e3o de Ensino e Pesquisa<\/a><\/li>\n<\/ul>\n\n\n\n<ul class=\"wp-block-list\">\n<li><a href=\"https:\/\/ufpr.br\/propg\/wp-content\/uploads\/2025\/01\/19122018_cartilha-dav-educacao.pdf\" target=\"_blank\" rel=\"noopener\" title=\"\">Educa\u00e7\u00e3o Doutoral: Reformas e Tend\u00eancias<\/a><\/li>\n<\/ul>\n\n\n\n<ul class=\"wp-block-list\">\n<li><a href=\"https:\/\/ufpr.br\/propg\/wp-content\/uploads\/2025\/01\/19122018_cartilha-dav-egressos.pdf\" target=\"_blank\" rel=\"noopener\" title=\"\">Egressos da P\u00f3s-gradua\u00e7\u00e3o: \u00c1reas Estrat\u00e9gicas<\/a><\/li>\n<\/ul>\n\n\n\n<hr class=\"wp-block-separator has-text-color has-alpha-channel-opacity has-background is-style-wide\" style=\"background-color:#e8ecf5;color:#e8ecf5\"\/>\n\n\n\n<hr class=\"wp-block-separator has-alpha-channel-opacity is-style-dots\"\/>\n<\/details>\n\n\n\n<details class=\"wp-block-details is-layout-flow wp-block-details-is-layout-flow\"><summary>PRODU\u00c7\u00c3O T\u00c9CNICA, NOVO QUALIS E AUTOAVALIA\u00c7\u00c3O DOS PPGS<\/summary>\n<ul class=\"wp-block-list\">\n<li><a href=\"https:\/\/ufpr.br\/propg\/wp-content\/uploads\/2025\/01\/10062019_produo-tcnica.pdf\" target=\"_blank\" rel=\"noopener\" title=\"\">Produ\u00e7\u00e3o-T\u00e9cnica<\/a><\/li>\n<\/ul>\n\n\n\n<ul class=\"wp-block-list\">\n<li><a href=\"https:\/\/ufpr.br\/propg\/wp-content\/uploads\/2024\/12\/10062019_qualis-artistico-classificao-de-eventos.pdf\" target=\"_blank\" rel=\"noopener\" title=\"\">Qualis-Artistico-Classifica\u00e7\u00e3o-de-Eventos<\/a><\/li>\n<\/ul>\n\n\n\n<ul class=\"wp-block-list\">\n<li><a href=\"https:\/\/ufpr.br\/propg\/wp-content\/uploads\/2024\/12\/12062019_proposta-de-classificao-de-livros_gt-qualislivro.pdf\" target=\"_blank\" rel=\"noopener\" title=\"\">Proposta-de-Classifica\u00e7\u00e3o-de-Livros_GT-QualisLivro<\/a><\/li>\n<\/ul>\n\n\n\n<ul class=\"wp-block-list\">\n<li><a href=\"https:\/\/ufpr.br\/propg\/wp-content\/uploads\/2025\/01\/10062019_fichaavaliao.pdf\" target=\"_blank\" rel=\"noopener\" title=\"\">Novo modelo de Ficha de Avalia\u00e7\u00e3o<\/a><\/li>\n<\/ul>\n\n\n\n<ul class=\"wp-block-list\">\n<li><a href=\"https:\/\/ufpr.br\/propg\/wp-content\/uploads\/2025\/01\/10062019_autoavaliao-de-programas-de-ps-graduao.pdf\" target=\"_blank\" rel=\"noopener\" title=\"\">Autoavalia\u00e7\u00e3o-de-Programas-de-P\u00f3s-Gradua\u00e7\u00e3o<\/a><\/li>\n<\/ul>\n\n\n\n<hr class=\"wp-block-separator has-text-color has-alpha-channel-opacity has-background is-style-wide\" style=\"background-color:#e8ecf5;color:#e8ecf5\"\/>\n<\/details>\n\n\n\n<div style=\"height:25px\" aria-hidden=\"true\" class=\"wp-block-spacer\"><\/div>\n\n\n\n<hr class=\"wp-block-separator has-alpha-channel-opacity is-style-dots\"\/>\n<\/div>\n\n\n\n<div class=\"wp-block-column is-layout-flow wp-block-column-is-layout-flow\" style=\"flex-basis:6%\"><\/div>\n\n\n\n<div class=\"wp-block-column is-layout-flow wp-block-column-is-layout-flow\" style=\"flex-basis:46%\">\n<h2 class=\"wp-block-heading has-text-align-left has-background has-medium-font-size\" style=\"background-color:#e8ecf5\">COL\u00c9GIOS DE CONHECIMENTO E <br>OS PPG UFPR<\/h2>\n\n\n\n<hr class=\"wp-block-separator has-text-color has-alpha-channel-opacity has-background is-style-wide\" style=\"background-color:#e8ecf5;color:#e8ecf5\"\/>\n\n\n\n<h2 class=\"wp-block-heading\">Fichas de avalia\u00e7\u00e3o, p\u00e1ginas das \u00e1reas e documentos relacionados<\/h2>\n\n\n\n<p>&nbsp;Procure pelo col\u00e9gio correspondente e, em seguida, pela \u00e1rea e nome do programa<\/p>\n\n\n\n<div style=\"height:20px\" aria-hidden=\"true\" class=\"wp-block-spacer\"><\/div>\n\n\n\n<p><strong>Aten\u00e7\u00e3o:<\/strong> a CAPES alterou o endere\u00e7o das p\u00e1ginas das \u00e1reas.&nbsp;<a href=\"https:\/\/www.gov.br\/capes\/pt-br\/acesso-a-informacao\/acoes-e-programas\/avaliacao\/sobre-a-avaliacao\/areas-avaliacao\/sobre-as-areas-de-avaliacao\/sobre-as-areas-de-avaliacao#areas\" target=\"_blank\" rel=\"noreferrer noopener\">Acesse aqui<\/a>.<\/p>\n\n\n\n<div style=\"height:20px\" aria-hidden=\"true\" class=\"wp-block-spacer\"><\/div>\n\n\n\n<details class=\"wp-block-details is-layout-flow wp-block-details-is-layout-flow\"><summary>Ci\u00eancias da Vida<\/summary>\n<div class=\"wp-block-columns is-layout-flex wp-container-core-columns-is-layout-9d6595d7 wp-block-columns-is-layout-flex\">\n<div class=\"wp-block-column is-layout-flow wp-block-column-is-layout-flow\">\n<h2 class=\"wp-block-heading has-text-align-left has-background has-medium-font-size\" style=\"background-color:#e8ecf5\">Grande \u00c1rea: AGR\u00c1RIAS<\/h2>\n\n\n\n<figure class=\"wp-block-table\"><table class=\"has-fixed-layout\"><thead><tr><th>\u00c1rea de Avalia\u00e7\u00e3o<\/th><th>PPGs UFPR<\/th><th>Fichas de Avalia\u00e7\u00e3o e Documentos de \u00c1rea<\/th><\/tr><\/thead><tbody><tr><td>Ci\u00eancia de Alimentos<\/td><td>Engenharia de Alimentos<\/td><td><a href=\"https:\/\/www.gov.br\/capes\/pt-br\/acesso-a-informacao\/acoes-e-programas\/avaliacao\/sobre-a-avaliacao\/areas-avaliacao\/sobre-as-areas-de-avaliacao\/colegio-de-ciencias-da-vida\/ciencias-agrarias\/ciencia-de-alimentos\" target=\"_blank\" rel=\"noopener\" title=\"\">Link<\/a><\/td><\/tr><tr><td rowspan=\"3\">Ci\u00eancias Agr\u00e1rias I<\/td><td>Ci\u00eancia do Solo<\/td><td rowspan=\"3\"><a href=\"https:\/\/www.gov.br\/capes\/pt-br\/acesso-a-informacao\/acoes-e-programas\/avaliacao\/sobre-a-avaliacao\/areas-avaliacao\/sobre-as-areas-de-avaliacao\/colegio-de-ciencias-da-vida\/ciencias-agrarias\/ciencias-agrarias\" target=\"_blank\" rel=\"noopener\" title=\"\">Link<\/a><\/td><\/tr><tr><td>Engenharia Florestal<\/td><\/tr><tr><td>Agronomia (Produ\u00e7\u00e3o Vegetal)<\/td><\/tr><tr><td rowspan=\"2\">Medicina Veterin\u00e1ria<\/td><td>Ci\u00eancias Veterin\u00e1rias<\/td><td rowspan=\"2\"><a href=\"https:\/\/www.gov.br\/capes\/pt-br\/acesso-a-informacao\/acoes-e-programas\/avaliacao\/sobre-a-avaliacao\/areas-avaliacao\/sobre-as-areas-de-avaliacao\/colegio-de-ciencias-da-vida\/ciencias-agrarias\/medicina-veterinaria\" target=\"_blank\" rel=\"noopener\" title=\"\">Link<\/a><\/td><\/tr><tr><td>Ci\u00eancia Animal<\/td><\/tr><tr><td rowspan=\"2\">Zootecnia \/ Recursos Pesqueiros<\/td><td>Aquicultura e Desenvolvimento Sustent\u00e1vel<\/td><td rowspan=\"2\"><a href=\"https:\/\/www.gov.br\/capes\/pt-br\/acesso-a-informacao\/acoes-e-programas\/avaliacao\/sobre-a-avaliacao\/areas-avaliacao\/sobre-as-areas-de-avaliacao\/colegio-de-ciencias-da-vida\/ciencias-agrarias\/zootecnia-recursos-pesqueiros\" target=\"_blank\" rel=\"noopener\" title=\"\">Link<\/a><\/td><\/tr><tr><td>Zootecnia<\/td><\/tr><\/tbody><\/table><\/figure>\n\n\n\n<h2 class=\"wp-block-heading has-text-align-left has-background has-medium-font-size\" style=\"background-color:#e8ecf5\">Grande \u00c1rea: BIOL\u00d3GICAS<\/h2>\n\n\n\n<figure class=\"wp-block-table\"><table class=\"has-fixed-layout\"><thead><tr><th>\u00c1rea de Avalia\u00e7\u00e3o<\/th><th>PPGs UFPR<\/th><th>Fichas de Avalia\u00e7\u00e3o e Documentos de \u00c1rea<\/th><\/tr><\/thead><tbody><tr><td rowspan=\"5\">Biodiversidade<\/td><td>Bot\u00e2nica<\/td><td rowspan=\"5\"><a href=\"https:\/\/www.gov.br\/capes\/pt-br\/acesso-a-informacao\/acoes-e-programas\/avaliacao\/sobre-a-avaliacao\/areas-avaliacao\/sobre-as-areas-de-avaliacao\/colegio-de-ciencias-da-vida\/ciencias-biologicas\/biodiversidade\" target=\"_blank\" rel=\"noopener\" title=\"\">Link<\/a><\/td><\/tr><tr><td>Ci\u00eancias Biol\u00f3gicas (Entomologia)<\/td><\/tr><tr><td>Zoologia<\/td><\/tr><tr><td>Ecologia e Conserva\u00e7\u00e3o<\/td><\/tr><tr><td>Sistemas Costeiros e Oce\u00e2nicos<\/td><\/tr><tr><td rowspan=\"4\">Ci\u00eancias Biol\u00f3gicas I<\/td><td>PROFBIO Ensino de Biologia em Rede Nacional<\/td><td rowspan=\"4\"><a href=\"https:\/\/www.gov.br\/capes\/pt-br\/acesso-a-informacao\/acoes-e-programas\/avaliacao\/sobre-a-avaliacao\/areas-avaliacao\/sobre-as-areas-de-avaliacao\/colegio-de-ciencias-da-vida\/ciencias-biologicas\/ciencias-biologicas-i\" target=\"_blank\" rel=\"noopener\" title=\"\">Link<\/a><\/td><\/tr><tr><td>Gen\u00e9tica<\/td><\/tr><tr><td>Bioinform\u00e1tica<\/td><\/tr><tr><td>Bioinform\u00e1tica (em Rede)<\/td><\/tr><tr><td rowspan=\"5\">Ci\u00eancias Biol\u00f3gicas II<\/td><td>Multic\u00eantrico em Bioqu\u00edmica e Biologia Molecular<\/td><td rowspan=\"5\"><a href=\"https:\/\/www.gov.br\/capes\/pt-br\/acesso-a-informacao\/acoes-e-programas\/avaliacao\/sobre-a-avaliacao\/areas-avaliacao\/sobre-as-areas-de-avaliacao\/colegio-de-ciencias-da-vida\/ciencias-biologicas\/ciencias-biologicas-ii\" target=\"_blank\" rel=\"noopener\" title=\"\">Link<\/a><\/td><\/tr><tr><td>Ci\u00eancias (Bioqu\u00edmica)<\/td><\/tr><tr><td>Biologia Celular e Molecular<\/td><\/tr><tr><td>Farmacologia<\/td><\/tr><tr><td>Fisiologia<\/td><\/tr><tr><td>Ci\u00eancias Biol\u00f3gicas III<\/td><td>Microbiologia, Parasitologia e Patologia<\/td><td><a href=\"https:\/\/www.gov.br\/capes\/pt-br\/acesso-a-informacao\/acoes-e-programas\/avaliacao\/sobre-a-avaliacao\/areas-avaliacao\/sobre-as-areas-de-avaliacao\/colegio-de-ciencias-da-vida\/ciencias-biologicas\/ciencias-biologicas-iii\" target=\"_blank\" rel=\"noopener\" title=\"\">Link<\/a><\/td><\/tr><\/tbody><\/table><\/figure>\n\n\n\n<h2 class=\"wp-block-heading has-text-align-left has-background has-medium-font-size\" style=\"background-color:#e8ecf5\">Grande \u00c1rea: SA\u00daDE<\/h2>\n\n\n\n<div class=\"wp-block-columns is-layout-flex wp-container-core-columns-is-layout-9d6595d7 wp-block-columns-is-layout-flex\">\n<div class=\"wp-block-column is-layout-flow wp-block-column-is-layout-flow\">\n<figure class=\"wp-block-table\"><table class=\"has-fixed-layout\"><thead><tr><th>\u00c1rea de Avalia\u00e7\u00e3o<\/th><th>PPGs UFPR<\/th><th>Fichas de Avalia\u00e7\u00e3o e Documentos de \u00c1rea<\/th><\/tr><\/thead><tbody><tr><td>Educa\u00e7\u00e3o F\u00edsica<\/td><td>Educa\u00e7\u00e3o F\u00edsica<\/td><td><a href=\"https:\/\/www.gov.br\/capes\/pt-br\/acesso-a-informacao\/acoes-e-programas\/avaliacao\/sobre-a-avaliacao\/areas-avaliacao\/sobre-as-areas-de-avaliacao\/colegio-de-ciencias-da-vida\/ciencias-da-saude\/educacao-fisica\" target=\"_blank\" rel=\"noopener\" title=\"\">Link<\/a><\/td><\/tr><tr><td rowspan=\"2\">Enfermagem<\/td><td>Enfermagem<\/td><td rowspan=\"2\"><a href=\"https:\/\/www.gov.br\/capes\/pt-br\/acesso-a-informacao\/acoes-e-programas\/avaliacao\/sobre-a-avaliacao\/areas-avaliacao\/sobre-as-areas-de-avaliacao\/colegio-de-ciencias-da-vida\/ciencias-da-saude\/enfermagem\" target=\"_blank\" rel=\"noopener\" title=\"\">Link<\/a><\/td><\/tr><tr><td>Pr\u00e1tica do Cuidado em Sa\u00fade<\/td><\/tr><tr><td rowspan=\"2\">Farm\u00e1cia<\/td><td>Ci\u00eancias Farmac\u00eauticas<\/td><td rowspan=\"2\"><a href=\"https:\/\/www.gov.br\/capes\/pt-br\/acesso-a-informacao\/acoes-e-programas\/avaliacao\/sobre-a-avaliacao\/areas-avaliacao\/sobre-as-areas-de-avaliacao\/colegio-de-ciencias-da-vida\/ciencias-da-saude\/farmacia\" target=\"_blank\" rel=\"noopener\" title=\"\">Link<\/a><\/td><\/tr><tr><td>Assist\u00eancia Farmac\u00eautica<\/td><\/tr><tr><td>Medicina I<\/td><td>Medicina Interna e Ci\u00eancias da Sa\u00fade<\/td><td><a href=\"https:\/\/www.gov.br\/capes\/pt-br\/acesso-a-informacao\/acoes-e-programas\/avaliacao\/sobre-a-avaliacao\/areas-avaliacao\/sobre-as-areas-de-avaliacao\/colegio-de-ciencias-da-vida\/ciencias-da-saude\/medicina-i\" target=\"_blank\" rel=\"noopener\" title=\"\">Link<\/a><\/td><\/tr><tr><td>Medicina II<\/td><td>Sa\u00fade da Crian\u00e7a e do Adolescente<\/td><td><a href=\"https:\/\/www.gov.br\/capes\/pt-br\/acesso-a-informacao\/acoes-e-programas\/avaliacao\/sobre-a-avaliacao\/areas-avaliacao\/sobre-as-areas-de-avaliacao\/colegio-de-ciencias-da-vida\/ciencias-da-saude\/medicina-ii\" target=\"_blank\" rel=\"noopener\" title=\"\">Link<\/a><\/td><\/tr><tr><td rowspan=\"2\">Medicina III<\/td><td>Medicina (Cl\u00ednica Cir\u00fargica)<\/td><td rowspan=\"2\"><a href=\"https:\/\/www.gov.br\/capes\/pt-br\/acesso-a-informacao\/acoes-e-programas\/avaliacao\/sobre-a-avaliacao\/areas-avaliacao\/sobre-as-areas-de-avaliacao\/colegio-de-ciencias-da-vida\/ciencias-da-saude\/medicina-iii\" target=\"_blank\" rel=\"noopener\" title=\"\">Link<\/a><\/td><\/tr><tr><td>Tocoginecologia e Sa\u00fade da Mulher<\/td><\/tr><tr><td>Nutri\u00e7\u00e3o<\/td><td>Alimenta\u00e7\u00e3o e Nutri\u00e7\u00e3o<\/td><td><a href=\"https:\/\/www.gov.br\/capes\/pt-br\/acesso-a-informacao\/acoes-e-programas\/avaliacao\/sobre-a-avaliacao\/areas-avaliacao\/sobre-as-areas-de-avaliacao\/colegio-de-ciencias-da-vida\/ciencias-da-saude\/nutricao\" target=\"_blank\" rel=\"noopener\" title=\"\">Link<\/a><\/td><\/tr><tr><td>Odontologia<\/td><td>Odontologia<\/td><td><a href=\"https:\/\/www.gov.br\/capes\/pt-br\/acesso-a-informacao\/acoes-e-programas\/avaliacao\/sobre-a-avaliacao\/areas-avaliacao\/sobre-as-areas-de-avaliacao\/colegio-de-ciencias-da-vida\/ciencias-da-saude\/odontologia\" target=\"_blank\" rel=\"noopener\" title=\"\">Link<\/a><\/td><\/tr><tr><td rowspan=\"2\">Sa\u00fade Coletiva<\/td><td>Sa\u00fade da Fam\u00edlia<\/td><td rowspan=\"2\"><a href=\"https:\/\/www.gov.br\/capes\/pt-br\/acesso-a-informacao\/acoes-e-programas\/avaliacao\/sobre-a-avaliacao\/areas-avaliacao\/sobre-as-areas-de-avaliacao\/colegio-de-ciencias-da-vida\/ciencias-da-saude\/saude-coletiva\" target=\"_blank\" rel=\"noopener\" title=\"\">Link<\/a><\/td><\/tr><tr><td>Sa\u00fade Coletiva<\/td><\/tr><\/tbody><\/table><\/figure>\n<\/div>\n<\/div>\n<\/div>\n<\/div>\n<\/details>\n\n\n\n<details class=\"wp-block-details is-layout-flow wp-block-details-is-layout-flow\"><summary>Exatas, Tecnol\u00f3gicas e Multidisciplinar<\/summary>\n<div class=\"wp-block-columns is-layout-flex wp-container-core-columns-is-layout-9d6595d7 wp-block-columns-is-layout-flex\">\n<div class=\"wp-block-column is-layout-flow wp-block-column-is-layout-flow\">\n<h2 class=\"wp-block-heading has-text-align-left has-background has-medium-font-size\" style=\"background-color:#f0f0f0\">Grande \u00c1rea: ENGENHARIAS<\/h2>\n\n\n\n<figure class=\"wp-block-table\"><table class=\"has-fixed-layout\"><thead><tr><th>\u00c1rea de Avalia\u00e7\u00e3o<\/th><th>PPGs UFPR<\/th><th>Fichas de Avalia\u00e7\u00e3o e Documentos de \u00c1rea<\/th><\/tr><\/thead><tbody><tr><td rowspan=\"4\">Engenharias I<\/td><td>Engenharia de Recursos H\u00eddricos e Ambiental<\/td><td rowspan=\"4\"><a href=\"https:\/\/www.gov.br\/capes\/pt-br\/acesso-a-informacao\/acoes-e-programas\/avaliacao\/sobre-a-avaliacao\/areas-avaliacao\/sobre-as-areas-de-avaliacao\/colegio-de-ciencias-exatas-tecnologicas-e-multidisciplinar\/engenharias\/engenharias-i\" target=\"_blank\" rel=\"noopener\" title=\"\">Link<\/a><\/td><\/tr><tr><td>Engenharia de Constru\u00e7\u00e3o Civil<\/td><\/tr><tr><td>Engenharia Ambiental<\/td><\/tr><tr><td>Engenharia e Tecnologia Ambiental<\/td><\/tr><tr><td>Engenharias II<\/td><td>Engenharia Qu\u00edmica<\/td><td><a href=\"https:\/\/www.gov.br\/capes\/pt-br\/acesso-a-informacao\/acoes-e-programas\/avaliacao\/sobre-a-avaliacao\/areas-avaliacao\/sobre-as-areas-de-avaliacao\/colegio-de-ciencias-exatas-tecnologicas-e-multidisciplinar\/engenharias\/engenharias-ii\" target=\"_blank\" rel=\"noopener\" title=\"\">Link<\/a><\/td><\/tr><tr><td rowspan=\"4\">Engenharias III<\/td><td>M\u00e9todos Num\u00e9ricos em Engenharia<\/td><td rowspan=\"4\"><a href=\"https:\/\/www.gov.br\/capes\/pt-br\/acesso-a-informacao\/acoes-e-programas\/avaliacao\/sobre-a-avaliacao\/areas-avaliacao\/sobre-as-areas-de-avaliacao\/colegio-de-ciencias-exatas-tecnologicas-e-multidisciplinar\/engenharias\/engenharias-iii\" target=\"_blank\" rel=\"noopener\" title=\"\">Link<\/a><\/td><\/tr><tr><td>Engenharia Mec\u00e2nica<\/td><\/tr><tr><td>Engenharia de Produ\u00e7\u00e3o<\/td><\/tr><tr><td>Engenharia de Manufatura<\/td><\/tr><tr><td>Engenharias IV<\/td><td>Engenharia El\u00e9trica<\/td><td><a href=\"https:\/\/www.gov.br\/capes\/pt-br\/acesso-a-informacao\/acoes-e-programas\/avaliacao\/sobre-a-avaliacao\/areas-avaliacao\/sobre-as-areas-de-avaliacao\/colegio-de-ciencias-exatas-tecnologicas-e-multidisciplinar\/engenharias\/engenharias-iv\" target=\"_blank\" rel=\"noopener\" title=\"\">Link<\/a><\/td><\/tr><\/tbody><\/table><\/figure>\n\n\n\n<h2 class=\"wp-block-heading has-text-align-left has-background has-medium-font-size\" style=\"background-color:#f0f0f0\">Grande \u00c1rea: EXATAS e DA TERRA<\/h2>\n\n\n\n<figure class=\"wp-block-table\"><table class=\"has-fixed-layout\"><thead><tr><th>\u00c1rea de Avalia\u00e7\u00e3o<\/th><th>PPGs UFPR<\/th><th>Fichas de Avalia\u00e7\u00e3o e Documentos de \u00c1rea<\/th><\/tr><\/thead><tbody><tr><td>Astronomia \/ F\u00edsica<\/td><td>F\u00edsica<\/td><td><a href=\"https:\/\/www.gov.br\/capes\/pt-br\/acesso-a-informacao\/acoes-e-programas\/avaliacao\/sobre-a-avaliacao\/areas-avaliacao\/sobre-as-areas-de-avaliacao\/colegio-de-ciencias-exatas-tecnologicas-e-multidisciplinar\/ciencias-exatas-e-da-terra\/astronomia-fisica\" target=\"_blank\" rel=\"noopener\" title=\"\">Link<\/a><\/td><\/tr><tr><td>Ci\u00eancia da Computa\u00e7\u00e3o<\/td><td>Inform\u00e1tica<\/td><td><a href=\"https:\/\/www.gov.br\/capes\/pt-br\/acesso-a-informacao\/acoes-e-programas\/avaliacao\/sobre-a-avaliacao\/areas-avaliacao\/sobre-as-areas-de-avaliacao\/colegio-de-ciencias-exatas-tecnologicas-e-multidisciplinar\/ciencias-exatas-e-da-terra\/ciencia-da-computacao\" target=\"_blank\" rel=\"noopener\" title=\"\">Link<\/a><\/td><\/tr><tr><td rowspan=\"2\">Geoci\u00eancias<\/td><td>Ci\u00eancias Geod\u00e9sicas<\/td><td rowspan=\"2\"><a href=\"https:\/\/www.gov.br\/capes\/pt-br\/acesso-a-informacao\/acoes-e-programas\/avaliacao\/sobre-a-avaliacao\/areas-avaliacao\/sobre-as-areas-de-avaliacao\/colegio-de-ciencias-exatas-tecnologicas-e-multidisciplinar\/ciencias-exatas-e-da-terra\/geociencias\" target=\"_blank\" rel=\"noopener\" title=\"\">Link<\/a><\/td><\/tr><tr><td>Geologia<\/td><\/tr><tr><td rowspan=\"2\">Matem\u00e1tica \/ Probabilidade e Estat\u00edstica<\/td><td>Matem\u00e1tica em Rede Nacional<\/td><td rowspan=\"2\"><a href=\"https:\/\/www.gov.br\/capes\/pt-br\/acesso-a-informacao\/acoes-e-programas\/avaliacao\/sobre-a-avaliacao\/areas-avaliacao\/sobre-as-areas-de-avaliacao\/colegio-de-ciencias-exatas-tecnologicas-e-multidisciplinar\/ciencias-exatas-e-da-terra\/matematica-probabilidade-e-estatistica\" target=\"_blank\" rel=\"noopener\" title=\"\">Link<\/a><\/td><\/tr><tr><td>Matem\u00e1tica<\/td><\/tr><tr><td rowspan=\"2\">Qu\u00edmica<\/td><td>Qu\u00edmica em Rede Nacional (PROFQUI)<\/td><td rowspan=\"2\"><a href=\"https:\/\/www.gov.br\/capes\/pt-br\/acesso-a-informacao\/acoes-e-programas\/avaliacao\/sobre-a-avaliacao\/areas-avaliacao\/sobre-as-areas-de-avaliacao\/colegio-de-ciencias-exatas-tecnologicas-e-multidisciplinar\/ciencias-exatas-e-da-terra\/quimica\" target=\"_blank\" rel=\"noopener\" title=\"\">Link<\/a><\/td><\/tr><tr><td>Qu\u00edmica<\/td><\/tr><\/tbody><\/table><\/figure>\n\n\n\n<h2 class=\"wp-block-heading has-text-align-left has-background has-medium-font-size\" style=\"background-color:#f0f0f0\">Grande \u00c1rea: MULTIDISCIPLINAR<\/h2>\n\n\n\n<figure class=\"wp-block-table\"><table class=\"has-fixed-layout\"><thead><tr><th>\u00c1rea de Avalia\u00e7\u00e3o<\/th><th>PPGs UFPR<\/th><th>Fichas de Avalia\u00e7\u00e3o e Documentos de \u00c1rea<\/th><\/tr><\/thead><tbody><tr><td rowspan=\"2\">Biotecnologia<\/td><td>Engenharia de Bioprocessos e Biotecnologia<\/td><td rowspan=\"2\"><a href=\"https:\/\/www.gov.br\/capes\/pt-br\/acesso-a-informacao\/acoes-e-programas\/avaliacao\/sobre-a-avaliacao\/areas-avaliacao\/sobre-as-areas-de-avaliacao\/colegio-de-ciencias-exatas-tecnologicas-e-multidisciplinar\/multidisciplinar\/biotecnologia\" target=\"_blank\" rel=\"noopener\" title=\"\">Link<\/a><\/td><\/tr><tr><td>Biotecnologia<\/td><\/tr><tr><td rowspan=\"4\">Ci\u00eancias Ambientais<\/td><td>Rede Nacional para Ensino das Ci\u00eancias Ambientais<\/td><td rowspan=\"4\"><a href=\"https:\/\/www.gov.br\/capes\/pt-br\/acesso-a-informacao\/acoes-e-programas\/avaliacao\/sobre-a-avaliacao\/areas-avaliacao\/sobre-as-areas-de-avaliacao\/colegio-de-ciencias-exatas-tecnologicas-e-multidisciplinar\/multidisciplinar\/ciencias-ambientais\" target=\"_blank\" rel=\"noopener\" title=\"\">Link<\/a><\/td><\/tr><tr><td>Meio Ambiente e Desenvolvimento<\/td><\/tr><tr><td>Meio Ambiente Urbano e Industrial<\/td><\/tr><tr><td>Desenvolvimento Territorial Sustent\u00e1vel<\/td><\/tr><tr><td rowspan=\"2\">Ensino<\/td><td>Educa\u00e7\u00e3o em Ci\u00eancias e em Matem\u00e1tica<\/td><td rowspan=\"2\"><a href=\"https:\/\/www.gov.br\/capes\/pt-br\/acesso-a-informacao\/acoes-e-programas\/avaliacao\/sobre-a-avaliacao\/areas-avaliacao\/sobre-as-areas-de-avaliacao\/colegio-de-ciencias-exatas-tecnologicas-e-multidisciplinar\/multidisciplinar\/ensino\" target=\"_blank\" rel=\"noopener\" title=\"\">Link<\/a><\/td><\/tr><tr><td>Educa\u00e7\u00e3o em Ci\u00eancias, Educa\u00e7\u00e3o Matem\u00e1tica e Tecnologias Educativas<\/td><\/tr><tr><td rowspan=\"3\">Interdisciplinar<\/td><td>Gest\u00e3o da Informa\u00e7\u00e3o<\/td><td rowspan=\"3\"><a href=\"https:\/\/www.gov.br\/capes\/pt-br\/acesso-a-informacao\/acoes-e-programas\/avaliacao\/sobre-a-avaliacao\/areas-avaliacao\/sobre-as-areas-de-avaliacao\/colegio-de-ciencias-exatas-tecnologicas-e-multidisciplinar\/multidisciplinar\/interdisciplinar\" target=\"_blank\" rel=\"noopener\" title=\"\">Link<\/a><\/td><\/tr><tr><td>Pol\u00edticas P\u00fablicas<\/td><\/tr><tr><td>Bioenergia &#8211; UEL &#8211; UEM &#8211; UEPG &#8211; UNICENTRO &#8211; UNIOESTE &#8211; UFPR<\/td><\/tr><tr><td rowspan=\"2\">Materiais<\/td><td rowspan=\"2\">Engenharia e Ci\u00eancia dos Materiais<\/td><td rowspan=\"2\"><a href=\"https:\/\/www.gov.br\/capes\/pt-br\/acesso-a-informacao\/acoes-e-programas\/avaliacao\/sobre-a-avaliacao\/areas-avaliacao\/sobre-as-areas-de-avaliacao\/colegio-de-ciencias-exatas-tecnologicas-e-multidisciplinar\/multidisciplinar\/materiais\" target=\"_blank\" rel=\"noopener\" title=\"\">Link<\/a><\/td><\/tr><\/tbody><\/table><\/figure>\n<\/div>\n<\/div>\n<\/details>\n\n\n\n<details class=\"wp-block-details is-layout-flow wp-block-details-is-layout-flow\"><summary>Humanidades<\/summary>\n<div class=\"wp-block-columns is-layout-flex wp-container-core-columns-is-layout-9d6595d7 wp-block-columns-is-layout-flex\">\n<div class=\"wp-block-column is-layout-flow wp-block-column-is-layout-flow\">\n<h2 class=\"wp-block-heading has-text-align-left has-background has-medium-font-size\" style=\"background-color:#e8ecf5\">Grande \u00c1rea: CI\u00caNCIAS HUMANAS<\/h2>\n\n\n\n<figure class=\"wp-block-table\"><table class=\"has-fixed-layout\"><thead><tr><th>\u00c1rea de Avalia\u00e7\u00e3o<\/th><th>PPGs UFPR<\/th><th>Fichas de Avalia\u00e7\u00e3o e Documentos de \u00c1rea<\/th><\/tr><\/thead><tbody><tr><td>Antropologia \/ Arqueologia<\/td><td>Antropologia e Arqueologia<\/td><td><a href=\"https:\/\/www.gov.br\/capes\/pt-br\/acesso-a-informacao\/acoes-e-programas\/avaliacao\/sobre-a-avaliacao\/areas-avaliacao\/sobre-as-areas-de-avaliacao\/colegio-de-humanidades\/ciencias-humanas\/antropologia-arqueologia\" target=\"_blank\" rel=\"noopener\" title=\"\">Link<\/a><\/td><\/tr><tr><td>Ci\u00eancia Pol\u00edtica e Rela\u00e7\u00f5es Internacionais<\/td><td>Ci\u00eancia Pol\u00edtica<\/td><td><a href=\"https:\/\/www.gov.br\/capes\/pt-br\/acesso-a-informacao\/acoes-e-programas\/avaliacao\/sobre-a-avaliacao\/areas-avaliacao\/sobre-as-areas-de-avaliacao\/colegio-de-humanidades\/ciencias-humanas\/ciencia-politica-e-relacoes-Internacionais\" target=\"_blank\" rel=\"noopener\" title=\"\">Link<\/a><\/td><\/tr><tr><td rowspan=\"2\">Educa\u00e7\u00e3o<\/td><td>Educa\u00e7\u00e3o<\/td><td rowspan=\"2\"><a href=\"https:\/\/www.gov.br\/capes\/pt-br\/acesso-a-informacao\/acoes-e-programas\/avaliacao\/sobre-a-avaliacao\/areas-avaliacao\/sobre-as-areas-de-avaliacao\/colegio-de-humanidades\/ciencias-humanas\/educacao\" target=\"_blank\" rel=\"noopener\" title=\"\">L<\/a><a href=\"https:\/\/www.gov.br\/capes\/pt-br\/acesso-a-informacao\/acoes-e-programas\/avaliacao\/sobre-a-avaliacao\/areas-avaliacao\/sobre-as-areas-de-avaliacao\/colegio-de-humanidades\/ciencias-humanas\/educacao\">ink<\/a><\/td><\/tr><tr><td>Educa\u00e7\u00e3o: Teoria e Pr\u00e1tica de Ensino<\/td><\/tr><tr><td rowspan=\"2\">Filosofia<\/td><td>Filosofia<\/td><td rowspan=\"2\"><a href=\"https:\/\/www.gov.br\/capes\/pt-br\/acesso-a-informacao\/acoes-e-programas\/avaliacao\/sobre-a-avaliacao\/areas-avaliacao\/sobre-as-areas-de-avaliacao\/colegio-de-humanidades\/ciencias-humanas\/filosofia\" target=\"_blank\" rel=\"noopener\" title=\"\">Link<\/a><\/td><\/tr><tr><td>Filosofia Profissional<\/td><\/tr><tr><td>Geografia<\/td><td>Geografia<\/td><td><a href=\"https:\/\/www.gov.br\/capes\/pt-br\/acesso-a-informacao\/acoes-e-programas\/avaliacao\/sobre-a-avaliacao\/areas-avaliacao\/sobre-as-areas-de-avaliacao\/colegio-de-humanidades\/ciencias-humanas\/geografia\" target=\"_blank\" rel=\"noopener\" title=\"\">Link<\/a><\/td><\/tr><tr><td rowspan=\"2\">Hist\u00f3ria<\/td><td>Ensino de Hist\u00f3ria<\/td><td rowspan=\"2\"><a href=\"https:\/\/www.gov.br\/capes\/pt-br\/acesso-a-informacao\/acoes-e-programas\/avaliacao\/sobre-a-avaliacao\/areas-avaliacao\/sobre-as-areas-de-avaliacao\/colegio-de-humanidades\/ciencias-humanas\/historia\" target=\"_blank\" rel=\"noopener\" title=\"\">Link<\/a><\/td><\/tr><tr><td>Hist\u00f3ria<\/td><\/tr><tr><td>Psicologia<\/td><td>Psicologia<\/td><td><a href=\"https:\/\/www.gov.br\/capes\/pt-br\/acesso-a-informacao\/acoes-e-programas\/avaliacao\/sobre-a-avaliacao\/areas-avaliacao\/sobre-as-areas-de-avaliacao\/colegio-de-humanidades\/ciencias-humanas\/psicologia\" target=\"_blank\" rel=\"noopener\" title=\"\">Link<\/a><\/td><\/tr><tr><td rowspan=\"2\">Sociologia<\/td><td>Sociologia em Rede Nacional<\/td><td rowspan=\"2\"><a href=\"https:\/\/www.gov.br\/capes\/pt-br\/acesso-a-informacao\/acoes-e-programas\/avaliacao\/sobre-a-avaliacao\/areas-avaliacao\/sobre-as-areas-de-avaliacao\/colegio-de-humanidades\/ciencias-humanas\/sociologia\" target=\"_blank\" rel=\"noopener\" title=\"\">Link<\/a><\/td><\/tr><tr><td>Sociologia<\/td><\/tr><\/tbody><\/table><\/figure>\n\n\n\n<h2 class=\"wp-block-heading has-text-align-left has-background has-medium-font-size\" style=\"background-color:#e8ecf5\">Grande \u00c1rea: LINGU\u00cdSTICA, LETRAS e ARTES<\/h2>\n\n\n\n<figure class=\"wp-block-table\"><table class=\"has-fixed-layout\"><thead><tr><th>\u00c1rea de Avalia\u00e7\u00e3o<\/th><th>PPGs UFPR<\/th><th>Fichas de Avalia\u00e7\u00e3o e Documentos de \u00c1rea<\/th><\/tr><\/thead><tbody><tr><td>Artes<\/td><td>M\u00fasica<\/td><td><a href=\"https:\/\/www.gov.br\/capes\/pt-br\/acesso-a-informacao\/acoes-e-programas\/avaliacao\/sobre-a-avaliacao\/areas-avaliacao\/sobre-as-areas-de-avaliacao\/colegio-de-humanidades\/linguistica-letras-e-artes\/artes\" target=\"_blank\" rel=\"noopener\" title=\"\">Link<\/a><\/td><\/tr><tr><td>Lingu\u00edstica e Literatura<\/td><td>Letras<\/td><td><a href=\"https:\/\/www.gov.br\/capes\/pt-br\/acesso-a-informacao\/acoes-e-programas\/avaliacao\/sobre-a-avaliacao\/areas-avaliacao\/sobre-as-areas-de-avaliacao\/colegio-de-humanidades\/linguistica-letras-e-artes\/linguistica-e-literatura\" target=\"_blank\" rel=\"noopener\" title=\"\">Link<\/a><\/td><\/tr><\/tbody><\/table><\/figure>\n\n\n\n<h2 class=\"wp-block-heading has-text-align-left has-background has-medium-font-size\" style=\"background-color:#e8ecf5\">Grande \u00c1rea: SOCIAIS APLICADAS<\/h2>\n\n\n\n<figure class=\"wp-block-table\"><table class=\"has-fixed-layout\"><thead><tr><th>\u00c1rea de Avalia\u00e7\u00e3o<\/th><th>PPGs UFPR<\/th><th>Fichas de Avalia\u00e7\u00e3o e Documentos de \u00c1rea<\/th><\/tr><\/thead><tbody><tr><td rowspan=\"5\">Administra\u00e7\u00e3o P\u00fablica e de Empresas, Ci\u00eancias Cont\u00e1beis e Turismo<\/td><td>PROFNIT \u2013<br>Propriedade Intelectual e Transfer\u00eancia de Tecnologia para Inova\u00e7\u00e3o (encerrado)<\/td><td rowspan=\"5\"><a href=\"https:\/\/www.gov.br\/capes\/pt-br\/acesso-a-informacao\/acoes-e-programas\/avaliacao\/sobre-a-avaliacao\/areas-avaliacao\/sobre-as-areas-de-avaliacao\/colegio-de-humanidades\/ciencias-sociais-aplicadas\/administracao-publica-e-de-empresas-ciencias-contabeis-e-turismo\" target=\"_blank\" rel=\"noopener\" title=\"\">Link<\/a><\/td><\/tr><tr><td>Administra\u00e7\u00e3o<\/td><\/tr><tr><td>Contabilidade<\/td><\/tr><tr><td>Turismo<\/td><\/tr><tr><td>Gest\u00e3o de Organiza\u00e7\u00f5es, Lideran\u00e7a e Decis\u00e3o<\/td><\/tr><tr><td>Arquitetura, Urbanismo e Design<\/td><td>Design<\/td><td><a href=\"https:\/\/www.gov.br\/capes\/pt-br\/acesso-a-informacao\/acoes-e-programas\/avaliacao\/sobre-a-avaliacao\/areas-avaliacao\/sobre-as-areas-de-avaliacao\/colegio-de-humanidades\/ciencias-sociais-aplicadas\/arquitetura-urbanismo-e-design\" target=\"_blank\" rel=\"noopener\" title=\"\">Link<\/a><\/td><\/tr><tr><td>Comunica\u00e7\u00e3o e Informa\u00e7\u00e3o<\/td><td>Comunica\u00e7\u00e3o<\/td><td><a href=\"https:\/\/www.gov.br\/capes\/pt-br\/acesso-a-informacao\/acoes-e-programas\/avaliacao\/sobre-a-avaliacao\/areas-avaliacao\/sobre-as-areas-de-avaliacao\/colegio-de-humanidades\/ciencias-sociais-aplicadas\/comunicacao-e-informacao\" target=\"_blank\" rel=\"noopener\" title=\"\">Link<\/a><\/td><\/tr><tr><td>Direito<\/td><td>Direito<\/td><td><a href=\"https:\/\/www.gov.br\/capes\/pt-br\/acesso-a-informacao\/acoes-e-programas\/avaliacao\/sobre-a-avaliacao\/areas-avaliacao\/sobre-as-areas-de-avaliacao\/colegio-de-humanidades\/ciencias-sociais-aplicadas\/direito\" target=\"_blank\" rel=\"noopener\" title=\"\">Link<\/a><\/td><\/tr><tr><td rowspan=\"2\">Economia<\/td><td>Desenvolvimento Econ\u00f4mico<\/td><td rowspan=\"2\"><a href=\"https:\/\/www.gov.br\/capes\/pt-br\/acesso-a-informacao\/acoes-e-programas\/avaliacao\/sobre-a-avaliacao\/areas-avaliacao\/sobre-as-areas-de-avaliacao\/colegio-de-humanidades\/ciencias-sociais-aplicadas\/economia\" target=\"_blank\" rel=\"noopener\" title=\"\">Link<\/a><\/td><\/tr><tr><td>Economia<\/td><\/tr><tr><td>Planejamento Urbano e Regional \/ Demografia<\/td><td>Planejamento Urbano<\/td><td><a href=\"https:\/\/www.gov.br\/capes\/pt-br\/acesso-a-informacao\/acoes-e-programas\/avaliacao\/sobre-a-avaliacao\/areas-avaliacao\/sobre-as-areas-de-avaliacao\/colegio-de-humanidades\/ciencias-sociais-aplicadas\/planejamento-urbano-e-regional-demografia\" target=\"_blank\" rel=\"noopener\" title=\"\">Link<\/a><\/td><\/tr><\/tbody><\/table><\/figure>\n<\/div>\n<\/div>\n<\/details>\n\n\n\n<div style=\"height:5px\" aria-hidden=\"true\" class=\"wp-block-spacer\"><\/div>\n\n\n\n<div style=\"height:25px\" aria-hidden=\"true\" class=\"wp-block-spacer\"><\/div>\n\n\n\n<hr class=\"wp-block-separator has-alpha-channel-opacity is-style-dots\"\/>\n<\/div>\n\n\n\n<div class=\"wp-block-column is-layout-flow wp-block-column-is-layout-flow\" style=\"flex-basis:1%\"><\/div>\n<\/div>\n\n\n\n<p><\/p>\n","protected":false},"excerpt":{"rendered":"<p>Planejamento Estrat\u00e9gico Stricto Sensu 2020 Calend\u00e1rio de atividades (arquivo para impress\u00e3o) EXCEL\u00caNCIA NA P\u00d3S-GRADUA\u00c7\u00c3O \u00daLTIMOS EVENTOS Programa\u00e7\u00e3ode Eventos PlanejamentoEstrat\u00e9gico Consultoresem Avalia\u00e7\u00e3o Canal doYoutube V\u00eddeos do Teams MATERIAL DE APOIO Acesse documentos como mem\u00f3rias de reuni\u00e3o, arquivos compartilhados durante as apresenta\u00e7\u00f5es e demais informa\u00e7\u00f5es das atividades de planejamento e de prepara\u00e7\u00e3o para a avalia\u00e7\u00e3o quadrienal ACERVO [&hellip;]<\/p>\n","protected":false},"author":5,"featured_media":0,"parent":2756,"menu_order":0,"comment_status":"closed","ping_status":"closed","template":"","meta":{"footnotes":""},"class_list":["post-4608","page","type-page","status-publish","hentry"],"_links":{"self":[{"href":"https:\/\/ufpr.br\/propg\/wp-json\/wp\/v2\/pages\/4608","targetHints":{"allow":["GET"]}}],"collection":[{"href":"https:\/\/ufpr.br\/propg\/wp-json\/wp\/v2\/pages"}],"about":[{"href":"https:\/\/ufpr.br\/propg\/wp-json\/wp\/v2\/types\/page"}],"author":[{"embeddable":true,"href":"https:\/\/ufpr.br\/propg\/wp-json\/wp\/v2\/users\/5"}],"replies":[{"embeddable":true,"href":"https:\/\/ufpr.br\/propg\/wp-json\/wp\/v2\/comments?post=4608"}],"version-history":[{"count":204,"href":"https:\/\/ufpr.br\/propg\/wp-json\/wp\/v2\/pages\/4608\/revisions"}],"predecessor-version":[{"id":14917,"href":"https:\/\/ufpr.br\/propg\/wp-json\/wp\/v2\/pages\/4608\/revisions\/14917"}],"up":[{"embeddable":true,"href":"https:\/\/ufpr.br\/propg\/wp-json\/wp\/v2\/pages\/2756"}],"wp:attachment":[{"href":"https:\/\/ufpr.br\/propg\/wp-json\/wp\/v2\/media?parent=4608"}],"curies":[{"name":"wp","href":"https:\/\/api.w.org\/{rel}","templated":true}]}}