{"id":4335,"date":"2024-11-23T20:27:14","date_gmt":"2024-11-23T23:27:14","guid":{"rendered":"https:\/\/ufpr.br\/?page=4335"},"modified":"2026-04-07T13:27:02","modified_gmt":"2026-04-07T16:27:02","slug":"perguntas-frequentes","status":"publish","type":"page","link":"https:\/\/ufpr.br\/propg\/cpgss\/perguntas-frequentes\/","title":{"rendered":"Perguntas Frequentes"},"content":{"rendered":"\n<div style=\"height:50px\" aria-hidden=\"true\" class=\"wp-block-spacer\"><\/div>\n\n\n\n<h2 class=\"wp-block-heading\">Stricto Sensu (Mestrado, Doutorado e P\u00f3s-Doutorado)<\/h2>\n\n\n\n<hr class=\"wp-block-separator has-text-color has-alpha-channel-opacity has-background is-style-wide\" style=\"background-color:#e8ecf5;color:#e8ecf5\" \/>\n\n\n\n<div class=\"wp-block-columns is-layout-flex wp-container-core-columns-is-layout-9d6595d7 wp-block-columns-is-layout-flex\">\n<div class=\"wp-block-column is-layout-flow wp-block-column-is-layout-flow\" style=\"flex-basis:15%\">\n<div style=\"height:25px\" aria-hidden=\"true\" class=\"wp-block-spacer\"><\/div>\n\n\n<div class=\"wp-block-image\">\n<figure class=\"aligncenter size-full is-resized\" id=\"topo\"><img decoding=\"async\" src=\"https:\/\/ufpr.br\/propg\/wp-content\/uploads\/2024\/08\/Icone_PergutasFrequentes_Rosa.png\" alt=\"\" class=\"wp-image-6120\" style=\"width:100px\" \/><\/figure><\/div><\/div>\n\n\n\n<div class=\"wp-block-column is-layout-flow wp-block-column-is-layout-flow\" style=\"flex-basis:75%\">\n<details class=\"wp-block-details is-layout-flow wp-block-details-is-layout-flow\"><summary>Ajuste e Reformula\u00e7\u00f5es Curriculares<\/summary>\n<p><a title=\"\" href=\"https:\/\/ufpr.br\/propg\/cpgss\/ajuste-e-reformulacao-curricular-siga\/\" target=\"_blank\" rel=\"noopener\">Instru\u00e7\u00f5es para realiza\u00e7\u00e3o de&nbsp;altera\u00e7\u00f5es nas grades curriculares&nbsp;dos programas&nbsp;de acordo com a Resolu\u00e7\u00e3o 32\/17-CEPE<\/a> (ajuste ou reformula\u00e7\u00e3o curricular)<\/p>\n\n\n\n<hr class=\"wp-block-separator has-alpha-channel-opacity is-style-dots\" \/>\n<\/details>\n\n\n\n<details class=\"wp-block-details is-layout-flow wp-block-details-is-layout-flow\"><summary>Apresenta\u00e7\u00e3o de proposta de cursos novos (APCN)<\/summary>\n<p><a title=\"\" href=\"https:\/\/ufpr.br\/propg\/cpgss\/apcn\/\" target=\"_blank\" rel=\"noopener\">Informa\u00e7\u00f5es sobre&nbsp;APCN<\/a><\/p>\n\n\n\n<hr class=\"wp-block-separator has-alpha-channel-opacity is-style-dots\" \/>\n<\/details>\n\n\n\n<details class=\"wp-block-details is-layout-flow wp-block-details-is-layout-flow\"><summary>Certificado de especialista para quem n\u00e3o terminar o mestrado ou doutorado<\/summary>\n<p>A&nbsp;<a title=\"\" href=\"http:\/\/portal.mec.gov.br\/docman\/abril-2018-pdf\/85591-rces001-18\/file\" target=\"_blank\" rel=\"noopener\">Resolu\u00e7\u00e3o CNE\/CES n\u00b0 01\/2018<\/a>&nbsp;traz que \u201cArt. 10. As institui\u00e7\u00f5es que mant\u00eam cursos regulares em programas de stricto sensu poder\u00e3o converter em certificado de especializa\u00e7\u00e3o os cr\u00e9ditos de disciplinas cursadas aos estudantes que n\u00e3o conclu\u00edrem disserta\u00e7\u00e3o de mestrado ou tese de doutorado, desde que tal previs\u00e3o conste do regulamento dos respectivos programas institucionais e que sejam observadas as exig\u00eancias desta Resolu\u00e7\u00e3o para a certifica\u00e7\u00e3o.\u201d<\/p>\n\n\n\n<p>At\u00e9 o momento, nenhum PPG da UFPR possui essa previs\u00e3o em seus regimentos internos, e a&nbsp;<a title=\"\" href=\"https:\/\/ufpr.br\/propg\/wp-content\/uploads\/2024\/11\/res-32-17-cepe-normas-para-o-curso-de-ps-graduao-stricto-sensu-1.pdf\" target=\"_blank\" rel=\"noopener\">Res. 32\/17 CEPE<\/a>&nbsp;tamb\u00e9m n\u00e3o disp\u00f5e sobre. <\/p>\n\n\n\n<p>Resolu\u00e7\u00f5es CNES\/CES: <a title=\"\" href=\"http:\/\/portal.mec.gov.br\/component\/content\/article?id=62611\" target=\"_blank\" rel=\"noopener\">http:\/\/portal.mec.gov.br\/component\/content\/article?id=62611<\/a><\/p>\n\n\n\n<hr class=\"wp-block-separator has-alpha-channel-opacity is-style-dots\" \/>\n<\/details>\n\n\n\n<details class=\"wp-block-details is-layout-flow wp-block-details-is-layout-flow\"><summary>Como criar e-mail para alunos<\/summary>\n<p><a href=\"http:\/\/www.prppg.ufpr.br\/site\/blog\/2020\/06\/05\/como-solicitar-e-mail-para-alunos\/\">Orienta\u00e7\u00f5es para solicitar e-mail ufpr para discentes<\/a> <mark style=\"background-color:#fcb900\" class=\"has-inline-color\">LINK QUEBRADO<\/mark><\/p>\n\n\n\n<hr class=\"wp-block-separator has-alpha-channel-opacity is-style-dots\" \/>\n<\/details>\n\n\n\n<details class=\"wp-block-details is-layout-flow wp-block-details-is-layout-flow\"><summary>Coorientador em banca de defesa<\/summary>\n<p><a title=\"\" href=\"https:\/\/ufpr.br\/propg\/wp-content\/uploads\/2024\/11\/coorientador-em-banca-de-defesa-05-06-2020.pdf\" target=\"_blank\" rel=\"noopener\">Orienta\u00e7\u00f5es<\/a> para registrar a participa\u00e7\u00e3o de coorientador em ata.<br><br><a title=\"\" href=\"https:\/\/ufpr.br\/propg\/wp-content\/uploads\/2024\/11\/siga-coorientador-em-banca.png\" target=\"_blank\" rel=\"noopener\">Tutorial no Siga<\/a><\/p>\n\n\n\n<hr class=\"wp-block-separator has-alpha-channel-opacity is-style-dots\" \/>\n<\/details>\n\n\n\n<details class=\"wp-block-details is-layout-flow wp-block-details-is-layout-flow\"><summary>Credenciamento Docente<\/summary>\n<p><a title=\"\" href=\"https:\/\/ufpr.br\/propg\/cpgss\/credenciamento-docente\/\" target=\"_blank\" rel=\"noopener\">Instru\u00e7\u00f5es para&nbsp;credenciamento docente<\/a><\/p>\n\n\n\n<hr class=\"wp-block-separator has-alpha-channel-opacity is-style-dots\" \/>\n<\/details>\n\n\n\n<details class=\"wp-block-details is-layout-flow wp-block-details-is-layout-flow\"><summary>Credenciamento Docente S\u00eanior<\/summary>\n<p><a title=\"\" href=\"https:\/\/ufpr.br\/propg\/cpgss\/credenciamento-docente-senior\/\" target=\"_blank\" rel=\"noopener\">Instru\u00e7\u00f5es para&nbsp;credenciamento docente&nbsp; s\u00eanior&nbsp;<\/a>(colaborador ou permanente)<\/p>\n\n\n\n<hr class=\"wp-block-separator has-alpha-channel-opacity is-style-dots\" \/>\n<\/details>\n\n\n\n<details class=\"wp-block-details is-layout-flow wp-block-details-is-layout-flow\"><summary>Docente afastado em banca de defesa<\/summary>\n<p><strong>Docente em f\u00e9rias ou afastamento pode participar\/assinar ata de banca de defesa?<\/strong><\/p>\n\n\n\n<p>O gozo de f\u00e9rias ou afastamentos integrais (licen\u00e7a sa\u00fade, maternidade, capacita\u00e7\u00e3o, p\u00f3s-doutorado) pressup\u00f5em o afastamento de todas as atividades do docente, inclusive sua participa\u00e7\u00e3o como membro em bancas de defesa.<\/p>\n\n\n\n<p>Resposta da PROGEPE \u00e0 d\u00favida semelhante, sobre docente afastado para realiza\u00e7\u00e3o de p\u00f3s-doutorado:<\/p>\n\n\n\n<p>Orienta\u00e7\u00e3o da Unidade de Normatiza\u00e7\u00e3o \u2013 DAP\/PROGEPE:<\/p>\n\n\n\n<p>Tendo em vista o art. 5\u00ba da Resolu\u00e7\u00e3o 66\/98 que estabelece as normas para o afastamento de docentes da UFPR, essa unidade entende que o afastamento para participa\u00e7\u00e3o em p\u00f3s-doutorado pressup\u00f5e o afastamento de todas as atividades do docente, inclusive a participa\u00e7\u00e3o como membro em bancas de defesa.<\/p>\n\n\n\n<hr class=\"wp-block-separator has-alpha-channel-opacity is-style-dots\" \/>\n<\/details>\n\n\n\n<details class=\"wp-block-details is-layout-flow wp-block-details-is-layout-flow\"><summary>Diplomas e certificados<\/summary>\n<p><a href=\"https:\/\/ufpr.br\/propg\/udc\/\" target=\"_blank\" rel=\"noreferrer noopener\">Informa\u00e7\u00f5es sobre&nbsp;diplomas e certificados&nbsp;de mestrado, doutorado, p\u00f3s-doutorado<\/a><\/p>\n\n\n\n<hr class=\"wp-block-separator has-alpha-channel-opacity is-style-dots\" \/>\n<\/details>\n\n\n\n<details class=\"wp-block-details is-layout-flow wp-block-details-is-layout-flow\"><summary>Disciplinas Transversais<\/summary>\n<p><a title=\"\" href=\"https:\/\/transversais.ufpr.br\/perguntas-frequentes\/\" target=\"_blank\" rel=\"noopener\">Informa\u00e7\u00f5es sobre&nbsp;inscri\u00e7\u00f5es, matr\u00edcula e acesso&nbsp;\u00e0s disciplinas transversais<\/a><\/p>\n\n\n\n<hr class=\"wp-block-separator has-alpha-channel-opacity is-style-dots\" \/>\n<\/details>\n\n\n\n<details class=\"wp-block-details is-layout-flow wp-block-details-is-layout-flow\"><summary>Est\u00e1gio para alunos de p\u00f3s-gradua\u00e7\u00e3o (mestrado e doutorado)<\/summary>\n<p>Alunos de mestrado e doutorado podem fazer est\u00e1gio? A&nbsp;<a title=\"\" href=\"https:\/\/ufpr.br\/propg\/wp-content\/uploads\/2024\/11\/res-32-17-cepe-normas-para-o-curso-de-ps-graduao-stricto-sensu-1.pdf\" target=\"_blank\" rel=\"noopener\">Resolu\u00e7\u00e3o n\u00ba 32\/17-CEPE<\/a>&nbsp;delega este tipo de an\u00e1lise ao&nbsp;<strong>colegiado de cada programa de p\u00f3s-gradua\u00e7\u00e3o<\/strong>: n\u00e3o h\u00e1 uma restri\u00e7\u00e3o para est\u00e1gio aos alunos de mestrado e doutorado, sendo que \u00e9&nbsp;compet\u00eancia do colegiado do programa&nbsp;em que o aluno estiver matriculado avaliar se aquele discente pode ou n\u00e3o assumir estas atividades.<\/p>\n\n\n\n<ul class=\"wp-block-list\">\n<li>Nesse contexto, o&nbsp;coordenador de programa de p\u00f3s-gradua\u00e7\u00e3o&nbsp;\u00e9 quem assinar\u00e1 os documentos para os casos em que houver autoriza\u00e7\u00e3o de est\u00e1gio de seus alunos.<\/li>\n<\/ul>\n\n\n\n<ul class=\"wp-block-list\">\n<li>Estes documentos devem ficar arquivados no dossi\u00ea do discente, na secretaria do PPG.<\/li>\n<\/ul>\n\n\n\n<ul class=\"wp-block-list\">\n<li>Em s\u00edntese, o est\u00e1gio dever\u00e1 ser autorizado pela coordena\u00e7\u00e3o do programa de p\u00f3s-gradua\u00e7\u00e3o em que o aluno estiver matriculado, pois \u00e9&nbsp;<strong>compet\u00eancia do colegiado,&nbsp;em conjunto com o orientador<\/strong>, avaliar se o aluno pode ou n\u00e3o assumir estas atividades.<\/li>\n<\/ul>\n\n\n\n<ul class=\"wp-block-list\">\n<li>A PROGRAD e a CPGSS\/PRPPG n\u00e3o participam de nenhuma etapa do fluxo de processos referentes a est\u00e1gios de discente de mestrado e doutorado.<\/li>\n<\/ul>\n\n\n\n<hr class=\"wp-block-separator has-alpha-channel-opacity is-style-dots\" \/>\n<\/details>\n\n\n\n<details class=\"wp-block-details is-layout-flow wp-block-details-is-layout-flow\"><summary>Informa\u00e7\u00f5es sobre aprecia\u00e7\u00e3o do Comit\u00ea de \u00c9tica em Pesquisa com Seres Humanos<\/summary>\n<p>Comit\u00ea de \u00c9tica em Pesquisa com Seres Humanos, alocado no Setor de Ci\u00eancias da Sa\u00fade (CEP\/SD\/UFPR)<br><br>Qualquer informa\u00e7\u00e3o pertinente a projetos de pesquisa e sobre a obrigatoriedade ou n\u00e3o de aprecia\u00e7\u00e3o e aval pelo CEP\/SD\/UFPR<br>deve ser obtida, exclusivamente, junto a esta inst\u00e2ncia atrav\u00e9s dos contatos:<br><br>email: cometica.saude@ufpr.br ;<br>telefone (WhatsApp) 41-3360-7259;<br>p\u00e1gina:&nbsp;<a title=\"\" href=\"http:\/\/www.cometica.ufpr.br\/\" target=\"_blank\" rel=\"noopener\">www.cometica.ufpr.br<\/a><\/p>\n\n\n\n<hr class=\"wp-block-separator has-alpha-channel-opacity is-style-dots\" \/>\n<\/details>\n\n\n\n<details class=\"wp-block-details is-layout-flow wp-block-details-is-layout-flow\"><summary>Mestrado e Doutorado<\/summary>\n<p><a href=\"https:\/\/ufpr.br\/propg\/cpgss\/informacoes-sobre-mestrado-e-doutorado\/\">Informa\u00e7\u00f5es<\/a>&nbsp;sobre sele\u00e7\u00e3o, ingresso, matr\u00edcula, crit\u00e9rios de concess\u00e3o de bolsas de estudo, &nbsp;processos&nbsp;seletivos em andamento, calend\u00e1rio acad\u00eamico e outras informa\u00e7\u00f5es espec\u00edficas do&nbsp;mestrado e doutorado da UFPR<\/p>\n\n\n\n<hr class=\"wp-block-separator has-alpha-channel-opacity is-style-dots\" \/>\n<\/details>\n\n\n\n<details class=\"wp-block-details is-layout-flow wp-block-details-is-layout-flow\"><summary>Minuta de edital de processo seletivo conforme recomenda\u00e7\u00f5es do Minist\u00e9rio P\u00fablico<\/summary>\n<p><a title=\"\" href=\"https:\/\/ufpr.br\/propg\/wp-content\/uploads\/2024\/11\/10-of-n-253-16-ministrio-pblico-alterao-minuta-edital-proc-seletivo-29-11-16.pdf\" target=\"_blank\" rel=\"noopener\">Of. n\u00ba 253.16-PRPPG Minist\u00e9rio P\u00fablico<\/a>\u00a0\u2013 Minuta de Edital Processo Seletivo \u2013 29.11.16<br><br>Anexo I:\u00a0<a title=\"\" href=\"https:\/\/ufpr.br\/propg\/wp-content\/uploads\/2024\/11\/recomendaes-do-ministrio-pblico-editais-de-processo-seletivo.pdf\" target=\"_blank\" rel=\"noopener\">Recomenda\u00e7\u00f5es do MP<\/a>\u00a0(s\u00edntese)<br><br>Anexo II: Vers\u00e3o edit\u00e1vel da minuta para processo seletivo de\u00a0<a href=\"https:\/\/ufpr.br\/propg\/wp-content\/uploads\/2026\/04\/minuta-edital-proc-seletivo-mestrado-e-doutorado-29-11-16.docx\">mestrado e doutorado<\/a><br><br>Anexo III: Vers\u00e3o edit\u00e1vel da minuta para processo seletivo de\u00a0<a title=\"\" href=\"https:\/\/ufpr.br\/propg\/wp-content\/uploads\/2024\/11\/minuta-edital-proc-seletivo-ps-doc-24-10-17.docx\" target=\"_blank\" rel=\"noopener\">p\u00f3s-doutorado<\/a><\/p>\n\n\n\n<hr class=\"wp-block-separator has-alpha-channel-opacity is-style-dots\" \/>\n<\/details>\n\n\n\n<details class=\"wp-block-details is-layout-flow wp-block-details-is-layout-flow\"><summary>Mobilidade Acad\u00eamica na P\u00f3s-Gradua\u00e7\u00e3o<\/summary>\n<p><a href=\"https:\/\/ufpr.br\/propg\/siprop\/#mobilidade\" target=\"_blank\" rel=\"noreferrer noopener\">Informa\u00e7\u00f5es sobre Mobilidade Acad\u00eamica na P\u00f3s-Gradua\u00e7\u00e3o<\/a><\/p>\n\n\n\n<hr class=\"wp-block-separator has-alpha-channel-opacity is-style-dots\" \/>\n<\/details>\n\n\n\n<details class=\"wp-block-details is-layout-flow wp-block-details-is-layout-flow\"><summary>Nomea\u00e7\u00e3o de Coordena\u00e7\u00e3o\/Vice Coordena\u00e7\u00e3o<\/summary>\n<p>PROGEPE:&nbsp;<a href=\"http:\/\/progepe.ufpr.br\/manual\/designacao-fg-fcc-cd\/\" target=\"_blank\" rel=\"noreferrer noopener\">Designa\u00e7\u00e3o em fun\u00e7\u00e3o gratificada, fun\u00e7\u00e3o comissionada de coordena\u00e7\u00e3o de curso ou nomea\u00e7\u00e3o em cargo de dire\u00e7\u00e3o<\/a><br><br>PROGEPE: <a href=\"http:\/\/progepe.ufpr.br\/manual\/exoneracao-fg-fcc-cd\/\" target=\"_blank\" rel=\"noreferrer noopener\">Exonera\u00e7\u00e3o de fun\u00e7\u00e3o gratificada, fun\u00e7\u00e3o comissionada de coordena\u00e7\u00e3o de curso ou cargo de dire\u00e7\u00e3o<\/a>&nbsp;<br><br><a title=\"\" href=\"http:\/\/www.soc.ufpr.br\/portal\/wp-content\/uploads\/2016\/07\/resolucao_coun_06041995-122.pdf\" target=\"_blank\" rel=\"noopener\">Res. 04\/95-COUN<\/a>&nbsp;\u2013 Fixa normas para o preenchimento dos cargos de Chefe e Suplentes de Departamentos Did\u00e1ticos e de Coordenadores e Vice Coordenadores de Cursos de Gradua\u00e7\u00e3o e P\u00f3s-Gradua\u00e7\u00e3o da UFPR, nos casos de vac\u00e2ncia<\/p>\n\n\n\n<hr class=\"wp-block-separator has-alpha-channel-opacity is-style-dots\" \/>\n<\/details>\n\n\n\n<details class=\"wp-block-details is-layout-flow wp-block-details-is-layout-flow\"><summary>Ouvidoria<\/summary>\n<p>Para enviar elogios, reclama\u00e7\u00f5es, den\u00fancias ou sugest\u00f5es diretamente para a Ouvidoria da UFPR, acesse o<a title=\"\" href=\"https:\/\/sistema.ouvidorias.gov.br\/\" target=\"_blank\" rel=\"noopener\">&nbsp;e-OUV-Sistema de Ouvidorias do Poder Executivo Federal<\/a>:<\/p>\n\n\n\n<ul class=\"wp-block-list\">\n<li>Clique no tipo de manifesta\u00e7\u00e3o e selecione a UFPR<\/li>\n<\/ul>\n\n\n\n<ul class=\"wp-block-list\">\n<li>No campo destinat\u00e1rio Selecione a esfera \u201cFederal\u201d e \u00d3rg\u00e3o \u201cUFPR\u201d<\/li>\n<\/ul>\n\n\n\n<ul class=\"wp-block-list\">\n<li>Sobre qual \u00f3rg\u00e3o voc\u00ea quer falar:&nbsp;Digite \u201cUFPR\u201d<\/li>\n<\/ul>\n\n\n\n<ul class=\"wp-block-list\">\n<li>N\u00e3o \u00e9 necess\u00e1rio identificar-se.<\/li>\n<\/ul>\n\n\n\n<hr class=\"wp-block-separator has-alpha-channel-opacity is-style-dots\" \/>\n<\/details>\n\n\n\n<details class=\"wp-block-details is-layout-flow wp-block-details-is-layout-flow\"><summary>Plataforma Sucupira \u2013 Coleta Capes<\/summary>\n<p><a title=\"\" href=\"https:\/\/ufpr.br\/propg\/cpgss\/coleta-capes\/\" target=\"_blank\" rel=\"noopener\">Orienta\u00e7\u00f5es e outros documentos<\/a><\/p>\n\n\n\n<hr class=\"wp-block-separator has-alpha-channel-opacity is-style-dots\" \/>\n<\/details>\n\n\n\n<details class=\"wp-block-details is-layout-flow wp-block-details-is-layout-flow\"><summary>P\u00f3s-doutorado<\/summary>\n<p><a href=\"https:\/\/ufpr.br\/propg\/cpgss\/pos-doutorado\/\">Informa\u00e7\u00f5es sobre&nbsp;p\u00f3s-doutoramento no \u00e2mbito da UFPR<\/a><\/p>\n\n\n\n<hr class=\"wp-block-separator has-alpha-channel-opacity is-style-dots\" \/>\n<\/details>\n\n\n\n<details class=\"wp-block-details is-layout-flow wp-block-details-is-layout-flow\"><summary>Professor S\u00eanior<\/summary>\n<p><a title=\"\" href=\"https:\/\/ufpr.br\/propg\/cpgss\/programa-professor-senior\/\" target=\"_blank\" rel=\"noopener\">Informa\u00e7\u00f5es sobre o&nbsp;Programa Professor S\u00eanior<\/a><\/p>\n\n\n\n<hr class=\"wp-block-separator has-alpha-channel-opacity is-style-dots\" \/>\n<\/details>\n\n\n\n<details class=\"wp-block-details is-layout-flow wp-block-details-is-layout-flow\"><summary>Professor Visitante<\/summary>\n<p><a title=\"\" href=\"https:\/\/ufpr.br\/propg\/cpgss\/programa-professor-visitante\/\" target=\"_blank\" rel=\"noopener\">Informa\u00e7\u00f5es sobre o&nbsp;Programa Professor Visitante<\/a><\/p>\n\n\n\n<hr class=\"wp-block-separator has-alpha-channel-opacity is-style-dots\" \/>\n<\/details>\n\n\n\n<details class=\"wp-block-details is-layout-flow wp-block-details-is-layout-flow\"><summary>Reconhecimento de diploma estrangeiro<\/summary>\n<p><a href=\"https:\/\/ufpr.br\/propg\/cpgss\/reconhecimento-faq\/\">Informa\u00e7\u00f5es sobre&nbsp;reconhecimento de diploma estrangeiro&nbsp;de mestrado e doutorado&nbsp;na UFPR<\/a><\/p>\n\n\n\n<hr class=\"wp-block-separator has-alpha-channel-opacity is-style-dots\" \/>\n<\/details>\n\n\n\n<details class=\"wp-block-details is-layout-flow wp-block-details-is-layout-flow\"><summary>Reconsidera\u00e7\u00e3o de decis\u00e3o do colegiado (pedido de recurso)<\/summary>\n<p><a href=\"https:\/\/ufpr.br\/propg\/cpgss\/pedido-de-reconsideracao\/\">Orienta\u00e7\u00f5es sobre interposi\u00e7\u00e3o de recursos\/pedido de reconsidera\u00e7\u00e3o de decis\u00e3o do PPG&nbsp;<\/a><\/p>\n\n\n\n<hr class=\"wp-block-separator has-alpha-channel-opacity is-style-dots\" \/>\n<\/details>\n\n\n\n<details class=\"wp-block-details is-layout-flow wp-block-details-is-layout-flow\"><summary>Seguro para Alunos de P\u00f3s-gradua\u00e7\u00e3o<\/summary>\n<p>Conforme orienta\u00e7\u00e3o do Departamento de Licita\u00e7\u00f5es e Contrata\u00e7\u00f5es da Pr\u00f3-reitoria de Administra\u00e7\u00e3o da UFPR, por recomenda\u00e7\u00e3o do MP,&nbsp;<strong>desde de 2017 a UFPR n\u00e3o contrata mais seguro para seus alunos de gradua\u00e7\u00e3o e de p\u00f3s-gradua\u00e7\u00e3o<\/strong>.<\/p>\n\n\n\n<ul class=\"wp-block-list\">\n<li><a title=\"\" href=\"https:\/\/ufpr.br\/propg\/wp-content\/uploads\/2024\/11\/of-006-de-2019-seguro-para-alunos-de-ps-graduao-contratao-suspensa.pdf\" target=\"_blank\" rel=\"noopener\">Of. 006 de 2019<\/a>&nbsp;\u2013 Seguro para alunos de p\u00f3s-gradua\u00e7\u00e3o: contrata\u00e7\u00e3o suspensa<\/li>\n<\/ul>\n\n\n\n<ul class=\"wp-block-list\">\n<li><a title=\"\" href=\"https:\/\/ufpr.br\/propg\/wp-content\/uploads\/2024\/11\/tcu-solicita-suspenso-contrato-seguro.pdf\" target=\"_blank\" rel=\"noopener\">Comunica\u00e7\u00e3o&nbsp;TCU \u00e0 PRA\/UFPR<\/a><\/li>\n<\/ul>\n\n\n\n<ul class=\"wp-block-list\">\n<li>Para maiores informa\u00e7\u00f5es:&nbsp;&nbsp;<a title=\"\" href=\"http:\/\/www.pra.ufpr.br\/portal\/dsg\/divisao-de-contratos\/\" target=\"_blank\" rel=\"noopener\">Divis\u00e3o de Contratos\/DSG\/UFPR<\/a>: <mark style=\"background-color:#fcb900\" class=\"has-inline-color\">(LINK QUEBRADO)<\/mark> (41) 3360-5187 \u2013 contratos@ufpr.br<\/li>\n<\/ul>\n\n\n\n<hr class=\"wp-block-separator has-alpha-channel-opacity is-style-dots\" \/>\n<\/details>\n\n\n\n<details class=\"wp-block-details is-layout-flow wp-block-details-is-layout-flow\"><summary>SIGA<\/summary>\n<p><a href=\"https:\/\/ufpr.br\/propg\/cpgss\/tutoriais\/#siga\">Orienta\u00e7\u00f5es, tutoriais e outros documentos<\/a><\/p>\n\n\n\n<hr class=\"wp-block-separator has-alpha-channel-opacity is-style-dots\" \/>\n<\/details>\n\n\n\n<details class=\"wp-block-details is-layout-flow wp-block-details-is-layout-flow\"><summary>Sistema Eletr\u00f4nico de informa\u00e7\u00f5es (SEI)<\/summary>\n<p>A plataforma oficial para abertura, instru\u00e7\u00e3o e acompanhamento dos processos administrativos da universidade \u00e9 o SEI<\/p>\n\n\n\n<ul class=\"wp-block-list\">\n<li><a title=\"\" href=\"https:\/\/www.escolavirtual.gov.br\/curso\/74\" target=\"_blank\" rel=\"noopener\">Curso Sistema Eletr\u00f4nico de Informa\u00e7\u00f5es \u2013 SEI! USAR<\/a> <\/li>\n<\/ul>\n\n\n\n<ul class=\"wp-block-list\">\n<li>Aqui voc\u00ea encontra tutoriais, v\u00eddeos e dicas:&nbsp;<a title=\"\" href=\"http:\/\/www.cgr.ufpr.br\/portal\/sei-material-de-apoio\/\" target=\"_blank\" rel=\"noopener\">http:\/\/www.cgr.ufpr.br\/portal\/sei-material-de-apoio\/<\/a><\/li>\n<\/ul>\n\n\n\n<hr class=\"wp-block-separator has-alpha-channel-opacity is-style-dots\" \/>\n<\/details>\n\n\n\n<details class=\"wp-block-details is-layout-flow wp-block-details-is-layout-flow\"><summary>Sufici\u00eancia em l\u00edngua estrangeira<\/summary>\n<p>Sobre os Certificados de Sufici\u00eancia em l\u00edngua estrangeira&nbsp; para o mestrado e doutorado, quais s\u00e3o aceitos pelos Programas?<\/p>\n\n\n\n<p>A defini\u00e7\u00e3o de quais certificados s\u00e3o aceitos \u00e9 feita apenas pelo PPG. A PRPPG n\u00e3o faz essa an\u00e1lise. Inclusive os PPGs podem listar as institui\u00e7\u00f5es cujos certificados s\u00e3o aceitos, atualizando conforme demanda e an\u00e1lise; assim o aluno j\u00e1 sabe de antem\u00e3o quais realizar. O PPG tamb\u00e9m pode elaborar seus pr\u00f3prios testes para atender a exig\u00eancia da sufici\u00eancia.<\/p>\n\n\n\n<p>Assim, se h\u00e1 d\u00favida sobre um certificado de sufici\u00eancia ser aceito ou n\u00e3o, consulte o site ou a secretaria do PPG.<\/p>\n\n\n\n<p>Resolu\u00e7\u00e3o 32\/17 Cepe:<\/p>\n\n\n\n<blockquote class=\"wp-block-quote is-layout-flow wp-block-quote-is-layout-flow\">\n<p>Art. 48<\/p>\n\n\n\n<p>2\u00ba Os testes de sufici\u00eancia ou profici\u00eancia em l\u00edngua estrangeira moderna poder\u00e3o ser elaborados, a crit\u00e9rio dos PPGs, por comiss\u00e3o pr\u00f3pria designada pelo Colegiado.<\/p>\n\n\n\n<p>5\u00ba A crit\u00e9rio do Colegiado os candidatos que possuam certificados de sufici\u00eancia ou profici\u00eancia na(s) l\u00edngua(s) estrangeira(s) emitidos por outras institui\u00e7\u00f5es poder\u00e3o ser dispensados dos testes previstos no caput deste artigo, desde que emitidos h\u00e1 menos de 5 (cinco) anos.<\/p>\n<\/blockquote>\n\n\n\n<hr class=\"wp-block-separator has-alpha-channel-opacity is-style-dots\" \/>\n<\/details>\n\n\n\n<div style=\"height:15px\" aria-hidden=\"true\" class=\"wp-block-spacer\"><\/div>\n\n\n\n<p class=\"has-text-color has-link-color wp-elements-35347cca6bfe07bb2bf966001a1b447f\" style=\"color:#243673\"><strong><a href=\"#topo\" title=\"\">Voltar ao topo<\/a><\/strong><\/p>\n<\/div>\n\n\n\n<div class=\"wp-block-column is-layout-flow wp-block-column-is-layout-flow\" style=\"flex-basis:10%\"><\/div>\n<\/div>\n","protected":false},"excerpt":{"rendered":"<p>Stricto Sensu (Mestrado, Doutorado e P\u00f3s-Doutorado) Voltar ao topo<\/p>\n","protected":false},"author":5,"featured_media":0,"parent":2756,"menu_order":0,"comment_status":"closed","ping_status":"closed","template":"","meta":{"footnotes":""},"class_list":["post-4335","page","type-page","status-publish","hentry"],"_links":{"self":[{"href":"https:\/\/ufpr.br\/propg\/wp-json\/wp\/v2\/pages\/4335","targetHints":{"allow":["GET"]}}],"collection":[{"href":"https:\/\/ufpr.br\/propg\/wp-json\/wp\/v2\/pages"}],"about":[{"href":"https:\/\/ufpr.br\/propg\/wp-json\/wp\/v2\/types\/page"}],"author":[{"embeddable":true,"href":"https:\/\/ufpr.br\/propg\/wp-json\/wp\/v2\/users\/5"}],"replies":[{"embeddable":true,"href":"https:\/\/ufpr.br\/propg\/wp-json\/wp\/v2\/comments?post=4335"}],"version-history":[{"count":108,"href":"https:\/\/ufpr.br\/propg\/wp-json\/wp\/v2\/pages\/4335\/revisions"}],"predecessor-version":[{"id":52134,"href":"https:\/\/ufpr.br\/propg\/wp-json\/wp\/v2\/pages\/4335\/revisions\/52134"}],"up":[{"embeddable":true,"href":"https:\/\/ufpr.br\/propg\/wp-json\/wp\/v2\/pages\/2756"}],"wp:attachment":[{"href":"https:\/\/ufpr.br\/propg\/wp-json\/wp\/v2\/media?parent=4335"}],"curies":[{"name":"wp","href":"https:\/\/api.w.org\/{rel}","templated":true}]}}