{"id":4125,"date":"2024-11-21T15:11:39","date_gmt":"2024-11-21T18:11:39","guid":{"rendered":"https:\/\/ufpr.br\/?page=4125"},"modified":"2025-09-09T13:35:28","modified_gmt":"2025-09-09T16:35:28","slug":"checklist","status":"publish","type":"page","link":"https:\/\/ufpr.br\/propg\/cpgss\/programa-professor-visitante\/checklist\/","title":{"rendered":"Checklist Professor Visitante"},"content":{"rendered":"\n<div style=\"height:50px\" aria-hidden=\"true\" class=\"wp-block-spacer\"><\/div>\n\n\n\n<div class=\"wp-block-columns is-layout-flex wp-container-core-columns-is-layout-9d6595d7 wp-block-columns-is-layout-flex\">\n<div class=\"wp-block-column is-layout-flow wp-block-column-is-layout-flow\" style=\"flex-basis:20%\"><div class=\"wp-block-image\">\n<figure class=\"aligncenter size-full is-resized\"><img decoding=\"async\" src=\"https:\/\/ufpr.br\/propg\/wp-content\/uploads\/2025\/09\/Icone_Checklist_Rosa.png\" alt=\"\" class=\"wp-image-26134\" style=\"width:100px\"\/><\/figure><\/div><\/div>\n\n\n\n<div class=\"wp-block-column is-layout-flow wp-block-column-is-layout-flow\" style=\"flex-basis:70%\">\n<blockquote class=\"wp-block-quote is-layout-flow wp-block-quote-is-layout-flow\">\n<p>Rela\u00e7\u00e3o de documentos e informa\u00e7\u00f5es necess\u00e1rias \u00e0 instru\u00e7\u00e3o processual de propostas para o <a href=\"https:\/\/ufpr.br\/propg\/cpgss\/programa-professor-visitante\/\" title=\"\">Programa Professor Visitante<\/a> Volunt\u00e1rio <strong>com<\/strong> Remunera\u00e7\u00e3o<\/p>\n<\/blockquote>\n\n\n\n<div style=\"height:25px\" aria-hidden=\"true\" class=\"wp-block-spacer\"><\/div>\n\n\n\n<h2 class=\"wp-block-heading has-text-align-left has-background has-medium-font-size\" id=\"coordenadoria\" style=\"background-color:#e8ecf5\">DOCUMENTA\u00c7\u00c3O SOLICITADA PELO COMIT\u00ca GESTOR<\/h2>\n\n\n\n<hr class=\"wp-block-separator has-text-color has-alpha-channel-opacity has-background is-style-wide\" style=\"background-color:#e8ecf5;color:#e8ecf5\"\/>\n\n\n\n<figure class=\"wp-block-table is-style-stripes\"><table class=\"has-black-color has-text-color has-link-color has-fixed-layout\"><tbody><tr><td>Ata ou extrato de ata do Colegiado do PPG<\/td><\/tr><tr><td>Anu\u00eancia do Conselho Setorial (ata ou extrato Ata)<\/td><\/tr><tr><td>Of\u00edcio do programa apresentando as informa\u00e7\u00f5es solicitadas no&nbsp;<strong>artigo 5\u00ba da Resolu\u00e7\u00e3o 29\/17-CEPE<\/strong>, assim como as seguintes informa\u00e7\u00f5es:<\/td><\/tr><tr><td>Nome do PPG solicitante<\/td><\/tr><tr><td>Nome do Professor(a) indicado(a) pelo PPG<\/td><\/tr><tr><td>Institui\u00e7\u00e3o que o Professor(a) pertence<\/td><\/tr><tr><td>V\u00ednculo ativo do Professor(a) indicado<\/td><\/tr><tr><td>Per\u00edodo de perman\u00eancia pretendido pelo PPG<\/td><\/tr><tr><td>Plano de Trabalho (cronograma de atividades)<\/td><\/tr><tr><td>Curr\u00edculo do Candidato<\/td><\/tr><tr><td>Diploma de Doutorado do Candidato<\/td><\/tr><tr><td>P\u00e1gina de identifica\u00e7\u00e3o do portador do passaporte, onde consta o n\u00famero de registro do documento (digitalizar e anexar imagem no processo)<\/td><\/tr><tr><td>Planilha enviada aos programas pela CPGSS com a produ\u00e7\u00e3o intelectual do programa e do candidato (<a href=\"https:\/\/ufpr.br\/propg\/wp-content\/uploads\/2024\/11\/planilha_programa-professor-visitante.xlsx\" target=\"_blank\" rel=\"noopener\" title=\"\">Planilha Programa Professor Visitante<\/a>)<\/td><\/tr><\/tbody><\/table><\/figure>\n\n\n\n<div style=\"height:50px\" aria-hidden=\"true\" class=\"wp-block-spacer\"><\/div>\n\n\n\n<h2 class=\"wp-block-heading has-text-align-left has-background has-medium-font-size\" id=\"coordenadoria\" style=\"background-color:#e8ecf5\">DOCUMENTA\u00c7\u00c3O SOLICITADA PELA RESOLU\u00c7\u00c3O 29\/17-CEPE<\/h2>\n\n\n\n<hr class=\"wp-block-separator has-text-color has-alpha-channel-opacity has-background is-style-wide\" style=\"background-color:#e8ecf5;color:#e8ecf5\"\/>\n\n\n\n<p><a href=\"https:\/\/ufpr.br\/propg\/wp-content\/uploads\/2024\/11\/resoluo_cepe2917_visitante.pdf\" target=\"_blank\" rel=\"noopener\" title=\"\">Resolu\u00e7\u00e3o 29\/17-CEPE<\/a><\/p>\n\n\n\n<hr class=\"wp-block-separator has-text-color has-alpha-channel-opacity has-background is-style-wide\" style=\"background-color:#e8ecf5;color:#e8ecf5\"\/>\n\n\n\n<h2 class=\"wp-block-heading\">I- quanto ao Programa de P\u00f3s-Gradua\u00e7\u00e3o Stricto Sensu:<\/h2>\n\n\n\n<div style=\"height:15px\" aria-hidden=\"true\" class=\"wp-block-spacer\"><\/div>\n\n\n\n<div class=\"wp-block-columns is-layout-flex wp-container-core-columns-is-layout-9d6595d7 wp-block-columns-is-layout-flex\">\n<div class=\"wp-block-column is-layout-flow wp-block-column-is-layout-flow\" style=\"flex-basis:1%\"><\/div>\n\n\n\n<div class=\"wp-block-column is-layout-flow wp-block-column-is-layout-flow\" style=\"flex-basis:99%\">\n<div class=\"wp-block-columns is-layout-flex wp-container-core-columns-is-layout-9d6595d7 wp-block-columns-is-layout-flex\">\n<div class=\"wp-block-column is-layout-flow wp-block-column-is-layout-flow\">\n<figure class=\"wp-block-table is-style-stripes\"><table class=\"has-black-color has-text-color has-link-color has-fixed-layout\"><tbody><tr><td>a) conceito vigente do programa;<\/td><\/tr><tr><td>b) n\u00famero de docentes permanentes, colaboradores e visitantes credenciados;<\/td><\/tr><tr><td>c) n\u00famero total de docentes do Departamento, quando aplic\u00e1vel;<\/td><\/tr><tr><td>d) vincula\u00e7\u00e3o do projeto de pesquisa \u00e0s linhas de pesquisa\/atua\u00e7\u00e3o do Programa de P\u00f3s-Gradua\u00e7\u00e3o;<\/td><\/tr><tr><td>e) crit\u00e9rios de credenciamento vigentes do Programa de P\u00f3s-Gradua\u00e7\u00e3o;<\/td><\/tr><tr><td>f) produ\u00e7\u00e3o intelectual dos docentes permanentes do programa nos \u00faltimos 4 anos de acordo com os crit\u00e9rios da \u00e1rea de avalia\u00e7\u00e3o;<\/td><\/tr><tr><td>g) a(s) disciplina(s) a ser(em) ministrada(s) pelo docente e\/ou proposta de plano de ensino quando se tratar de nova disciplina;<\/td><\/tr><tr><td>h) participa\u00e7\u00e3o nas atividades de orienta\u00e7\u00e3o e\/ou co-orienta\u00e7\u00e3o;<\/td><\/tr><tr><td>i) plano de atividades de internacionaliza\u00e7\u00e3o;<\/td><\/tr><tr><td>j) justificativa sobre a relev\u00e2ncia da incorpora\u00e7\u00e3o do docente ao quadro do programa;<\/td><\/tr><tr><td>k) detalhamento sobre a infraestrutura de trabalho ao docente (sala, acesso a servi\u00e7os de internet, biblioteca, laborat\u00f3rios e outros correlatos); e<\/td><\/tr><tr><td>l) indica\u00e7\u00e3o da dura\u00e7\u00e3o e se o v\u00ednculo se dar\u00e1 de forma volunt\u00e1ria ou mediante remunera\u00e7\u00e3o.<\/td><\/tr><\/tbody><\/table><\/figure>\n<\/div>\n<\/div>\n<\/div>\n<\/div>\n\n\n\n<h2 class=\"wp-block-heading\">II- quanto ao Candidato:<\/h2>\n\n\n\n<div style=\"height:15px\" aria-hidden=\"true\" class=\"wp-block-spacer\"><\/div>\n\n\n\n<div class=\"wp-block-columns is-layout-flex wp-container-core-columns-is-layout-9d6595d7 wp-block-columns-is-layout-flex\">\n<div class=\"wp-block-column is-layout-flow wp-block-column-is-layout-flow\" style=\"flex-basis:1%\"><\/div>\n\n\n\n<div class=\"wp-block-column is-layout-flow wp-block-column-is-layout-flow\" style=\"flex-basis:99%\">\n<div class=\"wp-block-columns is-layout-flex wp-container-core-columns-is-layout-9d6595d7 wp-block-columns-is-layout-flex\">\n<div class=\"wp-block-column is-layout-flow wp-block-column-is-layout-flow\">\n<figure class=\"wp-block-table is-style-stripes\"><table class=\"has-black-color has-text-color has-link-color has-fixed-layout\"><tbody><tr><td>a) produ\u00e7\u00e3o intelectual nos \u00faltimos 4 anos de acordo com os crit\u00e9rios vigentes da \u00e1rea de avalia\u00e7\u00e3o do Programa de P\u00f3s-Gradua\u00e7\u00e3o;<\/td><\/tr><tr><td>b) n\u00famero e n\u00edvel (mestrado\/doutorado) das orienta\u00e7\u00f5es conclu\u00eddas nos 4 \u00faltimos anos e das orienta\u00e7\u00f5es em curso;<\/td><\/tr><tr><td>c) descritivo dos financiamentos obtidos nos \u00faltimos 4 anos; e<\/td><\/tr><tr><td>d) indicadores de proje\u00e7\u00e3o internacional.<\/td><\/tr><\/tbody><\/table><\/figure>\n<\/div>\n<\/div>\n<\/div>\n<\/div>\n\n\n\n<p><strong>Par\u00e1grafo \u00fanico<\/strong>. O interst\u00edcio a que se refere este artigo compreende os 4 anos que precedem a submiss\u00e3o da proposta, acrescida da fra\u00e7\u00e3o do ano vigente. Os programas que tiverem menos de 4 anos ser\u00e3o analisados por fra\u00e7\u00e3o proporcional ao n\u00famero de anos de funcionamento, acrescida da fra\u00e7\u00e3o do ano vigente.<\/p>\n\n\n\n<div style=\"height:20px\" aria-hidden=\"true\" class=\"wp-block-spacer\"><\/div>\n\n\n\n<hr class=\"wp-block-separator has-text-color has-alpha-channel-opacity has-background is-style-wide\" style=\"background-color:#e8ecf5;color:#e8ecf5\"\/>\n\n\n\n<p>Os documentos abaixo, ser\u00e3o solicitados&nbsp;<strong>somente<\/strong>&nbsp;ap\u00f3s an\u00e1lise do comit\u00ea gestor, caso a proposta encaminhada seja&nbsp;<strong>deferida<\/strong>.&nbsp;Veja aqui o&nbsp;<a href=\"https:\/\/ufpr.br\/propg\/wp-content\/uploads\/2024\/11\/check-list_geral-documentos.pdf\" target=\"_blank\" rel=\"noopener\" title=\"\">Checklist Geral<\/a>:<\/p>\n\n\n\n<ul class=\"wp-block-list\">\n<li>Documentos para solicitar o Visto \u2013 MRE (Minist\u00e9rio de Rela\u00e7\u00f5es Exteriores);<\/li>\n<\/ul>\n\n\n\n<ul class=\"wp-block-list\">\n<li>Documentos para solicitar a permiss\u00e3o de Trabalho \u2013 MTE (Minist\u00e9rio do Trabalho e Emprego)<\/li>\n<\/ul>\n\n\n\n<ul class=\"wp-block-list\">\n<li>Documentos para firmar o v\u00ednculo empregat\u00edcio na UFPR \u2013 PROGEPE;<\/li>\n<\/ul>\n\n\n\n<hr class=\"wp-block-separator has-text-color has-alpha-channel-opacity has-background is-style-wide\" style=\"background-color:#e8ecf5;color:#e8ecf5\"\/>\n\n\n\n<div style=\"height:25px\" aria-hidden=\"true\" class=\"wp-block-spacer\"><\/div>\n\n\n\n<p>Volte para a p\u00e1gina do Programa Professor Visitante&nbsp;<a href=\"https:\/\/ufpr.br\/propg\/cpgss\/programa-professor-visitante\/\" title=\"\">clicando aqui<\/a>.<\/p>\n<\/div>\n\n\n\n<div class=\"wp-block-column is-layout-flow wp-block-column-is-layout-flow\" style=\"flex-basis:10%\"><\/div>\n<\/div>\n","protected":false},"excerpt":{"rendered":"<p>Rela\u00e7\u00e3o de documentos e informa\u00e7\u00f5es necess\u00e1rias \u00e0 instru\u00e7\u00e3o processual de propostas para o Programa Professor Visitante Volunt\u00e1rio com Remunera\u00e7\u00e3o DOCUMENTA\u00c7\u00c3O SOLICITADA PELO COMIT\u00ca GESTOR Ata ou extrato de ata do Colegiado do PPG Anu\u00eancia do Conselho Setorial (ata ou extrato Ata) Of\u00edcio do programa apresentando as informa\u00e7\u00f5es solicitadas no&nbsp;artigo 5\u00ba da Resolu\u00e7\u00e3o 29\/17-CEPE, assim como [&hellip;]<\/p>\n","protected":false},"author":5,"featured_media":0,"parent":4014,"menu_order":0,"comment_status":"closed","ping_status":"closed","template":"","meta":{"footnotes":""},"class_list":["post-4125","page","type-page","status-publish","hentry"],"_links":{"self":[{"href":"https:\/\/ufpr.br\/propg\/wp-json\/wp\/v2\/pages\/4125","targetHints":{"allow":["GET"]}}],"collection":[{"href":"https:\/\/ufpr.br\/propg\/wp-json\/wp\/v2\/pages"}],"about":[{"href":"https:\/\/ufpr.br\/propg\/wp-json\/wp\/v2\/types\/page"}],"author":[{"embeddable":true,"href":"https:\/\/ufpr.br\/propg\/wp-json\/wp\/v2\/users\/5"}],"replies":[{"embeddable":true,"href":"https:\/\/ufpr.br\/propg\/wp-json\/wp\/v2\/comments?post=4125"}],"version-history":[{"count":41,"href":"https:\/\/ufpr.br\/propg\/wp-json\/wp\/v2\/pages\/4125\/revisions"}],"predecessor-version":[{"id":12576,"href":"https:\/\/ufpr.br\/propg\/wp-json\/wp\/v2\/pages\/4125\/revisions\/12576"}],"up":[{"embeddable":true,"href":"https:\/\/ufpr.br\/propg\/wp-json\/wp\/v2\/pages\/4014"}],"wp:attachment":[{"href":"https:\/\/ufpr.br\/propg\/wp-json\/wp\/v2\/media?parent=4125"}],"curies":[{"name":"wp","href":"https:\/\/api.w.org\/{rel}","templated":true}]}}