{"id":4094,"date":"2024-11-20T21:31:44","date_gmt":"2024-11-21T00:31:44","guid":{"rendered":"https:\/\/ufpr.br\/?page=4094"},"modified":"2026-03-23T10:44:47","modified_gmt":"2026-03-23T13:44:47","slug":"credenciamento-docente-senior","status":"publish","type":"page","link":"https:\/\/ufpr.br\/propg\/cpgss\/credenciamento-docente-senior\/","title":{"rendered":"Credenciamento Docente S\u00eanior"},"content":{"rendered":"\n<div style=\"height:50px\" aria-hidden=\"true\" class=\"wp-block-spacer\"><\/div>\n\n\n\n<div class=\"wp-block-columns is-layout-flex wp-container-core-columns-is-layout-9d6595d7 wp-block-columns-is-layout-flex\">\n<div class=\"wp-block-column is-layout-flow wp-block-column-is-layout-flow\" style=\"flex-basis:20%\"><div class=\"wp-block-image\">\n<figure class=\"aligncenter size-full is-resized\"><img decoding=\"async\" src=\"https:\/\/ufpr.br\/propg\/wp-content\/uploads\/2025\/06\/Icone_ProfessorSenior_Rosa.png\" alt=\"\" class=\"wp-image-7955\" style=\"width:120px\" \/><\/figure><\/div><\/div>\n\n\n\n<div class=\"wp-block-column is-layout-flow wp-block-column-is-layout-flow\" style=\"flex-basis:70%\">\n<h2 class=\"wp-block-heading has-text-align-left has-background has-medium-font-size\" id=\"coordenadoria\" style=\"background-color:#e8ecf5\">CREDENCIAMENTO DOCENTE<\/h2>\n\n\n\n<hr class=\"wp-block-separator has-text-color has-alpha-channel-opacity has-background is-style-wide\" style=\"background-color:#e8ecf5;color:#e8ecf5\" \/>\n\n\n\n<p>O&nbsp;credenciamento&nbsp;de&nbsp;docentes&nbsp;na p\u00f3s-gradua\u00e7\u00e3o \u00e9 realizado pelo colegiado do programa, seguindo o regimento interno, a&nbsp;<a href=\"https:\/\/ufpr.br\/propg\/wp-content\/uploads\/2024\/11\/RESOLUCAO-No-32-17-CEPE-alterada-pelas-Resolucoes-07-22-e-52-22-CEPE.pdf\" target=\"_blank\" rel=\"noopener\" title=\"Resolu\u00e7\u00e3o 32\/17-CEPE\">Resolu\u00e7\u00e3o 32\/17-CEPE<\/a>&nbsp;e&nbsp;o determinado atrav\u00e9s da&nbsp;<a href=\"https:\/\/ufpr.br\/propg\/wp-content\/uploads\/2024\/11\/0-portaria-capes-81-de-2016-categorias-docentes.pdf\" target=\"_blank\" rel=\"noopener\" title=\"\">Portaria CAPES 81 de 2016<\/a>.<\/p>\n\n\n\n<p>O&nbsp;credenciamento dos professores seniores (permanentes ou colaboradores), nos termos da&nbsp;<a href=\"https:\/\/ufpr.br\/propg\/wp-content\/uploads\/2024\/11\/res-11-19-estabelece-normas-programa-professor-snior.pdf\" target=\"_blank\" rel=\"noopener\" title=\"\">Resolu\u00e7\u00e3o n\u00b0 11\/19-CEPE<\/a>, segue a mesma l\u00f3gica: continua sendo realizado a partir do enquadramento definido pelos colegiados dos programas. Tal defini\u00e7\u00e3o independe do aporte de bolsas.<\/p>\n\n\n\n<div style=\"height:50px\" aria-hidden=\"true\" class=\"wp-block-spacer\"><\/div>\n\n\n\n<h2 class=\"wp-block-heading has-text-align-left has-background has-medium-font-size\" id=\"coordenadoria\" style=\"background-color:#e8ecf5\">PROFESSOR S\u00caNIOR<\/h2>\n\n\n\n<hr class=\"wp-block-separator has-text-color has-alpha-channel-opacity has-background is-style-wide\" style=\"background-color:#e8ecf5;color:#e8ecf5\" \/>\n\n\n\n<p>A participa\u00e7\u00e3o como professor s\u00eanior na p\u00f3s-gradua\u00e7\u00e3o&nbsp;<strong>sempre \u00e9 volunt\u00e1ria<\/strong>&nbsp;(seja ela com ou sem remunera\u00e7\u00e3o) \u2013&nbsp; e o recebimento de bolsa \u00e9 a exce\u00e7\u00e3o, a depender dos recursos financeiros dispon\u00edveis no exerc\u00edcio.<\/p>\n\n\n\n<p>N\u00e3o confundir&nbsp;docente&nbsp;s\u00eanior (que pode ser volunt\u00e1rio&nbsp;<strong>sem<\/strong>&nbsp;remunera\u00e7\u00e3o) com bolsista s\u00eanior (volunt\u00e1rio&nbsp;<strong>com<\/strong>&nbsp;remunera\u00e7\u00e3o).<\/p>\n\n\n\n<p>Desta forma, a bolsa n\u00e3o \u00e9 condi\u00e7\u00e3o obrigat\u00f3ria para o credenciamento e tampouco impede que o docente s\u00eanior atue na p\u00f3s-gradua\u00e7\u00e3o, no tipo de vincula\u00e7\u00e3o definido pelo programa (colaborador ou permanente).<\/p>\n\n\n\n<div style=\"height:50px\" aria-hidden=\"true\" class=\"wp-block-spacer\"><\/div>\n\n\n\n<h2 class=\"wp-block-heading has-text-align-left has-background has-medium-font-size\" id=\"coordenadoria\" style=\"background-color:#e8ecf5\">DE ACORDO COM A RESOLU\u00c7\u00c3O N\u00b0 11\/19-CEPE:<\/h2>\n\n\n\n<hr class=\"wp-block-separator has-text-color has-alpha-channel-opacity has-background is-style-wide\" style=\"background-color:#e8ecf5;color:#e8ecf5\" \/>\n\n\n\n<ul class=\"wp-block-list\">\n<li>para credenciamento do professor&nbsp;<strong>s\u00eanior volunt\u00e1rio SEM remunera\u00e7\u00e3o<\/strong>, \u00e9 necess\u00e1rio abrir um&nbsp;<strong>edital de processo seletivo via SIGA<\/strong>&nbsp;e, finalizado o processo seletivo, fazer upload no SIGA do termo de compromisso;<\/li>\n<\/ul>\n\n\n\n<ul class=\"wp-block-list\">\n<li>em um segundo momento,&nbsp;<strong>havendo edital de concess\u00e3o de bolsas aberto<\/strong>, instrui-se o processo com os dados do docente (que esteja previamente&nbsp;credenciado como s\u00eanior) e envia-se a documenta\u00e7\u00e3o pelo SEI para an\u00e1lise do Comit\u00ea Gestor S\u00eanior nos termos do edital que estiver vigente naquele exerc\u00edcio. Somente em caso de aprova\u00e7\u00e3o no processo seletivo de concess\u00e3o de bolsas, o docente para a ser professor&nbsp;<strong>s\u00eanior volunt\u00e1rio COM remunera\u00e7\u00e3o<\/strong>.<\/li>\n<\/ul>\n\n\n\n<ul class=\"wp-block-list\">\n<li><a href=\"https:\/\/ufpr.br\/propg\/wp-content\/uploads\/2024\/11\/res-11-19-estabelece-normas-programa-professor-snior.pdf\" target=\"_blank\" rel=\"noopener\" title=\"\">Resolu\u00e7\u00e3o n\u00b0 11\/19-CEPE<\/a><\/li>\n<\/ul>\n\n\n\n<div style=\"height:50px\" aria-hidden=\"true\" class=\"wp-block-spacer\"><\/div>\n\n\n\n<h2 class=\"wp-block-heading has-text-align-left has-background has-medium-font-size\" id=\"coordenadoria\" style=\"background-color:#e8ecf5\">TERMO DE COMPROMISSO<\/h2>\n\n\n\n<hr class=\"wp-block-separator has-text-color has-alpha-channel-opacity has-background is-style-wide\" style=\"background-color:#e8ecf5;color:#e8ecf5\" \/>\n\n\n\n<p>Em todos os casos, e conforme o entendimento da CAPES que define o regramento para v\u00ednculo docente (<a title=\"\" href=\"https:\/\/ufpr.br\/propg\/wp-content\/uploads\/2024\/11\/0-portaria-capes-81-de-2016-categorias-docentes.pdf\" target=\"_blank\" rel=\"noopener\">Portaria CAPES 81 de 2016<\/a>, Art. 3\u00ba. Inciso IV item b), \u00e9 importante atentar para a necessidade de um\u00a0termo de compromisso\u00a0de participa\u00e7\u00e3o, como segue:<\/p>\n\n\n\n<div style=\"height:25px\" aria-hidden=\"true\" class=\"wp-block-spacer\"><\/div>\n\n\n\n<blockquote class=\"wp-block-quote is-layout-flow wp-block-quote-is-layout-flow\">\n<p>Art. 3\u00ba. Integram a categoria de permanentes os&nbsp;docentes&nbsp;enquadrados e declarados anualmente pelo PPG na plataforma Sucupira e que atendam a todos os seguintes pr\u00e9-requisitos:<\/p>\n\n\n\n<p>IV \u2013 v\u00ednculo funcional-administrativo com a institui\u00e7\u00e3o ou, em car\u00e1ter excepcional, consideradas as especificidades de \u00e1reas, institui\u00e7\u00f5es e regi\u00f5es, e se enquadrem em uma das seguintes condi\u00e7\u00f5es:<\/p>\n\n\n\n<p>b) quando, na qualidade de professor ou pesquisador aposentado,&nbsp;tenham firmado com a institui\u00e7\u00e3o&nbsp;<strong>termo de compromisso de participa\u00e7\u00e3o<\/strong>&nbsp;como&nbsp;docente&nbsp;do PPG&nbsp;[grifo nosso].<\/p>\n<\/blockquote>\n\n\n\n<div style=\"height:25px\" aria-hidden=\"true\" class=\"wp-block-spacer\"><\/div>\n\n\n\n<p>Para facilitar o processo, em 2018 encaminhamos um modelo padr\u00e3o do\u00a0termo de compromisso\u00a0para que TODOS os docentes seniores regularizem sua atua\u00e7\u00e3o junto aos programas de p\u00f3s-gradua\u00e7\u00e3o, independente da percep\u00e7\u00e3o do benef\u00edcio da bolsa. O upload desse documento ser\u00e1 realizado exclusivamente no sistema SIGA.<\/p>\n\n\n\n<p>Acesse a vers\u00e3o edit\u00e1vel do <a href=\"https:\/\/ufpr.br\/propg\/wp-content\/uploads\/2026\/03\/Termo-de-compromisso-Prof-Senior-2026.docx\" data-type=\"attachment\" data-id=\"51973\">Termo de compromisso Prof S\u00eanior &#8211; 2026<\/a> (publicado em 23.03.2026).<\/p>\n\n\n\n<div style=\"height:50px\" aria-hidden=\"true\" class=\"wp-block-spacer\"><\/div>\n\n\n\n<h2 class=\"wp-block-heading has-text-align-left has-background has-medium-font-size\" id=\"coordenadoria\" style=\"background-color:#e8ecf5\">DOCENTES J\u00c1 CREDENCIADOS AO PPG QUE SE APOSENTARAM<\/h2>\n\n\n\n<hr class=\"wp-block-separator has-text-color has-alpha-channel-opacity has-background is-style-wide\" style=\"background-color:#e8ecf5;color:#e8ecf5\" \/>\n\n\n\n<p>Para o caso de docentes que j\u00e1 estavam credenciados no PPG como permanentes ou colaboradores e que tiveram sua vincula\u00e7\u00e3o empregat\u00edcia modificada, ou seja, tiveram sua aposentadoria efetivada (com publica\u00e7\u00e3o de portaria), \u00e9 necess\u00e1rio que o PPG documente esta altera\u00e7\u00e3o de situa\u00e7\u00e3o, instruindo processo SEI&nbsp; e inserindo o termo de compromisso no SIGA:<\/p>\n\n\n\n<ul class=\"wp-block-list\">\n<li>abrir processo SEI para fazer a notifica\u00e7\u00e3o de mudan\u00e7a de vincula\u00e7\u00e3o empregat\u00edcia;<\/li>\n<\/ul>\n\n\n\n<ul class=\"wp-block-list\">\n<li>anexar portaria de aposentadoria;<\/li>\n<\/ul>\n\n\n\n<ul class=\"wp-block-list\">\n<li>anexar termo de compromisso de professor s\u00eanior, de prefer\u00eancia assinado eletronicamente via SEI; \u00e9 necess\u00e1rio inserir o n\u00famero do processo SEI no termo;<\/li>\n<\/ul>\n\n\n\n<ul class=\"wp-block-list\">\n<li>encaminhar processo para ci\u00eancia da CPGSS<\/li>\n<\/ul>\n\n\n\n<ul class=\"wp-block-list\">\n<li>inserir termo de compromisso no SIGA<\/li>\n<\/ul>\n\n\n\n<div style=\"height:50px\" aria-hidden=\"true\" class=\"wp-block-spacer\"><\/div>\n\n\n\n<h2 class=\"wp-block-heading has-text-align-left has-background has-medium-font-size\" id=\"coordenadoria\" style=\"background-color:#e8ecf5\">INSERINDO O TERMO DE COMPROMISSO DE PROFESSOR S\u00caNIOR NO SIGA<\/h2>\n\n\n\n<hr class=\"wp-block-separator has-text-color has-alpha-channel-opacity has-background is-style-wide\" style=\"background-color:#e8ecf5;color:#e8ecf5\" \/>\n\n\n\n<blockquote class=\"wp-block-quote is-layout-flow wp-block-quote-is-layout-flow\">\n<p><strong>Como inserir o\u00a0termo de compromisso\u00a0de docente permanente s\u00eanior (com ou sem remunera\u00e7\u00e3o) no sistema SIGA:<\/strong><\/p>\n<\/blockquote>\n\n\n\n<div style=\"height:25px\" aria-hidden=\"true\" class=\"wp-block-spacer\"><\/div>\n\n\n\n<p><strong>Passo 1)<\/strong> Acessar o corpo docente do programa no SIGA e conferir se o cadastro do referido professor s\u00eanior j\u00e1 foi realizado<\/p>\n\n\n\n<p><strong>Passo 2)<\/strong> Se o docente estiver cadastrado, clique na aba \u201cPrograma\u201d.<\/p>\n\n\n\n<p><strong>Passo 3)<\/strong> Na aba \u201cPrograma\u201d, se o mesmo for s\u00eanior aposentado pela UFPR,\u00a0 dever\u00e1 aparecer a op\u00e7\u00e3o de anexar o arquivo do \u201ctermo de compromisso\u201c.<\/p>\n\n\n\n<p><strong>Passo 4)<\/strong> Se o docente s\u00eanior ainda n\u00e3o estiver cadastrado, no ato do cadastramento, se o mesmo for s\u00eanior aposentado pela UFPR, a mesma op\u00e7\u00e3o anexar o documento aparece na aba Programa.<\/p>\n\n\n\n<div style=\"height:25px\" aria-hidden=\"true\" class=\"wp-block-spacer\"><\/div>\n\n\n\n<blockquote class=\"wp-block-quote is-layout-flow wp-block-quote-is-layout-flow\">\n<p><strong>Cabe ressaltar que para a op\u00e7\u00e3o de inserir o termo de compromisso ser habilitada na aba Programa, \u00e9 preciso que o professor s\u00eanior esteja com o seu cadastro devidamente atualizado na PROGEPE.<\/strong><\/p>\n<\/blockquote>\n\n\n\n<div style=\"height:25px\" aria-hidden=\"true\" class=\"wp-block-spacer\"><\/div>\n\n\n\n<p>Em caso de inconsist\u00eancia cadastral, o PPG deve entrar em contato com a PROGEPE, para verificar se o cadastro docente est\u00e1 devidamente atualizado.<\/p>\n\n\n\n<p>Ap\u00f3s a atualiza\u00e7\u00e3o, caso a op\u00e7\u00e3o ainda n\u00e3o esteja habilitada no sistema, o programa dever\u00e1 abrir um chamado no SIGA explicando que a PROGEPE j\u00e1 fez a atualiza\u00e7\u00e3o cadastral e que \u00e9 necess\u00e1rio inserir o termo.<\/p>\n\n\n\n<hr class=\"wp-block-separator has-text-color has-alpha-channel-opacity has-background is-style-wide\" style=\"background-color:#e8ecf5;color:#e8ecf5\" \/>\n\n\n\n<p><\/p>\n<\/div>\n\n\n\n<div class=\"wp-block-column is-layout-flow wp-block-column-is-layout-flow\" style=\"flex-basis:10%\"><\/div>\n<\/div>\n","protected":false},"excerpt":{"rendered":"<p>CREDENCIAMENTO DOCENTE O&nbsp;credenciamento&nbsp;de&nbsp;docentes&nbsp;na p\u00f3s-gradua\u00e7\u00e3o \u00e9 realizado pelo colegiado do programa, seguindo o regimento interno, a&nbsp;Resolu\u00e7\u00e3o 32\/17-CEPE&nbsp;e&nbsp;o determinado atrav\u00e9s da&nbsp;Portaria CAPES 81 de 2016. O&nbsp;credenciamento dos professores seniores (permanentes ou colaboradores), nos termos da&nbsp;Resolu\u00e7\u00e3o n\u00b0 11\/19-CEPE, segue a mesma l\u00f3gica: continua sendo realizado a partir do enquadramento definido pelos colegiados dos programas. Tal defini\u00e7\u00e3o independe do [&hellip;]<\/p>\n","protected":false},"author":5,"featured_media":0,"parent":2756,"menu_order":0,"comment_status":"closed","ping_status":"closed","template":"","meta":{"footnotes":""},"class_list":["post-4094","page","type-page","status-publish","hentry"],"_links":{"self":[{"href":"https:\/\/ufpr.br\/propg\/wp-json\/wp\/v2\/pages\/4094","targetHints":{"allow":["GET"]}}],"collection":[{"href":"https:\/\/ufpr.br\/propg\/wp-json\/wp\/v2\/pages"}],"about":[{"href":"https:\/\/ufpr.br\/propg\/wp-json\/wp\/v2\/types\/page"}],"author":[{"embeddable":true,"href":"https:\/\/ufpr.br\/propg\/wp-json\/wp\/v2\/users\/5"}],"replies":[{"embeddable":true,"href":"https:\/\/ufpr.br\/propg\/wp-json\/wp\/v2\/comments?post=4094"}],"version-history":[{"count":23,"href":"https:\/\/ufpr.br\/propg\/wp-json\/wp\/v2\/pages\/4094\/revisions"}],"predecessor-version":[{"id":51984,"href":"https:\/\/ufpr.br\/propg\/wp-json\/wp\/v2\/pages\/4094\/revisions\/51984"}],"up":[{"embeddable":true,"href":"https:\/\/ufpr.br\/propg\/wp-json\/wp\/v2\/pages\/2756"}],"wp:attachment":[{"href":"https:\/\/ufpr.br\/propg\/wp-json\/wp\/v2\/media?parent=4094"}],"curies":[{"name":"wp","href":"https:\/\/api.w.org\/{rel}","templated":true}]}}