{"id":3997,"date":"2024-11-19T20:06:25","date_gmt":"2024-11-19T23:06:25","guid":{"rendered":"https:\/\/ufpr.br\/?page=3997"},"modified":"2026-03-23T10:43:08","modified_gmt":"2026-03-23T13:43:08","slug":"credenciamento-docente","status":"publish","type":"page","link":"https:\/\/ufpr.br\/propg\/cpgss\/credenciamento-docente\/","title":{"rendered":"Credenciamento Docente"},"content":{"rendered":"\n<div style=\"height:50px\" aria-hidden=\"true\" class=\"wp-block-spacer\"><\/div>\n\n\n\n<div class=\"wp-block-columns is-layout-flex wp-container-core-columns-is-layout-9d6595d7 wp-block-columns-is-layout-flex\">\n<div class=\"wp-block-column is-layout-flow wp-block-column-is-layout-flow\" style=\"flex-basis:20%\"><div class=\"wp-block-image\">\n<figure class=\"aligncenter size-full is-resized\"><img decoding=\"async\" src=\"https:\/\/ufpr.br\/propg\/wp-content\/uploads\/2025\/06\/Icone_ProfessorLeitor_Rosa.png\" alt=\"\" class=\"wp-image-7953\" style=\"width:120px\" \/><\/figure><\/div><\/div>\n\n\n\n<div class=\"wp-block-column is-layout-flow wp-block-column-is-layout-flow\" style=\"flex-basis:70%\">\n<blockquote class=\"wp-block-quote is-layout-flow wp-block-quote-is-layout-flow\">\n<p>O&nbsp;credenciamento&nbsp;de&nbsp;docentes&nbsp;na p\u00f3s-gradua\u00e7\u00e3o \u00e9 realizado pelo colegiado do programa, seguindo o seu regimento interno, a&nbsp;<a href=\"http:\/\/www.soc.ufpr.br\/portal\/wp-content\/uploads\/2017\/12\/Res.-32-17-CEPE-Normas-para-o-curso-de-P%C3%B3s-Gradua%C3%A7%C3%A3o-stricto-sensu.pdf\" target=\"_blank\" rel=\"noreferrer noopener\">Resolu\u00e7\u00e3o 32\/17-CEPE<\/a>&nbsp;e&nbsp;o determinado atrav\u00e9s da <a href=\"https:\/\/ufpr.br\/propg\/wp-content\/uploads\/2024\/11\/0-portaria-capes-81-de-2016-categorias-docentes.pdf\" target=\"_blank\" rel=\"noopener\" title=\"\">Portaria CAPES 81 de 2016<\/a>.<\/p>\n\n\n\n<p>O corpo docente dos programas de p\u00f3s-gradua\u00e7\u00e3o \u00e9 composto por tr\u00eas categorias de docentes:<\/p>\n\n\n\n<p>I \u2013 docentes&nbsp;<strong>permanentes<\/strong>, constituindo o n\u00facleo principal de docentes do programa;<br>II \u2013 docentes e pesquisadores&nbsp;<strong>visitantes<\/strong>;<br>III -docentes&nbsp;<strong>colaboradores<\/strong>.<\/p>\n<\/blockquote>\n\n\n\n<div style=\"height:50px\" aria-hidden=\"true\" class=\"wp-block-spacer\"><\/div>\n\n\n\n<h2 class=\"wp-block-heading has-text-align-left has-background has-medium-font-size\" id=\"coordenadoria\" style=\"background-color:#e8ecf5\">PERMANENTES<\/h2>\n\n\n\n<hr class=\"wp-block-separator has-text-color has-alpha-channel-opacity has-background is-style-wide\" style=\"background-color:#e8ecf5;color:#e8ecf5\" \/>\n\n\n\n<p>As caracter\u00edsticas obrigat\u00f3rias do&nbsp;docente&nbsp;permanente&nbsp;s\u00e3o determinados atrav\u00e9s da&nbsp;<a href=\"https:\/\/ufpr.br\/propg\/wp-content\/uploads\/2024\/11\/0-portaria-capes-81-de-2016-categorias-docentes.pdf\" target=\"_blank\" rel=\"noopener\" title=\"\">Portaria CAPES 81 de 2016<\/a>&nbsp;e o&nbsp;docente&nbsp;dever\u00e1 atender a todos os pr\u00e9-requisitos abaixo (concomitantemente):&nbsp;<\/p>\n\n\n\n<ul class=\"wp-block-list\">\n<li><strong>v\u00ednculo funcional&nbsp;permanente<\/strong>&nbsp;com a universidade ou carta de cess\u00e3o<strong>\u00b9<\/strong> assinada pelo pr\u00f3-reitor ou reitor quando para&nbsp;docentes&nbsp;de universidades externas ou termo de compromisso<strong>\u00b2<\/strong> para&nbsp;<a href=\"https:\/\/ufpr.br\/propg\/cpgss\/programa-professor-senior\/\" title=\"\">docentes s\u00eaniores<\/a><\/li>\n<\/ul>\n\n\n\n<ul class=\"wp-block-list\">\n<li><strong>atividade de doc\u00eancia<\/strong>&nbsp;\u2013 dar aulas na p\u00f3s-gradua\u00e7\u00e3o e ou na gradua\u00e7\u00e3o&nbsp;&nbsp;(carga hor\u00e1ria de doc\u00eancia determinada conforme a \u00e1rea de conhecimento)<\/li>\n<\/ul>\n\n\n\n<ul class=\"wp-block-list\">\n<li><strong>projeto de pesquisa<\/strong><\/li>\n<\/ul>\n\n\n\n<ul class=\"wp-block-list\">\n<li><strong>atividade de orienta\u00e7\u00e3o<\/strong>&nbsp;<\/li>\n<\/ul>\n\n\n\n<ul class=\"wp-block-list\">\n<li>m\u00e1ximo de&nbsp;<strong>tr\u00eas v\u00ednculos<\/strong>&nbsp;como&nbsp;docente&nbsp;Permanente&nbsp;em programas de p\u00f3s-gradua\u00e7\u00e3o (incluindo propostas APCN)<\/li>\n<\/ul>\n\n\n\n<p>(O colegiado de cada programa tem autonomia para estabelecer em seu regimento regras complementares, desde que respeitadas as determina\u00e7\u00f5es da CAPES.)<\/p>\n\n\n\n<hr class=\"wp-block-separator has-text-color has-alpha-channel-opacity has-background is-style-wide\" style=\"background-color:#e8ecf5;color:#e8ecf5\" \/>\n\n\n\n<p><strong>\u00b9<\/strong> Solicitar o documento de anu\u00eancia \u00e0 IES de origem do professor \u2013&nbsp;<a href=\"https:\/\/ufpr.br\/propg\/wp-content\/uploads\/2024\/11\/carta-de-anuencia-para-credenciamento-docente-em-ppg-externo-a-ufpr-02-07-2024.docx\" target=\"_blank\" rel=\"noopener\" title=\"\">Modelo de anu\u00eancia para participa\u00e7\u00e3o de docente (UFPR)<\/a><\/p>\n\n\n\n<p><strong>\u00b2<\/strong>\u00a0 <a href=\"https:\/\/ufpr.br\/propg\/wp-content\/uploads\/2026\/03\/Termo-de-compromisso-Prof-Senior-2026.docx\" data-type=\"attachment\" data-id=\"51973\">Termo de compromisso Prof S\u00eanior &#8211; 2026<\/a> (publicado em 23.03.2026).<\/p>\n\n\n\n<div style=\"height:50px\" aria-hidden=\"true\" class=\"wp-block-spacer\"><\/div>\n\n\n\n<h2 class=\"wp-block-heading has-text-align-left has-background has-medium-font-size\" id=\"coordenadoria\" style=\"background-color:#e8ecf5\">COLABORADORES<\/h2>\n\n\n\n<hr class=\"wp-block-separator has-text-color has-alpha-channel-opacity has-background is-style-wide\" style=\"background-color:#e8ecf5;color:#e8ecf5\" \/>\n\n\n\n<p>O&nbsp;docente&nbsp;colaborador ser\u00e1 aquele que n\u00e3o atenda aos requisitos para ser enquadrado como docente permanente ou como visitante.<\/p>\n\n\n\n<div style=\"height:50px\" aria-hidden=\"true\" class=\"wp-block-spacer\"><\/div>\n\n\n\n<h2 class=\"wp-block-heading has-text-align-left has-background has-medium-font-size\" id=\"coordenadoria\" style=\"background-color:#e8ecf5\">VISITANTES<\/h2>\n\n\n\n<hr class=\"wp-block-separator has-text-color has-alpha-channel-opacity has-background is-style-wide\" style=\"background-color:#e8ecf5;color:#e8ecf5\" \/>\n\n\n\n<p>Acesse as informa\u00e7\u00f5es sobre o&nbsp;<a href=\"https:\/\/ufpr.br\/propg\/cpgss\/programa-professor-visitante\/\" title=\"\">Programa Professor Visitante<\/a>&nbsp;da UFPR<\/p>\n\n\n\n<div style=\"height:50px\" aria-hidden=\"true\" class=\"wp-block-spacer\"><\/div>\n\n\n\n<hr class=\"wp-block-separator has-text-color has-alpha-channel-opacity has-background is-style-wide\" style=\"background-color:#e8ecf5;color:#e8ecf5\" \/>\n\n\n\n<p><a href=\"https:\/\/ufpr.br\/propg\/wp-content\/uploads\/2024\/11\/siga-cadastrar-docente-no-ppg-1.pdf\" target=\"_blank\" rel=\"noopener\" title=\"\">SIGA-Tutorial: Cadastrar docente no PPG (credenciamento como permanente\/colaborador\/visitante)<\/a><\/p>\n\n\n\n<p><a href=\"https:\/\/ufpr.br\/propg\/cpgss\/credenciamento-docente-senior\/\" title=\"\">Mais informa\u00e7\u00f5es sobre Professor S\u00eanior no \u00e2mbito da UFPR<\/a><\/p>\n\n\n\n<p><a href=\"https:\/\/ufpr.br\/propg\/cpgss\/credenciamento-docente-senior\/\" title=\"\">Instru\u00e7\u00f5es sobre credenciamento de professor S\u00eanior<\/a><\/p>\n\n\n\n<div style=\"height:50px\" aria-hidden=\"true\" class=\"wp-block-spacer\"><\/div>\n\n\n\n<h2 class=\"wp-block-heading has-text-align-left has-background has-medium-font-size\" id=\"coordenadoria\" style=\"background-color:#e8ecf5\">CREDENCIAMENTO DE DOCENTE DA UFPR EM PPG DE OUTRA INSTITUI\u00c7\u00c3O<\/h2>\n\n\n\n<hr class=\"wp-block-separator has-text-color has-alpha-channel-opacity has-background is-style-wide\" style=\"background-color:#e8ecf5;color:#e8ecf5\" \/>\n\n\n\n<p><a href=\"https:\/\/ufpr.br\/propg\/wp-content\/uploads\/2024\/11\/Oficio-49-2019-PROPLAN-CRI.pdf\" target=\"_blank\" rel=\"noopener\" title=\"\">Of\u00edcio 49-2019 PROPLAN-CRI credenciamento docente em outra institui\u00e7\u00e3o<\/a><\/p>\n\n\n\n<p><strong>1.<\/strong> A participa\u00e7\u00e3o de um docente de programa de p\u00f3s-gradua\u00e7\u00e3o da UFPR em um PPG de outra institui\u00e7\u00e3o n\u00e3o exige a formaliza\u00e7\u00e3o de conv\u00eanio ou acordo de colabora\u00e7\u00e3o entre as institui\u00e7\u00f5es, mas deve seguir as orienta\u00e7\u00f5es estabelecidas no&nbsp;<a href=\"https:\/\/ufpr.br\/propg\/wp-content\/uploads\/2024\/11\/Oficio-49-2019-PROPLAN-CRI.pdf\" target=\"_blank\" rel=\"noopener\" title=\"\">Of\u00edcio n\u00ba 49-2019 PROPLAN-CRI sobre credenciamento docente em outra institui\u00e7\u00e3o<\/a>.<\/p>\n\n\n\n<p><strong>2.<\/strong> Para que a PRPPG emita a&nbsp;<a href=\"https:\/\/ufpr.br\/propg\/wp-content\/uploads\/2024\/11\/carta-de-anuencia-para-credenciamento-docente-em-ppg-externo-a-ufpr-02-07-2024.docx\" target=\"_blank\" rel=\"noopener\" title=\"\">carta de anu\u00eancia<\/a>&nbsp;para o credenciamento de docentes em outro PPG fora da UFPR \u00e9 necess\u00e1rio que o departamento avalie a carga hor\u00e1ria de cada docente e autorize ou n\u00e3o sua participa\u00e7\u00e3o. Tamb\u00e9m \u00e9 importante verificar, caso o docente j\u00e1 esteja credenciado em outro PPG da UFPR, se h\u00e1&nbsp;exig\u00eancia de exclusividade&nbsp;da \u00e1rea de avalia\u00e7\u00e3o da CAPES junto ao PPG local.<\/p>\n\n\n\n<p><strong>3.<\/strong> Ap\u00f3s a autoriza\u00e7\u00e3o departamental, basta solicitar, via SEI, que a PRPPG emitir\u00e1 uma declara\u00e7\u00e3o assinada pelo pr\u00f3-reitor. \u00c9 necess\u00e1rio seguir as orienta\u00e7\u00f5es do of\u00edcio, enviar as informa\u00e7\u00f5es abaixo e uma c\u00f3pia da ata ou parecer no corpo do processo para a unidade UFPR\/R\/PRPPG\/CPGSS:<\/p>\n\n\n\n<div class=\"wp-block-columns is-layout-flex wp-container-core-columns-is-layout-9d6595d7 wp-block-columns-is-layout-flex\">\n<div class=\"wp-block-column is-layout-flow wp-block-column-is-layout-flow\" style=\"flex-basis:5%\"><\/div>\n\n\n\n<div class=\"wp-block-column is-layout-flow wp-block-column-is-layout-flow\" style=\"flex-basis:95%\">\n<p>Informamos que o(a) Prof(a). Dr(a).&nbsp;&nbsp;<mark style=\"background-color:#8ed1fc\" class=\"has-inline-color\">XXXXXX<\/mark>&nbsp; atua<strong>*<\/strong> como docente no Programa de P\u00f3s-Gradua\u00e7\u00e3o em&nbsp;<mark style=\"background-color:#8ed1fc\" class=\"has-inline-color\">XXXXXX<\/mark>&nbsp;da UFPR, e que sua participa\u00e7\u00e3o [descrever se&nbsp;no <mark style=\"background-color:#8ed1fc\" class=\"has-inline-color\">PPG ou na proposta APCN de&nbsp; N\u00cdVEL: mestrado ou doutorado\/ambos de MODALIDADE: acad\u00eamica\/profissional<\/mark>]&nbsp; foi autorizada em reuni\u00e3o plen\u00e1ria realizada pelo Departamento de&nbsp;&nbsp;<mark style=\"background-color:#8ed1fc\" class=\"has-inline-color\">XXXXXX<\/mark>, conforme&nbsp;<mark style=\"background-color:#8ed1fc\" class=\"has-inline-color\">ATA\/PARECER ETC<\/mark>.<\/p>\n\n\n\n<hr class=\"wp-block-separator has-text-color has-alpha-channel-opacity has-background is-style-wide\" style=\"background-color:#e8ecf5;color:#e8ecf5\" \/>\n\n\n\n<p><strong>*<\/strong> Caso o docente ainda n\u00e3o esteja credenciado em PPG da UFPR, elimine esta informa\u00e7\u00e3o.<\/p>\n<\/div>\n<\/div>\n<\/div>\n\n\n\n<div class=\"wp-block-column is-layout-flow wp-block-column-is-layout-flow\" style=\"flex-basis:10%\"><\/div>\n<\/div>\n","protected":false},"excerpt":{"rendered":"<p>O&nbsp;credenciamento&nbsp;de&nbsp;docentes&nbsp;na p\u00f3s-gradua\u00e7\u00e3o \u00e9 realizado pelo colegiado do programa, seguindo o seu regimento interno, a&nbsp;Resolu\u00e7\u00e3o 32\/17-CEPE&nbsp;e&nbsp;o determinado atrav\u00e9s da Portaria CAPES 81 de 2016. O corpo docente dos programas de p\u00f3s-gradua\u00e7\u00e3o \u00e9 composto por tr\u00eas categorias de docentes: I \u2013 docentes&nbsp;permanentes, constituindo o n\u00facleo principal de docentes do programa;II \u2013 docentes e pesquisadores&nbsp;visitantes;III -docentes&nbsp;colaboradores. PERMANENTES As [&hellip;]<\/p>\n","protected":false},"author":5,"featured_media":0,"parent":2756,"menu_order":0,"comment_status":"closed","ping_status":"closed","template":"","meta":{"footnotes":""},"class_list":["post-3997","page","type-page","status-publish","hentry"],"_links":{"self":[{"href":"https:\/\/ufpr.br\/propg\/wp-json\/wp\/v2\/pages\/3997","targetHints":{"allow":["GET"]}}],"collection":[{"href":"https:\/\/ufpr.br\/propg\/wp-json\/wp\/v2\/pages"}],"about":[{"href":"https:\/\/ufpr.br\/propg\/wp-json\/wp\/v2\/types\/page"}],"author":[{"embeddable":true,"href":"https:\/\/ufpr.br\/propg\/wp-json\/wp\/v2\/users\/5"}],"replies":[{"embeddable":true,"href":"https:\/\/ufpr.br\/propg\/wp-json\/wp\/v2\/comments?post=3997"}],"version-history":[{"count":35,"href":"https:\/\/ufpr.br\/propg\/wp-json\/wp\/v2\/pages\/3997\/revisions"}],"predecessor-version":[{"id":51982,"href":"https:\/\/ufpr.br\/propg\/wp-json\/wp\/v2\/pages\/3997\/revisions\/51982"}],"up":[{"embeddable":true,"href":"https:\/\/ufpr.br\/propg\/wp-json\/wp\/v2\/pages\/2756"}],"wp:attachment":[{"href":"https:\/\/ufpr.br\/propg\/wp-json\/wp\/v2\/media?parent=3997"}],"curies":[{"name":"wp","href":"https:\/\/api.w.org\/{rel}","templated":true}]}}