{"id":3357,"date":"2024-11-03T21:09:43","date_gmt":"2024-11-04T00:09:43","guid":{"rendered":"https:\/\/ufpr.br\/?page=3357"},"modified":"2025-08-05T16:35:04","modified_gmt":"2025-08-05T19:35:04","slug":"apcn-2023","status":"publish","type":"page","link":"https:\/\/ufpr.br\/propg\/cpgss\/apcn\/apcn-2023\/","title":{"rendered":"APCN 2023"},"content":{"rendered":"\n<div style=\"height:50px\" aria-hidden=\"true\" class=\"wp-block-spacer\"><\/div>\n\n\n\n<div class=\"wp-block-columns is-layout-flex wp-container-core-columns-is-layout-9d6595d7 wp-block-columns-is-layout-flex\">\n<div class=\"wp-block-column is-layout-flow wp-block-column-is-layout-flow\" style=\"flex-basis:15%\" id=\"topo\">\n<div style=\"height:15px\" aria-hidden=\"true\" class=\"wp-block-spacer\"><\/div>\n\n\n<div class=\"wp-block-image\">\n<figure class=\"aligncenter size-full is-resized\"><img decoding=\"async\" src=\"https:\/\/ufpr.br\/propg\/wp-content\/uploads\/2025\/08\/Icone_SistemasComputador_Rosa.png\" alt=\"\" class=\"wp-image-20964\" style=\"width:100px;height:auto\"\/><\/figure><\/div><\/div>\n\n\n\n<div class=\"wp-block-column is-layout-flow wp-block-column-is-layout-flow\" style=\"flex-basis:75%\">\n<h2 class=\"wp-block-heading has-text-align-left has-background has-medium-font-size\" style=\"background-color:#e8ecf5\">EDITAL<\/h2>\n\n\n\n<hr class=\"wp-block-separator has-text-color has-alpha-channel-opacity has-background is-style-wide\" style=\"background-color:#e8ecf5;color:#e8ecf5\"\/>\n\n\n\n<p>Em 2023 a Capes passou a receber as propostas de cursos novos de acordo com o disposto em edital espec\u00edfico<\/p>\n\n\n\n<ul class=\"wp-block-list\">\n<li><a href=\"https:\/\/ufpr.br\/propg\/wp-content\/uploads\/2024\/11\/06092023_Edital_2229223_edital_23.2023_site.pdf\" target=\"_blank\" rel=\"noopener\" title=\"\">Edital n\u00ba 23\/2023 \u2013&nbsp;Chamada P\u00fablica para o envio de proposta de curso novo<\/a><\/li>\n<\/ul>\n\n\n\n<ul class=\"wp-block-list\">\n<li><a href=\"https:\/\/ufpr.br\/propg\/wp-content\/uploads\/2024\/11\/16112023_edital_2271438_sei_2269239_edital_23_2023_alteracao.pdf\" target=\"_blank\" rel=\"noopener\" title=\"\">Edital n\u00ba 23\/2023 \u2013 Chamada P\u00fablica para o envio de proposta de curso novo \u2013 altera\u00e7\u00e3o de cronograma<\/a>&nbsp;<strong><mark style=\"background-color:rgba(0, 0, 0, 0)\" class=\"has-inline-color has-vivid-red-color\">*NOVO*<\/mark><\/strong><\/li>\n<\/ul>\n\n\n\n<div style=\"height:15px\" aria-hidden=\"true\" class=\"wp-block-spacer\"><\/div>\n\n\n\n<hr class=\"wp-block-separator has-alpha-channel-opacity is-style-dots\"\/>\n\n\n\n<div style=\"height:25px\" aria-hidden=\"true\" class=\"wp-block-spacer\"><\/div>\n\n\n\n<h2 class=\"wp-block-heading has-text-align-left has-background has-medium-font-size\" style=\"background-color:#e8ecf5\">CRONOGRAMA INTERNO<\/h2>\n\n\n\n<hr class=\"wp-block-separator has-text-color has-alpha-channel-opacity has-background is-style-wide\" style=\"background-color:#e8ecf5;color:#e8ecf5\"\/>\n\n\n\n<figure class=\"wp-block-table is-style-stripes\"><table><thead><tr><th>Respons\u00e1vel<\/th><th>Atividade<\/th><th>De<\/th><th><s>At\u00e9<\/s><\/th><th>Nova Data Limite *<\/th><\/tr><\/thead><tbody><tr><td>Capes<\/td><td>Submiss\u00e3o das propostas de cursos novos<\/td><td>09\/10\/2023<\/td><td><s>24\/11\/2023<\/s><\/td><td>15\/01\/2024<\/td><\/tr><tr><td><strong>Proponente<\/strong><\/td><td><strong>Envio da proposta para a CPGSS (via SEI)<\/strong><\/td><td><strong>09\/10\/2023<\/strong><\/td><td><strong><s>30\/10\/2023<\/s><\/strong><\/td><td><strong>30\/10\/2023<\/strong><\/td><\/tr><tr><td>CPGSS<\/td><td>An\u00e1lise inicial da proposta no SEI pela CPGSS<\/td><td>10\/10\/2023<\/td><td><s>03\/11\/2023<\/s><\/td><td>03\/11\/2023<\/td><\/tr><tr><td>CPGSS<\/td><td>Agendamento e realiza\u00e7\u00e3o de reuni\u00e3o de ajuste da proposta entre o proponente do APCN e CPGSS (conferir disponibilidade de agenda)<\/td><td>06\/11\/2023<\/td><td><s>10\/11\/2023<\/s><\/td><td>30\/11\/2023<\/td><\/tr><tr><td><strong>Proponente<\/strong><\/td><td><strong>Envio da aprova\u00e7\u00e3o setorial (anexar no mesmo processo SEI) \u2013 vedada a utiliza\u00e7\u00e3o de ad referendum<\/strong><\/td><td><strong>09\/10\/2023<\/strong><\/td><td><strong><s>19\/11\/2023<\/s><\/strong><\/td><td><strong>19\/11\/2023<\/strong><\/td><\/tr><tr><td><strong>Proponente<\/strong><\/td><td><strong>Preencher a proposta definitiva na Plataforma Sucupira e envi\u00e1-la \u00e0 PRPPG\/CPGSS para homologa\u00e7\u00e3o<\/strong><\/td><td><strong>11\/11\/2023<\/strong><\/td><td><strong><s>19\/11\/2023<\/s><\/strong><\/td><td><strong><mark style=\"background-color:rgba(0, 0, 0, 0)\" class=\"has-inline-color has-vivid-red-color\">08\/12\/2023*<\/mark><\/strong><\/td><\/tr><tr><td>CPGSS<\/td><td>An\u00e1lise documental da proposta definitiva na Plataforma Sucupira antes da homologa\u00e7\u00e3o<\/td><td>20\/11\/2023<\/td><td><s>21\/11\/2023<\/s><\/td><td>11\/12\/2023<\/td><\/tr><tr><td><strong>Proponente<\/strong><\/td><td><strong>Ajuste da proposta conforme recomenda\u00e7\u00f5es da PRPPG\/CPGSS (dilig\u00eancias via Sucupira) (se houver)<\/strong><\/td><td><strong>22\/11\/2023<\/strong><\/td><td><strong><s>22\/11\/2023<\/s><\/strong><\/td><td><strong><mark style=\"background-color:rgba(0, 0, 0, 0)\" class=\"has-inline-color has-vivid-red-color\">12\/12\/2024*<\/mark><\/strong><\/td><\/tr><tr><td>CPGSS<\/td><td>Homologa\u00e7\u00e3o pela PRPPG e envio \u00e0 Capes<\/td><td>23\/11\/2023<\/td><td><s>23\/11\/2023<\/s><\/td><td>15\/12\/2024<\/td><\/tr><\/tbody><\/table><figcaption class=\"wp-element-caption\">*Datas alteradas conforme&nbsp;<a href=\"https:\/\/ufpr.br\/propg\/wp-content\/uploads\/2024\/11\/16112023_edital_2271438_sei_2269239_edital_23_2023_alteracao.pdf\" target=\"_blank\" rel=\"noopener\" title=\"\">novo cronograma da CAPES<\/a>.<\/figcaption><\/figure>\n\n\n\n<details class=\"wp-block-details is-layout-flow wp-block-details-is-layout-flow\"><summary>Fluxograma<\/summary>\n<figure class=\"wp-block-image size-large\"><a href=\"https:\/\/ufpr.br\/propg\/wp-content\/uploads\/2024\/11\/apcn-fluxograma.png\" target=\"_blank\" rel=\"noreferrer noopener\"><img decoding=\"async\" src=\"https:\/\/ufpr.br\/propg\/wp-content\/uploads\/2024\/11\/apcn-fluxograma-1024x908.png\" alt=\"\" class=\"wp-image-10847\"\/><\/a><\/figure>\n<\/details>\n\n\n\n<div style=\"height:15px\" aria-hidden=\"true\" class=\"wp-block-spacer\"><\/div>\n\n\n\n<hr class=\"wp-block-separator has-alpha-channel-opacity is-style-dots\"\/>\n\n\n\n<div style=\"height:25px\" aria-hidden=\"true\" class=\"wp-block-spacer\"><\/div>\n\n\n\n<h2 class=\"wp-block-heading has-text-align-left has-background has-medium-font-size\" style=\"background-color:#e8ecf5\">ENVIO DA PROPOSTA \u00c0 PRPPG\/CPGSS<\/h2>\n\n\n\n<hr class=\"wp-block-separator has-text-color has-alpha-channel-opacity has-background is-style-wide\" style=\"background-color:#e8ecf5;color:#e8ecf5\"\/>\n\n\n\n<p>Confira a lista de t\u00f3picos e documentos necess\u00e1rios para APCN:&nbsp;<a href=\"https:\/\/ufpr.br\/propg\/wp-content\/uploads\/2024\/11\/checklistapcn2023_v1.pdf\" target=\"_blank\" rel=\"noopener\" title=\"\">check list APCN 2023.pdf<\/a>&nbsp;(<a href=\"https:\/\/ufpr.br\/propg\/wp-content\/uploads\/2024\/11\/checklist-apcn-2023.docx\" target=\"_blank\" rel=\"noopener\" title=\"\">arquivo edit\u00e1vel. docx<\/a>)<\/p>\n\n\n\n<p>Enviar processo SEI \u00e0 UFPR\/R\/PRPPG\/CPGSS, tipo de processo \u201cp\u00f3s-gradua\u00e7\u00e3o: solicita\u00e7\u00e3o de cria\u00e7\u00e3o de cursos\/programas\u201d, contendo:<\/p>\n\n\n\n<ul class=\"wp-block-list\">\n<li>Estrutura b\u00e1sica da proposta, utilizando o&nbsp;<a href=\"https:\/\/ufpr.br\/propg\/wp-content\/uploads\/2024\/11\/modelo-apresentao-apcn.pptx\" target=\"_blank\" rel=\"noopener\" title=\"\">modelo de apresenta\u00e7\u00e3o \u00e0 PRPPG<\/a>&nbsp;(<a href=\"https:\/\/ufpr.br\/propg\/wp-content\/uploads\/2024\/11\/modelo-apresentao-apcn-versao-para-impressao.pdf\" target=\"_blank\" rel=\"noopener\" title=\"\">acesse aqui<\/a>&nbsp;a vers\u00e3o para impress\u00e3o)<\/li>\n<\/ul>\n\n\n\n<ul class=\"wp-block-list\">\n<li>Proposta em texto (<a href=\"https:\/\/ufpr.br\/propg\/wp-content\/uploads\/2024\/11\/modelo-apcn-2022-4.docx\" target=\"_blank\" rel=\"noopener\" title=\"\">modelo aqui .docx<\/a>)(.<a href=\"https:\/\/ufpr.br\/propg\/wp-content\/uploads\/2024\/11\/modelo-apcn-2022.pdf\" target=\"_blank\" rel=\"noopener\" title=\"\">pdf<\/a>), atendendo todos requisitos aplic\u00e1veis do&nbsp;<a href=\"https:\/\/ufpr.br\/propg\/wp-content\/uploads\/2024\/11\/06092023_Edital_2229223_edital_23.2023_site-1.pdf\" target=\"_blank\" rel=\"noopener\" title=\"\">Edital n\u00ba 23\/2023<\/a>&nbsp;e do Documento Orientador da Avalia\u00e7\u00e3o de Propostas de Cursos Novos (na \u00c1rea de Interesse)<\/li>\n<\/ul>\n\n\n\n<ul class=\"wp-block-list\">\n<li>Regimento interno do programa<\/li>\n<\/ul>\n\n\n\n<ul class=\"wp-block-list\">\n<li>Aprova\u00e7\u00e3o do Setor da UFPR ao qual o PPG se vincular\u00e1\n<ul class=\"wp-block-list\">\n<li>Inicialmente \u00e9 suficiente a aprova\u00e7\u00e3o pela Dire\u00e7\u00e3o do Setor, Ad referendum do Conselho. Por\u00e9m, a ata de reuni\u00e3o ordin\u00e1ria do Conselho Setorial aprovando a proposta dever\u00e1 ser anexada na proposta da Plataforma Sucupira e anexada ao processo SEI&nbsp;antes&nbsp;da Homologa\u00e7\u00e3o pela PRPPG. O documento \u00e9 uma garantia institucional de que o novo programa ter\u00e1 apoio em termos de recursos de infraestrutura, recursos materiais e recursos humanos.)<\/li>\n<\/ul>\n<\/li>\n<\/ul>\n\n\n\n<hr class=\"wp-block-separator has-text-color has-alpha-channel-opacity has-background is-style-wide\" style=\"background-color:#e8ecf5;color:#e8ecf5\"\/>\n\n\n\n<p>Outros documentos importantes para a caracteriza\u00e7\u00e3o da proposta:<\/p>\n\n\n\n<ul class=\"wp-block-list\">\n<li>cartas de apoio (importante para propostas na modalidade Profissional)<\/li>\n<\/ul>\n\n\n\n<ul class=\"wp-block-list\">\n<li>alinhamento da proposta ao planejamento estrat\u00e9gico com men\u00e7\u00e3o ao PDI da UFPR (ver documento \u201c<a title=\"\" href=\"https:\/\/ufpr.br\/propg\/wp-content\/uploads\/2024\/11\/planejamento-e-autoavaliacao-da-pos-graduacao-stricto-sensu-ufpr-2022-a-2026-.pdf\" target=\"_blank\" rel=\"noopener\">Planejamento Institucional e Autoavalia\u00e7\u00e3o Stricto Sensu<\/a>\u201d\u00a0 e informa\u00e7\u00f5es contantes nos\u00a0<a title=\"\" href=\"https:\/\/ufpr.br\/propg\/cpgss\/apcn\/textos-padrao\/\">textos padr\u00e3o<\/a>)<\/li>\n<\/ul>\n\n\n\n<ul class=\"wp-block-list\">\n<li>planejamento estrat\u00e9gico do novo PPG (recomend\u00e1vel elaborar arquivo separado para inserir como anexo no Sucupira)<\/li>\n<\/ul>\n\n\n\n<ul class=\"wp-block-list\">\n<li>plano de autoavalia\u00e7\u00e3o do novo PPG (recomend\u00e1vel elaborar arquivo separado para inserir como anexo no Sucupira; ver documento \u201c<a title=\"\" href=\"https:\/\/ufpr.br\/propg\/wp-content\/uploads\/2024\/11\/planejamento-e-autoavaliacao-da-pos-graduacao-stricto-sensu-ufpr-2022-a-2026-.pdf\" target=\"_blank\" rel=\"noopener\">Planejamento Institucional e Autoavalia\u00e7\u00e3o Stricto Sensu<\/a>\u201c)<\/li>\n<\/ul>\n\n\n\n<ul class=\"wp-block-list\">\n<li>pol\u00edtica de a\u00e7\u00f5es afirmativas do novo PPG (a princ\u00edpio, recomendamos explicitar as a\u00e7\u00f5es afirmativas na proposta, ainda que resumidamente e mencionar que UFPR est\u00e1 tramitando resolu\u00e7\u00e3o espec\u00edfica para atender a\u00a0<a href=\"https:\/\/www.planalto.gov.br\/ccivil_03\/_Ato2023-2026\/2023\/Lei\/L14723.htm#:~:text=Os%20alunos%20optantes%20pela%20reserva,nas%20institui%C3%A7%C3%B5es%20federais%20de%20ensino.%E2%80%9D\">Lei 14.723\/2023<\/a>\u00a0\u2013 em especial o o artigo 7-B. \u00c9 poss\u00edvel solicitar a minuta de resolu\u00e7\u00e3o \u00e0 CPGSS)\u00a0<strong><mark style=\"background-color:rgba(0, 0, 0, 0)\" class=\"has-inline-color has-vivid-red-color\">*NOVO*<\/mark><\/strong><\/li>\n<\/ul>\n\n\n\n<ul class=\"wp-block-list\">\n<li>cartas de anu\u00eancia das IES de origem dos docentes de outras institui\u00e7\u00f5es (v\u00e1lido tamb\u00e9m para pesquisadores vinculados a Institutos)<br><a title=\"\" href=\"https:\/\/www.prppg.ufpr.br\/site\/wp-content\/uploads\/2019\/01\/carta-de-anuencia-para-credenciamento-docente-em-ppg-externo-a-ufpr.docx\">Modelo de anu\u00eancia para participa\u00e7\u00e3o de docente (UFPR)<\/a><\/li>\n<\/ul>\n\n\n\n<hr class=\"wp-block-separator has-text-color has-alpha-channel-opacity has-background is-style-wide\" style=\"background-color:#e8ecf5;color:#e8ecf5\"\/>\n\n\n\n<p>Em casos de d\u00favidas, envie e-mail pra&nbsp;<a href=\"mailto:cpg@ufpr.br\">cpg@ufpr.br<\/a><\/p>\n\n\n\n<hr class=\"wp-block-separator has-text-color has-alpha-channel-opacity has-background is-style-wide\" style=\"background-color:#e8ecf5;color:#e8ecf5\"\/>\n\n\n\n<p>A vers\u00e3o final da proposta apresentada na Plataforma Sucupira dever\u00e1 atender a todos requisitos gerais e os espec\u00edficos da \u00e1rea de avalia\u00e7\u00e3o aplic\u00e1vel.<\/p>\n\n\n\n<div style=\"height:15px\" aria-hidden=\"true\" class=\"wp-block-spacer\"><\/div>\n\n\n\n<hr class=\"wp-block-separator has-alpha-channel-opacity is-style-dots\"\/>\n\n\n\n<div style=\"height:25px\" aria-hidden=\"true\" class=\"wp-block-spacer\"><\/div>\n\n\n\n<h2 class=\"wp-block-heading has-text-align-left has-background has-medium-font-size\" style=\"background-color:#e8ecf5\">D\u00daVIDAS FREQUENTES<\/h2>\n\n\n\n<hr class=\"wp-block-separator has-text-color has-alpha-channel-opacity has-background is-style-wide\" style=\"background-color:#e8ecf5;color:#e8ecf5\"\/>\n\n\n\n<blockquote class=\"wp-block-quote is-layout-flow wp-block-quote-is-layout-flow\">\n<p><\/p>\n<\/blockquote>\n\n\n\n<details class=\"wp-block-details is-layout-flow wp-block-details-is-layout-flow\" open><summary>Nessa apresenta\u00e7\u00e3o inicial \u00e9 necess\u00e1rio incluir os documentos de autoriza\u00e7\u00e3o de participa\u00e7\u00e3o de docentes vinculados a outras Institui\u00e7\u00f5es?<\/summary>\n<p>No momento inicial n\u00e3o, mas dever\u00e1 ser anexada na proposta da Plataforma Sucupira e&nbsp;no processo SEI antes da Homologa\u00e7\u00e3o pela PRPPG. Isso \u00e9 um requisito previsto&nbsp;<em><a href=\"https:\/\/ufpr.br\/propg\/wp-content\/uploads\/2024\/11\/06092023_Edital_2229223_edital_23.2023_site-1.pdf\" target=\"_blank\" rel=\"noopener\" title=\"\">edital n\u00ba 23\/2023<\/a>, item 4.7, II,<\/em>&nbsp;\u2013 Avalia\u00e7\u00e3o de Propostas de Cursos Novos \u2013 APCN \u2013 de P\u00f3s-Gradua\u00e7\u00e3o Stricto Sensu:&nbsp;<\/p>\n\n\n\n<blockquote class=\"wp-block-quote is-layout-flow wp-block-quote-is-layout-flow\">\n<p><em>d) autoriza\u00e7\u00e3o , quando for o caso, para participa\u00e7\u00e3o de docentes permanente de outra Institui\u00e7\u00e3o de Ensino Superior-IES \u2013 no curso, assinada pela Pr\u00f3-Reitoria de P\u00f3s-gradua\u00e7\u00e3o ou Equivalente;<\/em><\/p>\n<\/blockquote>\n\n\n\n<hr class=\"wp-block-separator has-alpha-channel-opacity is-style-dots\"\/>\n<\/details>\n\n\n\n<details class=\"wp-block-details is-layout-flow wp-block-details-is-layout-flow\" open><summary>Nessa apresenta\u00e7\u00e3o inicial \u00e9 necess\u00e1rio incluir a ata de reuni\u00e3o da ordin\u00e1ria do Conselho Setorial aprovando a proposta?<\/summary>\n<p>N\u00e3o, inicialmente \u00e9 suficiente a aprova\u00e7\u00e3o pela Dire\u00e7\u00e3o do Setor, Ad referendum do Conselho. Por\u00e9m a ata de reuni\u00e3o ordin\u00e1ria do Conselho Setorial aprovando a proposta dever\u00e1 ser anexada na proposta da Plataforma Sucupira e anexa ao processo SEI antes da Homologa\u00e7\u00e3o pela PRPPG . O documento \u00e9 uma garantia institucional de que o novo programa ter\u00e1 apoio em termos de recursos de infraestrutura, recursos materiais e recursos humanos.<\/p>\n\n\n\n<hr class=\"wp-block-separator has-alpha-channel-opacity is-style-dots\"\/>\n<\/details>\n\n\n\n<details class=\"wp-block-details is-layout-flow wp-block-details-is-layout-flow\" open><summary>\u00c9 necess\u00e1rio apresentar aprova\u00e7\u00e3o dos Departamentos aos quais os docentes se vinculam?<\/summary>\n<p>Devido a diversidade de docentes que podem compor um novo Programa, temos dispensado a apresenta\u00e7\u00e3o de aprova\u00e7\u00e3o dos Departamentos para fins de abertura de novos programas. Contudo os docentes devem manter carga hor\u00e1ria compat\u00edvel com o planejamento e autoriza\u00e7\u00f5es de seus respectivos departamentos, conforme as normas aplic\u00e1veis.<\/p>\n<\/details>\n\n\n\n<div style=\"height:15px\" aria-hidden=\"true\" class=\"wp-block-spacer\"><\/div>\n\n\n\n<hr class=\"wp-block-separator has-alpha-channel-opacity is-style-dots\"\/>\n\n\n\n<div style=\"height:25px\" aria-hidden=\"true\" class=\"wp-block-spacer\"><\/div>\n\n\n\n<h2 class=\"wp-block-heading has-text-align-left has-background has-medium-font-size\" style=\"background-color:#e8ecf5\">NORMAS E LEITURAS IMPORTANTES<\/h2>\n\n\n\n<hr class=\"wp-block-separator has-text-color has-alpha-channel-opacity has-background is-style-wide\" style=\"background-color:#e8ecf5;color:#e8ecf5\"\/>\n\n\n\n<p>Confira em <a href=\"https:\/\/ufpr.br\/propg\/cpgss\/apcn\">https:\/\/ufpr.br\/propg\/cpgss\/apcn<\/a><\/p>\n\n\n\n<div style=\"height:15px\" aria-hidden=\"true\" class=\"wp-block-spacer\"><\/div>\n\n\n\n<hr class=\"wp-block-separator has-alpha-channel-opacity is-style-dots\"\/>\n\n\n\n<div style=\"height:25px\" aria-hidden=\"true\" class=\"wp-block-spacer\"><\/div>\n\n\n\n<h2 class=\"wp-block-heading has-text-align-left has-background has-medium-font-size\" style=\"background-color:#e8ecf5\">DOCUMENTOS MODELO<\/h2>\n\n\n\n<hr class=\"wp-block-separator has-text-color has-alpha-channel-opacity has-background is-style-wide\" style=\"background-color:#e8ecf5;color:#e8ecf5\"\/>\n\n\n\n<p>Dispon\u00edveis em <a href=\"https:\/\/ufpr.br\/propg\/cpgss\/apcn\">https:\/\/ufpr.br\/propg\/cpgss\/apcn<\/a><\/p>\n\n\n\n<hr class=\"wp-block-separator has-text-color has-alpha-channel-opacity has-background is-style-wide\" style=\"background-color:#e8ecf5;color:#e8ecf5\"\/>\n\n\n\n<p class=\"has-text-color has-link-color wp-elements-35347cca6bfe07bb2bf966001a1b447f\" style=\"color:#243673\"><strong><a href=\"#topo\" title=\"\">Voltar ao topo<\/a><\/strong><\/p>\n<\/div>\n\n\n\n<div class=\"wp-block-column is-layout-flow wp-block-column-is-layout-flow\" style=\"flex-basis:10%\"><\/div>\n<\/div>\n\n\n\n<p><\/p>\n","protected":false},"excerpt":{"rendered":"<p>EDITAL Em 2023 a Capes passou a receber as propostas de cursos novos de acordo com o disposto em edital espec\u00edfico CRONOGRAMA INTERNO Respons\u00e1vel Atividade De At\u00e9 Nova Data Limite * Capes Submiss\u00e3o das propostas de cursos novos 09\/10\/2023 24\/11\/2023 15\/01\/2024 Proponente Envio da proposta para a CPGSS (via SEI) 09\/10\/2023 30\/10\/2023 30\/10\/2023 CPGSS An\u00e1lise [&hellip;]<\/p>\n","protected":false},"author":5,"featured_media":0,"parent":3345,"menu_order":0,"comment_status":"closed","ping_status":"closed","template":"","meta":{"footnotes":""},"class_list":["post-3357","page","type-page","status-publish","hentry"],"_links":{"self":[{"href":"https:\/\/ufpr.br\/propg\/wp-json\/wp\/v2\/pages\/3357","targetHints":{"allow":["GET"]}}],"collection":[{"href":"https:\/\/ufpr.br\/propg\/wp-json\/wp\/v2\/pages"}],"about":[{"href":"https:\/\/ufpr.br\/propg\/wp-json\/wp\/v2\/types\/page"}],"author":[{"embeddable":true,"href":"https:\/\/ufpr.br\/propg\/wp-json\/wp\/v2\/users\/5"}],"replies":[{"embeddable":true,"href":"https:\/\/ufpr.br\/propg\/wp-json\/wp\/v2\/comments?post=3357"}],"version-history":[{"count":81,"href":"https:\/\/ufpr.br\/propg\/wp-json\/wp\/v2\/pages\/3357\/revisions"}],"predecessor-version":[{"id":10717,"href":"https:\/\/ufpr.br\/propg\/wp-json\/wp\/v2\/pages\/3357\/revisions\/10717"}],"up":[{"embeddable":true,"href":"https:\/\/ufpr.br\/propg\/wp-json\/wp\/v2\/pages\/3345"}],"wp:attachment":[{"href":"https:\/\/ufpr.br\/propg\/wp-json\/wp\/v2\/media?parent=3357"}],"curies":[{"name":"wp","href":"https:\/\/api.w.org\/{rel}","templated":true}]}}