{"id":3198,"date":"2024-11-01T20:44:08","date_gmt":"2024-11-01T23:44:08","guid":{"rendered":"https:\/\/ufpr.br\/?page=3198"},"modified":"2026-01-22T13:41:09","modified_gmt":"2026-01-22T16:41:09","slug":"ajuste-e-reformulacao-curricular-siga","status":"publish","type":"page","link":"https:\/\/ufpr.br\/propg\/cpgss\/ajuste-e-reformulacao-curricular-siga\/","title":{"rendered":"Ajuste e Reformula\u00e7\u00e3o Curricular: procedimentos conforme 32\/17-CEPE"},"content":{"rendered":"\n<div class=\"wp-block-columns is-layout-flex wp-container-core-columns-is-layout-9d6595d7 wp-block-columns-is-layout-flex\">\n<div class=\"wp-block-column is-vertically-aligned-top is-layout-flow wp-block-column-is-layout-flow\" style=\"flex-basis:15%\" id=\"topo\">\n<div style=\"height:50px\" aria-hidden=\"true\" class=\"wp-block-spacer\"><\/div>\n\n\n<div class=\"wp-block-image\">\n<figure class=\"aligncenter size-full is-resized\"><img decoding=\"async\" src=\"https:\/\/ufpr.br\/propg\/wp-content\/uploads\/2025\/06\/Icone_NormasComunicados_Rosa.png\" alt=\"\" class=\"wp-image-7924\" style=\"width:100px\"\/><\/figure><\/div><\/div>\n\n\n\n<div class=\"wp-block-column is-layout-flow wp-block-column-is-layout-flow\" style=\"flex-basis:85%\">\n<div style=\"height:50px\" aria-hidden=\"true\" class=\"wp-block-spacer\"><\/div>\n\n\n\n<p class=\"has-background\" style=\"background-color:#f0f0f0\"><strong>Aten\u00e7\u00e3o:<\/strong> agora, as solicita\u00e7\u00f5es de ajuste e reformula\u00e7\u00e3o curricular (linhas de pesquisa) dever\u00e3o ser encaminhadas via&nbsp;<strong>SIGA<\/strong>. As solicita\u00e7\u00f5es de reformula\u00e7\u00e3o <strong>(\u00e1reas de concentra\u00e7\u00e3o)<\/strong> continuar\u00e3o a ser encaminhadas&nbsp;<strong>via SEI<\/strong>&nbsp;para a unidade&nbsp;UFPR\/R\/PROPG\/CPGSS.<\/p>\n\n\n\n<div style=\"height:25px\" aria-hidden=\"true\" class=\"wp-block-spacer\"><\/div>\n\n\n\n<div style=\"height:0px\" aria-hidden=\"true\" class=\"wp-block-spacer\"><\/div>\n\n\n\n<h2 class=\"wp-block-heading has-text-align-left has-background has-medium-font-size\" id=\"estrutura-administrativa\" style=\"background-color:#e8ecf5\">PARA REALIZAR AJUSTE OU REFORMULA\u00c7\u00c3O CURRICULAR<\/h2>\n\n\n\n<hr class=\"wp-block-separator has-text-color has-alpha-channel-opacity has-background is-style-wide\" style=\"background-color:#e8ecf5;color:#e8ecf5\"\/>\n\n\n\n<div style=\"height:25px\" aria-hidden=\"true\" class=\"wp-block-spacer\"><\/div>\n\n\n\n<p>\u00c9 preciso observar o disposto no Art. 20 da&nbsp;<strong><a href=\"https:\/\/ufpr.br\/propg\/wp-content\/uploads\/2024\/11\/RESOLUCAO-No-32-17-CEPE-alterada-pelas-Resolucoes-07-22-e-52-22-CEPE.pdf\" target=\"_blank\" rel=\"noopener\" title=\"\">Resolu\u00e7\u00e3o 32\/17 CEPE<\/a><\/strong>&nbsp;&nbsp;(destacado abaixo, grifo nosso):<\/p>\n\n\n\n<div style=\"height:0px\" aria-hidden=\"true\" class=\"wp-block-spacer\"><\/div>\n\n\n\n<div style=\"height:20px\" aria-hidden=\"true\" class=\"wp-block-spacer\"><\/div>\n\n\n\n<p><strong>Art. 20<\/strong> Os curr\u00edculos inicialmente aprovados poder\u00e3o ser aperfei\u00e7oados atrav\u00e9s de duas modalidades:<\/p>\n\n\n\n<div style=\"height:20px\" aria-hidden=\"true\" class=\"wp-block-spacer\"><\/div>\n\n\n\n<p><strong>I<\/strong>&#8211;&nbsp;<strong><mark style=\"background-color:#8ed1fc\" class=\"has-inline-color\">reformula\u00e7\u00e3o<\/mark>&nbsp;curricular<\/strong>, que compreende um processo amplo de reestrutura\u00e7\u00e3o curricular, especialmente no que concerne a&nbsp;<strong>mudan\u00e7as, supress\u00e3o ou cria\u00e7\u00e3o de&nbsp;<\/strong><mark style=\"background-color:#8ed1fc\" class=\"has-inline-color\"><strong>linhas de pesquisa<\/strong>\/<strong>atua\u00e7\u00e3o<\/strong><\/mark>&nbsp;e disciplinas; e<\/p>\n\n\n\n<p><strong>II<\/strong>&#8211;&nbsp;<strong><mark style=\"background-color:#fcb900\" class=\"has-inline-color\">ajuste&nbsp;curricular<\/mark><\/strong>, que consiste em pequenas modifica\u00e7\u00f5es, restritas \u00e0 cria\u00e7\u00e3o, supress\u00e3o ou ajustes de conte\u00fado e\/ou carga hor\u00e1ria em&nbsp;<strong><mark style=\"background-color:#fcb900\" class=\"has-inline-color\">disciplinas<\/mark><\/strong>;<\/p>\n\n\n\n<p><strong>1\u00ba<\/strong> Os ajustes curriculares dever\u00e3o ser justificados, acompanhados de ata de aprova\u00e7\u00e3o do Colegiado e submetidos \u00e0 aprecia\u00e7\u00e3o da PRPPG.<\/p>\n\n\n\n<p><strong>2\u00ba<\/strong> Nos casos de reformula\u00e7\u00e3o curricular o PPG dever\u00e1 encaminhar os termos de ajuste das normas internas \u00e0 PRPPG que, ap\u00f3s sua aprova\u00e7\u00e3o, encaminhar\u00e1 ao CEPE.<\/p>\n\n\n\n<p><strong>3\u00ba<\/strong> A reformula\u00e7\u00e3o ou ajuste curricular, uma vez aprovada pela PRPPG, e pelo CEPE quando for o caso, entrar\u00e1 em vigor no&nbsp;<strong>semestre letivo seguinte ao de sua aprova\u00e7\u00e3o<\/strong>.<\/p>\n\n\n\n<hr class=\"wp-block-separator has-text-color has-alpha-channel-opacity has-background is-style-wide\" style=\"background-color:#e8ecf5;color:#e8ecf5\"\/>\n\n\n\n<div style=\"height:25px\" aria-hidden=\"true\" class=\"wp-block-spacer\"><\/div>\n\n\n\n<p>Sendo assim, \u00e9 preciso que o programa verifique se pretende proceder com&nbsp;<strong>reformula\u00e7\u00e3o<\/strong>&nbsp;curricular ou&nbsp;<strong>ajuste<\/strong>&nbsp;curricular e, ap\u00f3s definir sua necessidade, seguir os procedimentos abaixo discriminados.<\/p>\n\n\n\n<div style=\"height:50px\" aria-hidden=\"true\" class=\"wp-block-spacer\"><\/div>\n\n\n<div class=\"wp-block-image\">\n<figure class=\"aligncenter size-large\"><a href=\"https:\/\/ufpr.br\/propg\/wp-content\/uploads\/2024\/11\/ajuste-ou-reformulacao-fluxo-simplificado-2-1024x228.jpg\" target=\"_blank\" rel=\" noreferrer noopener\"><img decoding=\"async\" src=\"https:\/\/ufpr.br\/propg\/wp-content\/uploads\/2024\/11\/ajuste-ou-reformulacao-fluxo-simplificado-2-1024x228.jpg\" alt=\"\" class=\"wp-image-9995\"\/><\/a><\/figure><\/div>\n\n\n<div style=\"height:50px\" aria-hidden=\"true\" class=\"wp-block-spacer\"><\/div>\n\n\n\n<hr class=\"wp-block-separator has-text-color has-alpha-channel-opacity has-background is-style-wide\" style=\"background-color:#e8ecf5;color:#e8ecf5\"\/>\n\n\n\n<div class=\"wp-block-columns is-layout-flex wp-container-core-columns-is-layout-9d6595d7 wp-block-columns-is-layout-flex\">\n<div class=\"wp-block-column is-layout-flow wp-block-column-is-layout-flow\" style=\"flex-basis:25%\"><\/div>\n\n\n\n<div class=\"wp-block-column is-layout-flow wp-block-column-is-layout-flow\" style=\"flex-basis:55%\">\n<h2 class=\"wp-block-heading\">Portarias emitidas pela PRPPG sobre o assunto:<\/h2>\n\n\n\n<div style=\"height:15px\" aria-hidden=\"true\" class=\"wp-block-spacer\"><\/div>\n\n\n\n<hr class=\"wp-block-separator has-text-color has-alpha-channel-opacity has-background is-style-wide\" style=\"background-color:#e8ecf5;color:#e8ecf5\"\/>\n\n\n\n<div style=\"height:25px\" aria-hidden=\"true\" class=\"wp-block-spacer\"><\/div>\n\n\n\n<div class=\"wp-block-columns is-layout-flex wp-container-core-columns-is-layout-9d6595d7 wp-block-columns-is-layout-flex\">\n<div class=\"wp-block-column is-layout-flow wp-block-column-is-layout-flow\">\n<figure class=\"wp-block-table is-style-stripes\"><table><thead><tr><th class=\"has-text-align-center\" data-align=\"center\"><strong>Ano<\/strong><\/th><th class=\"has-text-align-center\" data-align=\"center\"><strong>Ajuste curricular<\/strong><\/th><th class=\"has-text-align-center\" data-align=\"center\"><strong>Reformula\u00e7\u00e3o Curricular<\/strong><\/th><th class=\"has-text-align-center\" data-align=\"center\"><strong>Total Geral<\/strong><\/th><\/tr><\/thead><tbody><tr><td class=\"has-text-align-center\" data-align=\"center\">2023<\/td><td class=\"has-text-align-center\" data-align=\"center\">26<\/td><td class=\"has-text-align-center\" data-align=\"center\">5<\/td><td class=\"has-text-align-center\" data-align=\"center\">31<\/td><\/tr><tr><td class=\"has-text-align-center\" data-align=\"center\">2022<\/td><td class=\"has-text-align-center\" data-align=\"center\">22<\/td><td class=\"has-text-align-center\" data-align=\"center\">7<\/td><td class=\"has-text-align-center\" data-align=\"center\">29<\/td><\/tr><tr><td class=\"has-text-align-center\" data-align=\"center\">2021<\/td><td class=\"has-text-align-center\" data-align=\"center\">25<\/td><td class=\"has-text-align-center\" data-align=\"center\">4<\/td><td class=\"has-text-align-center\" data-align=\"center\">29<\/td><\/tr><tr><td class=\"has-text-align-center\" data-align=\"center\">2020<\/td><td class=\"has-text-align-center\" data-align=\"center\">24<\/td><td class=\"has-text-align-center\" data-align=\"center\">10<\/td><td class=\"has-text-align-center\" data-align=\"center\">34<\/td><\/tr><tr><td class=\"has-text-align-center\" data-align=\"center\">2019<\/td><td class=\"has-text-align-center\" data-align=\"center\">33<\/td><td class=\"has-text-align-center\" data-align=\"center\">12<\/td><td class=\"has-text-align-center\" data-align=\"center\">45<\/td><\/tr><tr><td class=\"has-text-align-center\" data-align=\"center\">2018<\/td><td class=\"has-text-align-center\" data-align=\"center\">18<\/td><td class=\"has-text-align-center\" data-align=\"center\">3<\/td><td class=\"has-text-align-center\" data-align=\"center\">21<\/td><\/tr><tr><td class=\"has-text-align-center\" data-align=\"center\">2017<\/td><td class=\"has-text-align-center\" data-align=\"center\">22<\/td><td class=\"has-text-align-center\" data-align=\"center\"><\/td><td class=\"has-text-align-center\" data-align=\"center\">22<\/td><\/tr><tr><td class=\"has-text-align-center\" data-align=\"center\">2016<\/td><td class=\"has-text-align-center\" data-align=\"center\">10<\/td><td class=\"has-text-align-center\" data-align=\"center\"><\/td><td class=\"has-text-align-center\" data-align=\"center\">10<\/td><\/tr><tr><td class=\"has-text-align-center\" data-align=\"center\">2015<\/td><td class=\"has-text-align-center\" data-align=\"center\">1<\/td><td class=\"has-text-align-center\" data-align=\"center\"><\/td><td class=\"has-text-align-center\" data-align=\"center\">1<\/td><\/tr><tr><td class=\"has-text-align-center\" data-align=\"center\">2014<\/td><td class=\"has-text-align-center\" data-align=\"center\">1<\/td><td class=\"has-text-align-center\" data-align=\"center\"><\/td><td class=\"has-text-align-center\" data-align=\"center\">1<\/td><\/tr><tr><td class=\"has-text-align-center\" data-align=\"center\">2013<\/td><td class=\"has-text-align-center\" data-align=\"center\">5<\/td><td class=\"has-text-align-center\" data-align=\"center\"><\/td><td class=\"has-text-align-center\" data-align=\"center\">5<\/td><\/tr><tr><td class=\"has-text-align-center\" data-align=\"center\">2012<\/td><td class=\"has-text-align-center\" data-align=\"center\">2<\/td><td class=\"has-text-align-center\" data-align=\"center\"><\/td><td class=\"has-text-align-center\" data-align=\"center\">2<\/td><\/tr><tr><td class=\"has-text-align-center\" data-align=\"center\">Total Geral<\/td><td class=\"has-text-align-center\" data-align=\"center\">189<\/td><td class=\"has-text-align-center\" data-align=\"center\"><\/td><td class=\"has-text-align-center\" data-align=\"center\">230<\/td><\/tr><\/tbody><\/table><figcaption class=\"wp-element-caption\">*atualizado at\u00e9 08\/11\/2023. dispon\u00edvel em:<br> <a href=\"https:\/\/ufpr.br\/propg\/a-prppg\/portarias\/\">https:\/\/ufpr.br\/propg\/a-prppg\/portarias\/<\/a><\/figcaption><\/figure>\n<\/div>\n<\/div>\n<\/div>\n\n\n\n<div class=\"wp-block-column is-layout-flow wp-block-column-is-layout-flow\" style=\"flex-basis:25%\"><\/div>\n<\/div>\n\n\n\n<details class=\"wp-block-details is-layout-flow wp-block-details-is-layout-flow\"><summary>AJUSTE CURRICULAR<\/summary>\n<figure class=\"wp-block-image size-large\"><a href=\"https:\/\/ufpr.br\/propg\/wp-content\/uploads\/2024\/11\/ajuste-e-reformulacao-curricular-v3-1024x639.png\" target=\"_blank\" rel=\" noreferrer noopener\"><img decoding=\"async\" src=\"https:\/\/ufpr.br\/propg\/wp-content\/uploads\/2024\/11\/ajuste-e-reformulacao-curricular-v3-1024x639.png\" alt=\"\" class=\"wp-image-10150\"\/><\/a><\/figure>\n\n\n\n<hr class=\"wp-block-separator has-text-color has-alpha-channel-opacity has-background is-style-wide\" style=\"background-color:#e8ecf5;color:#e8ecf5\"\/>\n\n\n\n<h2 class=\"wp-block-heading\">A partir de 01\/10\/2018, todas as solicita\u00e7\u00f5es de ajuste curricular s\u00e3o feitas via SIGA.<\/h2>\n\n\n\n<div style=\"height:25px\" aria-hidden=\"true\" class=\"wp-block-spacer\"><\/div>\n\n\n\n<p>Acesse aqui&nbsp;&nbsp;<a href=\"https:\/\/ufpr.br\/propg\/wp-content\/uploads\/2024\/11\/ajustecurricular-1.pdf\" target=\"_blank\" rel=\"noopener\" title=\"\">tutorial de como solicitar ajuste curricular no SIGA<\/a>&nbsp;no sistema (lembrando que, para ajuste curricular, n\u00e3o \u00e9 poss\u00edvel alterar nem criar linhas de pesquisa ou \u00e1reas de concentra\u00e7\u00e3o).<\/p>\n\n\n\n<p>A t\u00edtulo de exemplo, modelo de grade curricular estruturada:<\/p>\n\n\n\n<div style=\"height:25px\" aria-hidden=\"true\" class=\"wp-block-spacer\"><\/div>\n\n\n<div class=\"wp-block-image\">\n<figure class=\"aligncenter size-large is-resized\"><a href=\"https:\/\/ufpr.br\/propg\/wp-content\/uploads\/2024\/11\/modelo-discp-1024x595.png\" target=\"_blank\" rel=\" noreferrer noopener\"><img decoding=\"async\" src=\"https:\/\/ufpr.br\/propg\/wp-content\/uploads\/2024\/11\/modelo-discp-1024x595.png\" alt=\"\" class=\"wp-image-10164\" style=\"width:700px\"\/><\/a><\/figure><\/div>\n\n\n<div style=\"height:50px\" aria-hidden=\"true\" class=\"wp-block-spacer\"><\/div>\n\n\n\n<h2 class=\"wp-block-heading has-text-align-left has-background has-medium-font-size\" id=\"estrutura-administrativa\" style=\"background-color:#e8ecf5\">PONTOS IMPORTANTES QUE DEVEM SER OBSERVADOS PARA A ELABORA\u00c7\u00c3O DA NOVA GRADE CURRICULAR:<\/h2>\n\n\n\n<hr class=\"wp-block-separator has-text-color has-alpha-channel-opacity has-background is-style-wide\" style=\"background-color:#e8ecf5;color:#e8ecf5\"\/>\n\n\n\n<div style=\"height:25px\" aria-hidden=\"true\" class=\"wp-block-spacer\"><\/div>\n\n\n\n<div style=\"height:0px\" aria-hidden=\"true\" class=\"wp-block-spacer\"><\/div>\n\n\n\n<ul class=\"wp-block-list\">\n<li><strong>Eliminar a&nbsp;concess\u00e3o de cr\u00e9ditos para atividades de pesquisa e orienta\u00e7\u00e3o<\/strong>&nbsp;de desenvolvimento de tese\/disserta\u00e7\u00e3o (a&nbsp;atividade de orienta\u00e7\u00e3o para o desenvolvimento do trabalho de conclus\u00e3o \u00e9 um pr\u00e9-requisito para a obten\u00e7\u00e3o de t\u00edtulo e n\u00e3o gera cr\u00e9ditos).<\/li>\n<\/ul>\n\n\n\n<ul class=\"wp-block-list\">\n<li><strong>Atualizar as bibliografias<\/strong>&nbsp;de todas as disciplinas (alteradas ou n\u00e3o), com refer\u00eancias&nbsp;<strong>recentes<\/strong>&nbsp;\u2013 a&nbsp;pertin\u00eancia, qualidade e atualiza\u00e7\u00e3o das bibliografias s\u00e3o valorizadas&nbsp; pela avalia\u00e7\u00e3o da CAPES; entre 12 a 15 refer\u00eancias atuais contendo expressiva parcela publicada nos&nbsp;\u00faltimos 5 anos; uma parcela das refer\u00eancias dever\u00e1 ser composta por artigos atuais que revelam a contemporaneidade e atualidade dos conhecimentos abordados.<\/li>\n<\/ul>\n\n\n\n<ul class=\"wp-block-list\">\n<li><strong>Ementa<\/strong>&nbsp;dever\u00e1 descrever o prop\u00f3sito e o&nbsp;<strong>foco<\/strong>&nbsp;da disciplina.&nbsp;<strong>Delimitar a abordagem da disciplina<\/strong>. A ementa n\u00e3o consiste em lista de conte\u00fados. (Exemplo: \u201cAprofundamento pr\u00e1tico e desenvolvimento dos t\u00f3picos fundamentais para a an\u00e1lise, interpreta\u00e7\u00e3o e modela\u00e7\u00e3o de sistemas biol\u00f3gicos relacionados e aplicados ao movimento humano.\u201d). Veja o&nbsp;<a href=\"https:\/\/ufpr.br\/propg\/wp-content\/uploads\/2024\/11\/indicativoementas.pdf\" target=\"_blank\" rel=\"noopener\" title=\"\">Indicativo para elabora\u00e7\u00e3o de ementas<\/a>.<\/li>\n<\/ul>\n\n\n\n<ul class=\"wp-block-list\">\n<li><strong>Forma\u00e7\u00e3o em doc\u00eancia:<\/strong>&nbsp;para os programas de p\u00f3s-gradua\u00e7\u00e3o acad\u00eamicos, quando a proposta incluir a forma\u00e7\u00e3o de docentes no perfil de egressos, a obrigatoriedade da pr\u00e1tica de doc\u00eancia trata-se de uma quest\u00e3o de coer\u00eancia com o objetivo do PPG.<\/li>\n<\/ul>\n\n\n\n<div style=\"height:50px\" aria-hidden=\"true\" class=\"wp-block-spacer\"><\/div>\n\n\n\n<div style=\"height:0px\" aria-hidden=\"true\" class=\"wp-block-spacer\"><\/div>\n\n\n\n<p>Recomenda-se que os PPGs mantenham&nbsp;<strong>informa\u00e7\u00f5es em ingl\u00eas<\/strong>&nbsp;de&nbsp;todos os t\u00edtulos e ementas de todas as disciplinas em&nbsp;campo espec\u00edfico no SIGA. A atualiza\u00e7\u00e3o pode ser feita a qualquer momento, independente de solicita\u00e7\u00e3o de ajuste curricular. Para atualizar essas informa\u00e7\u00f5es no SIGA basta:<\/p>\n\n\n\n<div style=\"height:25px\" aria-hidden=\"true\" class=\"wp-block-spacer\"><\/div>\n\n\n\n<ol class=\"wp-block-list\">\n<li>Acessar o menu&nbsp;<em><strong>disciplinas&gt;visualizar ativas<\/strong><\/em>, clicar no <strong>nome da disciplina<\/strong> e depois na aba \u201c<strong>dados em ingl\u00ea<\/strong>s\u201d;<\/li>\n<\/ol>\n\n\n\n<ol start=\"2\" class=\"wp-block-list\">\n<li>Inserir as informa\u00e7\u00f5es em ingl\u00eas: <strong>nome da disciplina<\/strong> e <strong>ementa<\/strong>. No campo <strong>bibliografia<\/strong> basta copiar os dados j\u00e1 existentes;<\/li>\n<\/ol>\n\n\n\n<ol start=\"3\" class=\"wp-block-list\">\n<li>Ap\u00f3s, clicar em <strong>Salvar<\/strong>.<\/li>\n<\/ol>\n\n\n\n<div style=\"height:40px\" aria-hidden=\"true\" class=\"wp-block-spacer\"><\/div>\n\n\n<div class=\"wp-block-image\">\n<figure class=\"aligncenter size-large\"><a href=\"https:\/\/ufpr.br\/propg\/wp-content\/uploads\/2024\/11\/siga-disciplinas-ingles-1-1024x516.png\" target=\"_blank\" rel=\" noreferrer noopener\"><img decoding=\"async\" src=\"https:\/\/ufpr.br\/propg\/wp-content\/uploads\/2024\/11\/siga-disciplinas-ingles-1-1024x516.png\" alt=\"\" class=\"wp-image-10201\" style=\"object-fit:cover\"\/><\/a><\/figure><\/div>\n\n\n<hr class=\"wp-block-separator has-text-color has-alpha-channel-opacity has-background is-style-wide\" style=\"background-color:#e8ecf5;color:#e8ecf5\"\/>\n<\/details>\n\n\n\n<details class=\"wp-block-details is-layout-flow wp-block-details-is-layout-flow\"><summary>REFORMULA\u00c7\u00c3O CURRICULAR<\/summary>\n<h2 class=\"wp-block-heading has-text-align-left has-background has-medium-font-size\" id=\"estrutura-administrativa\" style=\"background-color:#e8ecf5\">ALTERA\u00c7\u00c3O DE \u00c1REA DE CONCENTRA\u00c7\u00c3O (VIA SEI \u2013 vers\u00e3o via SIGA indispon\u00edvel)<\/h2>\n\n\n\n<hr class=\"wp-block-separator has-text-color has-alpha-channel-opacity has-background is-style-wide\" style=\"background-color:#e8ecf5;color:#e8ecf5\"\/>\n\n\n\n<div style=\"height:25px\" aria-hidden=\"true\" class=\"wp-block-spacer\"><\/div>\n\n\n\n<ul class=\"wp-block-list\">\n<li>As solicita\u00e7\u00f5es de reformula\u00e7\u00e3o curricular que&nbsp;<strong>envolvem altera\u00e7\u00e3o de \u00e1reas de concentra\u00e7\u00e3o<\/strong>&nbsp;devem ser encaminhadas&nbsp;via SEI&nbsp;para a unidade&nbsp;UFPR\/R\/PRPPG\/CPGSS:\n<ul class=\"wp-block-list\">\n<li>Tipo de processo: P\u00f3s-Gradua\u00e7\u00e3o: reformula\u00e7\u00e3o curricular<\/li>\n\n\n\n<li>Destinat\u00e1rio:&nbsp;<strong>UFPR\/R\/PRPPG\/CPGSS<\/strong><\/li>\n<\/ul>\n<\/li>\n<\/ul>\n\n\n\n<ul class=\"wp-block-list\">\n<li>Inserir:<\/li>\n<\/ul>\n\n\n\n<ol class=\"wp-block-list\">\n<li>Of\u00edcio constando no m\u00ednimo as seguintes informa\u00e7\u00f5es (<a href=\"https:\/\/ufpr.br\/propg\/wp-content\/uploads\/2024\/11\/texto-solicitacao.pdf\" target=\"_blank\" rel=\"noopener\" title=\"\">texto sugerido aqui<\/a>):<\/li>\n\n\n\n<li>Ata(s) do colegiado aprovando a solicita\u00e7\u00e3o de reformula\u00e7\u00e3o<\/li>\n<\/ol>\n\n\n\n<div style=\"height:10px\" aria-hidden=\"true\" class=\"wp-block-spacer\"><\/div>\n\n\n\n<ul class=\"wp-block-list\">\n<li>Caso envolva<strong>&nbsp;apenas&nbsp;altera\u00e7\u00e3o em linhas de pesquisa<\/strong>, basta solicitar via SIGA, como informado abaixo. Neste caso a PRPPG\/CPGSS montar\u00e1 o processo para encaminhamento ao CEPE.<\/li>\n<\/ul>\n\n\n\n<div style=\"height:50px\" aria-hidden=\"true\" class=\"wp-block-spacer\"><\/div>\n\n\n\n<h2 class=\"wp-block-heading has-text-align-left has-background has-medium-font-size\" id=\"estrutura-administrativa\" style=\"background-color:#e8ecf5\">ALTERA\u00c7\u00c3O APENAS DE LINHAS DE PESQUISA (VIA SIGA)<\/h2>\n\n\n\n<hr class=\"wp-block-separator has-text-color has-alpha-channel-opacity has-background is-style-wide\" style=\"background-color:#e8ecf5;color:#e8ecf5\"\/>\n\n\n\n<div style=\"height:25px\" aria-hidden=\"true\" class=\"wp-block-spacer\"><\/div>\n\n\n\n<p><a href=\"https:\/\/ufpr.br\/propg\/wp-content\/uploads\/2024\/11\/reformulao2.pdf\" target=\"_blank\" rel=\"noopener\" title=\"\"><strong>Tutorial<\/strong> de como solicitar reformula\u00e7\u00e3o curricular (linhas de pesquisa) no SIGA<\/a><\/p>\n\n\n\n<div style=\"height:25px\" aria-hidden=\"true\" class=\"wp-block-spacer\"><\/div>\n\n\n\n<p>A t\u00edtulo de exemplo, modelo de \u00e1reas\/linhas estruturado:<\/p>\n\n\n\n<div style=\"height:25px\" aria-hidden=\"true\" class=\"wp-block-spacer\"><\/div>\n\n\n\n<figure class=\"wp-block-image size-large\"><a href=\"https:\/\/ufpr.br\/propg\/wp-content\/uploads\/2024\/11\/modelo-aclp-1-1024x193.png\" target=\"_blank\" rel=\" noreferrer noopener\"><img decoding=\"async\" src=\"https:\/\/ufpr.br\/propg\/wp-content\/uploads\/2024\/11\/modelo-aclp-1-1024x193.png\" alt=\"\" class=\"wp-image-10284\"\/><\/a><\/figure>\n\n\n\n<div style=\"height:25px\" aria-hidden=\"true\" class=\"wp-block-spacer\"><\/div>\n\n\n\n<hr class=\"wp-block-separator has-text-color has-alpha-channel-opacity has-background is-style-wide\" style=\"background-color:#e8ecf5;color:#e8ecf5\"\/>\n<\/details>\n\n\n\n<div style=\"height:15px\" aria-hidden=\"true\" class=\"wp-block-spacer\"><\/div>\n\n\n\n<p class=\"has-text-color has-link-color wp-elements-16631d866001ae142cbdd3786f7ccd26\" style=\"color:#243673\"><strong><a title=\"\" href=\"#topo\">Voltar ao topo<\/a><\/strong><\/p>\n<\/div>\n\n\n\n<div class=\"wp-block-column is-layout-flow wp-block-column-is-layout-flow\" style=\"flex-basis:2%\"><\/div>\n<\/div>\n\n\n\n<p><\/p>\n","protected":false},"excerpt":{"rendered":"<p>Aten\u00e7\u00e3o: agora, as solicita\u00e7\u00f5es de ajuste e reformula\u00e7\u00e3o curricular (linhas de pesquisa) dever\u00e3o ser encaminhadas via&nbsp;SIGA. As solicita\u00e7\u00f5es de reformula\u00e7\u00e3o (\u00e1reas de concentra\u00e7\u00e3o) continuar\u00e3o a ser encaminhadas&nbsp;via SEI&nbsp;para a unidade&nbsp;UFPR\/R\/PROPG\/CPGSS. PARA REALIZAR AJUSTE OU REFORMULA\u00c7\u00c3O CURRICULAR \u00c9 preciso observar o disposto no Art. 20 da&nbsp;Resolu\u00e7\u00e3o 32\/17 CEPE&nbsp;&nbsp;(destacado abaixo, grifo nosso): Art. 20 Os curr\u00edculos inicialmente [&hellip;]<\/p>\n","protected":false},"author":5,"featured_media":0,"parent":2756,"menu_order":0,"comment_status":"closed","ping_status":"closed","template":"","meta":{"footnotes":""},"class_list":["post-3198","page","type-page","status-publish","hentry"],"_links":{"self":[{"href":"https:\/\/ufpr.br\/propg\/wp-json\/wp\/v2\/pages\/3198","targetHints":{"allow":["GET"]}}],"collection":[{"href":"https:\/\/ufpr.br\/propg\/wp-json\/wp\/v2\/pages"}],"about":[{"href":"https:\/\/ufpr.br\/propg\/wp-json\/wp\/v2\/types\/page"}],"author":[{"embeddable":true,"href":"https:\/\/ufpr.br\/propg\/wp-json\/wp\/v2\/users\/5"}],"replies":[{"embeddable":true,"href":"https:\/\/ufpr.br\/propg\/wp-json\/wp\/v2\/comments?post=3198"}],"version-history":[{"count":160,"href":"https:\/\/ufpr.br\/propg\/wp-json\/wp\/v2\/pages\/3198\/revisions"}],"predecessor-version":[{"id":49300,"href":"https:\/\/ufpr.br\/propg\/wp-json\/wp\/v2\/pages\/3198\/revisions\/49300"}],"up":[{"embeddable":true,"href":"https:\/\/ufpr.br\/propg\/wp-json\/wp\/v2\/pages\/2756"}],"wp:attachment":[{"href":"https:\/\/ufpr.br\/propg\/wp-json\/wp\/v2\/media?parent=3198"}],"curies":[{"name":"wp","href":"https:\/\/api.w.org\/{rel}","templated":true}]}}