{"id":13618,"date":"2025-09-26T10:11:42","date_gmt":"2025-09-26T13:11:42","guid":{"rendered":"https:\/\/ufpr.br\/?page=13618"},"modified":"2026-04-06T11:02:59","modified_gmt":"2026-04-06T14:02:59","slug":"programa-de-doutorado-sanduiche-no-exterior-pdse-edital-17-2025-capes","status":"publish","type":"page","link":"https:\/\/ufpr.br\/propg\/siprop\/editais-e-oportunidades\/programa-de-doutorado-sanduiche-no-exterior-pdse-edital-17-2025-capes\/","title":{"rendered":"Programa de Doutorado Sandu\u00edche no Exterior (PDSE) \u2013 Edital 17\/2025 Capes"},"content":{"rendered":"\n<div style=\"height:50px\" aria-hidden=\"true\" class=\"wp-block-spacer\"><\/div>\n\n\n\n<div class=\"wp-block-columns is-layout-flex wp-container-core-columns-is-layout-9d6595d7 wp-block-columns-is-layout-flex\">\n<div class=\"wp-block-column is-layout-flow wp-block-column-is-layout-flow\" style=\"flex-basis:35%\">\n<div class=\"wp-block-columns is-layout-flex wp-container-core-columns-is-layout-9d6595d7 wp-block-columns-is-layout-flex\">\n<div class=\"wp-block-column is-layout-flow wp-block-column-is-layout-flow\">\n<div class=\"wp-block-columns is-layout-flex wp-container-core-columns-is-layout-9d6595d7 wp-block-columns-is-layout-flex\">\n<div class=\"wp-block-column has-background is-layout-flow wp-block-column-is-layout-flow\" style=\"background-color:#e8ecf5\" id=\"topo\">\n<div style=\"height:30px\" aria-hidden=\"true\" class=\"wp-block-spacer\"><\/div>\n\n\n\n<div class=\"wp-block-columns is-not-stacked-on-mobile is-layout-flex wp-container-core-columns-is-layout-9d6595d7 wp-block-columns-is-layout-flex\">\n<div class=\"wp-block-column is-layout-flow wp-block-column-is-layout-flow\" style=\"flex-basis:1px\"><\/div>\n\n\n\n<div class=\"wp-block-column has-white-background-color has-text-color has-background has-link-color wp-elements-3f521e87a4615631b42133f50be64aea is-layout-flow wp-block-column-is-layout-flow\" style=\"color:#003c71\">\n<div style=\"height:20px\" aria-hidden=\"true\" class=\"wp-block-spacer\"><\/div>\n\n\n<div class=\"wp-block-image is-style-default\">\n<figure class=\"aligncenter size-full is-resized\" id=\"topo\"><a href=\"#informacoes-2\"><img decoding=\"async\" src=\"https:\/\/ufpr.br\/propg\/wp-content\/uploads\/2025\/06\/Icone_AcessoInformacao_Rosa.png\" alt=\"\" class=\"wp-image-6157\" style=\"object-fit:cover;width:70px;height:70px\" \/><\/a><\/figure><\/div>\n\n\n<p class=\"has-text-align-center has-text-color has-link-color wp-elements-606aaa684422698efdc72807592be0f5\" style=\"color:#243673;font-size:14px\"><strong><a href=\"#informacoes-2\">Informa\u00e7\u00f5es <br>2\u00aa Chamada<\/a><\/strong><\/p>\n<\/div>\n\n\n\n<div class=\"wp-block-column has-white-background-color has-text-color has-background has-link-color wp-elements-5333e26770827b6a5f9812514b9960c4 is-layout-flow wp-block-column-is-layout-flow\" style=\"color:#003c71\">\n<div style=\"height:20px\" aria-hidden=\"true\" class=\"wp-block-spacer\"><\/div>\n\n\n<div class=\"wp-block-image is-style-default\">\n<figure class=\"aligncenter size-full is-resized\"><a href=\"#cronograma-2\"><img decoding=\"async\" src=\"https:\/\/ufpr.br\/propg\/wp-content\/uploads\/2025\/06\/Icone_Calendario_Rosa.png\" alt=\"\" class=\"wp-image-7934\" style=\"width:70px\" \/><\/a><\/figure><\/div>\n\n\n<p class=\"has-text-align-center has-text-color has-link-color wp-elements-77b86804ec3ba7c12940b0c45f9057f7\" style=\"color:#243673;font-size:14px\"><a href=\"#cronograma-2\"><strong>Cronograma <\/strong><br><strong>2\u00aa Chamada<\/strong><\/a><\/p>\n<\/div>\n\n\n\n<div class=\"wp-block-column is-layout-flow wp-block-column-is-layout-flow\" style=\"flex-basis:1px\"><\/div>\n<\/div>\n\n\n\n<div class=\"wp-block-columns is-not-stacked-on-mobile is-layout-flex wp-container-core-columns-is-layout-9d6595d7 wp-block-columns-is-layout-flex\">\n<div class=\"wp-block-column is-layout-flow wp-block-column-is-layout-flow\" style=\"flex-basis:1px\"><\/div>\n\n\n\n<div class=\"wp-block-column has-white-background-color has-text-color has-background has-link-color wp-elements-329d68c51c2768291e9d3f3dbe47a5e8 is-layout-flow wp-block-column-is-layout-flow\" style=\"color:#003c71\">\n<div style=\"height:20px\" aria-hidden=\"true\" class=\"wp-block-spacer\"><\/div>\n\n\n<div class=\"wp-block-image is-style-default\">\n<figure class=\"aligncenter size-full is-resized\" id=\"topo\"><a href=\"#informacoes-1\"><img decoding=\"async\" src=\"https:\/\/ufpr.br\/propg\/wp-content\/uploads\/2025\/06\/Icone_AcessoInformacao_Rosa.png\" alt=\"\" class=\"wp-image-6157\" style=\"object-fit:cover;width:70px;height:70px\" \/><\/a><\/figure><\/div>\n\n\n<p class=\"has-text-align-center has-text-color has-link-color wp-elements-ec5de0d6c7eb509b4196701a26277200\" style=\"color:#243673;font-size:14px\"><a href=\"#informacoes-1\"><strong>Informa\u00e7\u00f5es <br>1\u00aa Chamada<\/strong><\/a><\/p>\n<\/div>\n\n\n\n<div class=\"wp-block-column has-white-background-color has-text-color has-background has-link-color wp-elements-8aba5601825ea5aa28e5c6886b5d72bd is-layout-flow wp-block-column-is-layout-flow\" style=\"color:#003c71\">\n<div style=\"height:20px\" aria-hidden=\"true\" class=\"wp-block-spacer\"><\/div>\n\n\n<div class=\"wp-block-image is-style-default\">\n<figure class=\"aligncenter size-full is-resized\"><a href=\"#cronograma-1\"><img decoding=\"async\" src=\"https:\/\/ufpr.br\/propg\/wp-content\/uploads\/2025\/06\/Icone_Calendario_Rosa.png\" alt=\"\" class=\"wp-image-7934\" style=\"width:70px\" \/><\/a><\/figure><\/div>\n\n\n<p class=\"has-text-align-center has-text-color has-link-color wp-elements-b169215843b18196a0f04e2b83d1ea25\" style=\"color:#243673;font-size:14px\"><strong><a href=\"#cronograma-1\">Cronograma <\/a><\/strong><br><strong><a href=\"#cronograma-1\">1\u00aa Chamada<\/a><\/strong><\/p>\n<\/div>\n\n\n\n<div class=\"wp-block-column is-layout-flow wp-block-column-is-layout-flow\" style=\"flex-basis:1px\"><\/div>\n<\/div>\n\n\n\n<hr class=\"wp-block-separator has-text-color has-white-color has-alpha-channel-opacity has-white-background-color has-background is-style-wide\" \/>\n<\/div>\n<\/div>\n<\/div>\n<\/div>\n<\/div>\n\n\n\n<div class=\"wp-block-column is-layout-flow wp-block-column-is-layout-flow\" style=\"flex-basis:62%\">\n<div class=\"wp-block-columns is-layout-flex wp-container-core-columns-is-layout-9d6595d7 wp-block-columns-is-layout-flex\">\n<div class=\"wp-block-column is-layout-flow wp-block-column-is-layout-flow\">\n<h2 class=\"wp-block-heading has-text-align-left has-background has-medium-font-size\" id=\"informacoes-2\" style=\"background-color:#e8ecf5\">INFORMA\u00c7\u00d5ES GERAIS &#8211; Segunda Chamada<\/h2>\n\n\n\n<hr class=\"wp-block-separator has-text-color has-alpha-channel-opacity has-background is-style-wide\" style=\"background-color:#e8ecf5;color:#e8ecf5\" \/>\n\n\n\n<ul class=\"wp-block-list\">\n<li><a href=\"https:\/\/ufpr.br\/propg\/wp-content\/uploads\/2025\/09\/sei_8082966_edital_04_2025.pdf\" target=\"_blank\" rel=\"noreferrer noopener\"><\/a><a href=\"https:\/\/www.prppg.ufpr.br\/site\/wp-content\/uploads\/2025\/08\/sei_8082966_edital_04_2025.pdf\" target=\"_blank\" rel=\"noreferrer noopener\">Edital 04\/2025 \u2013 UFPR\/PROPG\/SIPROP \u2013&nbsp;<\/a>Abertura do Processo de Sele\u00e7\u00e3o da Segunda Chamada na UFPR&nbsp;<em>(publicado em 23\/08\/2025 \u00e0s 10h)<\/em><\/li>\n<\/ul>\n\n\n\n<ul class=\"wp-block-list\">\n<li>Objetivo: Estabelecer os procedimentos para a&nbsp;<em>indica\u00e7\u00e3o de candidatos para as bolsas de Doutorado Sandu\u00edche no Exterior<\/em>&nbsp;referentes ao&nbsp;<a href=\"https:\/\/www.gov.br\/capes\/pt-br\/acesso-a-informacao\/acoes-e-programas\/bolsas\/bolsas-e-auxilios-internacionais\/encontre-aqui\/paises\/multinacional\/programa-de-doutorado-sanduiche-no-exterior-pdse\" target=\"_blank\" rel=\"noreferrer noopener\">Edital 17\/2025 \u2013 CAPES\/PDSE<\/a>&nbsp;\u2013 Segunda Chamada, no \u00e2mbito dos Programas de P\u00f3s-Gradua\u00e7\u00e3o da UFPR.<\/li>\n<\/ul>\n\n\n\n<ul class=\"wp-block-list\">\n<li><a href=\"https:\/\/ufpr.br\/propg\/wp-content\/uploads\/2025\/09\/sei_8082973_anexo_2_chamada.pdf\" target=\"_blank\" rel=\"noreferrer noopener\">Anexo I<\/a>&nbsp;\u2013 Instru\u00e7\u00e3o Processual&nbsp;(Segunda Chamada)<\/li>\n<\/ul>\n\n\n\n<ul class=\"wp-block-list\">\n<li><a href=\"https:\/\/ufpr.br\/propg\/wp-content\/uploads\/2026\/01\/sei_8315564_informacao_8.pdf\" target=\"_blank\" rel=\"noreferrer noopener\">Informa\u00e7\u00e3o 05<\/a> \u2013&nbsp;PPGs que enquadram nos crit\u00e9rios (Segunda Chamada) (<em>retificado em 30\/10\/2025 \u00e0s 9h30<\/em>)<\/li>\n<\/ul>\n\n\n\n<ul class=\"wp-block-list has-small-font-size\">\n<li style=\"text-decoration:line-through\"><em><a href=\"https:\/\/ufpr.br\/propg\/wp-content\/uploads\/2025\/09\/sei_8082978_informacao_5.pdf\" target=\"_blank\" rel=\"noreferrer noopener\">Informa\u00e7\u00e3o 05<\/a> \u2013&nbsp;PPGs que enquadram nos crit\u00e9rios (Segunda Chamada)<\/em><\/li>\n<\/ul>\n\n\n\n<ul class=\"wp-block-list\">\n<li><a href=\"https:\/\/ufpr.br\/propg\/wp-content\/uploads\/2026\/02\/sei_8563849_edital_01_2026_resultado-parcial-2-chamada.pdf\" target=\"_blank\" rel=\"noreferrer noopener\">Edital 01\/2026 \u2013 UFPR\/PROPG\/SIPROP&nbsp;<\/a>\u2013 Resultados Parciais (Segunda Chamada)&nbsp;<em>(publicado em 04\/02\/2026 \u00e0s 16h)<\/em><\/li>\n<\/ul>\n\n\n\n<ul class=\"wp-block-list\">\n<li><a href=\"https:\/\/www.prppg.ufpr.br\/site\/wp-content\/uploads\/2026\/03\/sei-23075-051970_2025-61.pdf\" target=\"_blank\" rel=\"noreferrer noopener\">Edital 02\/2026 &#8211; UFPR\/PROPG\/SIPROP <\/a>\u2013 Resultados Finais (Segunda Chamada)<a href=\"https:\/\/www.prppg.ufpr.br\/site\/wp-content\/uploads\/2026\/03\/sei-23075-051970_2025-61.pdf\" target=\"_blank\" rel=\"noreferrer noopener\"> <\/a><em>(retificado em 03\/03\/2026 \u00e0s 16h)<\/em><\/li>\n<\/ul>\n\n\n\n<ul class=\"wp-block-list\">\n<li class=\"has-small-font-size\"><del><em><a href=\"https:\/\/www.prppg.ufpr.br\/site\/wp-content\/uploads\/2026\/02\/sei-23075-051970_2025-61.pdf\" target=\"_blank\" rel=\"noreferrer noopener\">Edital 02\/2026 &#8211; UFPR\/PROPG\/SIPROP<\/a> \u2013 Resultados Finais (Segunda Chamada)<\/em><\/del><\/li>\n<\/ul>\n\n\n\n<ul class=\"wp-block-list\">\n<li class=\"has-small-font-size\"><del><a href=\"https:\/\/www.prppg.ufpr.br\/site\/wp-content\/uploads\/2026\/02\/sei_8575481_edital_02_2026.pdf\">Edital 02\/2026 &#8211; UFPR\/PROPG\/SIPROP<\/a> \u2013 Resultados Finais (Segunda Chamada)<\/del><\/li>\n\n\n\n<li><a href=\"https:\/\/ufpr.br\/propg\/wp-content\/uploads\/2026\/04\/SEI_8734033_Informacao_4.pdf\" target=\"_blank\" rel=\"noreferrer noopener\">Informa\u00e7\u00e3o 04<\/a> \u2013\u00a0\u2013 Inscri\u00e7\u00f5es homologadas (Segunda Chamada) (publicado em 06\/04\/2026 \u00e0s 10h45)<\/li>\n<\/ul>\n<\/div>\n<\/div>\n\n\n\n<hr class=\"wp-block-separator has-alpha-channel-opacity is-style-dots\" \/>\n\n\n\n<div style=\"height:25px\" aria-hidden=\"true\" class=\"wp-block-spacer\"><\/div>\n\n\n\n<div class=\"wp-block-columns is-layout-flex wp-container-core-columns-is-layout-9d6595d7 wp-block-columns-is-layout-flex\">\n<div class=\"wp-block-column is-layout-flow wp-block-column-is-layout-flow\">\n<h2 class=\"wp-block-heading has-text-align-left has-background has-medium-font-size\" id=\"cronograma-2\" style=\"background-color:#e8ecf5\">CRONOGRAMA &#8211; Segunda Chamada<\/h2>\n\n\n\n<hr class=\"wp-block-separator has-text-color has-alpha-channel-opacity has-background is-style-wide\" style=\"background-color:#e8ecf5;color:#e8ecf5\" \/>\n\n\n<div class=\"wp-block-image\">\n<figure class=\"aligncenter size-full\"><a href=\"https:\/\/ufpr.br\/propg\/wp-content\/uploads\/2025\/09\/cronograma-2-chamada.png\" target=\"_blank\" rel=\" noreferrer noopener\"><img decoding=\"async\" src=\"https:\/\/ufpr.br\/propg\/wp-content\/uploads\/2025\/09\/cronograma-2-chamada.png\" alt=\"\" class=\"wp-image-29219\" \/><\/a><\/figure><\/div>\n\n\n<hr class=\"wp-block-separator has-text-color has-alpha-channel-opacity has-background is-style-wide\" style=\"background-color:#e8ecf5;color:#e8ecf5\" \/>\n\n\n\n<p class=\"has-text-color has-link-color wp-elements-35347cca6bfe07bb2bf966001a1b447f\" style=\"color:#243673\"><strong><a href=\"#topo\" title=\"\">Voltar ao topo<\/a><\/strong><\/p>\n<\/div>\n<\/div>\n\n\n\n<div style=\"height:25px\" aria-hidden=\"true\" class=\"wp-block-spacer\"><\/div>\n\n\n\n<div class=\"wp-block-columns is-layout-flex wp-container-core-columns-is-layout-9d6595d7 wp-block-columns-is-layout-flex\">\n<div class=\"wp-block-column is-layout-flow wp-block-column-is-layout-flow\">\n<h2 class=\"wp-block-heading has-text-align-left has-background has-medium-font-size\" id=\"informacoes-1\" style=\"background-color:#e8ecf5\">INFORMA\u00c7\u00d5ES GERAIS &#8211; Primeira Chamada (Encerrada)<\/h2>\n\n\n\n<hr class=\"wp-block-separator has-text-color has-alpha-channel-opacity has-background is-style-wide\" style=\"background-color:#e8ecf5;color:#e8ecf5\" \/>\n\n\n\n<ul class=\"wp-block-list\">\n<li><a href=\"https:\/\/ufpr.br\/propg\/wp-content\/uploads\/2025\/09\/sei_8077552_edital_3_2025.pdf\" target=\"_blank\" rel=\"noreferrer noopener\">Edital 03\/2025 \u2013 UFPR\/PROPG\/SIPROP \u2013<\/a>&nbsp;Abertura do Processo de Sele\u00e7\u00e3o da Primeira Chamada na UFPR&nbsp;<em>(publicado em 23\/08\/2025 \u00e0s 10h)<\/em><\/li>\n<\/ul>\n\n\n\n<ul class=\"wp-block-list\">\n<li>Objetivo: Estabelecer os procedimentos para a&nbsp;<em>indica\u00e7\u00e3o de candidatos para as bolsas de Doutorado Sandu\u00edche no Exterior<\/em>&nbsp;referentes ao&nbsp;<a href=\"https:\/\/www.gov.br\/capes\/pt-br\/acesso-a-informacao\/acoes-e-programas\/bolsas\/bolsas-e-auxilios-internacionais\/encontre-aqui\/paises\/multinacional\/programa-de-doutorado-sanduiche-no-exterior-pdse\" target=\"_blank\" rel=\"noreferrer noopener\">Edital 17\/2025 \u2013 CAPES\/PDSE<\/a>&nbsp;\u2013&nbsp;<strong>Primeira Chamada<\/strong>, no \u00e2mbito dos Programas de P\u00f3s-Gradua\u00e7\u00e3o da UFPR.<\/li>\n<\/ul>\n\n\n\n<ul class=\"wp-block-list\">\n<li><a href=\"https:\/\/ufpr.br\/propg\/wp-content\/uploads\/2025\/09\/sei_8078300_anexo_1_chamada.pdf\" target=\"_blank\" rel=\"noreferrer noopener\">Anexo I&nbsp;<\/a>\u2013 Instru\u00e7\u00e3o Processual (Primeira Chamada)<\/li>\n<\/ul>\n\n\n\n<ul class=\"wp-block-list\">\n<li><a href=\"https:\/\/ufpr.br\/propg\/wp-content\/uploads\/2025\/09\/sei_8079668_informacao_4.pdf\" target=\"_blank\" rel=\"noreferrer noopener\">Informa\u00e7\u00e3o 04&nbsp;<\/a>\u2013 PPGs que enquadram nos crit\u00e9rios&nbsp;(Primeira Chamada)<\/li>\n<\/ul>\n\n\n\n<ul class=\"wp-block-list\">\n<li><a href=\"https:\/\/ufpr.br\/propg\/wp-content\/uploads\/2025\/09\/sei_8201088_edital_5_2025-1.pdf\" target=\"_blank\" rel=\"noreferrer noopener\">Edital 05\/2025 \u2013 UFPR\/PROPG\/SIPROP<\/a>&nbsp;\u2013 Resultados Parciais (Primeira Chamada)&nbsp;<em>(publicado em 25\/09\/2025 \u00e0s 10h20)<\/em><\/li>\n<\/ul>\n\n\n\n<ul class=\"wp-block-list\">\n<li><a href=\"https:\/\/ufpr.br\/propg\/wp-content\/uploads\/2026\/01\/sei_8263520_edital_06_2025.pdf\" target=\"_blank\" rel=\"noreferrer noopener\">Edital 06\/2025 \u2013 UFPR\/PROPG\/SIPROP \u2013&nbsp;<\/a>Resultados Finais (Primeira Chamada)&nbsp;<em>(retificado em 13\/10\/2025 \u00e0s 08h30)<\/em><\/li>\n<\/ul>\n\n\n\n<ul class=\"wp-block-list\">\n<li><del><a href=\"https:\/\/ufpr.br\/propg\/wp-content\/uploads\/2026\/01\/sei_8238244_edital_06_2025.pdf\" target=\"_blank\" rel=\"noreferrer noopener\">Edital 06\/2025 \u2013 UFPR\/PROPG\/SIPROP<\/a>&nbsp;\u2013 Resultados Finais (Primeira Chamada)&nbsp;<em>(retificado em 06\/10\/2025 \u00e0s 10h30)<\/em><\/del><\/li>\n<\/ul>\n\n\n\n<ul class=\"wp-block-list\">\n<li><del><a href=\"https:\/\/ufpr.br\/propg\/wp-content\/uploads\/2026\/01\/sei_8218236_edital_06_2025.pdf\" target=\"_blank\" rel=\"noreferrer noopener\">Edital 06\/2025 \u2013 UFPR\/PROPG\/SIPROP&nbsp;<\/a>\u2013 Resultados Finais (Primeira Chamada) (publicado em 30\/09\/2025 \u00e0s 15h45)<\/del><\/li>\n<\/ul>\n\n\n\n<ul class=\"wp-block-list\">\n<li><a href=\"https:\/\/ufpr.br\/propg\/wp-content\/uploads\/2026\/01\/sei_8289448_informacao_7.pdf\" target=\"_blank\" rel=\"noreferrer noopener\">Informa\u00e7\u00e3o n\u00ba 7\/2025\/UFPR\/R\/PROPG\/SIPROP<\/a>&nbsp;\u2013&nbsp;Rela\u00e7\u00e3o das inscri\u00e7\u00f5es homologadas no SICAPES&nbsp;(Primeira Chamada)&nbsp;<em>(publicado em 18\/10\/2025 \u00e0s 19h25)<\/em><\/li>\n<\/ul>\n\n\n\n<ul class=\"wp-block-list\">\n<li><a href=\"https:\/\/ufpr.br\/propg\/wp-content\/uploads\/2026\/01\/29102025_lista_listagem_2708089_pdse.pdf\" target=\"_blank\" rel=\"noreferrer noopener\">Lista de inscri\u00e7\u00f5es homologadas pela CAPES<\/a>&nbsp;<em>(publicado em 30\/10\/2025 \u00e0s 09h30)<\/em><\/li>\n<\/ul>\n<\/div>\n<\/div>\n\n\n\n<hr class=\"wp-block-separator has-alpha-channel-opacity is-style-dots\" \/>\n\n\n\n<div style=\"height:25px\" aria-hidden=\"true\" class=\"wp-block-spacer\"><\/div>\n\n\n\n<div class=\"wp-block-columns is-layout-flex wp-container-core-columns-is-layout-9d6595d7 wp-block-columns-is-layout-flex\">\n<div class=\"wp-block-column is-layout-flow wp-block-column-is-layout-flow\">\n<h2 class=\"wp-block-heading has-text-align-left has-background has-medium-font-size\" id=\"cronograma-1\" style=\"background-color:#e8ecf5\">CRONOGRAMA &#8211; Primeira Chamada (Encerrada)<\/h2>\n\n\n\n<hr class=\"wp-block-separator has-text-color has-alpha-channel-opacity has-background is-style-wide\" style=\"background-color:#e8ecf5;color:#e8ecf5\" \/>\n\n\n<div class=\"wp-block-image\">\n<figure class=\"aligncenter size-full\"><a href=\"https:\/\/ufpr.br\/propg\/wp-content\/uploads\/2025\/09\/cronograma-1-chamada.png\" target=\"_blank\" rel=\" noreferrer noopener\"><img decoding=\"async\" src=\"https:\/\/ufpr.br\/propg\/wp-content\/uploads\/2025\/09\/cronograma-1-chamada.png\" alt=\"\" class=\"wp-image-29198\" \/><\/a><\/figure><\/div>\n\n\n<hr class=\"wp-block-separator has-text-color has-alpha-channel-opacity has-background is-style-wide\" style=\"background-color:#e8ecf5;color:#e8ecf5\" \/>\n\n\n\n<p class=\"has-text-color has-link-color wp-elements-35347cca6bfe07bb2bf966001a1b447f\" style=\"color:#243673\"><strong><a href=\"#topo\" title=\"\">Voltar ao topo<\/a><\/strong><\/p>\n<\/div>\n<\/div>\n\n\n\n<div style=\"height:25px\" aria-hidden=\"true\" class=\"wp-block-spacer\"><\/div>\n<\/div>\n\n\n\n<div class=\"wp-block-column is-layout-flow wp-block-column-is-layout-flow\" style=\"flex-basis:3%\"><\/div>\n<\/div>\n","protected":false},"excerpt":{"rendered":"<p>Informa\u00e7\u00f5es 2\u00aa Chamada Cronograma 2\u00aa Chamada Informa\u00e7\u00f5es 1\u00aa Chamada Cronograma 1\u00aa Chamada INFORMA\u00c7\u00d5ES GERAIS &#8211; Segunda Chamada CRONOGRAMA &#8211; Segunda Chamada Voltar ao topo INFORMA\u00c7\u00d5ES GERAIS &#8211; Primeira Chamada (Encerrada) CRONOGRAMA &#8211; Primeira Chamada (Encerrada) Voltar ao topo<\/p>\n","protected":false},"author":5,"featured_media":0,"parent":9246,"menu_order":0,"comment_status":"closed","ping_status":"closed","template":"","meta":{"footnotes":""},"class_list":["post-13618","page","type-page","status-publish","hentry"],"_links":{"self":[{"href":"https:\/\/ufpr.br\/propg\/wp-json\/wp\/v2\/pages\/13618","targetHints":{"allow":["GET"]}}],"collection":[{"href":"https:\/\/ufpr.br\/propg\/wp-json\/wp\/v2\/pages"}],"about":[{"href":"https:\/\/ufpr.br\/propg\/wp-json\/wp\/v2\/types\/page"}],"author":[{"embeddable":true,"href":"https:\/\/ufpr.br\/propg\/wp-json\/wp\/v2\/users\/5"}],"replies":[{"embeddable":true,"href":"https:\/\/ufpr.br\/propg\/wp-json\/wp\/v2\/comments?post=13618"}],"version-history":[{"count":43,"href":"https:\/\/ufpr.br\/propg\/wp-json\/wp\/v2\/pages\/13618\/revisions"}],"predecessor-version":[{"id":52124,"href":"https:\/\/ufpr.br\/propg\/wp-json\/wp\/v2\/pages\/13618\/revisions\/52124"}],"up":[{"embeddable":true,"href":"https:\/\/ufpr.br\/propg\/wp-json\/wp\/v2\/pages\/9246"}],"wp:attachment":[{"href":"https:\/\/ufpr.br\/propg\/wp-json\/wp\/v2\/media?parent=13618"}],"curies":[{"name":"wp","href":"https:\/\/api.w.org\/{rel}","templated":true}]}}