{"id":12424,"date":"2025-08-26T08:46:04","date_gmt":"2025-08-26T11:46:04","guid":{"rendered":"https:\/\/ufpr.br\/?page=12424"},"modified":"2025-11-28T13:57:03","modified_gmt":"2025-11-28T16:57:03","slug":"noticias-sobre-mestrado-e-doutorado","status":"publish","type":"page","link":"https:\/\/ufpr.br\/propg\/noticias-sobre-mestrado-e-doutorado\/","title":{"rendered":"Not\u00edcias sobre Mestrado e Doutorado"},"content":{"rendered":"\n<div style=\"height:25px\" aria-hidden=\"true\" class=\"wp-block-spacer\"><\/div>\n\n\n\n<div class=\"wp-block-columns is-layout-flex wp-container-core-columns-is-layout-9d6595d7 wp-block-columns-is-layout-flex\" id=\"topo\">\n<div class=\"wp-block-column is-layout-flow wp-block-column-is-layout-flow\" style=\"flex-basis:10%\">\n<div style=\"height:25px\" aria-hidden=\"true\" class=\"wp-block-spacer\"><\/div>\n\n\n<div class=\"wp-block-image\">\n<figure class=\"aligncenter size-full is-resized\"><img decoding=\"async\" src=\"https:\/\/ufpr.br\/propg\/wp-content\/uploads\/2025\/06\/Icone_DadosPos_Rosa.png\" alt=\"\" class=\"wp-image-6145\" style=\"object-fit:cover;width:100px;height:100px\"\/><\/figure><\/div><\/div>\n\n\n\n<div class=\"wp-block-column is-layout-flow wp-block-column-is-layout-flow\" style=\"flex-basis:89%\">\n<div class=\"wp-block-query is-layout-flow wp-block-query-is-layout-flow\"><ul class=\"columns-3 wp-block-post-template is-layout-grid wp-container-core-post-template-is-layout-2f3213d7 wp-block-post-template-is-layout-grid\"><li class=\"wp-block-post post-52345 post type-post status-publish format-standard hentry category-editais-e-processos-seletivos category-mestrado-e-doutorado\">\n<h2 style=\"color:#243673;\" class=\"has-link-color wp-elements-a7bac71bb8bd9e8cc12057bec999e0ed wp-block-post-title has-text-color\"><a href=\"https:\/\/ufpr.br\/propg\/paepg-publicado-o-edital-05-2026-propg-sae-e-p4e-programa-de-assistencia-estudantil-da-pos-graduacao\/\" target=\"_self\" >[PAEPG] Publicado o Edital 05\/2026 PROPG\/SAE e P4E: Programa de Assist\u00eancia Estudantil da P\u00f3s-Gradua\u00e7\u00e3o<\/a><\/h2>\n\n<div class=\"wp-block-post-date\"><time datetime=\"2026-04-24T16:30:51-03:00\">24 de abril de 2026<\/time><\/div>\n\n\n<hr class=\"wp-block-separator has-text-color has-alpha-channel-opacity has-background is-style-wide\" style=\"background-color:#e8ecf5;color:#e8ecf5\"\/>\n\n\n\n\n<div class=\"wp-block-post-excerpt\"><p class=\"wp-block-post-excerpt__excerpt\">A PROPG e a P4E publicaram novo Edital do Programa de Assist\u00eancia Estudantil da P\u00f3s-Gradua\u00e7\u00e3o (PAEPG), voltado a estudantes de mestrado e doutorado da UFPR em situa\u00e7\u00e3o de vulnerabilidade socioecon\u00f4mica. O presente edital prev\u00ea a concess\u00e3o de 35 (trinta e cinco) bolsas mensais no valor de R$ 600,00 (seiscentos reais), com vig\u00eancia de at\u00e9 12&hellip;<\/p><p class=\"wp-block-post-excerpt__more-text\"><a class=\"wp-block-post-excerpt__more-link\" href=\"https:\/\/ufpr.br\/propg\/paepg-publicado-o-edital-05-2026-propg-sae-e-p4e-programa-de-assistencia-estudantil-da-pos-graduacao\/\">Leia mais<\/a><\/p><\/div>\n\n\n<hr class=\"wp-block-separator has-text-color has-alpha-channel-opacity has-background is-style-wide\" style=\"background-color:#e8ecf5;color:#e8ecf5\"\/>\n\n<\/li><li class=\"wp-block-post post-51530 post type-post status-publish format-standard hentry category-mestrado-e-doutorado\">\n<h2 style=\"color:#243673;\" class=\"has-link-color wp-elements-a7bac71bb8bd9e8cc12057bec999e0ed wp-block-post-title has-text-color\"><a href=\"https:\/\/ufpr.br\/propg\/cafe-com-sucupira-debate-inteligencia-artificial-na-producao-e-comunicacao-cientifica\/\" target=\"_self\" >Caf\u00e9 com Sucupira debate Intelig\u00eancia Artificial na produ\u00e7\u00e3o e comunica\u00e7\u00e3o cient\u00edfica<\/a><\/h2>\n\n<div class=\"wp-block-post-date\"><time datetime=\"2026-02-24T14:44:00-03:00\">24 de fevereiro de 2026<\/time><\/div>\n\n\n<hr class=\"wp-block-separator has-text-color has-alpha-channel-opacity has-background is-style-wide\" style=\"background-color:#e8ecf5;color:#e8ecf5\"\/>\n\n\n\n\n<div class=\"wp-block-post-excerpt\"><p class=\"wp-block-post-excerpt__excerpt\">A Pr\u00f3-Reitoria de P\u00f3s-Gradua\u00e7\u00e3o da UFPR, por meio da CPGSS, promove no dia 09 de abril de 2026, \u00e0s 14h, o evento \u201cCaf\u00e9 com Sucupira | Intelig\u00eancia Artificial na Produ\u00e7\u00e3o e Comunica\u00e7\u00e3o do Conhecimento Cient\u00edfico\u201d, com a participa\u00e7\u00e3o do Prof. Dr. Ricardo Limongi (UFG). A palestra abordar\u00e1 o impacto da Intelig\u00eancia Artificial no desenvolvimento e&hellip;<\/p><p class=\"wp-block-post-excerpt__more-text\"><a class=\"wp-block-post-excerpt__more-link\" href=\"https:\/\/ufpr.br\/propg\/cafe-com-sucupira-debate-inteligencia-artificial-na-producao-e-comunicacao-cientifica\/\">Leia mais<\/a><\/p><\/div>\n\n\n<hr class=\"wp-block-separator has-text-color has-alpha-channel-opacity has-background is-style-wide\" style=\"background-color:#e8ecf5;color:#e8ecf5\"\/>\n\n<\/li><li class=\"wp-block-post post-51455 post type-post status-publish format-standard hentry category-editais-e-processos-seletivos category-mestrado-e-doutorado\">\n<h2 style=\"color:#243673;\" class=\"has-link-color wp-elements-a7bac71bb8bd9e8cc12057bec999e0ed wp-block-post-title has-text-color\"><a href=\"https:\/\/ufpr.br\/propg\/publicada-lista-de-trabalhos-do-premio-excelencia-academica-da-pos-graduacao-ufpr-2025\/\" target=\"_self\" >Publicada lista de trabalhos do Pr\u00eamio Excel\u00eancia Acad\u00eamica da P\u00f3s-gradua\u00e7\u00e3o UFPR 2025<\/a><\/h2>\n\n<div class=\"wp-block-post-date\"><time datetime=\"2026-02-24T11:52:00-03:00\">24 de fevereiro de 2026<\/time><\/div>\n\n\n<hr class=\"wp-block-separator has-text-color has-alpha-channel-opacity has-background is-style-wide\" style=\"background-color:#e8ecf5;color:#e8ecf5\"\/>\n\n\n\n\n<div class=\"wp-block-post-excerpt\"><p class=\"wp-block-post-excerpt__excerpt\">A Pr\u00f3-Reitoria de P\u00f3s-Gradua\u00e7\u00e3o da Universidade Federal do Paran\u00e1 (UFPR) publicou a lista de trabalhos contemplados no Pr\u00eamio Excel\u00eancia Acad\u00eamica da P\u00f3s-Gradua\u00e7\u00e3o UFPR 2025, que reconhece o m\u00e9rito e a qualidade das disserta\u00e7\u00f5es e teses defendidas no \u00e2mbito dos Programas de P\u00f3s-Gradua\u00e7\u00e3o stricto sensu da institui\u00e7\u00e3o no ano de 2025. Nesta edi\u00e7\u00e3o de 2025, 77&hellip;<\/p><p class=\"wp-block-post-excerpt__more-text\"><a class=\"wp-block-post-excerpt__more-link\" href=\"https:\/\/ufpr.br\/propg\/publicada-lista-de-trabalhos-do-premio-excelencia-academica-da-pos-graduacao-ufpr-2025\/\">Leia mais<\/a><\/p><\/div>\n\n\n<hr class=\"wp-block-separator has-text-color has-alpha-channel-opacity has-background is-style-wide\" style=\"background-color:#e8ecf5;color:#e8ecf5\"\/>\n\n<\/li><li class=\"wp-block-post post-46623 post type-post status-publish format-standard hentry category-editais-e-processos-seletivos category-mestrado-e-doutorado\">\n<h2 style=\"color:#243673;\" class=\"has-link-color wp-elements-a7bac71bb8bd9e8cc12057bec999e0ed wp-block-post-title has-text-color\"><a href=\"https:\/\/ufpr.br\/propg\/publicado-resultado-final-do-edital-03-2026-propg-sae-chamada-institucional-de-apoio-a-participacao-discente-e-a-producao-academica-da-pos-graduacao-da-ufpr\/\" target=\"_self\" >Publicado resultado final do Edital n\u00ba 03\/2026 PROPG\/SAE: Chamada Institucional de Apoio \u00e0 Participa\u00e7\u00e3o Discente e \u00e0 Produ\u00e7\u00e3o Acad\u00eamica da P\u00f3s-Gradua\u00e7\u00e3o da UFPR<\/a><\/h2>\n\n<div class=\"wp-block-post-date\"><time datetime=\"2026-02-20T14:43:05-03:00\">20 de fevereiro de 2026<\/time><\/div>\n\n\n<hr class=\"wp-block-separator has-text-color has-alpha-channel-opacity has-background is-style-wide\" style=\"background-color:#e8ecf5;color:#e8ecf5\"\/>\n\n\n\n\n<div class=\"wp-block-post-excerpt\"><p class=\"wp-block-post-excerpt__excerpt\">Acesse:\u00a0https:\/\/ufpr.br\/propg\/editais\/edital-03-2026-propg-sae\/<\/p><p class=\"wp-block-post-excerpt__more-text\"><a class=\"wp-block-post-excerpt__more-link\" href=\"https:\/\/ufpr.br\/propg\/publicado-resultado-final-do-edital-03-2026-propg-sae-chamada-institucional-de-apoio-a-participacao-discente-e-a-producao-academica-da-pos-graduacao-da-ufpr\/\">Leia mais<\/a><\/p><\/div>\n\n\n<hr class=\"wp-block-separator has-text-color has-alpha-channel-opacity has-background is-style-wide\" style=\"background-color:#e8ecf5;color:#e8ecf5\"\/>\n\n<\/li><li class=\"wp-block-post post-46584 post type-post status-publish format-standard hentry category-editais-e-processos-seletivos category-mestrado-e-doutorado\">\n<h2 style=\"color:#243673;\" class=\"has-link-color wp-elements-a7bac71bb8bd9e8cc12057bec999e0ed wp-block-post-title has-text-color\"><a href=\"https:\/\/ufpr.br\/propg\/publicado-resultado-final-do-edital-no-02-2026-propg-chamada-institucional-de-apoio-aos-programas-de-pos-graduacao-profissionais-da-ufpr\/\" target=\"_self\" >Publicado resultado final do Edital n\u00ba 02\/2026 PROPG: Chamada Institucional de Apoio aos Programas de P\u00f3s-Gradua\u00e7\u00e3o Profissionais da UFPR<\/a><\/h2>\n\n<div class=\"wp-block-post-date\"><time datetime=\"2026-02-13T16:10:11-03:00\">13 de fevereiro de 2026<\/time><\/div>\n\n\n<hr class=\"wp-block-separator has-text-color has-alpha-channel-opacity has-background is-style-wide\" style=\"background-color:#e8ecf5;color:#e8ecf5\"\/>\n\n\n\n\n<div class=\"wp-block-post-excerpt\"><p class=\"wp-block-post-excerpt__excerpt\">Acesse:\u00a0https:\/\/ufpr.br\/propg\/editais\/edital-02-2026-propg\/<\/p><p class=\"wp-block-post-excerpt__more-text\"><a class=\"wp-block-post-excerpt__more-link\" href=\"https:\/\/ufpr.br\/propg\/publicado-resultado-final-do-edital-no-02-2026-propg-chamada-institucional-de-apoio-aos-programas-de-pos-graduacao-profissionais-da-ufpr\/\">Leia mais<\/a><\/p><\/div>\n\n\n<hr class=\"wp-block-separator has-text-color has-alpha-channel-opacity has-background is-style-wide\" style=\"background-color:#e8ecf5;color:#e8ecf5\"\/>\n\n<\/li><li class=\"wp-block-post post-46577 post type-post status-publish format-standard hentry category-editais-e-processos-seletivos category-mestrado-e-doutorado\">\n<h2 style=\"color:#243673;\" class=\"has-link-color wp-elements-a7bac71bb8bd9e8cc12057bec999e0ed wp-block-post-title has-text-color\"><a href=\"https:\/\/ufpr.br\/propg\/publicado-resultado-final-do-edital-06-2025-propg-sae-e-p4e-programa-de-assistencia-estudantil-para-a-pos-graduacao-stricto-sensu-paepg\/\" target=\"_self\" >Publicado resultado final do Edital 06\/2025 PROPG\/SAE e P4E: Programa de Assist\u00eancia Estudantil para a P\u00f3s-Gradua\u00e7\u00e3o Stricto Sensu (PAEPG)<\/a><\/h2>\n\n<div class=\"wp-block-post-date\"><time datetime=\"2026-02-13T15:38:28-03:00\">13 de fevereiro de 2026<\/time><\/div>\n\n\n<hr class=\"wp-block-separator has-text-color has-alpha-channel-opacity has-background is-style-wide\" style=\"background-color:#e8ecf5;color:#e8ecf5\"\/>\n\n\n\n\n<div class=\"wp-block-post-excerpt\"><p class=\"wp-block-post-excerpt__excerpt\">Acesse:\u00a0https:\/\/ufpr.br\/propg\/editais\/edital-06-2025-propg-sae-e-p4e\/<\/p><p class=\"wp-block-post-excerpt__more-text\"><a class=\"wp-block-post-excerpt__more-link\" href=\"https:\/\/ufpr.br\/propg\/publicado-resultado-final-do-edital-06-2025-propg-sae-e-p4e-programa-de-assistencia-estudantil-para-a-pos-graduacao-stricto-sensu-paepg\/\">Leia mais<\/a><\/p><\/div>\n\n\n<hr class=\"wp-block-separator has-text-color has-alpha-channel-opacity has-background is-style-wide\" style=\"background-color:#e8ecf5;color:#e8ecf5\"\/>\n\n<\/li><li class=\"wp-block-post post-46573 post type-post status-publish format-standard hentry category-editais-e-processos-seletivos category-mestrado-e-doutorado\">\n<h2 style=\"color:#243673;\" class=\"has-link-color wp-elements-a7bac71bb8bd9e8cc12057bec999e0ed wp-block-post-title has-text-color\"><a href=\"https:\/\/ufpr.br\/propg\/publicada-nota-de-retificacao-do-edital-03-2026-propg-sae-chamada-institucional-de-apoio-a-participacao-discente-e-a-producao-academica-da-pos-graduacao-da-ufpr\/\" target=\"_self\" >Publicada nota de retifica\u00e7\u00e3o do Edital 03\/2026 PROPG\/SAE: Chamada Institucional de Apoio \u00e0 Participa\u00e7\u00e3o Discente e \u00e0 Produ\u00e7\u00e3o Acad\u00eamica da P\u00f3s-Gradua\u00e7\u00e3o da UFPR<\/a><\/h2>\n\n<div class=\"wp-block-post-date\"><time datetime=\"2026-02-12T18:50:00-03:00\">12 de fevereiro de 2026<\/time><\/div>\n\n\n<hr class=\"wp-block-separator has-text-color has-alpha-channel-opacity has-background is-style-wide\" style=\"background-color:#e8ecf5;color:#e8ecf5\"\/>\n\n\n\n\n<div class=\"wp-block-post-excerpt\"><p class=\"wp-block-post-excerpt__excerpt\">Acesse: https:\/\/ufpr.br\/propg\/editais\/edital-03-2026-propg-sae\/<\/p><p class=\"wp-block-post-excerpt__more-text\"><a class=\"wp-block-post-excerpt__more-link\" href=\"https:\/\/ufpr.br\/propg\/publicada-nota-de-retificacao-do-edital-03-2026-propg-sae-chamada-institucional-de-apoio-a-participacao-discente-e-a-producao-academica-da-pos-graduacao-da-ufpr\/\">Leia mais<\/a><\/p><\/div>\n\n\n<hr class=\"wp-block-separator has-text-color has-alpha-channel-opacity has-background is-style-wide\" style=\"background-color:#e8ecf5;color:#e8ecf5\"\/>\n\n<\/li><li class=\"wp-block-post post-46539 post type-post status-publish format-standard hentry category-mestrado-e-doutorado\">\n<h2 style=\"color:#243673;\" class=\"has-link-color wp-elements-a7bac71bb8bd9e8cc12057bec999e0ed wp-block-post-title has-text-color\"><a href=\"https:\/\/ufpr.br\/propg\/da-gestao-a-extensao-na-pos-graduacao-mulheres-fortalecem-a-ciencia-na-ufpr\/\" target=\"_self\" >DA GEST\u00c3O \u00c0 EXTENS\u00c3O NA P\u00d3S-GRADUA\u00c7\u00c3O: MULHERES FORTALECEM A CI\u00caNCIA NA UFPR<\/a><\/h2>\n\n<div class=\"wp-block-post-date\"><time datetime=\"2026-02-11T13:49:58-03:00\">11 de fevereiro de 2026<\/time><\/div>\n\n\n<hr class=\"wp-block-separator has-text-color has-alpha-channel-opacity has-background is-style-wide\" style=\"background-color:#e8ecf5;color:#e8ecf5\"\/>\n\n\n\n\n<div class=\"wp-block-post-excerpt\"><p class=\"wp-block-post-excerpt__excerpt\">P\u00f3s-Gradua\u00e7\u00e3o, extens\u00e3o e pol\u00edticas institucionais impulsionam o protagonismo feminino na ci\u00eancia na UFPR Por: Laura Chimka \u2013 bolsista de gradua\u00e7\u00e3o PROEXT-PG&nbsp; Em um contexto&nbsp;hist\u00f3rico&nbsp;e social&nbsp;ainda&nbsp;marcado por desigualdades de g\u00eanero na produ\u00e7\u00e3o cient\u00edfica e legitima\u00e7\u00e3o de saberes, a&nbsp;Universidade&nbsp;ocupa papel de destaque no fortalecimento&nbsp;de trajet\u00f3rias femininas.&nbsp;A ci\u00eancia n\u00e3o&nbsp;\u00e9 neutra: ela reflete e, muitas vezes, reproduz rela\u00e7\u00f5es de&hellip;<\/p><p class=\"wp-block-post-excerpt__more-text\"><a class=\"wp-block-post-excerpt__more-link\" href=\"https:\/\/ufpr.br\/propg\/da-gestao-a-extensao-na-pos-graduacao-mulheres-fortalecem-a-ciencia-na-ufpr\/\">Leia mais<\/a><\/p><\/div>\n\n\n<hr class=\"wp-block-separator has-text-color has-alpha-channel-opacity has-background is-style-wide\" style=\"background-color:#e8ecf5;color:#e8ecf5\"\/>\n\n<\/li><li class=\"wp-block-post post-46517 post type-post status-publish format-standard hentry category-editais-e-processos-seletivos category-mestrado-e-doutorado\">\n<h2 style=\"color:#243673;\" class=\"has-link-color wp-elements-a7bac71bb8bd9e8cc12057bec999e0ed wp-block-post-title has-text-color\"><a href=\"https:\/\/ufpr.br\/propg\/publicado-resultado-preliminar-do-edital-no-02-2026-propg-chamada-institucional-de-apoio-aos-programas-de-pos-graduacao-profissionais-da-ufpr\/\" target=\"_self\" >Publicado resultado preliminar do Edital n\u00ba 02\/2026 PROPG: Chamada Institucional de Apoio aos Programas de P\u00f3s-Gradua\u00e7\u00e3o Profissionais da UFPR<\/a><\/h2>\n\n<div class=\"wp-block-post-date\"><time datetime=\"2026-02-09T15:45:12-03:00\">9 de fevereiro de 2026<\/time><\/div>\n\n\n<hr class=\"wp-block-separator has-text-color has-alpha-channel-opacity has-background is-style-wide\" style=\"background-color:#e8ecf5;color:#e8ecf5\"\/>\n\n\n\n\n<div class=\"wp-block-post-excerpt\"><p class=\"wp-block-post-excerpt__excerpt\">Acesse:\u00a0https:\/\/ufpr.br\/propg\/editais\/edital-02-2026-propg\/<\/p><p class=\"wp-block-post-excerpt__more-text\"><a class=\"wp-block-post-excerpt__more-link\" href=\"https:\/\/ufpr.br\/propg\/publicado-resultado-preliminar-do-edital-no-02-2026-propg-chamada-institucional-de-apoio-aos-programas-de-pos-graduacao-profissionais-da-ufpr\/\">Leia mais<\/a><\/p><\/div>\n\n\n<hr class=\"wp-block-separator has-text-color has-alpha-channel-opacity has-background is-style-wide\" style=\"background-color:#e8ecf5;color:#e8ecf5\"\/>\n\n<\/li><\/ul>\n\n<nav class=\"wp-block-query-pagination is-layout-flex wp-block-query-pagination-is-layout-flex\" aria-label=\"Pagina\u00e7\u00e3o\">\n\n\n<div class=\"wp-block-query-pagination-numbers\"><span aria-current=\"page\" class=\"page-numbers current\">1<\/span>\n<a class=\"page-numbers\" href=\"?query-30-page=2\">2<\/a>\n<a class=\"page-numbers\" href=\"?query-30-page=3\">3<\/a>\n<span class=\"page-numbers dots\">&hellip;<\/span>\n<a class=\"page-numbers\" href=\"?query-30-page=65\">65<\/a><\/div>\n\n<a href=\"\/propg\/wp-json\/wp\/v2\/pages\/12424?query-30-page=2\" class=\"wp-block-query-pagination-next\">Pr\u00f3xima p\u00e1gina<\/a>\n<\/nav>\n\n\n<hr class=\"wp-block-separator has-text-color has-alpha-channel-opacity has-background is-style-wide\" style=\"background-color:#e8ecf5;color:#e8ecf5\"\/>\n<\/div>\n\n\n\n<p class=\"has-text-color has-link-color wp-elements-35347cca6bfe07bb2bf966001a1b447f\" style=\"color:#243673\"><strong><a href=\"#topo\" title=\"\">Voltar ao topo<\/a><\/strong><\/p>\n<\/div>\n\n\n\n<div class=\"wp-block-column is-layout-flow wp-block-column-is-layout-flow\" style=\"flex-basis:1%\"><\/div>\n<\/div>\n\n\n\n<p><\/p>\n","protected":false},"excerpt":{"rendered":"<p>Voltar ao topo<\/p>\n","protected":false},"author":5,"featured_media":0,"parent":0,"menu_order":0,"comment_status":"closed","ping_status":"closed","template":"","meta":{"footnotes":""},"class_list":["post-12424","page","type-page","status-publish","hentry"],"_links":{"self":[{"href":"https:\/\/ufpr.br\/propg\/wp-json\/wp\/v2\/pages\/12424","targetHints":{"allow":["GET"]}}],"collection":[{"href":"https:\/\/ufpr.br\/propg\/wp-json\/wp\/v2\/pages"}],"about":[{"href":"https:\/\/ufpr.br\/propg\/wp-json\/wp\/v2\/types\/page"}],"author":[{"embeddable":true,"href":"https:\/\/ufpr.br\/propg\/wp-json\/wp\/v2\/users\/5"}],"replies":[{"embeddable":true,"href":"https:\/\/ufpr.br\/propg\/wp-json\/wp\/v2\/comments?post=12424"}],"version-history":[{"count":51,"href":"https:\/\/ufpr.br\/propg\/wp-json\/wp\/v2\/pages\/12424\/revisions"}],"predecessor-version":[{"id":18219,"href":"https:\/\/ufpr.br\/propg\/wp-json\/wp\/v2\/pages\/12424\/revisions\/18219"}],"wp:attachment":[{"href":"https:\/\/ufpr.br\/propg\/wp-json\/wp\/v2\/media?parent=12424"}],"curies":[{"name":"wp","href":"https:\/\/api.w.org\/{rel}","templated":true}]}}