{"id":12185,"date":"2025-08-20T10:19:06","date_gmt":"2025-08-20T13:19:06","guid":{"rendered":"https:\/\/ufpr.br\/?page=12185"},"modified":"2026-04-07T16:31:48","modified_gmt":"2026-04-07T19:31:48","slug":"textos-padrao-stricto","status":"publish","type":"page","link":"https:\/\/ufpr.br\/propg\/cpgss\/textos-padrao-stricto\/","title":{"rendered":"Textos-padr\u00e3o adapt\u00e1veis para propostas APCN e Coleta CAPES"},"content":{"rendered":"\n<div style=\"height:50px\" aria-hidden=\"true\" class=\"wp-block-spacer\"><\/div>\n\n\n\n<div class=\"wp-block-columns is-layout-flex wp-container-core-columns-is-layout-9d6595d7 wp-block-columns-is-layout-flex\">\n<div class=\"wp-block-column is-layout-flow wp-block-column-is-layout-flow\" style=\"flex-basis:15%\" id=\"topo\">\n<div style=\"height:25px\" aria-hidden=\"true\" class=\"wp-block-spacer\"><\/div>\n\n\n<div class=\"wp-block-image\">\n<figure class=\"aligncenter size-full is-resized\"><img decoding=\"async\" src=\"https:\/\/ufpr.br\/propg\/wp-content\/uploads\/2025\/08\/Icone_Download_Rosa.png\" alt=\"\" class=\"wp-image-20540\" style=\"object-fit:cover;width:90px;height:90px\" \/><\/figure><\/div><\/div>\n\n\n\n<div class=\"wp-block-column is-layout-flow wp-block-column-is-layout-flow\" style=\"flex-basis:61%\">\n<blockquote class=\"wp-block-quote is-layout-flow wp-block-quote-is-layout-flow\">\n<p><\/p>\n<\/blockquote>\n\n\n\n<p><em>*Informa\u00e7\u00f5es atualizadas em 21\/02\/25<\/em><\/p>\n\n\n\n<hr class=\"wp-block-separator has-text-color has-alpha-channel-opacity has-background is-style-wide\" style=\"background-color:#e8ecf5;color:#e8ecf5\" \/>\n\n\n\n<p><a href=\"https:\/\/ufpr.br\/propg\/wp-content\/uploads\/2025\/08\/textos-padrao-stricto-sensu-21022025.docx\" target=\"_blank\" rel=\"noreferrer noopener\">Arquivo edit\u00e1vel&nbsp;(.docx)<\/a>&nbsp;com textos-padr\u00e3o* adapt\u00e1veis para subsidiar o&nbsp;<strong>preenchimento de propostas APCN e relat\u00f3rios para o Coleta CAPES e para a Avalia\u00e7\u00e3o Quadrienal<\/strong>.&nbsp;<\/p>\n\n\n\n<hr class=\"wp-block-separator has-text-color has-alpha-channel-opacity has-background is-style-wide\" style=\"background-color:#e8ecf5;color:#e8ecf5\" \/>\n\n\n\n<div style=\"height:15px\" aria-hidden=\"true\" class=\"wp-block-spacer\"><\/div>\n\n\n\n<hr class=\"wp-block-separator has-alpha-channel-opacity is-style-dots\" \/>\n\n\n\n<div style=\"height:25px\" aria-hidden=\"true\" class=\"wp-block-spacer\"><\/div>\n\n\n\n<h2 class=\"wp-block-heading\">*Cont\u00e9m informa\u00e7\u00f5es gerais sobre a UFPR e sobre os seguintes t\u00f3picos:<\/h2>\n\n\n\n<hr class=\"wp-block-separator has-text-color has-alpha-channel-opacity has-background is-style-wide\" style=\"background-color:#e8ecf5;color:#e8ecf5\" \/>\n\n\n\n<p>&gt;&gt; <strong>P\u00f3s-Gradua\u00e7\u00e3o Stricto Sensu da UFPR<\/strong><\/p>\n\n\n\n<p>&gt;&gt; <strong>Planejamento Institucional<\/strong><\/p>\n\n\n\n<ul class=\"wp-block-list\">\n<li>Plano de Desenvolvimento Institucional da UFPR 2022-2026<\/li>\n<\/ul>\n\n\n\n<ul class=\"wp-block-list\">\n<li>Diretrizes do PDI para a P\u00f3s-Gradua\u00e7\u00e3o Stricto Sensu<\/li>\n<\/ul>\n\n\n\n<ul class=\"wp-block-list\">\n<li>Planejamento Estrat\u00e9gico dos Programas de P\u00f3s-Gradua\u00e7\u00e3o Stricto Sensu<\/li>\n<\/ul>\n\n\n\n<p>&gt;&gt; <strong>Autoavalia\u00e7\u00e3o Institucional<\/strong><\/p>\n\n\n\n<ul class=\"wp-block-list\">\n<li>Plano de Autoavalia\u00e7\u00e3o Institucional<\/li>\n<\/ul>\n\n\n\n<ul class=\"wp-block-list\">\n<li>Autoavalia\u00e7\u00e3o da P\u00f3s-Gradua\u00e7\u00e3o Stricto Sensu<\/li>\n<\/ul>\n\n\n\n<ul class=\"wp-block-list\">\n<li>Autoavalia\u00e7\u00e3o do Programa de P\u00f3s-Gradua\u00e7\u00e3o<\/li>\n<\/ul>\n\n\n\n<p>&gt;&gt; <strong>Internacionaliza\u00e7\u00e3o<\/strong><\/p>\n\n\n\n<ul class=\"wp-block-list\">\n<li>Plano Institucional de Internacionaliza\u00e7\u00e3o (PII) 2022-2026<\/li>\n<\/ul>\n\n\n\n<ul class=\"wp-block-list\">\n<li>Apoio do Escrit\u00f3rio de Rela\u00e7\u00f5es Internacionais e da PROPG\/SIPPG<\/li>\n<\/ul>\n\n\n\n<ul class=\"wp-block-list\">\n<li>Estudo sobre a Internacionaliza\u00e7\u00e3o da UFPR: Resultados Parciais<\/li>\n<\/ul>\n\n\n\n<p>&gt;&gt; <strong>A\u00e7\u00f5es Afirmativas na P\u00f3s-Gradua\u00e7\u00e3o<\/strong><\/p>\n\n\n\n<p>&gt;&gt; <strong>Suporte Institucional \u00e0 P\u00f3s-Gradua\u00e7\u00e3o<\/strong><\/p>\n\n\n\n<ul class=\"wp-block-list\">\n<li>Sistema de Bibliotecas<\/li>\n<\/ul>\n\n\n\n<ul class=\"wp-block-list\">\n<li>Centro de Assessoria de Publica\u00e7\u00e3o Acad\u00eamica<\/li>\n<\/ul>\n\n\n\n<ul class=\"wp-block-list\">\n<li>Ag\u00eancia de Tecnologia da Informa\u00e7\u00e3o e Comunica\u00e7\u00e3o<\/li>\n<\/ul>\n\n\n\n<div class=\"wp-block-columns is-layout-flex wp-container-core-columns-is-layout-9d6595d7 wp-block-columns-is-layout-flex\">\n<div class=\"wp-block-column is-layout-flow wp-block-column-is-layout-flow\" style=\"flex-basis:1%\"><\/div>\n\n\n\n<div class=\"wp-block-column is-layout-flow wp-block-column-is-layout-flow\" style=\"flex-basis:99%\">\n<ul class=\"wp-block-list\">\n<li>Sistema Integrado de Gest\u00e3o Acad\u00eamica da P\u00f3s-Gradua\u00e7\u00e3o<\/li>\n<\/ul>\n\n\n\n<ul class=\"wp-block-list\">\n<li>Programa de Governan\u00e7a Colaborativa de Informa\u00e7\u00f5es da P\u00f3s-Gradua\u00e7\u00e3o (GoPG)<\/li>\n<\/ul>\n\n\n\n<ul class=\"wp-block-list\">\n<li>Acompanhamento de Egressos<\/li>\n<\/ul>\n\n\n\n<ul class=\"wp-block-list\">\n<li>Dados Abertos: Portal de Transpar\u00eancia da UFPR<\/li>\n<\/ul>\n<\/div>\n<\/div>\n\n\n\n<ul class=\"wp-block-list\">\n<li>Superintend\u00eancia de Parcerias e Rela\u00e7\u00f5es Institucionais<\/li>\n<\/ul>\n\n\n\n<ul class=\"wp-block-list\">\n<li>Pr\u00f3-Reitoria de Pol\u00edticas Afirmativas e Equidade<\/li>\n<\/ul>\n\n\n\n<ul class=\"wp-block-list\">\n<li>Apoio da PROPG \u00e0 Participa\u00e7\u00e3o em Editais de Fomento (Capta\u00e7\u00e3o de Recursos)<\/li>\n<\/ul>\n\n\n\n<p>&gt;&gt; <strong>Inova\u00e7\u00e3o em Atividades de Ensino<\/strong><\/p>\n\n\n\n<p>&gt;&gt; <strong>Visibilidade da P\u00f3s-Gradua\u00e7\u00e3o<\/strong><\/p>\n\n\n\n<ul class=\"wp-block-list\">\n<li>Pr\u00eamio Excel\u00eancia Acad\u00eamica da P\u00f3s-Gradua\u00e7\u00e3o<\/li>\n<\/ul>\n\n\n\n<ul class=\"wp-block-list\">\n<li>Foto Comemorativa dos Mestres e Doutores da UFPR<\/li>\n<\/ul>\n\n\n\n<p>&gt;&gt; <strong>Extens\u00e3o na P\u00f3s-Gradua\u00e7\u00e3o<\/strong><\/p>\n\n\n\n<p>&gt;&gt; <strong>Acessibilidade<\/strong><\/p>\n\n\n\n<ul class=\"wp-block-list\">\n<li>Acessibilidade do Sistema de Bibliotecas<\/li>\n<\/ul>\n\n\n\n<p>&gt;&gt; <strong>Impactos da Pandemia<\/strong><\/p>\n\n\n\n<blockquote class=\"wp-block-quote is-layout-flow wp-block-quote-is-layout-flow\">\n<p><\/p>\n<\/blockquote>\n\n\n\n<div style=\"height:25px\" aria-hidden=\"true\" class=\"wp-block-spacer\"><\/div>\n\n\n\n<hr class=\"wp-block-separator has-text-color has-alpha-channel-opacity has-background is-style-wide\" style=\"background-color:#e8ecf5;color:#e8ecf5\" \/>\n\n\n\n<p class=\"has-text-color has-link-color wp-elements-35347cca6bfe07bb2bf966001a1b447f\" style=\"color:#243673\"><strong><a href=\"#topo\" title=\"\">Voltar ao topo<\/a><\/strong><\/p>\n<\/div>\n\n\n\n<div class=\"wp-block-column is-layout-flow wp-block-column-is-layout-flow\" style=\"flex-basis:2%\"><\/div>\n\n\n\n<div class=\"wp-block-column is-vertically-aligned-top is-layout-flow wp-block-column-is-layout-flow\" style=\"flex-basis:20%\">\n<div class=\"wp-block-columns is-layout-flex wp-container-core-columns-is-layout-9d6595d7 wp-block-columns-is-layout-flex\">\n<div class=\"wp-block-column is-vertically-aligned-top has-background is-layout-flow wp-block-column-is-layout-flow\" style=\"background-color:#e8ecf5;flex-basis:100%\">\n<h2 class=\"wp-block-heading has-text-align-center\">Conhe\u00e7a<br>Tamb\u00e9m<\/h2>\n\n\n\n<hr class=\"wp-block-separator has-text-color has-white-color has-alpha-channel-opacity has-white-background-color has-background is-style-wide\" \/>\n\n\n\n<div class=\"wp-block-columns is-not-stacked-on-mobile is-layout-flex wp-container-core-columns-is-layout-9d6595d7 wp-block-columns-is-layout-flex\">\n<div class=\"wp-block-column is-layout-flow wp-block-column-is-layout-flow\" style=\"flex-basis:1px\"><\/div>\n\n\n\n<div class=\"wp-block-column has-white-background-color has-text-color has-background has-link-color wp-elements-c618bebf4b52979fa586b99806cfff8a is-layout-flow wp-block-column-is-layout-flow\" style=\"color:#003c71\">\n<div style=\"height:20px\" aria-hidden=\"true\" class=\"wp-block-spacer\"><\/div>\n\n\n<div class=\"wp-block-image is-style-default\">\n<figure class=\"aligncenter size-full is-resized\" id=\"topo\"><a href=\"https:\/\/ufpr.br\/propg\/cpgss\/coleta-capes\/\"><img decoding=\"async\" src=\"https:\/\/ufpr.br\/propg\/wp-content\/uploads\/2025\/08\/Icone_Computador_Rosa.png\" alt=\"\" class=\"wp-image-25126\" style=\"object-fit:cover;width:70px;height:70px\" \/><\/a><\/figure><\/div>\n\n\n<p class=\"has-text-align-center has-text-color has-link-color wp-elements-487947777b77a74d0ba1182b298d0f55\" style=\"color:#243673;font-size:14px\"><a href=\"https:\/\/ufpr.br\/propg\/cpgss\/coleta-capes\/\"><strong>Coleta CAPES<\/strong><\/a><\/p>\n<\/div>\n\n\n\n<div class=\"wp-block-column is-layout-flow wp-block-column-is-layout-flow\" style=\"flex-basis:1px\"><\/div>\n<\/div>\n\n\n\n<div class=\"wp-block-columns is-not-stacked-on-mobile is-layout-flex wp-container-core-columns-is-layout-9d6595d7 wp-block-columns-is-layout-flex\">\n<div class=\"wp-block-column is-layout-flow wp-block-column-is-layout-flow\" style=\"flex-basis:1px\"><\/div>\n\n\n\n<div class=\"wp-block-column has-white-background-color has-text-color has-background has-link-color wp-elements-1131ce02bac3f70719bd5b04ce74db84 is-layout-flow wp-block-column-is-layout-flow\" style=\"color:#003c71\">\n<div style=\"height:20px\" aria-hidden=\"true\" class=\"wp-block-spacer\"><\/div>\n\n\n<div class=\"wp-block-image is-style-default\">\n<figure class=\"aligncenter size-full is-resized\" id=\"topo\"><a href=\"https:\/\/ufpr.br\/propg\/cpgss\/apcn\/\"><img decoding=\"async\" src=\"https:\/\/ufpr.br\/propg\/wp-content\/uploads\/2025\/08\/Icone_SistemasComputador_Rosa.png\" alt=\"\" class=\"wp-image-20964\" style=\"object-fit:cover;width:70px;height:70px\" \/><\/a><\/figure><\/div>\n\n\n<p class=\"has-text-align-center has-text-color has-link-color wp-elements-93851b13e1209fa5671a546d5964f43e\" style=\"color:#243673;font-size:14px\"><strong><a href=\"https:\/\/ufpr.br\/propg\/cpgss\/apcn\/\">APCN<\/a><\/strong><\/p>\n<\/div>\n\n\n\n<div class=\"wp-block-column is-layout-flow wp-block-column-is-layout-flow\" style=\"flex-basis:1px\"><\/div>\n<\/div>\n\n\n\n<hr class=\"wp-block-separator has-text-color has-white-color has-alpha-channel-opacity has-white-background-color has-background is-style-wide\" \/>\n<\/div>\n<\/div>\n<\/div>\n\n\n\n<div class=\"wp-block-column is-layout-flow wp-block-column-is-layout-flow\" style=\"flex-basis:2%\"><\/div>\n<\/div>\n","protected":false},"excerpt":{"rendered":"<p>*Informa\u00e7\u00f5es atualizadas em 21\/02\/25 Arquivo edit\u00e1vel&nbsp;(.docx)&nbsp;com textos-padr\u00e3o* adapt\u00e1veis para subsidiar o&nbsp;preenchimento de propostas APCN e relat\u00f3rios para o Coleta CAPES e para a Avalia\u00e7\u00e3o Quadrienal.&nbsp; *Cont\u00e9m informa\u00e7\u00f5es gerais sobre a UFPR e sobre os seguintes t\u00f3picos: &gt;&gt; P\u00f3s-Gradua\u00e7\u00e3o Stricto Sensu da UFPR &gt;&gt; Planejamento Institucional &gt;&gt; Autoavalia\u00e7\u00e3o Institucional &gt;&gt; Internacionaliza\u00e7\u00e3o &gt;&gt; A\u00e7\u00f5es Afirmativas na P\u00f3s-Gradua\u00e7\u00e3o [&hellip;]<\/p>\n","protected":false},"author":5,"featured_media":0,"parent":2756,"menu_order":0,"comment_status":"closed","ping_status":"closed","template":"","meta":{"footnotes":""},"class_list":["post-12185","page","type-page","status-publish","hentry"],"_links":{"self":[{"href":"https:\/\/ufpr.br\/propg\/wp-json\/wp\/v2\/pages\/12185","targetHints":{"allow":["GET"]}}],"collection":[{"href":"https:\/\/ufpr.br\/propg\/wp-json\/wp\/v2\/pages"}],"about":[{"href":"https:\/\/ufpr.br\/propg\/wp-json\/wp\/v2\/types\/page"}],"author":[{"embeddable":true,"href":"https:\/\/ufpr.br\/propg\/wp-json\/wp\/v2\/users\/5"}],"replies":[{"embeddable":true,"href":"https:\/\/ufpr.br\/propg\/wp-json\/wp\/v2\/comments?post=12185"}],"version-history":[{"count":40,"href":"https:\/\/ufpr.br\/propg\/wp-json\/wp\/v2\/pages\/12185\/revisions"}],"predecessor-version":[{"id":52148,"href":"https:\/\/ufpr.br\/propg\/wp-json\/wp\/v2\/pages\/12185\/revisions\/52148"}],"up":[{"embeddable":true,"href":"https:\/\/ufpr.br\/propg\/wp-json\/wp\/v2\/pages\/2756"}],"wp:attachment":[{"href":"https:\/\/ufpr.br\/propg\/wp-json\/wp\/v2\/media?parent=12185"}],"curies":[{"name":"wp","href":"https:\/\/api.w.org\/{rel}","templated":true}]}}