{"id":506,"date":"2026-02-16T14:31:22","date_gmt":"2026-02-16T17:31:22","guid":{"rendered":"https:\/\/ufpr.br\/eventos\/xsimpgeo\/?page_id=506"},"modified":"2026-04-02T16:40:21","modified_gmt":"2026-04-02T19:40:21","slug":"comissoes","status":"publish","type":"page","link":"https:\/\/ufpr.br\/eventos\/xsimpgeo\/comissoes\/","title":{"rendered":"Comiss\u00f5es"},"content":{"rendered":"\n<div style=\"background:#f4f8f6;padding:24px;border-radius:16px;font-family:'Montserrat', sans-serif;line-height:1.8\">\n\n  <h2 style=\"text-align:center;color:#2f5d50;margin-bottom:20px\">\n    \ud83d\udc65 Coordena\u00e7\u00e3o Organizadora\n  <\/h2>\n\n  <div style=\"background:white;border-left:6px solid #2f7d67;padding:20px;border-radius:12px\">\n\n    <p style=\"font-weight:600;color:#2f5d50\">Coordena\u00e7\u00e3o:<\/p>\n\n    <ul style=\"padding:0;margin:0 0 16px 0\">\n\n      <li style=\"margin-bottom:8px\">\n        Fabio Marcelo Breunig \u2014\n        <a href=\"http:\/\/lattes.cnpq.br\/5926113161758766\" target=\"_blank\">\n          <img decoding=\"async\" src=\"http:\/\/ufpr.br\/eventos\/xsimpgeo\/wp-content\/uploads\/sites\/19\/2026\/04\/Lattes.png\" style=\"width:18px;vertical-align:middle\">\n        <\/a>\n      <\/li>\n\n      <li style=\"margin-bottom:8px\">\n        Marcos Alberto Torres \u2014\n        <a href=\"http:\/\/lattes.cnpq.br\/7347819021185217\" target=\"_blank\">\n          <img decoding=\"async\" src=\"http:\/\/ufpr.br\/eventos\/xsimpgeo\/wp-content\/uploads\/sites\/19\/2026\/04\/Lattes.png\" style=\"width:18px;vertical-align:middle\">\n        <\/a>\n      <\/li>\n\n    <\/ul>\n\n    <p style=\"font-weight:600;color:#2f5d50\">Comiss\u00e3o Organizadora:<\/p>\n\n    <ul style=\"padding:0;margin:0\">\n\n      <li style=\"margin-bottom:8px\">Isabella de Carvalho Souza<\/li>\n\n      <li style=\"margin-bottom:8px\">\n        Janaina Gaby Trevisan \u2014\n        <a href=\"http:\/\/lattes.cnpq.br\/8088770538493653\" target=\"_blank\">\n          <img decoding=\"async\" src=\"http:\/\/ufpr.br\/eventos\/xsimpgeo\/wp-content\/uploads\/sites\/19\/2026\/04\/Lattes.png\" style=\"width:18px;vertical-align:middle\">\n        <\/a>\n      <\/li>\n\n      <li style=\"margin-bottom:8px\">\n        Lucas Ponte Mesquita \u2014\n        <a href=\"http:\/\/lattes.cnpq.br\/4071065258449700\" target=\"_blank\">\n          <img decoding=\"async\" src=\"http:\/\/ufpr.br\/eventos\/xsimpgeo\/wp-content\/uploads\/sites\/19\/2026\/04\/Lattes.png\" style=\"width:18px;vertical-align:middle\">\n        <\/a>\n      <\/li>\n\n      <li style=\"margin-bottom:8px\">\n        Marcelo Teixeira \u2014\n        <a href=\"http:\/\/lattes.cnpq.br\/7229706680542862\" target=\"_blank\">\n          <img decoding=\"async\" src=\"http:\/\/ufpr.br\/eventos\/xsimpgeo\/wp-content\/uploads\/sites\/19\/2026\/04\/Lattes.png\" style=\"width:18px;vertical-align:middle\">\n        <\/a>\n      <\/li>\n\n      <li style=\"margin-bottom:8px\">\n        Natalia Chudzik Bauer \u2014\n        <a href=\"http:\/\/lattes.cnpq.br\/5013440439192928\" target=\"_blank\">\n          <img decoding=\"async\" src=\"http:\/\/ufpr.br\/eventos\/xsimpgeo\/wp-content\/uploads\/sites\/19\/2026\/04\/Lattes.png\" style=\"width:18px;vertical-align:middle\">\n        <\/a>\n      <\/li>\n\n      <li style=\"margin-bottom:8px\">\n        Patricia Silva Ramos \u2014\n        <a href=\"http:\/\/lattes.cnpq.br\/2162917574027643\" target=\"_blank\">\n          <img decoding=\"async\" src=\"http:\/\/ufpr.br\/eventos\/xsimpgeo\/wp-content\/uploads\/sites\/19\/2026\/04\/Lattes.png\" style=\"width:18px;vertical-align:middle\">\n        <\/a>\n      <\/li>\n\n      <li style=\"margin-bottom:8px\">\n        Rafaela P Dalbem \u2014\n        <a href=\"http:\/\/lattes.cnpq.br\/8174315126691095\" target=\"_blank\">\n          <img decoding=\"async\" src=\"http:\/\/ufpr.br\/eventos\/xsimpgeo\/wp-content\/uploads\/sites\/19\/2026\/04\/Lattes.png\" style=\"width:18px;vertical-align:middle\">\n        <\/a>\n      <\/li>\n\n      <li style=\"margin-bottom:8px\">\n        Waleska Pereira Corr\u00eaa de Barros \u2014\n        <a href=\"http:\/\/lattes.cnpq.br\/2858220370426948\" target=\"_blank\">\n          <img decoding=\"async\" src=\"http:\/\/ufpr.br\/eventos\/xsimpgeo\/wp-content\/uploads\/sites\/19\/2026\/04\/Lattes.png\" style=\"width:18px;vertical-align:middle\">\n        <\/a>\n      <\/li>\n\n    <\/ul>\n\n  <\/div>\n\n  <div style=\"margin-top:20px;background:white;border-left:6px solid #2d6cdf;padding:20px;border-radius:12px\">\n\n    <h3 style=\"color:#2d6cdf;margin-top:0\">\n      \ud83d\udd2c Coordena\u00e7\u00e3o Cient\u00edfica\n    <\/h3>\n\n    <p style=\"margin-bottom:8px\">\n      Coordenadores dos Programas de P\u00f3s-Gradua\u00e7\u00e3o em Geografia do Paran\u00e1.\n    <\/p>\n\n    <p style=\"margin:0\">\n      Docentes dos PPGs (ap\u00f3s o recebimento dos resumos expandidos, a comiss\u00e3o cient\u00edfica realizar\u00e1 a avalia\u00e7\u00e3o dos manuscritos).\n    <\/p>\n\n  <\/div>\n\n<\/div>\n\n\n\n<p><\/p>\n\n\n\n<p><\/p>\n","protected":false},"excerpt":{"rendered":"<p>\ud83d\udc65 Coordena\u00e7\u00e3o Organizadora Coordena\u00e7\u00e3o: Fabio Marcelo Breunig \u2014 Marcos Alberto Torres \u2014 Comiss\u00e3o Organizadora: Isabella de Carvalho Souza Janaina Gaby Trevisan \u2014 Lucas Ponte Mesquita \u2014 Marcelo Teixeira \u2014 Natalia Chudzik Bauer \u2014 Patricia Silva Ramos \u2014 Rafaela P Dalbem \u2014 Waleska Pereira Corr\u00eaa de Barros \u2014 \ud83d\udd2c Coordena\u00e7\u00e3o Cient\u00edfica Coordenadores dos Programas de P\u00f3s-Gradua\u00e7\u00e3o [&hellip;]<\/p>\n","protected":false},"author":43,"featured_media":0,"parent":0,"menu_order":0,"comment_status":"closed","ping_status":"closed","template":"","meta":{"footnotes":""},"class_list":["post-506","page","type-page","status-publish","hentry"],"_links":{"self":[{"href":"https:\/\/ufpr.br\/eventos\/xsimpgeo\/wp-json\/wp\/v2\/pages\/506","targetHints":{"allow":["GET"]}}],"collection":[{"href":"https:\/\/ufpr.br\/eventos\/xsimpgeo\/wp-json\/wp\/v2\/pages"}],"about":[{"href":"https:\/\/ufpr.br\/eventos\/xsimpgeo\/wp-json\/wp\/v2\/types\/page"}],"author":[{"embeddable":true,"href":"https:\/\/ufpr.br\/eventos\/xsimpgeo\/wp-json\/wp\/v2\/users\/43"}],"replies":[{"embeddable":true,"href":"https:\/\/ufpr.br\/eventos\/xsimpgeo\/wp-json\/wp\/v2\/comments?post=506"}],"version-history":[{"count":11,"href":"https:\/\/ufpr.br\/eventos\/xsimpgeo\/wp-json\/wp\/v2\/pages\/506\/revisions"}],"predecessor-version":[{"id":819,"href":"https:\/\/ufpr.br\/eventos\/xsimpgeo\/wp-json\/wp\/v2\/pages\/506\/revisions\/819"}],"wp:attachment":[{"href":"https:\/\/ufpr.br\/eventos\/xsimpgeo\/wp-json\/wp\/v2\/media?parent=506"}],"curies":[{"name":"wp","href":"https:\/\/api.w.org\/{rel}","templated":true}]}}