{"id":493,"date":"2026-05-01T00:05:57","date_gmt":"2026-05-01T03:05:57","guid":{"rendered":"https:\/\/ufpr.br\/eventos\/renapedts2026\/?page_id=493"},"modified":"2026-08-26T21:52:51","modified_gmt":"2026-08-27T00:52:51","slug":"encontre-seu-gt","status":"publish","type":"page","link":"https:\/\/ufpr.br\/eventos\/renapedts2026\/encontre-seu-gt\/","title":{"rendered":"Encontre seu GT"},"content":{"rendered":"\n<p class=\"has-text-align-center\">As sess\u00f5es de apresenta\u00e7\u00e3o de trabalhos nos dias <strong>27 e 28 de agosto de 2026<\/strong> ocorrer\u00e3o no <strong>Pr\u00e9dio Hist\u00f3rico da Faculdade de Direito da Universidade Federal do Paran\u00e1 (UFPR)<\/strong>.<\/p>\n\n\n\n<p class=\"has-text-align-center\">Consulte abaixo a distribui\u00e7\u00e3o dos trabalhos por data, sess\u00e3o, Grupo de Trabalho (GT) e sala.<\/p>\n\n\n\n<p class=\"has-text-align-left\"><strong>Dica:<\/strong> Para localizar rapidamente sua apresenta\u00e7\u00e3o, pesquise pelo <strong>nome do(a) autor(a)<\/strong> ou por uma <strong>palavra do t\u00edtulo<\/strong>.<br><strong>No computador:<\/strong> pressione <strong>Ctrl + F (Windows)<\/strong> ou <strong>\u2318 + F (Mac)<\/strong>.<br><strong>No celular:<\/strong> acesse o menu do navegador e selecione <strong>\u201cLocalizar na p\u00e1gina\u201d<\/strong> ou <strong>\u201cBuscar na p\u00e1gina\u201d<\/strong><\/p>\n\n\n\n<p><\/p>\n\n\n\n<h2 class=\"wp-block-heading has-text-align-center\">27 de Agosto de 2026 | Quinta-feira<\/h2>\n\n\n\n<h3 class=\"wp-block-heading\"><\/h3>\n\n\n\n<div class=\"wp-block-group\"><div class=\"wp-block-group__inner-container is-layout-constrained wp-block-group-is-layout-constrained\">\n<div class=\"wp-block-group is-vertical is-layout-flex wp-container-core-group-is-layout-2 wp-block-group-is-layout-flex\">\n<h4 class=\"wp-block-heading has-text-align-left\">GT 1 | Fundamentos do Direito do Trabalho e Cr\u00edtica da Economia Pol\u00edtica<\/h4>\n\n\n\n<div class=\"wp-block-group\"><div class=\"wp-block-group__inner-container is-layout-constrained wp-block-group-is-layout-constrained\">\n<p><strong>Coordenador:<\/strong> Jorge Luiz Souto Maior<br><strong>Debatedores:<\/strong> Ricardo Prestes Pazello e Gabriela Caramuru Teles<\/p>\n<\/div><\/div>\n<\/div>\n<\/div><\/div>\n\n\n\n<div class=\"wp-block-columns is-layout-flex wp-container-core-columns-is-layout-2 wp-block-columns-is-layout-flex\">\n<div class=\"wp-block-column is-layout-flow wp-block-column-is-layout-flow\" style=\"flex-basis:100%\">\n<div class=\"wp-block-group\"><div class=\"wp-block-group__inner-container is-layout-constrained wp-block-group-is-layout-constrained\">\n<div class=\"wp-block-columns is-layout-flex wp-container-core-columns-is-layout-1 wp-block-columns-is-layout-flex\">\n<div class=\"wp-block-column is-layout-flow wp-block-column-is-layout-flow\" style=\"flex-basis:100%\">\n<div class=\"wp-block-group\"><div class=\"wp-block-group__inner-container is-layout-constrained wp-block-group-is-layout-constrained\">\n<figure class=\"wp-block-table is-style-stripes\"><table class=\"has-fixed-layout\"><thead><tr><th>AUTOR(ES)<\/th><th>T\u00cdTULO DO TRABALHO<\/th><th>APRESENTA\u00c7\u00c3O<\/th><\/tr><\/thead><tbody><tr><td>Dana Shannon Savitskii<\/td><td>Direito do trabalho, a \u201cgrande acelera\u00e7\u00e3o\u201d e a compress\u00e3o do espa\u00e7o-tempo no Brasil no s\u00e9culo XX<\/td><td>27\/08 | Sess\u00e3o A |13h\u201314h45 | Sala 1<\/td><\/tr><tr><td>Andr\u00e9 Luiz Barreto Azevedo<\/td><td>Estado capitalista dependente, Supremo Tribunal Federal e o desmonte estrutural do Direito do Trabalho atrav\u00e9s da pejotiza\u00e7\u00e3o das rela\u00e7\u00f5es laborais<\/td><td>27\/08 | Sess\u00e3o A |13h\u201314h45 | Sala 1<\/td><\/tr><tr><td>Fauzi Bakri Filho<\/td><td>Fissuras antes do colapso: Lei do Sal\u00e3o Parceiro (Lei n. 13.352\/2016), a \u201cprecariza\u00e7\u00e3o formalizada\u201d e a superexplora\u00e7\u00e3o da for\u00e7a de trabalho ante a amea\u00e7a do Tema 1.389 de repercuss\u00e3o geral do STF<\/td><td>27\/08 | Sess\u00e3o A |13h\u201314h45 | Sala 1<\/td><\/tr><tr><td>Karine Martinelli<\/td><td>A CULTURA DO INCENTIVO AO \u201cACORDO\u201d REALIZADA PELA PR\u00d3PRIA JUSTI\u00c7A DO TRABALHO COMO FOMENTO DA DELINQU\u00caNCIA PATRONAL E, POR CONSEQU\u00caNCIA, O ESVAZIAMENTO ESTRAT\u00c9GICO DA SUA RAZ\u00c3O DE EXISTIR<\/td><td>27\/08 | Sess\u00e3o A |13h\u201314h45 | Sala 1<\/td><\/tr><tr><td>Ricardo Prestes Pazello<br>Marlon de Oliveira Xavier<br>G\u00e9ssica Carolina Goulart Pinto<\/td><td>O direito do trabalho achado no \u201cPadr\u00e3o de reprodu\u00e7\u00e3o do capital\u201d, de Jaime Osorio<\/td><td>27\/08 | Sess\u00e3o A |13h\u201314h45 | Sala 1<\/td><\/tr><tr><td>Helena Pontes dos Santos<\/td><td>Antes do Uber havia a Avon. Antes do Tema 1389, o \u201cSal\u00e3o Parceiro\u201d: mulheres negras e corpos outrificados e a hist\u00f3ria racial da precariza\u00e7\u00e3o brasileira<\/td><td>27\/08 | Sess\u00e3o A |13h\u201314h45 | Sala 1<\/td><\/tr><\/tbody><\/table><\/figure>\n<\/div><\/div>\n<\/div>\n<\/div>\n<\/div><\/div>\n<\/div>\n<\/div>\n\n\n\n<div class=\"wp-block-group is-vertical is-layout-flex wp-container-core-group-is-layout-7 wp-block-group-is-layout-flex\">\n<h4 class=\"wp-block-heading has-text-align-left\">GT 2 | Regula\u00e7\u00e3o e Direitos Fundamentais do Trabalho<\/h4>\n\n\n\n<div class=\"wp-block-group\"><div class=\"wp-block-group__inner-container is-layout-constrained wp-block-group-is-layout-constrained\">\n<p><strong>Coordenador:<\/strong> Renan Bernardi Kalil<br><strong>Debatedores:<\/strong> Ana Carolina Martinhago Balam e Eduardo da Silva Calixto<\/p>\n<\/div><\/div>\n<\/div>\n\n\n\n<figure class=\"wp-block-table is-style-stripes\"><table class=\"has-fixed-layout\"><thead><tr><th>AUTOR(ES)<\/th><th>T\u00cdTULO DO TRABALHO<\/th><th>APRESENTA\u00c7\u00c3O<\/th><\/tr><\/thead><tbody><tr><td>Alana Batista da Rocha<\/td><td>PEJOTIZA\u00c7\u00c3O E O TEMA 1.389 DO STF: PAR\u00c2METROS INSTITUCIONAIS PARA O COMBATE DA SIMULA\u00c7\u00c3O FRAUDULENTA DO CONTRATO DE PRESTA\u00c7\u00c3O DE SERVI\u00c7OS<\/td><td>27\/08 | Sess\u00e3o A |13h\u201314h45 | Sala 2<\/td><\/tr><tr><td>George Souza da Silva J\u00fanior<\/td><td>A CONTRIBUI\u00c7\u00c3O DE PINTO FERREIRA PARA O CONSTITUCIONALISMO<br>SOCIAL BRASILEIRO: UMA AN\u00c1LISE COMPARATIVA ENTRE A \u201cPROPOSTA\u201d<br>(1984) DE PINTO FERREIRA E OS ANTEPROJETOS DA ASSEMBLEIA NACIONAL CONSTITUINTE (1987-1988)<\/td><td>27\/08 | Sess\u00e3o A |13h\u201314h45 | Sala 2<\/td><\/tr><tr><td>Lucas de Sousa Gon\u00e7alves<br>Marcela Lu\u00edsa Foloni<\/td><td>ENTRE A PROMESSA TRANSFORMADORA E A PERSIST\u00caNCIA<br>ESTRUTURAL: A TUTELA DAS TRABALHADORAS DOM\u00c9STICAS \u00c0 LUZ DO SISTEMA INTERAMERICANO DE DIREITOS HUMANOS E DA JUSTI\u00c7A DO TRABALHO<\/td><td>27\/08 | Sess\u00e3o A |13h\u201314h45 | Sala 2<\/td><\/tr><tr><td>Mariane de Siqueira<br>Adriane Portello Vieira<br>Gabriel Brito dos Santos<\/td><td>O Controle de Convencionalidade como Resist\u00eancia: diagn\u00f3stico das decis\u00f5es da Justi\u00e7a do Trabalho \u00e0 luz da jurisprud\u00eancia da Corte IDH<\/td><td>27\/08 | Sess\u00e3o A |13h\u201314h45 | Sala 2<\/td><\/tr><tr><td>Andr\u00e9 Luiz Ache Mansur<\/td><td>PRODU\u00c7\u00c3O NORMATIVA POR MEIO DE PRECEDENTES VINCULANTES DO STF EM MAT\u00c9RIA TRABALHISTA: TENS\u00d5ES FEDERATIVAS E LIMITES \u00c0 ATUA\u00c7\u00c3O JURISDICIONAL<\/td><td>27\/08 | Sess\u00e3o A |13h\u201314h45 | Sala 2<\/td><\/tr><tr><td>Beatriz Telis Barbosa<br>Ma\u00edsa Moreno Possebon<br>Thaisy Perotto Fernandes<\/td><td>ENTRE R\u00d3TULOS E INTEN\u00c7\u00d5ES \u2013 a dimens\u00e3o precarizante oculta no incentivo \u00e0 pejotiza\u00e7\u00e3o<br><\/td><td>27\/08 | Sess\u00e3o A |13h\u201314h45 | Sala 2<\/td><\/tr><\/tbody><\/table><\/figure>\n\n\n\n<h4 class=\"wp-block-heading has-text-align-left\">GT 3 | Trabalho Digital, Plataformiza\u00e7\u00e3o e Subordina\u00e7\u00e3o Algor\u00edtmica<\/h4>\n\n\n\n<div class=\"wp-block-group\"><div class=\"wp-block-group__inner-container is-layout-constrained wp-block-group-is-layout-constrained\">\n<p><strong>Coordenador:<\/strong> Rodrigo de Lacerda Carelli<br><strong>Debatedores:<\/strong> Nael Neri de Souza J\u00fanior e Marcos Arag\u00e3o Couto de Oliveira<\/p>\n<\/div><\/div>\n\n\n\n<figure class=\"wp-block-table is-style-stripes\"><table class=\"has-fixed-layout\"><thead><tr><th>AUTOR(ES)<\/th><th>T\u00cdTULO DO TRABALHO<\/th><th>APRESENTA\u00c7\u00c3O<\/th><\/tr><\/thead><tbody><tr><td>Ana Claudia Lima da Silva<\/td><td>ADOECIMENTO INVISIBILIZADO E JUSTI\u00c7A DO TRABALHO: UMA AN\u00c1LISE CR\u00cdTICA DA RESPONSABILIZA\u00c7\u00c3O ESTATAL DIANTE DA GEST\u00c3O<br>ALGOR\u00cdTMICA EM RECIFE E REGI\u00c3O METROPOLITANA<\/td><td>27\/08 | Sess\u00e3o A |13h\u201314h45 | Sala 3<\/td><\/tr><tr><td>Eduardo Arrais Fortaleza de Lima e S\u00e1<\/td><td>SAL\u00c1RIO POR TAREFA E PLATAFORMIZA\u00c7\u00c3O DO TRABALHO: POR UMA REORGANIZA\u00c7\u00c3O CONCEITUAL A PARTIR DA GENEALOGIA HIST\u00d3RICA DO TAREFISMO<\/td><td>27\/08 | Sess\u00e3o A |13h\u201314h45 | Sala 3<\/td><\/tr><tr><td>Maria Eduarda Ferraz Firmo Rodrigues<\/td><td>A DISPUTA SEM\u00c2NTICA DO CONCEITO DE SUBORDINA\u00c7\u00c3O E DE AUTONOMIA: AS MANIFESTA\u00c7\u00d5ES DAS PARTES E DOS AMICI CURIAE NO CASO DA UBERIZA\u00c7\u00c3O<\/td><td>27\/08 | Sess\u00e3o A |13h\u201314h45 | Sala 3<\/td><\/tr><tr><td>M\u00e1rcio Jos\u00e9 Spinassi<br>Luana Lofrano Spinassi<\/td><td>A exclus\u00e3o unilateral de trabalhadores nas plataformas digitais como manifesta\u00e7\u00e3o do<br>poder diretivo: limites jur\u00eddicos da gest\u00e3o algor\u00edtmica<\/td><td>27\/08 | Sess\u00e3o A |13h\u201314h45 | Sala 3<\/td><\/tr><tr><td>Daniel Santos do Nascimento<\/td><td>A FALSA PROMESSA DE AUTONOMIA NO TELETRABALHO: um estudo da<br>superexplora\u00e7\u00e3o de trabalhadores celetistas do setor de servi\u00e7os no p\u00f3s-pandemia (2022-2025)<\/td><td>27\/08 | Sess\u00e3o A |13h\u201314h45 | Sala 3<\/td><\/tr><tr><td>Francisco Ferreira Pires de Albuquerque Montenegro<\/td><td>O &#8220;eu&#8221; cinco estrelas no pared\u00e3o: plataformas, gamifica\u00e7\u00e3o e a l\u00f3gica dos reality shows no mundo do trabalho<\/td><td>27\/08 | Sess\u00e3o A |13h\u201314h45 | Sala 3<\/td><\/tr><\/tbody><\/table><\/figure>\n\n\n\n<h4 class=\"wp-block-heading has-text-align-left\">GT 5 | Direito Sindical, Sindicalismo e Lutas Coletivas no S\u00e9culo XXI<\/h4>\n\n\n\n<div class=\"wp-block-group\"><div class=\"wp-block-group__inner-container is-layout-constrained wp-block-group-is-layout-constrained\">\n<p><strong>Coordenadora:<\/strong> Daniela Muradas Antunes<br><strong>Debatedores:<\/strong> Sandro Lunard Nicoladeli e Alberto Emiliano de Oliveira Neto<\/p>\n<\/div><\/div>\n\n\n\n<figure class=\"wp-block-table is-style-stripes\"><table class=\"has-fixed-layout\"><thead><tr><th>AUTOR(ES)<\/th><th>T\u00cdTULO DO TRABALHO<\/th><th>APRESENTA\u00c7\u00c3O<\/th><\/tr><\/thead><tbody><tr><td>Laura de Almeida Campos<\/td><td>A pr\u00e1tica sindical das trabalhadoras dom\u00e9sticas sob a perspectiva de quilombagem de Cl\u00f3vis Moura<\/td><td>27\/08 | Sess\u00e3o A |13h\u201314h45 | Sala 5<\/td><\/tr><tr><td>Eduardo Felipe Lezo Zamboni<br>Pedro Paulo de Azevedo Sodr\u00e9 Filho<\/td><td>ADVOCACIA POPULAR TRABALHISTA \u2013 CONSTRU\u00c7\u00c3O, LIMITES E POTENCIALIDADES<\/td><td>27\/08 | Sess\u00e3o A |13h\u201314h45 | Sala 5<\/td><\/tr><tr><td>J\u00falia Carla Duarte Cavalcante<\/td><td>NOVAS FRONTEIRAS DE ACUMULA\u00c7\u00c3O E TECNOLOGIA NA MODERNIZA\u00c7\u00c3O<br>AGR\u00cdCOLA: UM CEN\u00c1RIO DA FILIA\u00c7\u00c3O SINDICAL RURAL NO CAPITALISMO CONTEMPOR\u00c2NEO BRASILEIRO<\/td><td>27\/08 | Sess\u00e3o A |13h\u201314h45 | Sala 5<\/td><\/tr><tr><td>Caio Vin\u00edcius Sena Souza<br>Gabriela Sep\u00falveda Sobrinho<br>Murilo Carvalho Sampaio Oliveira<\/td><td>O PAPEL DAS ORGANIZA\u00c7\u00d5ES COLETIVAS NA CONSTRU\u00c7\u00c3O DA<br>REGULAMENTA\u00c7\u00c3O DO TRABALHO EM PLATAFORMAS DIGITAIS: UMA<br>AN\u00c1LISE COMPARATIVA ENTRE O PLP 12\/2024 E O GRUPO T\u00c9CNICO DE TRABALHO DE ENTREGADORES<\/td><td>27\/08 | Sess\u00e3o A |13h\u201314h45 | Sala 5<\/td><\/tr><tr><td>Rafael Bittencourt de Oliveira<br>Adriana Brasil Vieira Wyzykowski<\/td><td>PARA AL\u00c9M DAS SALAS DE AULA: TRABALHO DOM\u00c9STICO, MOBILIZA\u00c7\u00c3O SINDICAL E OS SENTIDOS DA EDUCA\u00c7\u00c3O JUR\u00cdDICA A PARTIR DO SINDOM\u00c9STICO-BA<\/td><td>27\/08 | Sess\u00e3o A |13h\u201314h45 | Sala 5<\/td><\/tr><\/tbody><\/table><\/figure>\n\n\n\n<h4 class=\"wp-block-heading has-text-align-left\">GT 9 | Ra\u00e7a, Colonialidade e Interseccionalidade no Mundo do Trabalho<\/h4>\n\n\n\n<div class=\"wp-block-group\"><div class=\"wp-block-group__inner-container is-layout-constrained wp-block-group-is-layout-constrained\">\n<p><strong>Coordenadora:<\/strong> Valdete Souto Severo<br><strong>Debatedores:<\/strong> Jo\u00e3o Victor Marques da Silva e Bruno Leandro Ara\u00fajo Vitor<\/p>\n<\/div><\/div>\n\n\n\n<figure class=\"wp-block-table is-style-stripes\"><table class=\"has-fixed-layout\"><thead><tr><th>AUTOR(ES)<\/th><th>T\u00cdTULO DO TRABALHO<\/th><th>APRESENTA\u00c7\u00c3O<\/th><\/tr><\/thead><tbody><tr><td>Sheila Guerra Cintra<\/td><td>A DOR QUE N\u00c3O PRESCREVE: o adoecimento invis\u00edvel da popula\u00e7\u00e3o negra nas rela\u00e7\u00f5es de trabalho a partir do pensamento de Cl\u00f3vis Moura.<\/td><td>27\/08 | Sess\u00e3o A |13h\u201314h45 | Sala 4<\/td><\/tr><tr><td>Lucas Cirillo Sampaio Cruz<br>Ma\u00edsa Moreno Possebon<br>Rafaela dos Santos Ad\u00e3o<\/td><td>A MODERNIZA\u00c7\u00c3O DA CHIBATA<\/td><td>27\/08 | Sess\u00e3o A |13h\u201314h45 | Sala 4<\/td><\/tr><tr><td>M\u00e1rcia Fernanda Corr\u00eaa Faria<br>Elo\u00e1 Le\u00e3o Monteiro de Barros<\/td><td>ASS\u00c9DIO MORAL NO AMBIENTE CORPORATIVO: UMA PROPOSTA DE AN\u00c1LISE DISSIDENTE<\/td><td>27\/08 | Sess\u00e3o A |13h\u201314h45 | Sala 4<\/td><\/tr><tr><td>J\u00falia Coelho Medeiros de Carvalho<br>D\u00e9bora Tito Farias<\/td><td>Da senzala ao quarto da empregada: o papel da visibilidade midi\u00e1tica no enfrentamento ao trabalho escravo dom\u00e9stico<\/td><td>27\/08 | Sess\u00e3o A |13h\u201314h45 | Sala 4<\/td><\/tr><tr><td>Daniel Rodrigues Manoel<\/td><td>RA\u00c7A, TRABALHO E TRANSFORMA\u00c7\u00d5ES HIST\u00d3RICAS DA COER\u00c7\u00c3O: CONTRIBUI\u00c7\u00d5ES DE CL\u00d3VIS MOURA E L\u00c9LIA GONZALEZ PARA A AN\u00c1LISE DA<br>VIOL\u00caNCIA ESTRUTURAL NO CAPITALISMO CONTEMPOR\u00c2NEO<\/td><td>27\/08 | Sess\u00e3o A |13h\u201314h45 | Sala 4<\/td><\/tr><tr><td>Ilana Barros Coelho<br>Renata Queiroz Dutra<\/td><td>Entre o Ax\u00e9 e o Capital: Trabalho, Resist\u00eancia e Direitos nas Narrativas das Baianas de Acaraj\u00e9<\/td><td>27\/08 | Sess\u00e3o A |13h\u201314h45 | Sala 4<\/td><\/tr><tr><td>Isabella Melissa Monteiro<br>Andr\u00e9 Luiz Freitas Dias<\/td><td>ENTRE A RUA E O TRABALHO: AN\u00c1LISE CR\u00cdTICA DA POL\u00cdTICA NACIONAL DE TRABALHO E CIDADANIA PARA A POPULA\u00c7\u00c3O EM SITUA\u00c7\u00c3O DE RUA (LEI No 14.821\/2024)<\/td><td>27\/08 | Sess\u00e3o A |13h\u201314h45 | Sala 4<\/td><\/tr><tr><td>Jo\u00e3o Victor Marques da Silva<\/td><td>CR\u00cdTICA DA ECONOMIA POL\u00cdTICA DO RACISMO NO DIREITO DO TRABALHO: POSSIBILIDADES DE UM CAMPO DE PESQUISA<\/td><td>27\/08 | Sess\u00e3o A |13h\u201314h45 | Sala 4<\/td><\/tr><\/tbody><\/table><\/figure>\n\n\n\n<h4 class=\"wp-block-heading has-text-align-left\">GT 1 | Fundamentos do Direito do Trabalho e Cr\u00edtica da Economia Pol\u00edtica<\/h4>\n\n\n\n<div class=\"wp-block-group\"><div class=\"wp-block-group__inner-container is-layout-constrained wp-block-group-is-layout-constrained\">\n<p><strong>Coordenador:<\/strong> Hugo Cavalcanti Melo Filho<br><strong>Debatedores:<\/strong> Gabriela Caramuru Teles e Ricardo Prestes Pazello<\/p>\n<\/div><\/div>\n\n\n\n<figure class=\"wp-block-table is-style-stripes\"><table class=\"has-fixed-layout\"><thead><tr><th>AUTOR(ES)<\/th><th>T\u00cdTULO DO TRABALHO<\/th><th>APRESENTA\u00c7\u00c3O<\/th><\/tr><\/thead><tbody><tr><td>Danielle Silveira Tavares<\/td><td>REMUNERA\u00c7\u00c3O JUSTA E TRABALHO DECENTE: UMA AN\u00c1LISE DO HIATO SALARIAL NA CATEGORIA DE TELEMARKETING A PARTIR DO SAL\u00c1RIO NECESS\u00c1RIO DO DIEESE<\/td><td>27\/08 | Sess\u00e3o B |14h55 \u2013 17h | Sala 1<\/td><\/tr><tr><td>Elsa Bevian<br>Marlon Ricardo de Amorim<\/td><td>A CONSTITUI\u00c7\u00c3O MEXICANA DE 1917, NEOLIBERALISMO E A CR\u00cdTICA DO DIREITO<\/td><td>27\/08 | Sess\u00e3o B |14h55 \u2013 17h | Sala 1<\/td><\/tr><tr><td>Giulia Mahnke No\u00e9<br>Mariana da Rosa e Silva<\/td><td>C\u00e1rcere e f\u00e1brica: a gest\u00e3o da for\u00e7a de trabalho excedente na crise do capital<\/td><td>27\/08 | Sess\u00e3o B |14h55 \u2013 17h | Sala 1<\/td><\/tr><tr><td>Hugo Cavalcanti Melo Filho<br>Fydel Marcus Rolim Mota<br>Jorge Jos\u00e9 Albuquerque Vieira de Lima<\/td><td>A PROTE\u00c7\u00c3O CONSTITUCIONAL EM FACE DA AUTOMA\u00c7\u00c3O NO PENSAMENTO DE LUIZ PINTO FERREIRA<\/td><td>27\/08 | Sess\u00e3o B |14h55 \u2013 17h | Sala 1<\/td><\/tr><tr><td>Eduardo da Silva Calixto<br>Sidnei Machado<\/td><td>DIREITO DO TRABALHO SEM TRABALHADORES: CONSCI\u00caNCIA DE CLASSE, MERITOCRACIA E O DESMONTE SILENCIOSO DO DIREITO DO TRABALHO<\/td><td>27\/08 | Sess\u00e3o B |14h55 \u2013 17h | Sala 1<\/td><\/tr><\/tbody><\/table><\/figure>\n\n\n\n<h4 class=\"wp-block-heading has-text-align-left\">GT 3 | Trabalho Digital, Plataformiza\u00e7\u00e3o e Subordina\u00e7\u00e3o Algor\u00edtmica<\/h4>\n\n\n\n<div class=\"wp-block-group\"><div class=\"wp-block-group__inner-container is-layout-constrained wp-block-group-is-layout-constrained\">\n<p><strong>Coordenador:<\/strong> Rodrigo de Lacerda Carelli<br><strong>Debatedores:<\/strong> Nael Neri de Souza J\u00fanior e Clarissa Ma\u00e7aneiro Viana<\/p>\n<\/div><\/div>\n\n\n\n<figure class=\"wp-block-table is-style-stripes\"><table class=\"has-fixed-layout\"><thead><tr><th>AUTOR(ES)<\/th><th>T\u00cdTULO DO TRABALHO<\/th><th>APRESENTA\u00c7\u00c3O<\/th><\/tr><\/thead><tbody><tr><td>Marcos Arag\u00e3o Couto de Oliveira<br>Bartira Barros Salmom de Souza<br>Isabel de \u00c1vila Torres<\/td><td>A proibi\u00e7\u00e3o judicial da plataforma p\u00fablica de entregas \u201cValeu\u201d: fetichismo<br>tecnol\u00f3gico e o bloqueio de uma alternativa \u00e0 precariza\u00e7\u00e3o do trabalho plataformizado<\/td><td>27\/08 | Sess\u00e3o B |14h55 \u2013 17h | Sala 3<\/td><\/tr><tr><td>Gabriel Soares de Lima Oliveira<\/td><td>PLATAFORMIZA\u00c7\u00c3O DO TRABALHO DOCENTE: TECNOLOGIA E<br>SUBSUN\u00c7\u00c3O REAL DO TRABALHO AO CAPITAL E AO ESTADO<\/td><td>27\/08 | Sess\u00e3o B |14h55 \u2013 17h | Sala 3<\/td><\/tr><tr><td>Hanna Souza Ceita<\/td><td>A terceiriza\u00e7\u00e3o do trauma: exterioriza\u00e7\u00e3o dos riscos psicossociais na modera\u00e7\u00e3o de conte\u00fado digital.<\/td><td>27\/08 | Sess\u00e3o B |14h55 \u2013 17h | Sala 3<\/td><\/tr><tr><td>Ana Marcely Vidal de Lima<\/td><td>ALGORITMOS DELIBERADAMENTE DISCRIMINAT\u00d3RIOS: A<br>INTENCIONALIDADE NA SELE\u00c7\u00c3O E CONTROLE DA FOR\u00c7A DE TRABALHO<\/td><td>27\/08 | Sess\u00e3o B |14h55 \u2013 17h | Sala 3<\/td><\/tr><tr><td>Edna Aparecida da Rocha Teshima<br>Mariana Bettega Braunert<\/td><td>DO DIPLOMA \u00c0 PLATAFORMA: Reconfigura\u00e7\u00f5es do Trabalho Qualificado e Precariza\u00e7\u00e3o Digital no Sul Global<\/td><td>27\/08 | Sess\u00e3o B |14h55 \u2013 17h | Sala 3<\/td><\/tr><tr><td>Abimael de Almeida Simpl\u00edcio<\/td><td>GEST\u00c3O ALGOR\u00cdTMICA COMO PRODUTORA DE EXCLUS\u00d5ES: UM ESTUDO CR\u00cdTICO DO IFOOD E DA DIMENS\u00c3O RACIAL<\/td><td>27\/08 | Sess\u00e3o B |14h55 \u2013 17h | Sala 3<\/td><\/tr><tr><td>Ana Carolina Reis Paes Leme<br>Nivea Maria Santos Souto Maior<\/td><td>INVIS\u00cdVEIS DUAS VEZES: g\u00eanero, uberiza\u00e7\u00e3o e o duplo apagamento das mulheres no trabalho controlado por plataformas digitais<\/td><td>27\/08 | Sess\u00e3o B |14h55 \u2013 17h | Sala 3<\/td><\/tr><tr><td>Andr\u00e9 Luiz Ache Mansur<\/td><td>Controle cumulativo do trabalho: do taylorismo \u00e0 gest\u00e3o algor\u00edtmica<\/td><td>27\/08 | Sess\u00e3o B |14h55 \u2013 17h | Sala 3<\/td><\/tr><\/tbody><\/table><\/figure>\n\n\n\n<h4 class=\"wp-block-heading has-text-align-left\">GT 5 | Direito Sindical, Sindicalismo e Lutas Coletivas no S\u00e9culo XXI<\/h4>\n\n\n\n<div class=\"wp-block-group\"><div class=\"wp-block-group__inner-container is-layout-constrained wp-block-group-is-layout-constrained\">\n<p><strong>Coordenadora:<\/strong> Giovana Labigalini Martins<br><strong>Debatedores:<\/strong> Stella Mendes de Castro Reis e Nasser Ahmad Allan<\/p>\n<\/div><\/div>\n\n\n\n<figure class=\"wp-block-table is-style-stripes\"><table class=\"has-fixed-layout\"><thead><tr><th>AUTOR(ES)<\/th><th>T\u00cdTULO DO TRABALHO<\/th><th>APRESENTA\u00c7\u00c3O<\/th><\/tr><\/thead><tbody><tr><td>Gabriela Sep\u00falveda<br>Camila Reis<br>Murilo Carvalho Sampaio Oliveira<\/td><td>Entregadores de plataformas: uma categoria profissional?<\/td><td>27\/08 | Sess\u00e3o B |14h55 \u2013 17h | Sala 5<\/td><\/tr><tr><td>Anderson Sameliki Dion\u00edsio<\/td><td>NEGOCIA\u00c7\u00c3O COLETIVA, CATEGORIA PROFISSIONAL DIFERENCIADA E O<br>DIREITO FUNDAMENTAL \u00c0 MELHORIA DAS CONDI\u00c7\u00d5ES SOCIAIS: INCID\u00caNCIA DE ACORDOS COLETIVOS FIRMADOS POR SINDICATO DE<br>OUTRA CATEGORIA E A PROTE\u00c7\u00c3O SOCIAL DOS TRABALHADORES<\/td><td>27\/08 | Sess\u00e3o B |14h55 \u2013 17h | Sala 5<\/td><\/tr><tr><td>Stella Mendes de Castro Reis<br>Sayonara Grillo Coutinho<\/td><td>DIGITALIZA\u00c7\u00c3O E TRABALHO: ENTRE CONTROLE E RESIST\u00caNCIA<\/td><td>27\/08 | Sess\u00e3o B |14h55 \u2013 17h | Sala 5<\/td><\/tr><tr><td>Camila Jesus de Moura<br>Emanoel L\u00facio da Silva<br>Jaqueline Jacinto Bomfim de Almeida Silva<\/td><td>CARTEL DE TRABALHADORES? UMA AN\u00c1LISE CR\u00cdTICA SOBRE OS ARGUMENTOS UTILIZADOS PELO CADE NO CASO DOS DUBLADORES FORMALMENTE AUT\u00d4NOMOS EM S\u00c3O PAULO<\/td><td>27\/08 | Sess\u00e3o B |14h55 \u2013 17h | Sala 5<\/td><\/tr><tr><td>Rodrigo Camargo<\/td><td>STF, sindicalismo petroleiro e tensionamentos na expans\u00e3o pol\u00edtica da justi\u00e7a<\/td><td>27\/08 | Sess\u00e3o B |14h55 \u2013 17h | Sala 5<\/td><\/tr><tr><td>Andr\u00e9 Luiz Barreto Azevedo<\/td><td>A CR\u00cdTICA \u00c0 ESTRUTURA SINDICAL BRASILEIRA E \u00c0 CONSTITUCIONALIZA\u00c7\u00c3O DAS LIBERDADE E AUTONOMIA SINDICAIS EM PINTO FERREIRA<\/td><td>27\/08 | Sess\u00e3o B |14h55 \u2013 17h | Sala 5<\/td><\/tr><\/tbody><\/table><\/figure>\n\n\n\n<h4 class=\"wp-block-heading has-text-align-left\">GT 8 | G\u00eanero, Sexualidades e Viol\u00eancias nas Rela\u00e7\u00f5es de Trabalho<\/h4>\n\n\n\n<div class=\"wp-block-group\"><div class=\"wp-block-group__inner-container is-layout-constrained wp-block-group-is-layout-constrained\">\n<p><strong>Coordenador:<\/strong> Pedro Augusto Gravat\u00e1 Nicoli<br><strong>Debatedoras:<\/strong> Francielle Silva de Oliveira e Flores e J\u00falia Dumont Petry<\/p>\n<\/div><\/div>\n\n\n\n<figure class=\"wp-block-table is-style-stripes\"><table class=\"has-fixed-layout\"><thead><tr><th>AUTOR(ES)<\/th><th>T\u00cdTULO DO TRABALHO<\/th><th>APRESENTA\u00c7\u00c3O<\/th><\/tr><\/thead><tbody><tr><td>J\u00falia Coelho Medeiros de Carvalho<\/td><td>A racionalidade escravista e o trabalho dom\u00e9stico: uma an\u00e1lise interseccional da jurisprud\u00eancia do TRT6 e das a\u00e7\u00f5es do MPT-PE<\/td><td>27\/08 | Sess\u00e3o B |14h55 \u2013 17h | Sala 2<\/td><\/tr><tr><td>Carlos Eduardo Soares de Freitas<br>Maria Eduarda Short Bonfim<\/td><td>AS EXPERI\u00caNCIAS DAS TRABALHADORAS RURAIS EM ENGENHOS DE A\u00c7\u00daCAR DURANTE A DITADURA MILITAR (1964-1985)<\/td><td>27\/08 | Sess\u00e3o B |14h55 \u2013 17h | Sala 2<\/td><\/tr><tr><td>Larissa de Oliveira Elsner<br>\u00c9ryka Pires de Oliveira<\/td><td>ASS\u00c9DIO MORAL E DISCRIMINA\u00c7\u00c3O DE G\u00caNERO NO AMBIENTE DE<br>TRABALHO: An\u00e1lise Jurisprudencial de Decis\u00f5es do Tribunal Superior do Trabalho<br>(TST)<\/td><td>27\/08 | Sess\u00e3o B |14h55 \u2013 17h | Sala 2<\/td><\/tr><tr><td>Larissa de Oliveira Elsner<br>\u00cdsis Machado Alves<\/td><td>ASS\u00c9DIO SEXUAL NO AMBIENTE DE TRABALHO E A RELEV\u00c2NCIA DO CAR\u00c1TER REPARAT\u00d3RIO DAS INDENIZA\u00c7\u00d5ES: Um Estudo da Jurisprud\u00eancia do Tribunal Superior do<br>Trabalho (TST) com julgamento pela Perspectiva de G\u00eanero<\/td><td>27\/08 | Sess\u00e3o B |14h55 \u2013 17h | Sala 2<\/td><\/tr><tr><td>Helena Nara Coelho de Souza<br>Gustavo Seferian Scheffer Machado<\/td><td>BOCA DE FORNO: DA DIMENS\u00c3O ESPACIAL DA DIVIS\u00c3O SEXUAL DO TRABALHO NA ERA DOS APLICATIVOS DE DELIVERY<\/td><td>27\/08 | Sess\u00e3o B |14h55 \u2013 17h | Sala 2<\/td><\/tr><tr><td>Bruna Salles Carneiro<br>Pedro Augusto Gravat\u00e1 Nicoli<\/td><td>G\u00caNERO FICOU DE FORA: a aprova\u00e7\u00e3o da Pol\u00edtica Nacional de Cuidados e a exclus\u00e3o do \u201cg\u00eanero\u201d da sua reda\u00e7\u00e3o final<\/td><td>27\/08 | Sess\u00e3o B |14h55 \u2013 17h | Sala 2<\/td><\/tr><\/tbody><\/table><\/figure>\n\n\n\n<h4 class=\"wp-block-heading has-text-align-left\">GT 9 | Ra\u00e7a, Colonialidade e Interseccionalidade no Mundo do Trabalho<\/h4>\n\n\n\n<div class=\"wp-block-group\"><div class=\"wp-block-group__inner-container is-layout-constrained wp-block-group-is-layout-constrained\">\n<p><strong>Coordenador:<\/strong> Jo\u00e3o Victor Marques da Silva<br><strong>Debatedores:<\/strong> Valdete Souto Severo e Helena Pontes dos Santos<\/p>\n<\/div><\/div>\n\n\n\n<figure class=\"wp-block-table is-style-stripes\"><table class=\"has-fixed-layout\"><thead><tr><th>AUTOR(ES)<\/th><th>T\u00cdTULO DO TRABALHO<\/th><th>APRESENTA\u00c7\u00c3O<\/th><\/tr><\/thead><tbody><tr><td>Fernando De Bona Moraes<\/td><td>A INVISIBILIZA\u00c7\u00c3O DOS NEGROS NA HIST\u00d3RIA DE CURITIBA: UM PARALELO COM A OBRA DE CL\u00d3VIS MOURA<\/td><td>27\/08 | Sess\u00e3o B |14h55 \u2013 17h | Sala 4<\/td><\/tr><tr><td>Jamile Santana<br>Olivia Pasqualeto<\/td><td>O CRIT\u00c9RIO DA CONTINUIDADE NA CONFIGURA\u00c7\u00c3O DO V\u00cdNCULO EMPREGAT\u00cdCIO E O FEN\u00d4MENO DA DIARIZA\u00c7\u00c3O DO EMPREGO<br>DOM\u00c9STICO: UM ESTUDO DA LEI COMPLEMENTAR No 150\/2015<\/td><td>27\/08 | Sess\u00e3o B |14h55 \u2013 17h | Sala 4<\/td><\/tr><tr><td>Luiz Andr\u00e9 Santos da Concei\u00e7\u00e3o<\/td><td>O TEMA 1.118 DO STF SOB A \u00d3TICA DE CL\u00d3VIS MOURA<\/td><td>27\/08 | Sess\u00e3o B |14h55 \u2013 17h | Sala 4<\/td><\/tr><tr><td>Ana Cristina da Silva<br>Thaisy Perotto Fernandes<\/td><td>O TRABALHO QUE A HIST\u00d3RIA RECUSOU RECONHECER: escravid\u00e3o, invisibilidade e a precariza\u00e7\u00e3o hist\u00f3rica do trabalho dom\u00e9stico no Brasil<\/td><td>27\/08 | Sess\u00e3o B |14h55 \u2013 17h | Sala 4<\/td><\/tr><tr><td>M\u00e1rcia Fernanda Corr\u00eaa Faria<br>Daniela Muradas Antunes<\/td><td>DOS PRIM\u00d3RDIOS DA \u201c DA CORDIALIDADE\u201d: mito da outorga abolicionista, pol\u00edtica do embranquecimento e a resist\u00eancia dos escravizados brasileiros<\/td><td>27\/08 | Sess\u00e3o B |14h55 \u2013 17h | Sala 4<\/td><\/tr><tr><td>Carla Denise Theodoro<br>Carina Zacarias Barros<\/td><td>TRABALHO INFANTIL: UMA AN\u00c1LISE A PARTIR DA RA\u00c7A<\/td><td>27\/08 | Sess\u00e3o B |14h55 \u2013 17h | Sala 4<\/td><\/tr><\/tbody><\/table><\/figure>\n\n\n\n<h4 class=\"wp-block-heading has-text-align-left\">GT 10 | Tempo, Sa\u00fade, Subjetividade e Condi\u00e7\u00f5es de Trabalho<\/h4>\n\n\n\n<div class=\"wp-block-group\"><div class=\"wp-block-group__inner-container is-layout-constrained wp-block-group-is-layout-constrained\">\n<p><strong>Coordenadora:<\/strong> Elsa Cristine Belvian<br><strong>Debatedoras:<\/strong> Tha\u00eds Helena Alves Rossa e Gessica Carolina Goulart Pinto<\/p>\n<\/div><\/div>\n\n\n\n<figure class=\"wp-block-table is-style-stripes\"><table class=\"has-fixed-layout\"><thead><tr><th>AUTOR(ES)<\/th><th>T\u00cdTULO DO TRABALHO<\/th><th>APRESENTA\u00c7\u00c3O<\/th><\/tr><\/thead><tbody><tr><td>Lu\u00edza Pacheco Silva<\/td><td>A possibilidade de percep\u00e7\u00e3o cumulativa de adicionais de insalubridade.<\/td><td>27\/08 | Sess\u00e3o B |14h55 \u2013 17h | Sala 6<\/td><\/tr><tr><td>Ana Barbara Bresciani<\/td><td>A MODERA\u00c7\u00c3O DE CONTE\u00daDO E A PROTE\u00c7\u00c3O DA SA\u00daDE MENTAL DO TRABALHADOR: LIMITES \u00c0 AUTONOMIA PRIVADA NAS RELA\u00c7\u00d5ES LABORAIS DIGITAIS<\/td><td>27\/08 | Sess\u00e3o B |14h55 \u2013 17h | Sala 6<\/td><\/tr><tr><td>J\u00falia Carla Duarte Cavalcante<\/td><td>RECONSTITUINDO MEM\u00d3RIAS NO DIREITO DO TRABALHO: O PENSAMENTO DE JOAQUIM PIMENTA E O MEIO AMBIENTE DE TRABALHO COMO CONDI\u00c7\u00c3O SOCIAL DE DESENVOLVIMENTO<\/td><td>27\/08 | Sess\u00e3o B |14h55 \u2013 17h | Sala 6<\/td><\/tr><tr><td>Kersey de Sousa Ara\u00fajo Machado<\/td><td>AS DIFICULDADES DE CLASSIFICA\u00c7\u00c3O DA DOEN\u00c7A MENTAL COMO ACIDENTE DE TRABALHO E A RESPONSABILIDADE EMPRESARIAL E PREVIDENCI\u00c1RIA<\/td><td>27\/08 | Sess\u00e3o B |14h55 \u2013 17h | Sala 6<\/td><\/tr><tr><td>Catarina Borges Carvalho Piauilino <br>Camila Marinho de Lima<br>Carlo Benito Cosentino Filho<\/td><td>ASS\u00c9DIO MORAL E DOECIMENTO MENTAL NO TRABALHO: AN\u00c1LISE EMP\u00cdRICA DE CASOS A PARTIR DO PROJETO CAMINHOS DO TRABALHO (UFPE)<\/td><td>27\/08 | Sess\u00e3o B |14h55 \u2013 17h | Sala 6<\/td><\/tr><tr><td>Luiz Vin\u00edcius de Souza Fernandes<br>Maria Eduarda Ferraz Firmo Rodrigues<\/td><td>Constitui\u00e7\u00e3o, tempo e trabalho: os caminhos at\u00e9 a Constitui\u00e7\u00e3o de 1988 e as disputas contempor\u00e2neas sobre a jornada de trabalho no Brasil<\/td><td>27\/08 | Sess\u00e3o B |14h55 \u2013 17h | Sala 6<\/td><\/tr><\/tbody><\/table><\/figure>\n\n\n\n<p><\/p>\n\n\n\n<h2 class=\"wp-block-heading has-text-align-center\">28 de Agosto de 2026 | Sexta-feira<\/h2>\n\n\n\n<h4 class=\"wp-block-heading has-text-align-left\">GT 3 | Trabalho Digital, Plataformiza\u00e7\u00e3o e Subordina\u00e7\u00e3o Algor\u00edtmica<\/h4>\n\n\n\n<div class=\"wp-block-group\"><div class=\"wp-block-group__inner-container is-layout-constrained wp-block-group-is-layout-constrained\">\n<p><strong>Coordenadora:<\/strong> Sayonara Grillo Coutinho<br><strong>Debatedores:<\/strong> Vitor Hugo Bueno Foga\u00e7a e Ana Carolina Reis Paes Leme<\/p>\n<\/div><\/div>\n\n\n\n<figure class=\"wp-block-table is-style-stripes\"><table class=\"has-fixed-layout\"><thead><tr><th>AUTOR(ES)<\/th><th>T\u00cdTULO DO TRABALHO<\/th><th>APRESENTA\u00c7\u00c3O<\/th><\/tr><\/thead><tbody><tr><td>Marcos Arag\u00e3o Couto de Oliveira<br>Fydel Marcus Rolim Mota<br>Andr\u00e9 Felipe de Lima Costa<\/td><td>A PLATAFORMA P\u00daBLICA TAXI.RIO: ENTRE EMANCIPA\u00c7\u00c3O E PRECARIZA\u00c7\u00c3O A PARTIR DO SEU DESENHO INSTITUCIONAL AMB\u00cdGUO<\/td><td>28\/08 | Sess\u00e3o C |13h \u2013 14h45 | Sala 3<\/td><\/tr><tr><td>Ruth Mayara Braga do Nascimento<\/td><td>A GEST\u00c3O ALGOR\u00cdTMICA COMO INSTRUMENTO DE HIPERVIGIL\u00c2NCIA E SUAS PATOLOGIAS: COMO GARANTIR A SA\u00daDE DO TRABALHADOR EM UM CEN\u00c1RIO DE TRANSFORMA\u00c7\u00c3O DIGITAL<\/td><td>28\/08 | Sess\u00e3o C |13h \u2013 14h45 | Sala 3<\/td><\/tr><tr><td>\u00c9rica Ribeiro Sakaki Leal<\/td><td>UM BALAN\u00c7O DA LEI No 21.431 E OS LIMITES DA REGULA\u00c7\u00c3O DO TRABALHO EM PLATAFORMAS DIGITAIS NO CHILE<\/td><td>28\/08 | Sess\u00e3o C |13h \u2013 14h45 | Sala 3<\/td><\/tr><tr><td>Ant\u00f4nio Porf\u00edrio da Silva Neto<\/td><td>O V\u00c1CUO DE PROTE\u00c7\u00c3O DO TRABALHADOR NA LGPD: UM ESTUDO COMPARATIVO COM O MODELO DA UNI\u00c3O EUROPEIA (GDPR E DIRETIVA 2024\/2831) SOB A \u00d3TICA DA GEST\u00c3O ALGOR\u00cdTMICA E DO DIREITO \u00c0 REVIS\u00c3O HUMANA<\/td><td>28\/08 | Sess\u00e3o C |13h \u2013 14h45 | Sala 3<\/td><\/tr><tr><td>Caio Vin\u00edcius Sena Souza<br>Erica Ribeiro Sakaki Leal<br>Murilo Carvalho Sampaio Oliveira<\/td><td>ORGANIZA\u00c7\u00d5ES COLETIVAS DE TRABALHADORES E REGULA\u00c7\u00c3O DO<br>TRABALHO PLATAFORMIZADO: AN\u00c1LISE DAS FALAS PRODUZIDAS NA AUDI\u00caNCIA P\u00daBLICA DO TEMA 1291 NO SUPREMO TRIBUNAL FEDERAL<br>&nbsp;<\/td><td>28\/08 | Sess\u00e3o C |13h \u2013 14h45 | Sala 3<\/td><\/tr><tr><td>Daniela Muradas Antunes<br>Maria J\u00falia Costa Leite e Sousa<\/td><td>A ind\u00fastria da Intelig\u00eancia Artificial e os direitos do trabalho:permeabilidades ao reconhecimento do emprego no trabalho por microtarefas digitais<\/td><td>28\/08 | Sess\u00e3o C |13h \u2013 14h45 | Sala 3<\/td><\/tr><tr><td>Rodrigo de Lacerda Carelli<br>Catarina de Castro Rebello<br>Nadja Nayra da Cruz Ferreira Ribeiro<\/td><td>O DISCURSO DUPLO DAS PLATAFORMAS DIGITAIS NO BRASIL E PRECARIZA\u00c7\u00c3O DO TRABALHO<\/td><td>28\/08 | Sess\u00e3o C |13h \u2013 14h45 | Sala 3<\/td><\/tr><\/tbody><\/table><\/figure>\n\n\n\n<h4 class=\"wp-block-heading has-text-align-left\">GT 4 | Reestrutura\u00e7\u00e3o Produtiva, Cadeias Globais e Empregadores Complexos<\/h4>\n\n\n\n<div class=\"wp-block-group\"><div class=\"wp-block-group__inner-container is-layout-constrained wp-block-group-is-layout-constrained\">\n<p><strong>Coordenadora:<\/strong> Giovana Labigalini Martins<br><strong>Debatedores:<\/strong> Mariana Bettega Braunert e Kaique Martine Caldas de Lima<\/p>\n<\/div><\/div>\n\n\n\n<figure class=\"wp-block-table is-style-stripes\"><table class=\"has-fixed-layout\"><thead><tr><th>AUTOR(ES)<\/th><th>T\u00cdTULO DO TRABALHO<\/th><th>APRESENTA\u00c7\u00c3O<\/th><\/tr><\/thead><tbody><tr><td>Matheus Magno Rigaard Agostinho<br>Leonardo Mayer Fontenelle<\/td><td>A Regula\u00e7\u00e3o como forma jur\u00eddica: Uma an\u00e1lise dos datacenters no sul global<\/td><td>28\/08 | Sess\u00e3o C |13h \u2013 14h45 | Sala 4<\/td><\/tr><tr><td>Adriana Pess\u00f4a da Cunha<br>Catarina de Castro Rebello<br>Luiz Andr\u00e9 Santos da Concei\u00e7\u00e3o<\/td><td>A PRECARIZA\u00c7\u00c3O DA DUBLAGEM NO BRASIL: PEJOTIZA\u00c7\u00c3O,<br>DIGITALIZA\u00c7\u00c3O E A APROPRIA\u00c7\u00c3O DAS VOZES POR INTELIG\u00caNCIA ARTIFICIAL<\/td><td>28\/08 | Sess\u00e3o C |13h \u2013 14h45 | Sala 4<\/td><\/tr><tr><td>Kaique Martine Caldas de Lima<\/td><td>CONECTADOS E FRAGMENTADOS: A FISSURA\u00c7\u00c3O NO TELETRABALHO<br>E OS DESAFIOS COLETIVOS NO SETOR DE TECNOLOGIA DA<br>INFORMA\u00c7\u00c3O<\/td><td>28\/08 | Sess\u00e3o C |13h \u2013 14h45 | Sala 4<\/td><\/tr><tr><td>Carlos Eduardo Soares de Freitas<br>Wivirson Fl\u00e1vio Pereira Dultra<\/td><td>EXECUTIVAS DE VENDAS DA AVON E A BUSCA PELO RECONHECIMENTO<br>DO V\u00cdNCULO EMPREGAT\u00cdCIO: UMA AN\u00c1LISE DA JURISPRUD\u00caNCIA DO<br>TRT-5<\/td><td>28\/08 | Sess\u00e3o C |13h \u2013 14h45 | Sala 4<\/td><\/tr><\/tbody><\/table><\/figure>\n\n\n\n<h4 class=\"wp-block-heading has-text-align-left\">GT 6 | Justi\u00e7a do Trabalho e Institui\u00e7\u00f5es P\u00fablicas do Trabalho<\/h4>\n\n\n\n<div class=\"wp-block-group\"><div class=\"wp-block-group__inner-container is-layout-constrained wp-block-group-is-layout-constrained\">\n<p><strong>Coordenadora:<\/strong> Renata Queiroz Dutra<br><strong>Debatedores:<\/strong> Wilson Ramos Filho e Magda Barros Biavaschi<\/p>\n<\/div><\/div>\n\n\n\n<figure class=\"wp-block-table is-style-stripes\"><table class=\"has-fixed-layout\"><thead><tr><th>AUTOR(ES)<\/th><th>T\u00cdTULO DO TRABALHO<\/th><th>APRESENTA\u00c7\u00c3O<\/th><\/tr><\/thead><tbody><tr><td>Gustavo Cantanh\u00eade dos Reis<\/td><td>DECIDINDO SEM DELIBERAR: o modelo deliberativo do STF e as fragilidades da reclama\u00e7\u00e3o constitucional nos casos de trabalho em plataformas digitais<\/td><td>28\/08 | Sess\u00e3o C |13h \u2013 14h45 | Sala 6<\/td><\/tr><tr><td>Gabriella Mireilly Bueno<\/td><td>\u00d4NUS DA PROVA DA CULPA IN VIGILANDO DA ADMINISTRA\u00c7\u00c3O P\u00daBLICA NA TERCEIRIZA\u00c7\u00c3O AP\u00d3S O TEMA No 1.118 DO SUPREMO TRIBUNAL FEDERAL: cr\u00edtica \u00e0 luz do modelo probat\u00f3rio trabalhista e tensionamentos com o princ\u00edpio da prote\u00e7\u00e3o<\/td><td>28\/08 | Sess\u00e3o C |13h \u2013 14h45 | Sala 6<\/td><\/tr><tr><td>Daniel Rodrigues Manoel<\/td><td>CONSTITUCIONALISMO SOCIAL EM DISPUTA: O TEMA 1.389 DO STF<br>E A SUBORDINA\u00c7\u00c3O DA PROTE\u00c7\u00c3O SOCIAL \u00c0 RACIONALIDADE NEOLIBERAL<\/td><td>28\/08 | Sess\u00e3o C |13h \u2013 14h45 | Sala 6<\/td><\/tr><tr><td>Tereza Margarida Costa de Figueiredo<\/td><td>ENTRE A IGUALDADE FORMAL E A CAPTURA DA FUN\u00c7\u00c3O JURISDICIONAL: STF E JUSTI\u00c7A DO TRABALHO A PARTIR DA CR\u00cdTICA DE JOAQUIM PIMENTA<\/td><td>28\/08 | Sess\u00e3o C |13h \u2013 14h45 | Sala 6<\/td><\/tr><tr><td>Gustavo Cantanh\u00eade<br>Ilana Barros Coelho<br>Jo\u00e3o Victor Soares<br>Juliana Scandiuzzi<\/td><td>O STF E A DESUMANIZA\u00c7\u00c3O DO TRABALHO: Reflex\u00f5es sobre o Tema de Repercuss\u00e3o Geral no 1389<\/td><td>28\/08 | Sess\u00e3o C |13h \u2013 14h45 | Sala 6<\/td><\/tr><tr><td>Alfredo Massi<br>Marcela Lu\u00edsa Foloni<\/td><td>O CANTO DE OSSANHA DO PROTOCOLO PARA JULGAMENTO COM PERSPECTIVA ANTIDISCRIMINAT\u00d3RIA, INTERSECCIONAL E INCLUSIVA:<br>UMA AN\u00c1LISE CR\u00cdTICA DO SISTEMA DE JUSTI\u00c7A A PARTIR DA ATUA\u00c7\u00c3O<br>DO SUPREMO TRIBUNAL FEDERAL<\/td><td>28\/08 | Sess\u00e3o C |13h \u2013 14h45 | Sala 6<\/td><\/tr><tr><td>Thiago Patr\u00edcio Gondim<br>Jean Filipe Domingos Ramos<br>Nael Neri de Souza J\u00fanior<\/td><td>Pol\u00edtica de Consolida\u00e7\u00e3o do Sistema de Precedentes Obrigat\u00f3rios na Justi\u00e7a do Trabalho e a acelera\u00e7\u00e3o do tempo jur\u00eddico<\/td><td>28\/08 | Sess\u00e3o C |13h \u2013 14h45 | Sala 6<\/td><\/tr><tr><td>Tiago Afonso Wolke<\/td><td>EXIG\u00caNCIA DE PER\u00cdCIA T\u00c9CNICA PARA AN\u00c1LISE DA SEGURAN\u00c7A E DA HIGIENE NO AMBIENTE LABORAL: REGRAMENTO POTENCIALMENTE LIMITADOR DA AMPLA DEFESA, DA INSTRU\u00c7\u00c3O PROCESSUAL E DO<br>PR\u00d3PRIO DIREITO FUNDAMENTAL DO ACESSO \u00c0 JUSTI\u00c7A?<\/td><td>28\/08 | Sess\u00e3o C |13h \u2013 14h45 | Sala 6<\/td><\/tr><\/tbody><\/table><\/figure>\n\n\n\n<h4 class=\"wp-block-heading has-text-align-left\">GTs 7 e 11 | Prote\u00e7\u00e3o Social, Transi\u00e7\u00f5es Ecol\u00f3gicas e Futuro do Trabalho<\/h4>\n\n\n\n<div class=\"wp-block-group\"><div class=\"wp-block-group__inner-container is-layout-constrained wp-block-group-is-layout-constrained\">\n<p><strong>Coordenador:<\/strong> Rainer Bomfim<br><strong>Debatedores:<\/strong> Thais Bressiani Rocco e Noa Piat\u00e3 Bassfeld Gnata<\/p>\n<\/div><\/div>\n\n\n\n<figure class=\"wp-block-table is-style-stripes\"><table class=\"has-fixed-layout\"><thead><tr><th>AUTOR(ES)<\/th><th>T\u00cdTULO DO TRABALHO<\/th><th>APRESENTA\u00c7\u00c3O<\/th><\/tr><\/thead><tbody><tr><td>Rainer Bomfim<br>Rafaela Amorim<\/td><td>PROTE\u00c7\u00c3O DE PESSOAS TRANS PELA PREVID\u00caNCIA SOCIAL: proposta de categoriza\u00e7\u00e3o como seguradas especiais<\/td><td>28\/08 | Sess\u00e3o C |13h \u2013 14h45 | Sala 5<\/td><\/tr><tr><td>Ana Vit\u00f3ria Pessoa de Lima<br>Jo\u00e3o Victor Marques da Silva<\/td><td>CONTRATO INTERMITENTE, PROTE\u00c7\u00c3O SOCIAL E CAPITALISMO<br>DEPENDENTE BRASILEIRO: OS DIREITOS SOCIAIS NA BERLINDA<\/td><td>28\/08 | Sess\u00e3o C |13h \u2013 14h45 | Sala 5<\/td><\/tr><tr><td>Ana Carolina Martinhago Balam<\/td><td>Microempreendedorismo individual e eros\u00e3o da cidadania do trabalho no Brasil<br>p\u00f3s-1988<\/td><td>28\/08 | Sess\u00e3o C |13h \u2013 14h45 | Sala 5<\/td><\/tr><tr><td>Sara Fagundes Guimar\u00e3es da Silva<br>Gabriela Caramuru Teles<\/td><td>A APROPRIA\u00c7\u00c3O DOS FUNDOS DE VIDA DOS TRABALHADORES PELO<br>CAPITAL: SUPEREXPLORA\u00c7\u00c3O E DEPEND\u00caNCIA NA PREVID\u00caNCIA BRASILEIRA<\/td><td>28\/08 | Sess\u00e3o C |13h \u2013 14h45 | Sala 5<\/td><\/tr><tr><td>Juliana Torres Martins<\/td><td>A emerg\u00eancia clim\u00e1tica e o cen\u00e1rio atual do \u201cn\u00e3o direito\u201d ao meio ambiente de trabalho adequado dos trabalhadores com corpos negros a partir do pensamento de Cl\u00f3vis Moura<\/td><td>28\/08 | Sess\u00e3o C |13h \u2013 14h45 | Sala 5<\/td><\/tr><\/tbody><\/table><\/figure>\n\n\n\n<h4 class=\"wp-block-heading has-text-align-left\">GT 3 | Trabalho Digital, Plataformiza\u00e7\u00e3o e Subordina\u00e7\u00e3o Algor\u00edtmica<\/h4>\n\n\n\n<div class=\"wp-block-group\"><div class=\"wp-block-group__inner-container is-layout-constrained wp-block-group-is-layout-constrained\">\n<p><strong>Coordenador:<\/strong> Fydel Marcus Rolim Mota<br><strong>Debatedores:<\/strong> Vitor Hugo Bueno Foga\u00e7a e Gabriela Varella de Oliveira<\/p>\n<\/div><\/div>\n\n\n\n<figure class=\"wp-block-table is-style-stripes\"><table class=\"has-fixed-layout\"><thead><tr><th>AUTOR(ES)<\/th><th>T\u00cdTULO DO TRABALHO<\/th><th>APRESENTA\u00c7\u00c3O<\/th><\/tr><\/thead><tbody><tr><td>Leandro Nascimento Mantau<\/td><td>PLATAFORMIZA\u00c7\u00c3O E PRECARIEDADE: DO SONHO EMPREENDEDOR \u00c0 NECROPOL\u00cdTICA DO TRABALHO<\/td><td>28\/08 | Sess\u00e3o D |14h55 \u2013 17h | Sala 3<\/td><\/tr><tr><td>Karen Artur<br>Luar Abdala Meggiolaro<\/td><td>Regula\u00e7\u00f5es do trabalho e voz coletiva dos trabalhadores em tempos de novos controles tecnol\u00f3gicos: estudos internacionais, perspectivas da regula\u00e7\u00e3o brasileira e experi\u00eancias negociais espanholas<\/td><td>28\/08 | Sess\u00e3o D |14h55 \u2013 17h | Sala 3<\/td><\/tr><tr><td>Renan Bernardi Kalil<\/td><td>Regular o algoritmo: novos caminhos para os direitos dos trabalhadores em plataformas<br>digitais<\/td><td>28\/08 | Sess\u00e3o D |14h55 \u2013 17h | Sala 3<\/td><\/tr><tr><td>Luana Lofrano Spinassi<br>M\u00e1rcio Jos\u00e9 Spinassi<br>Silvana Souza Netto Mandalozzo<\/td><td>Subordina\u00e7\u00e3o algor\u00edtmica e trabalho em plataformas digitais: a inser\u00e7\u00e3o laboral<br>precarizada de mulheres migrantes venezuelanas no munic\u00edpio de Curitiba\/PR<\/td><td>28\/08 | Sess\u00e3o D |14h55 \u2013 17h | Sala 3<\/td><\/tr><tr><td>Hanna Caroline Kr\u00fcger<\/td><td>TRABALHADORES EM PLATAFORMAS DIGITAIS: JUDICIALIZA\u00c7\u00c3O DAS<br>RELA\u00c7\u00d5ES LABORAIS E BUSCA POR TRABALHO DECENTE<\/td><td>28\/08 | Sess\u00e3o D |14h55 \u2013 17h | Sala 3<\/td><\/tr><tr><td>Thais Helena Alves Rossa<br>Jos\u00e9 Ant\u00f4nio Peres Gediel<\/td><td>TRABALHO DOCENTE E O NOVO MARCO REGULAT\u00d3RIO DA EAD:<br>sil\u00eancios, viola\u00e7\u00f5es e continuidades<\/td><td>28\/08 | Sess\u00e3o D |14h55 \u2013 17h | Sala 3<\/td><\/tr><tr><td>Thais Helena Alves Rossa<br>Jos\u00e9 Ant\u00f4nio Peres Gediel<\/td><td>O PROFESSOR PARCIAL: Direito, trabalho e expropria\u00e7\u00e3o na educa\u00e7\u00e3o a dist\u00e2ncia<\/td><td>28\/08 | Sess\u00e3o D |14h55 \u2013 17h | Sala 3<\/td><\/tr><tr><td>Ruan Lucas In\u00e1cio da Silva<br>Abimael de Almeida Simpl\u00edcio<\/td><td>TRANSFORMA\u00c7\u00d5ES ESTRUTURAIS DO TRABALHO: O TRABALHADOR<br>COMO ATIVO FINANCEIRO DAS PLATAFORMAS DIGITAIS<\/td><td>28\/08 | Sess\u00e3o D |14h55 \u2013 17h | Sala 3<\/td><\/tr><\/tbody><\/table><\/figure>\n\n\n\n<h4 class=\"wp-block-heading has-text-align-left\">GT 12 | Educa\u00e7\u00e3o Jur\u00eddica e Novos Objetos do Direito do Trabalho<\/h4>\n\n\n\n<div class=\"wp-block-group\"><div class=\"wp-block-group__inner-container is-layout-constrained wp-block-group-is-layout-constrained\">\n<p><strong>Coordenador:<\/strong> Carlos Eduardo Soares de Freitas<br><strong>Debatedores:<\/strong> Paulo de Carvalho Yamamoto e Kaique Martine Caldas de Lima<\/p>\n<\/div><\/div>\n\n\n\n<figure class=\"wp-block-table is-style-stripes\"><table class=\"has-fixed-layout\"><thead><tr><th>AUTOR(ES)<\/th><th>T\u00cdTULO DO TRABALHO<\/th><th>APRESENTA\u00c7\u00c3O<\/th><\/tr><\/thead><tbody><tr><td>Beatriz Leal Maske<\/td><td>O DIREITO AO CUIDADO, SUAS TRABALHADORAS E A NECESS\u00c1RIA EXPANS\u00c3O DE SENTIDOS NO DIREITO TRABALHISTA BRASILEIRO<\/td><td>28\/08 | Sess\u00e3o D |14h55 \u2013 17h | Sala 1<\/td><\/tr><tr><td>Ana Paula dos Santos de Oliveira<\/td><td>DA COOPERATIVA COOPPORT EM PARANAGU\u00c1-PR E OS LIMITES INTERPRETATIVOS DA LEI N\u00ba 12.815\/2013<\/td><td>28\/08 | Sess\u00e3o D |14h55 \u2013 17h | Sala 1<\/td><\/tr><tr><td>Hafid Omar Abdel Melek de Carvalho<\/td><td>Escravid\u00e3o, trabalho e forma\u00e7\u00e3o jur\u00eddica: Uma An\u00e1lise do Debate no Ensino do Direito do Trabalho no Brasil<\/td><td>28\/08 | Sess\u00e3o D |14h55 \u2013 17h | Sala 1<\/td><\/tr><tr><td>Pedro Augusto Gravat\u00e1 Nicoli<br>Regina Stela Corr\u00eaa Vieira<\/td><td>CONSTRUIR O CUIDADO COMO CAMPO DO DIREITO: UM RELATO DE<br>EXPERI\u00caNCIA DA CONSTITUI\u00c7\u00c3O DO OBSERVAT\u00d3RIO LATINO-AMERICANO<br>DO DIREITO FUNDAMENTAL AO CUIDADO<\/td><td>28\/08 | Sess\u00e3o D |14h55 \u2013 17h | Sala 1<\/td><\/tr><tr><td>J\u00falia Carla Duarte Cavalcante<br>Juliana Valentini<\/td><td>TRAJET\u00d3RIAS, FONTES E DESAFIOS DE INVESTIGA\u00c7\u00c3O SOBRE DEMANDAS<br>TRABALHISTAS E PROCESSOS REPRESSIVOS NO \u00c2MBITO RURAL BRASILEIRO<br>DURANTE A DITADURA EMPRESARIAL-MILITAR DE 1964<\/td><td>28\/08 | Sess\u00e3o D |14h55 \u2013 17h | Sala 1<\/td><\/tr><\/tbody><\/table><\/figure>\n\n\n\n<h4 class=\"wp-block-heading has-text-align-left\">GT 8 | G\u00eanero, Sexualidades e Viol\u00eancias nas Rela\u00e7\u00f5es de Trabalho<\/h4>\n\n\n\n<div class=\"wp-block-group\"><div class=\"wp-block-group__inner-container is-layout-constrained wp-block-group-is-layout-constrained\">\n<p><strong>Coordenadora:<\/strong> Aldacy Rachid Coutinho<br><strong>Debatedores:<\/strong> Francielle Silva de Oliveira Flores e Elaine Cristina Schmitt Ragnini<\/p>\n<\/div><\/div>\n\n\n\n<figure class=\"wp-block-table is-style-stripes\"><table class=\"has-fixed-layout\"><thead><tr><th>AUTOR(ES)<\/th><th>T\u00cdTULO DO TRABALHO<\/th><th>APRESENTA\u00c7\u00c3O<\/th><\/tr><\/thead><tbody><tr><td>Luciane Webber Toss<\/td><td>ENTRE O SIL\u00caNCIO E O RISCO: INVESTIGA\u00c7\u00c3O NARRATIVA DE VIOL\u00caNCIA DE G\u00caNERO NO TRABALHO RURAL E PERCEP\u00c7\u00c3O DE ENFRENTAMENTO COLETIVO<\/td><td>28\/08 | Sess\u00e3o D |14h55 \u2013 17h | Sala 2<\/td><\/tr><tr><td>Carlo Benito Cosentino Filho<br>Ana Alice Lima Godoy<br>Nat\u00e1lia Hanna Evangelista Cardoso<\/td><td>O PROJETO CAMINHOS DO TRABALHO NA UNIVERSIDADE FEDERAL DE PERNAMBUCO: UM RELATO DE EXPERI\u00caNCIA<\/td><td>28\/08 | Sess\u00e3o D |14h55 \u2013 17h | Sala 2<\/td><\/tr><tr><td>Alice Fietto Possato<br>Anna Clara Resende Calsavara<br>Elisa Costa Batista Ara\u00fajo<\/td><td>O CUIDADO COMO TRABALHO EM TESES E DISSERTA\u00c7\u00d5ES NO DIREITO: UM MAPEAMENTO A PARTIR DE SUA NOMEA\u00c7\u00c3O<\/td><td>28\/08 | Sess\u00e3o D |14h55 \u2013 17h | Sala 2<\/td><\/tr><tr><td>\u00c9dipo Augusto Becker<\/td><td>A INCLUS\u00c3O E AMPLIA\u00c7\u00c3O DA CIDADANIA DE PESSOAS TRANSEXUAIS: A (IN)VISIBILIDADE TRANS NO MERCADO DE TRABALHO BRASILEIRO<\/td><td>28\/08 | Sess\u00e3o D |14h55 \u2013 17h | Sala 2<\/td><\/tr><tr><td>Camila de Almeida Ferreira<\/td><td>PLATAFORMIZA\u00c7\u00c3O DO TRABALHO DOM\u00c9STICO: TRABALHO DE CUIDADO, G\u00caNERO E DESAFIOS JUR\u00cdDICOS NA PLATAFORMA PARAFUZO<\/td><td>28\/08 | Sess\u00e3o D |14h55 \u2013 17h | Sala 2<\/td><\/tr><tr><td>Astrid Marrone Guimar\u00e3es<\/td><td>TRABALHO, PESSOAS TRANS E DIREITO: PERSPECTIVAS TE\u00d3RICO-METODOL\u00d3GICAS<\/td><td>28\/08 | Sess\u00e3o D |14h55 \u2013 17h | Sala 2<\/td><\/tr><\/tbody><\/table><\/figure>\n\n\n\n<h4 class=\"wp-block-heading has-text-align-left\">GT 10 | Tempo, Sa\u00fade, Subjetividade e Condi\u00e7\u00f5es de Trabalho<\/h4>\n\n\n\n<div class=\"wp-block-group\"><div class=\"wp-block-group__inner-container is-layout-constrained wp-block-group-is-layout-constrained\">\n<p><strong>Coordenadora:<\/strong> Elsa Cristine Belvian<br><strong>Debatedores:<\/strong> Magda Barros Biavaschi e Leonardo Vieira Wandelli<\/p>\n<\/div><\/div>\n\n\n\n<figure class=\"wp-block-table is-style-stripes\"><table class=\"has-fixed-layout\"><thead><tr><th>AUTOR(ES)<\/th><th>T\u00cdTULO DO TRABALHO<\/th><th>APRESENTA\u00c7\u00c3O<\/th><\/tr><\/thead><tbody><tr><td>Adriele Antelante Passos Pereira<\/td><td>O Direito \u00e0 Desconex\u00e3o do Docente: Avaliando o Impacto das Tecnologias de Ensino Remoto na Sa\u00fade Mental dos Professores Brasileiros P\u00f3s-Pandemia<\/td><td>28\/08 | Sess\u00e3o D |14h55 \u2013 17h | Sala 6<\/td><\/tr><tr><td>Juliana Ben\u00edcio Xavier<br>Stella Mendes de Castro Reis<br>Jackeline Ben\u00edcio Xavier<\/td><td>Acidente de trabalho, sofrimento ps\u00edquico e produ\u00e7\u00e3o de prova: constru\u00e7\u00e3o de<br>um parecer t\u00e9cnico interdisciplinar em sa\u00fade e trabalho<\/td><td>28\/08 | Sess\u00e3o D |14h55 \u2013 17h | Sala 6<\/td><\/tr><tr><td>Pedro Alberto Cardoso Samuel<br>Claudiomiro Ramos Moreira<\/td><td>Trabalho de plataforma e sofrimento subjetivo: precariza\u00e7\u00e3o, individualiza\u00e7\u00e3o do risco e o desreconhecimento de si como trabalhador<\/td><td>28\/08 | Sess\u00e3o D |14h55 \u2013 17h | Sala 6<\/td><\/tr><tr><td>Valdete Souto Severo<\/td><td>Tempo perdido? Ensaio sobre a naturaliza\u00e7\u00e3o da viol\u00eancia capitalista no (ab)uso do tempo de trabalho<\/td><td>28\/08 | Sess\u00e3o D |14h55 \u2013 17h | Sala 6<\/td><\/tr><tr><td>Magda Barros Biavaschi<br>Alisson Droppa<br>Barbara Vallejos Vazquez<\/td><td>Prote\u00e7\u00e3o Social, Democracia e Trabalho no Capitalismo Financeirizado: Plataformas Digitais, Pejotiza\u00e7\u00e3o e Redu\u00e7\u00e3o da Jornada no Brasil e na Am\u00e9rica Latina<\/td><td>28\/08 | Sess\u00e3o D |14h55 \u2013 17h | Sala 6<\/td><\/tr><\/tbody><\/table><\/figure>\n\n\n\n<p><\/p>\n","protected":false},"excerpt":{"rendered":"<p>As sess\u00f5es de apresenta\u00e7\u00e3o de trabalhos nos dias 27 e 28 de agosto de 2026 ocorrer\u00e3o no Pr\u00e9dio Hist\u00f3rico da Faculdade de Direito da Universidade Federal do Paran\u00e1 (UFPR). Consulte abaixo a distribui\u00e7\u00e3o dos trabalhos por data, sess\u00e3o, Grupo de Trabalho (GT) e sala. Dica: Para localizar rapidamente sua apresenta\u00e7\u00e3o, pesquise pelo nome do(a) autor(a) [&hellip;]<\/p>\n","protected":false},"author":46,"featured_media":0,"parent":0,"menu_order":0,"comment_status":"closed","ping_status":"closed","template":"","meta":{"footnotes":""},"class_list":["post-493","page","type-page","status-publish","hentry"],"_links":{"self":[{"href":"https:\/\/ufpr.br\/eventos\/renapedts2026\/wp-json\/wp\/v2\/pages\/493","targetHints":{"allow":["GET"]}}],"collection":[{"href":"https:\/\/ufpr.br\/eventos\/renapedts2026\/wp-json\/wp\/v2\/pages"}],"about":[{"href":"https:\/\/ufpr.br\/eventos\/renapedts2026\/wp-json\/wp\/v2\/types\/page"}],"author":[{"embeddable":true,"href":"https:\/\/ufpr.br\/eventos\/renapedts2026\/wp-json\/wp\/v2\/users\/46"}],"replies":[{"embeddable":true,"href":"https:\/\/ufpr.br\/eventos\/renapedts2026\/wp-json\/wp\/v2\/comments?post=493"}],"version-history":[{"count":121,"href":"https:\/\/ufpr.br\/eventos\/renapedts2026\/wp-json\/wp\/v2\/pages\/493\/revisions"}],"predecessor-version":[{"id":1294,"href":"https:\/\/ufpr.br\/eventos\/renapedts2026\/wp-json\/wp\/v2\/pages\/493\/revisions\/1294"}],"wp:attachment":[{"href":"https:\/\/ufpr.br\/eventos\/renapedts2026\/wp-json\/wp\/v2\/media?parent=493"}],"curies":[{"name":"wp","href":"https:\/\/api.w.org\/{rel}","templated":true}]}}