{"id":428,"date":"2024-09-05T16:49:21","date_gmt":"2024-09-05T19:49:21","guid":{"rendered":"https:\/\/ufpr.br\/agtic\/\/?page=428"},"modified":"2024-09-12T11:04:02","modified_gmt":"2024-09-12T14:04:02","slug":"projeto-office-365","status":"publish","type":"page","link":"https:\/\/ufpr.br\/agtic\/projeto-office-365\/","title":{"rendered":"Projeto Office 365"},"content":{"rendered":"\n<div class=\"wp-block-tb-tabs tb__tabs_accessible_tabs undefined\"><ul class=\"tb__tab-labels\" role=\"tablist\"><li><button class=\"tb__tab-label active\" role=\"tab\">Apresenta\u00e7\u00e3o do projeto<\/button><\/li><li><button class=\"tb__tab-label\" role=\"tab\">Conhe\u00e7a os aplicativos do Office 365<\/button><\/li><li><button class=\"tb__tab-label\" role=\"tab\">Como obter suporte ao Office 365<\/button><\/li><li><button class=\"tb__tab-label\" role=\"tab\">Parcerias e Termos Legais<\/button><\/li><\/ul><div class=\"tb__tab-content\">\n<div class=\"wp-block-tb-tab tb__tab-panel\" role=\"tabpanel\">\n<div class=\"wp-block-group\"><div class=\"wp-block-group__inner-container is-layout-flow wp-block-group-is-layout-flow\">\n<h2 class=\"wp-block-heading\">Apresenta\u00e7\u00e3o do Projeto<\/h2>\n\n\n\n<p>A UFPR, atrav\u00e9s da AGTIC, firmou contrato de ades\u00e3o, sem custos para a institui\u00e7\u00e3o, ao Office 365 Education.<\/p>\n\n\n\n<p>Trata-se de uma plataforma baseada em nuvem que inclui as vers\u00f5es online das solu\u00e7\u00f5es Microsoft mais<\/p>\n\n\n\n<p>utilizadas pelo mercado, proporcionando maior produtividade, comunica\u00e7\u00e3o e experi\u00eancias de colabora\u00e7\u00e3o para professores, alunos e equipe administrativa.<\/p>\n\n\n\n<p>A partir da implanta\u00e7\u00e3o do Projeto OFFICE 365, todos os usu\u00e1rios de e-mails @ufpr ter\u00e3o acesso gratuito a essa ferramenta.<\/p>\n\n\n\n<p>Entre os principais recursos, est\u00e3o: acesso facilitado, maior espa\u00e7o de armazenamento, comunica\u00e7\u00e3o instant\u00e2nea e outros!!!!<\/p>\n\n\n\n<h2 class=\"wp-block-heading\">O que \u00e9 o Projeto?&nbsp;<\/h2>\n\n\n\n<p>\u00c9 a implementa\u00e7\u00e3o de&nbsp;<strong><em><u>recursos<\/u>&nbsp;<\/em><\/strong>que permitir\u00e1 \u00e0 UFPR oferecer a sua comunidade acad\u00eamica,&nbsp;<strong><em><u>de forma gratuita<\/u><\/em><\/strong>,<\/p>\n\n\n\n<p>o acesso online aos principais&nbsp;<em><strong><u>aplicativos disponibilizados pelo Office 365.<\/u><\/strong><\/em><\/p>\n\n\n\n<h2 class=\"wp-block-heading\">O que \u00e9 o Office 365?<\/h2>\n\n\n<div class=\"wp-block-image\">\n<figure class=\"aligncenter\"><img decoding=\"async\" src=\"https:\/\/www.agtic.ufpr.br\/portal\/office365\/wp-content\/uploads\/sites\/2\/2019\/07\/screen-shot-2019-07-04-at-19-16-43.png\" alt=\"\" class=\"wp-image-198\" \/><\/figure><\/div>\n\n\n<p>Conjunto de aplicativos como Outlook, OneDrive, Word, Excel, Powerpoint,&nbsp; &nbsp;Teams, Planner,&nbsp; e muito mais.<\/p>\n\n\n<div class=\"wp-block-image\">\n<figure class=\"aligncenter\"><img decoding=\"async\" src=\"https:\/\/www.agtic.ufpr.br\/portal\/office365\/wp-content\/uploads\/sites\/2\/2019\/07\/screen-shot-2019-07-04-at-19-31-42-e1562279815106.png\" alt=\"\" class=\"wp-image-211\" \/><\/figure><\/div>\n\n\n<p>Armazenamento online na nuvem com seguran\u00e7a e alta capacidade.<\/p>\n\n\n<div class=\"wp-block-image\">\n<figure class=\"aligncenter\"><img decoding=\"async\" src=\"https:\/\/www.agtic.ufpr.br\/portal\/office365\/wp-content\/uploads\/sites\/2\/2019\/07\/screen-shot-2019-07-04-at-20-59-38-e1562285077114.png\" alt=\"\" class=\"wp-image-237\" \/><\/figure><\/div>\n\n\n<p>Acesso a qualquer lugar, quando quiser, do seu dispositivo conectado \u00e0 internet.<\/p>\n\n\n<div class=\"wp-block-image\">\n<figure class=\"aligncenter\"><img decoding=\"async\" src=\"https:\/\/www.agtic.ufpr.br\/portal\/office365\/wp-content\/uploads\/sites\/2\/2019\/07\/depositphotos_106547678-stock-illustration-teamwork-business-people-teambuilding-icon-e1562286212511.jpg\" alt=\"\" class=\"wp-image-239\" \/><\/figure><\/div>\n\n\n<p>Facilidade de comunica\u00e7\u00e3o com uso de \u00e1reas de trabalho compartilhadas, mensagens instant\u00e2neas, reuni\u00f5es online, agenda de grupo e compartilhamento de telas.<\/p>\n<\/div><\/div>\n<\/div>\n\n\n\n<div class=\"wp-block-tb-tab tb__tab-panel\" role=\"tabpanel\">\n<div class=\"wp-block-group\"><div class=\"wp-block-group__inner-container is-layout-flow wp-block-group-is-layout-flow\">\n<h2 class=\"wp-block-heading\">Conhe\u00e7a os aplicativos do Office 365<\/h2>\n\n\n\n<p>Os aplicativos do Office 365 ser\u00e3o disponibilizados de acordo com o seu perfil de acesso. Por\u00e9m, novos aplicativos poder\u00e3o ser disponibilizados para voc\u00ea ao longo da utiliza\u00e7\u00e3o da plataforma, portanto, fique atento a sua p\u00e1gina de APPS do Office 365.<\/p>\n\n\n\n<p><a href=\"https:\/\/ufpr.br\/agtic\/aplicativos-office-365\/\" target=\"_blank\" rel=\"noopener\" title=\"Clique aqui\">Clique aqui<\/a>&nbsp;para conhecer os aplicativos mais comuns&nbsp;<strong>e seus respectivos treinamentos.<\/strong><\/p>\n<\/div><\/div>\n<\/div>\n\n\n\n<div class=\"wp-block-tb-tab tb__tab-panel\" role=\"tabpanel\">\n<div class=\"wp-block-group\"><div class=\"wp-block-group__inner-container is-layout-flow wp-block-group-is-layout-flow\">\n<h2 class=\"wp-block-heading\">Como obter suporte ao Office 365<\/h2>\n\n\n\n<ul class=\"wp-block-list\">\n<li>Por meio do suporte prestado pela Central de Servi\u00e7o e Atendimento em TIC.\n<ul class=\"wp-block-list\">\n<li><strong>De segunda-feira \u00e0 sexta-feira, das 8h \u00e1s 12h e das 14h \u00e0s 18h<\/strong><\/li>\n\n\n\n<li>Pelo Teams e\/ou e-mail suporte@ufpr.br<\/li>\n\n\n\n<li>Pelo Sistema<strong> <\/strong><a href=\"https:\/\/chamados.ufpr.br\" target=\"_blank\" rel=\"noopener\" title=\"\">Chamados<\/a><\/li>\n<\/ul>\n<\/li>\n\n\n\n<li>Pelo&nbsp;<a href=\"https:\/\/support.office.com\/pt-br\/office-training-center\">Centro de Treinamento do Office<\/a>, que disp\u00f5e de diversos documentos, v\u00eddeos e e-books.<\/li>\n<\/ul>\n<\/div><\/div>\n<\/div>\n\n\n\n<div class=\"wp-block-tb-tab tb__tab-panel\" role=\"tabpanel\">\n<div class=\"wp-block-group\"><div class=\"wp-block-group__inner-container is-layout-flow wp-block-group-is-layout-flow\">\n<h2 class=\"wp-block-heading\">Parceria com a RNP e Termo de Ades\u00e3o ao Office 365<\/h2>\n\n\n\n<p>A RNP \u2013 Rede Nacional de Ensino e Pesquisa \u2013 \u00e9 uma organiza\u00e7\u00e3o social, mantida por contrato de gest\u00e3o com o Minist\u00e9rio da Educa\u00e7\u00e3o e o Minist\u00e9rio da Ci\u00eancia e Tecnologia, fornecendo servi\u00e7os avan\u00e7ados de TIC, conex\u00f5es em alta velocidade, e oportunidades de capacita\u00e7\u00e3o.<\/p>\n\n\n\n<p>Presente em todas as 27 unidades da federa\u00e7\u00e3o como PoP \u2013 Pontos de Presen\u00e7a \u2013 sendo a UFPR a sede do PoP-PR.<\/p>\n\n\n\n<p>Entre as a\u00e7\u00f5es realizadas com a parceria UFPR\/RNP, est\u00e1 em andamento a ades\u00e3o \u00e0 plataforma Office 365 da Microsoft.<\/p>\n\n\n\n<p>Para conhecer os detalhes do termo de ades\u00e3o,&nbsp;<strong><u><a href=\"https:\/\/www.microsoft.com\/licensing\/terms\/product\/ForOnlineServices\/MOSA\" target=\"_blank\" rel=\"noreferrer noopener\">clique aqui<\/a><\/u>&nbsp;<\/strong>e siga as instru\u00e7\u00f5es abaixo.<\/p>\n\n\n\n<figure class=\"wp-block-image size-full\"><img decoding=\"async\" src=\"https:\/\/ufpr.br\/agtic\/wp-content\/uploads\/sites\/5\/2024\/09\/termoadesao_2-1024x750-1.png\" alt=\"\" class=\"wp-image-1211\" \/><\/figure>\n<\/div><\/div>\n<\/div>\n<\/div><\/div>\n","protected":false},"excerpt":{"rendered":"","protected":false},"author":53,"featured_media":0,"parent":0,"menu_order":0,"comment_status":"closed","ping_status":"closed","template":"","meta":{"footnotes":""},"class_list":["post-428","page","type-page","status-publish","hentry"],"_links":{"self":[{"href":"https:\/\/ufpr.br\/agtic\/wp-json\/wp\/v2\/pages\/428","targetHints":{"allow":["GET"]}}],"collection":[{"href":"https:\/\/ufpr.br\/agtic\/wp-json\/wp\/v2\/pages"}],"about":[{"href":"https:\/\/ufpr.br\/agtic\/wp-json\/wp\/v2\/types\/page"}],"author":[{"embeddable":true,"href":"https:\/\/ufpr.br\/agtic\/wp-json\/wp\/v2\/users\/53"}],"replies":[{"embeddable":true,"href":"https:\/\/ufpr.br\/agtic\/wp-json\/wp\/v2\/comments?post=428"}],"version-history":[{"count":6,"href":"https:\/\/ufpr.br\/agtic\/wp-json\/wp\/v2\/pages\/428\/revisions"}],"predecessor-version":[{"id":598,"href":"https:\/\/ufpr.br\/agtic\/wp-json\/wp\/v2\/pages\/428\/revisions\/598"}],"wp:attachment":[{"href":"https:\/\/ufpr.br\/agtic\/wp-json\/wp\/v2\/media?parent=428"}],"curies":[{"name":"wp","href":"https:\/\/api.w.org\/{rel}","templated":true}]}}